{"id":43052,"date":"2024-07-22T12:17:22","date_gmt":"2024-07-22T15:17:22","guid":{"rendered":"https:\/\/www.mpal.mp.br\/?page_id=43052"},"modified":"2026-02-10T10:06:23","modified_gmt":"2026-02-10T13:06:23","slug":"controle-externo-da-atividade-policial","status":"publish","type":"page","link":"https:\/\/www.mpal.mp.br\/?page_id=43052","title":{"rendered":"N\u00facleo de Controle Externo da Atividade Policial"},"content":{"rendered":"<p><div class=\"fusion-fullwidth fullwidth-box fusion-builder-row-1 nonhundred-percent-fullwidth non-hundred-percent-height-scrolling\"  style='background-color: var(--awb-color5);background-image:linear-gradient(180deg, rgba(255,255,255,0) 0%,#f6f6f6 100%);background-position: center top;background-repeat: no-repeat;padding-top:0px;padding-right:0px;padding-bottom:0px;padding-left:0px;'><div class=\"fusion-builder-row fusion-row \"><div  class=\"fusion-layout-column fusion_builder_column fusion_builder_column_3_5 fusion-builder-column-1 fusion-three-fifth fusion-column-first 3_5\"  style='margin-top:0px;margin-bottom:20px;width:60%;width:calc(60% - ( ( 4% ) * 0.6 ) );margin-right: 4%;'>\n\t\t\t\t\t<div class=\"fusion-column-wrapper\" style=\"padding: 10% 0px 0px 0px;background-position:left top;background-repeat:no-repeat;-webkit-background-size:cover;-moz-background-size:cover;-o-background-size:cover;background-size:cover;\"   data-bg-url=\"\">\n\t\t\t\t\t\t<div class=\"fusion-widget-area fusion-widget-area-1 fusion-content-widget-area\"><style type=\"text\/css\">.fusion-widget-area-1 {padding:0px 0px 0px 0px;}.fusion-widget-area-1 .widget h4 {color:#000000;}.fusion-widget-area-1 .widget .heading h4 {color:#000000;}.fusion-widget-area-1 .widget h4 {font-size:20px;}.fusion-widget-area-1 .widget .heading h4 {font-size:20px;}<\/style><section id=\"block-26\" class=\"fusion-slidingbar-widget-column widget widget_block\"><div class=\"aioseo-breadcrumbs\"><span class=\"aioseo-breadcrumb\">\n\tHome\n<\/span><\/div><div style=\"clear:both;\"><\/div><\/section><div class=\"fusion-additional-widget-content\"><\/div><\/div><style type=\"text\/css\"><\/style><div class=\"fusion-title title fusion-title-1 fusion-title-text fusion-title-size-two\" style=\"margin-top:-30px;margin-bottom:31px;\"><h2 class=\"title-heading-left\" style=\"margin:0;color:#ffffff;\"><strong><span style=\"font-size: 20pt; color: #003866;\">N\u00facleo de Controle Externo da Atividade Policial<\/span><\/strong><\/h2><div class=\"title-sep-container\"><div class=\"title-sep sep-double sep-solid\" style=\"border-color:#003866;\"><\/div><\/div><\/div><div class=\"imageframe-align-center\"><span style=\"-webkit-border-radius:5px;-moz-border-radius:5px;border-radius:5px;width:100%;max-width:400px;\" class=\"fusion-imageframe imageframe-none imageframe-1 hover-type-none\"><img loading=\"lazy\" decoding=\"async\" src=\"https:\/\/www.mpal.mp.br\/wp-content\/uploads\/2024\/10\/WhatsApp-Image-2024-10-09-at-08.53.17.jpeg\" width=\"825\" height=\"338\" alt=\"\" title=\"WhatsApp Image 2024-10-09 at 08.53.17\" class=\"img-responsive wp-image-48277\"\/><\/span><\/div><div class=\"fusion-sep-clear\"><\/div><div class=\"fusion-separator fusion-full-width-sep sep-double\" style=\"border-color:rgba(255,252,252,0);border-top-width:1px;border-bottom-width:1px;margin-left: auto;margin-right: auto;margin-top:20px;\"><\/div><div class=\"fusion-sep-clear\"><\/div><div class=\"fusion-separator fusion-full-width-sep sep-double\" style=\"border-color:rgba(255,252,252,0);border-top-width:1px;border-bottom-width:1px;margin-left: auto;margin-right: auto;margin-top:20px;\"><\/div><div class=\"fusion-text\"><div class=\"wpb_text_column wpb_content_element \" data-raofz=\"14\">\n<div id=\"ct_cwgia0flok1lnyqjwie1\" class=\"wpb_wrapper\" data-raofz=\"14\">\n<p style=\"text-align: justify;\" data-raofz=\"14\"><span style=\"font-size: 14pt;\" data-raofz=\"18\">Est\u00e3o sujeitos ao controle externo do Minist\u00e9rio P\u00fablico, nos termos art. 129, inciso VII, os \u00f3rg\u00e3os policiais relacionados no art. 144, ambos da Constitui\u00e7\u00e3o Federal, assim como as for\u00e7as de seguran\u00e7a de qualquer outro \u00f3rg\u00e3o ou institui\u00e7\u00e3o, a que se atribua parcela de poder de pol\u00edcia relacionada \u00e0 seguran\u00e7a p\u00fablica ou \u00e0 persecu\u00e7\u00e3o penal.<\/span><\/p>\n<\/div>\n<\/div>\n<div class=\"wpb_text_column wpb_content_element \" data-raofz=\"14\">\n<div id=\"ct_vop6dbjvdtz7ye3g7pi1\" class=\"wpb_wrapper\" data-raofz=\"14\">\n<p style=\"text-align: justify;\" data-raofz=\"14\"><span style=\"font-size: 14pt;\" data-raofz=\"18\">Compete ao N\u00facleo, como \u00f3rg\u00e3o auxiliar da atividade funcional, estimular a integra\u00e7\u00e3o e o interc\u00e2mbio entre os \u00f3rg\u00e3os de execu\u00e7\u00e3o que atuam no controle externo da atividade policial, podendo remeter informa\u00e7\u00f5es t\u00e9cnico-jur\u00eddicas e modelos de documentos..<\/span><\/p>\n<\/div>\n<\/div>\n<div class=\"wpb_text_column wpb_content_element \" data-raofz=\"14\">\n<div id=\"ct_vop6dbjvdtz7ye3g7pi1\" class=\"wpb_wrapper\" data-raofz=\"14\">\n<p style=\"text-align: justify;\" data-raofz=\"14\"><strong><span style=\"font-size: 18pt;\" data-raofz=\"18\">CRIA\u00c7\u00c3O<\/span><\/strong><\/p>\n<\/div>\n<\/div>\n<div class=\"wpb_text_column wpb_content_element \" data-raofz=\"14\">\n<div id=\"ct_vop6dbjvdtz7ye3g7pi1\" class=\"wpb_wrapper\" data-raofz=\"14\">\n<p style=\"text-align: justify;\" data-raofz=\"14\"><span style=\"font-size: 14pt;\" data-raofz=\"18\">Foi criado, no \u00e2mbito do Minist\u00e9rio P\u00fablico do Estado de Alagoas, atrav\u00e9s da Resolu\u00e7\u00e3o de n\u00ba 006\/2024 \u2013 CPJ, aprovada pelo Col\u00e9gio de Procuradores de Justi\u00e7a do Estado de Alagoas e publicada no DOE de 27 de mar\u00e7o de 2024..<\/span><\/p>\n<\/div>\n<\/div>\n<\/div><style type=\"text\/css\"><\/style><div class=\"fusion-title title fusion-title-2 fusion-title-text fusion-title-size-three\" style=\"margin-top:40px;margin-bottom:31px;\"><h3 class=\"title-heading-left\" style=\"margin:0;color:#ffffff;\"><strong><span style=\"font-size: 14pt; color: #003866;\">Expediente<\/span><\/strong><\/h3><div class=\"title-sep-container\"><div class=\"title-sep sep-double sep-solid\" style=\"border-color:#003866;\"><\/div><\/div><\/div><div class=\"fusion-text\"><p><span style=\"font-size: 14pt;\"><i class=\"fontawesome-icon fa-user-tie fas circle-no\" style=\"font-size:18px;margin-right:9px;color:#003866;\"><\/i>Dra. Karla Padilha Rebelo Marques &#8211; Coordenadora<\/span><\/p>\n<\/div><div class=\"fusion-text\"><p><span style=\"font-size: 14pt;\"><i class=\"fontawesome-icon fa-user-tie fas circle-no\" style=\"font-size:18px;margin-right:9px;color:#003866;\"><\/i>Dr. M\u00e1rcio Jos\u00e9 D\u00f3ria da Cunha &#8211; Membro<\/span><\/p>\n<\/div><div class=\"fusion-text\"><p><span style=\"font-size: 14pt;\"><i class=\"fontawesome-icon fa-phone-alt fas circle-no\" style=\"font-size:18px;margin-right:9px;color:#003866;\"><\/i>(82) 2122-5232<\/span><\/p>\n<p><span style=\"font-size: 14pt;\"><i class=\"fontawesome-icon fa-phone-alt fas circle-no\" style=\"font-size:18px;margin-right:9px;color:#003866;\"><\/i>(82) 2122-3721<\/span><\/p>\n<p><span style=\"font-size: 14pt;\"><i class=\"fontawesome-icon fa-mobile-alt fas circle-no\" style=\"font-size:18px;margin-right:9px;color:#003866;\"><\/i>(82) 9 9137-2104<\/span><\/p>\n<\/div><div class=\"fusion-text\"><p><span style=\"font-size: 14pt;\"><i class=\"fontawesome-icon fa-envelope fas circle-no\" style=\"font-size:18px;margin-right:9px;color:#003866;\"><\/i>nucleo.controleexterno@mpal.mp.br<\/span><\/p>\n<\/div><div class=\"fusion-text\"><p><span style=\"font-size: 14pt;\"><i class=\"fontawesome-icon fa-clock far circle-no\" style=\"font-size:18px;margin-right:9px;color:#003866;\"><\/i>7h30 \u00e0s 13h30<\/span><\/p>\n<\/div><div class=\"fusion-clearfix\"><\/div>\n\n\t\t\t\t\t<\/div>\n\t\t\t\t<\/div><div  class=\"fusion-layout-column fusion_builder_column fusion_builder_column_2_5 fusion-builder-column-2 fusion-two-fifth fusion-column-last 2_5\"  style='margin-top:0px;margin-bottom:20px;width:40%;width:calc(40% - ( ( 4% ) * 0.4 ) );'>\n\t\t\t\t\t<div class=\"fusion-column-wrapper\" style=\"overflow:hidden;border-radius:12px 12px 12px 12px;padding: 0px 18px 18px 18px;background-position:left top;background-repeat:no-repeat;-webkit-background-size:cover;-moz-background-size:cover;-o-background-size:cover;background-size:cover;border-radius:12px 12px 12px 12px;\"   data-bg-url=\"\">\n\t\t\t\t\t\t<style type=\"text\/css\"><\/style><div class=\"fusion-title title fusion-title-3 fusion-title-text fusion-title-size-three\" style=\"margin-top:40px;margin-bottom:31px;\"><h3 class=\"title-heading-left\" style=\"margin:0;color:#ffffff;\"><strong><span style=\"font-size: 14pt; color: #003866;\">Conhe\u00e7a os n\u00facleos<\/span><\/strong><\/h3><div class=\"title-sep-container\"><div class=\"title-sep sep-double sep-solid\" style=\"border-color:#003866;\"><\/div><\/div><\/div><div class=\"fusion-widget-area fusion-widget-area-2 fusion-content-widget-area\"><style type=\"text\/css\">.fusion-widget-area-2 {padding:0px 0px 0px 0px;}.fusion-widget-area-2 .widget h4 {color:#000000;}.fusion-widget-area-2 .widget .heading h4 {color:#000000;}.fusion-widget-area-2 .widget h4 {font-size:20px;}.fusion-widget-area-2 .widget .heading h4 {font-size:20px;}<\/style><section id=\"nav_menu-3\" class=\"fusion-slidingbar-widget-column widget widget_nav_menu\"><div class=\"menu-nucleos-caop-container\"><ul id=\"menu-nucleos-caop\" class=\"menu\"><li id=\"menu-item-65829\" class=\"menu-item menu-item-type-custom menu-item-object-custom menu-item-65829\"><a href=\"https:\/\/www.mpal.mp.br\/?page_id=19072\">N\u00facleo de Defesa do Consumidor<\/a><\/li>\n<li id=\"menu-item-65830\" class=\"menu-item menu-item-type-custom menu-item-object-custom menu-item-65830\"><a href=\"https:\/\/www.mpal.mp.br\/?page_id=19126\">N\u00facleo de Defesa da Sa\u00fade P\u00fablica<\/a><\/li>\n<li id=\"menu-item-65831\" class=\"menu-item menu-item-type-custom menu-item-object-custom menu-item-65831\"><a href=\"https:\/\/www.mpal.mp.br\/?page_id=43064\">N\u00facleo do Urbanismo<\/a><\/li>\n<li id=\"menu-item-65832\" class=\"menu-item menu-item-type-custom menu-item-object-custom menu-item-65832\"><a href=\"https:\/\/www.mpal.mp.br\/?page_id=19145\">N\u00facleo do Meio Ambiente<\/a><\/li>\n<li id=\"menu-item-65833\" class=\"menu-item menu-item-type-custom menu-item-object-custom menu-item-65833\"><a href=\"https:\/\/www.mpal.mp.br\/?page_id=19135\">N\u00facleo de Defesa do Patrim\u00f4nio P\u00fablico<\/a><\/li>\n<li id=\"menu-item-65834\" class=\"menu-item menu-item-type-custom menu-item-object-custom menu-item-65834\"><a href=\"https:\/\/www.mpal.mp.br\/?page_id=19140\">N\u00facleo de Apoio \u00e0s V\u00edtimas e aos Desaparecidos<\/a><\/li>\n<li id=\"menu-item-65835\" class=\"menu-item menu-item-type-custom menu-item-object-custom menu-item-65835\"><a href=\"https:\/\/www.mpal.mp.br\/?page_id=19151\">N\u00facleo de Defesa da Mulher<\/a><\/li>\n<li id=\"menu-item-65836\" class=\"menu-item menu-item-type-custom menu-item-object-custom menu-item-65836\"><a href=\"https:\/\/www.mpal.mp.br\/?page_id=19161\">N\u00facleo de Combate \u00e0 Criminalidade<\/a><\/li>\n<li id=\"menu-item-65837\" class=\"menu-item menu-item-type-custom menu-item-object-custom menu-item-65837\"><a href=\"https:\/\/www.mpal.mp.br\/?page_id=19001\">N\u00facleo de Defesa da Inf\u00e2ncia e Juventude<\/a><\/li>\n<li id=\"menu-item-65838\" class=\"menu-item menu-item-type-custom menu-item-object-custom menu-item-65838\"><a href=\"https:\/\/www.mpal.mp.br\/?page_id=43052\">N\u00facleo de Controle Externo da Atividade Policial<\/a><\/li>\n<li id=\"menu-item-65860\" class=\"menu-item menu-item-type-custom menu-item-object-custom menu-item-65860\"><a href=\"https:\/\/www.mpal.mp.br\/?page_id=65854\">N\u00facleo de Defesa dos Direitos Humanos e Direito Internacional<\/a><\/li>\n<li id=\"menu-item-65881\" class=\"menu-item menu-item-type-custom menu-item-object-custom menu-item-65881\"><a href=\"https:\/\/www.mpal.mp.br\/?page_id=65868\">N\u00facleo da Pessoa Idosa e da Pessoa com Defici\u00eancia<\/a><\/li>\n<li id=\"menu-item-65889\" class=\"menu-item menu-item-type-custom menu-item-object-custom menu-item-65889\"><a href=\"https:\/\/www.mpal.mp.br\/?page_id=65884\">N\u00facleo de Apoio T\u00e9cnico<\/a><\/li>\n<li id=\"menu-item-65897\" class=\"menu-item menu-item-type-custom menu-item-object-custom menu-item-65897\"><a href=\"https:\/\/www.mpal.mp.br\/?page_id=65890\">N\u00facleo da Educa\u00e7\u00e3o<\/a><\/li>\n<li id=\"menu-item-66467\" class=\"menu-item menu-item-type-post_type menu-item-object-page menu-item-66467\"><a href=\"https:\/\/www.mpal.mp.br\/?page_id=66462\">N\u00facleo de Direito de Fam\u00edlia<\/a><\/li>\n<li id=\"menu-item-66472\" class=\"menu-item menu-item-type-post_type menu-item-object-page menu-item-66472\"><a href=\"https:\/\/www.mpal.mp.br\/?page_id=66468\">N\u00facleo do Tribunal do J\u00fari<\/a><\/li>\n<\/ul><\/div><div style=\"clear:both;\"><\/div><\/section><div class=\"fusion-additional-widget-content\"><\/div><\/div><div class=\"fusion-clearfix\"><\/div>\n\n\t\t\t\t\t<\/div>\n\t\t\t\t<\/div><div  class=\"fusion-layout-column fusion_builder_column fusion_builder_column_1_1 fusion-builder-column-3 fusion-one-full fusion-column-first fusion-column-last 1_1\"  style='margin-top:0px;margin-bottom:-10px;'>\n\t\t\t\t\t<div class=\"fusion-column-wrapper\" style=\"padding: 0px 0px 0px 0px;background-position:left top;background-repeat:no-repeat;-webkit-background-size:cover;-moz-background-size:cover;-o-background-size:cover;background-size:cover;\"   data-bg-url=\"\">\n\t\t\t\t\t\t<div class=\"fusion-section-separator section-separator hills-opacity\" style=\"font-size:0;line-height:0;margin-left:-0px;margin-right:-0px;\"><svg class=\"fusion-hills-opacity-candy\" fill=\"#ffffff\" xmlns=\"http:\/\/www.w3.org\/2000\/svg\" version=\"1.1\" width=\"100%\" viewBox=\"0 -0.5 1024 182\" preserveAspectRatio=\"none\" class=\"section-separator-shortcode-divider-svg\"><path class=\"st0\" d=\"M0 182.086h1024V41.593c-28.058-21.504-60.109-37.581-97.075-37.581-112.845 0-198.144 93.798-289.792 93.798S437.658 6.777 351.846 6.777s-142.234 82.125-238.49 82.125c-63.078 0-75.776-31.744-113.357-53.658L0 182.086z\"\/>\n\t\t\t\t\t\t\t\t\t<path class=\"st1\" d=\"M1024 181.062v-75.878c-39.731 15.872-80.794 27.341-117.658 25.805-110.387-4.506-191.795-109.773-325.53-116.224-109.158-5.12-344.166 120.115-429.466 166.298H1024v-.001z\"\/>\n\t\t\t\t\t\t\t\t\t<path class=\"st2\" d=\"M0 182.086h1024V90.028C966.451 59.103 907.059 16.3 824.115 15.071 690.278 13.023 665.19 102.93 482.099 102.93S202.138-1.62 74.24.019C46.49.326 21.811 4.217 0 9.849v172.237z\"\/>\n\t\t\t\t\t\t\t\t\t<path class=\"st3\" d=\"M0 182.086h1024V80.505c-37.171 19.558-80.691 35.328-139.571 36.25-151.142 2.355-141.619-28.57-298.496-29.184s-138.854 47.002-305.459 43.725C132.813 128.428 91.238 44.563 0 28.179v153.907z\"\/>\n\t\t\t\t\t\t\t\t\t<path class=\"st4\" d=\"M0 182.086h1024v-77.312c-49.05 20.07-120.525 42.394-193.229 42.086-128.922-.512-159.846-72.294-255.795-72.294-89.088 0-134.656 80.179-245.043 82.022S169.063 99.346 49.971 97.401C32.768 97.094 16.077 99.244 0 103.135v78.951z\"\/>\n\t\t\t\t\t\t\t\t<\/svg><\/div><div class=\"fusion-clearfix\"><\/div>\n\n\t\t\t\t\t<\/div>\n\t\t\t\t<\/div><\/div><\/div><div class=\"fusion-fullwidth fullwidth-box fusion-builder-row-2 nonhundred-percent-fullwidth non-hundred-percent-height-scrolling\"  style='background-color: #ffffff;background-image:linear-gradient(0deg, var(--awb-color1) 0%,var(--awb-color3) 30%);background-position: center center;background-repeat: no-repeat;background-blend-mode: overlay;padding-top:0px;padding-right:0px;padding-bottom:0px;padding-left:0px;'><div class=\"fusion-builder-row fusion-row \"><div  class=\"fusion-layout-column fusion_builder_column fusion_builder_column_1_1 fusion-builder-column-4 fusion-one-full fusion-column-first fusion-column-last 1_1\"  style='margin-top:0px;margin-bottom:20px;'>\n\t\t\t\t\t<div class=\"fusion-column-wrapper\" style=\"padding: 0px 0px 0px 0px;background-position:left top;background-repeat:no-repeat;-webkit-background-size:cover;-moz-background-size:cover;-o-background-size:cover;background-size:cover;\"   data-bg-url=\"\">\n\t\t\t\t\t\t<style type=\"text\/css\"><\/style><div class=\"fusion-title title fusion-title-4 fusion-title-center fusion-title-text fusion-title-size-one\" style=\"margin-top:0px;margin-bottom:20px;\"><div class=\"title-sep-container title-sep-container-left\"><div class=\"title-sep sep-double sep-solid\" style=\"border-color:#e0dede;\"><\/div><\/div><h1 class=\"title-heading-center\" style=\"margin:0;\">ARQUIVOS E PUBLICA\u00c7\u00d5ES<\/h1><div class=\"title-sep-container title-sep-container-right\"><div class=\"title-sep sep-double sep-solid\" style=\"border-color:#e0dede;\"><\/div><\/div><\/div><div class=\"fusion-sep-clear\"><\/div><div class=\"fusion-separator fusion-full-width-sep sep-double\" style=\"border-color:rgba(255,252,252,0);border-top-width:1px;border-bottom-width:1px;margin-left: auto;margin-right: auto;margin-top:20px;\"><\/div><div class=\"fusion-builder-row fusion-builder-row-inner fusion-row \"><div  class=\"fusion-layout-column fusion_builder_column fusion_builder_column_1_1  fusion-one-full fusion-column-first fusion-column-last 1_1\"  style='margin-top: 0px;margin-bottom: 20px;'><div class=\"fusion-column-wrapper fusion-column-wrapper-1\" style=\"padding: 0px 0px 0px 0px;background-position:left top;background-repeat:no-repeat;-webkit-background-size:cover;-moz-background-size:cover;-o-background-size:cover;background-size:cover;\"  data-bg-url=\"\"><style type=\"text\/css\">.fusion-accordian  #accordion-43052-1 .panel-title a .fa-fusion-box{ color: #ffffff;}.fusion-accordian  #accordion-43052-1 .panel-title a .fa-fusion-box:before{ font-size: 13px; width: 13px;}.fusion-accordian  #accordion-43052-1 .panel-title a{font-size:20px;}.fusion-accordian  #accordion-43052-1 .fa-fusion-box { background-color: #000000;border-color: #000000;}.fusion-accordian  #accordion-43052-1 .panel-title a:hover, #accordion-43052-1 .fusion-toggle-boxed-mode:hover .panel-title a { color: #003866;}.fusion-accordian  #accordion-43052-1 .panel-title .active .fa-fusion-box,.fusion-accordian  #accordion-43052-1 .panel-title a:hover .fa-fusion-box { background-color: #003866!important;border-color: #003866!important;}<\/style><div class=\"accordian fusion-accordian\"><div class=\"panel-group\" id=\"accordion-43052-1\" role=\"tablist\"><div class=\"fusion-panel panel-default\" role=\"tabpanel\"><div class=\"panel-heading\"><h4 class=\"panel-title toggle\"><a aria-expanded=\"false\" aria-selected=\"false\" aria-controls=\"aee4822504d906339\" role=\"tab\" data-toggle=\"collapse\" data-parent=\"#accordion-43052-1\" data-target=\"#aee4822504d906339\" href=\"#aee4822504d906339\"><span class=\"fusion-toggle-icon-wrapper\" aria-hidden=\"true\"><i class=\"fa-fusion-box\"><\/i><\/span><span class=\"fusion-toggle-heading\">PORTARIAS<\/span><\/a><\/h4><\/div><div id=\"aee4822504d906339\" class=\"panel-collapse collapse \"><div class=\"panel-body toggle-content fusion-clearfix\">\n<p><span style=\"font-size: 10pt;\"><i class=\"fontawesome-icon fa-file-alt fas circle-no\" style=\"font-size:18px;margin-right:9px;color:#003866;\"><\/i><a href=\"https:\/\/www.mpal.mp.br\/wp-content\/uploads\/2024\/07\/Portaria_pgj_451.pdf\" target=\"_blank\" rel=\"noopener\">Portaria PGJ n. 451 &#8211; Designa\u00e7\u00e3o da Promotora Dra. Karla Padilha Rebelo Marques, para exercer a fun\u00e7\u00e3o de Coordenadora do N\u00facleo de Controle Externo da Atividade Policial<\/a><\/span><\/p>\n<p><span style=\"font-size: 10pt;\"><i class=\"fontawesome-icon fa-file-alt fas circle-no\" style=\"font-size:18px;margin-right:9px;color:#003866;\"><\/i><a href=\"https:\/\/www.mpal.mp.br\/wp-content\/uploads\/2024\/07\/Portaria_pgj_457.pdf\" target=\"_blank\" rel=\"noopener\">Portaria PGJ n. 457 &#8211; Designa\u00e7\u00e3o do Promotor Dr. M\u00e1rcio Jos\u00e9 D\u00f3ria da Cunha, para atuar conjuntamente com a Dra. Karla Padilha Rebelo Marques, no N\u00facleo de Controle Externo da Atividade Policial<\/a><\/span><\/p>\n<\/div><\/div><\/div><div class=\"fusion-panel panel-default\" role=\"tabpanel\"><div class=\"panel-heading\"><h4 class=\"panel-title toggle\"><a aria-expanded=\"false\" aria-selected=\"false\" aria-controls=\"18c5272a99f7d1028\" role=\"tab\" data-toggle=\"collapse\" data-parent=\"#accordion-43052-1\" data-target=\"#18c5272a99f7d1028\" href=\"#18c5272a99f7d1028\"><span class=\"fusion-toggle-icon-wrapper\" aria-hidden=\"true\"><i class=\"fa-fusion-box\"><\/i><\/span><span class=\"fusion-toggle-heading\">NOTA T\u00c9CNICA<\/span><\/a><\/h4><\/div><div id=\"18c5272a99f7d1028\" class=\"panel-collapse collapse \"><div class=\"panel-body toggle-content fusion-clearfix\">\n<p><span style=\"font-size: 10pt;\"><i class=\"fontawesome-icon fa-file-alt fas circle-no\" style=\"font-size:18px;margin-right:9px;color:#003866;\"><\/i><a href=\"https:\/\/www.mpal.mp.br\/wp-content\/uploads\/2024\/10\/Nota-Tecnica-GCM.pdf\" target=\"_blank\" rel=\"noopener\">Nota T\u00e9cnica n\u00ba 02\/2024\/NUCAP &#8211; Orienta\u00e7\u00e3o acerca dos limites e atribui\u00e7\u00f5es das guardas municipais institu\u00eddas nos munic\u00edpios alagoasnos, para fins de observ\u00e2ncia ao quanto disposto na Constitui\u00e7\u00e3o Federal e na Lei Federal n. 13.022\/2014 (Estatuto Geral das Guardas Municipais)<\/a><\/span><\/p>\n<p><span style=\"font-size: 10pt;\"><i class=\"fontawesome-icon fa-file-alt fas circle-no\" style=\"font-size:18px;margin-right:9px;color:#003866;\"><\/i><a href=\"https:\/\/www.mpal.mp.br\/wp-content\/uploads\/2024\/08\/1.-Nota-Tecnica-Inqueritos.pdf\" target=\"_blank\" rel=\"noopener\">Nota T\u00e9cnica n\u00ba 01\/2024\/NUCAP &#8211; Ac\u00famulo expressivo de inqu\u00e9ritos policiais f\u00edsicos e com prazo de conclus\u00e3o extrapolado. Implanta\u00e7\u00e3o do Sistema SINESP-PPE (Procedimentos Policiais Eletr\u00f4nicos) no ano de 2018.<\/a><\/span><\/p>\n<\/div><\/div><\/div><\/div><\/div><style type=\"text\/css\">.fusion-accordian  #accordion-43052-2 .panel-title a .fa-fusion-box{ color: #ffffff;}.fusion-accordian  #accordion-43052-2 .panel-title a .fa-fusion-box:before{ font-size: 13px; width: 13px;}.fusion-accordian  #accordion-43052-2 .panel-title a{font-size:20px;}.fusion-accordian  #accordion-43052-2 .fa-fusion-box { background-color: #000000;border-color: #000000;}.fusion-accordian  #accordion-43052-2 .panel-title a:hover, #accordion-43052-2 .fusion-toggle-boxed-mode:hover .panel-title a { color: #003866;}.fusion-accordian  #accordion-43052-2 .panel-title .active .fa-fusion-box,.fusion-accordian  #accordion-43052-2 .panel-title a:hover .fa-fusion-box { background-color: #003866!important;border-color: #003866!important;}<\/style><div class=\"accordian fusion-accordian\"><div class=\"panel-group\" id=\"accordion-43052-2\" role=\"tablist\"><div class=\"fusion-panel panel-default\" role=\"tabpanel\"><div class=\"panel-heading\"><h4 class=\"panel-title toggle\"><a aria-expanded=\"false\" aria-selected=\"false\" aria-controls=\"7da4e7888eeb7c342\" role=\"tab\" data-toggle=\"collapse\" data-parent=\"#accordion-43052-2\" data-target=\"#7da4e7888eeb7c342\" href=\"#7da4e7888eeb7c342\"><span class=\"fusion-toggle-icon-wrapper\" aria-hidden=\"true\"><i class=\"fa-fusion-box\"><\/i><\/span><span class=\"fusion-toggle-heading\">RESOLU\u00c7\u00d5ES<\/span><\/a><\/h4><\/div><div id=\"7da4e7888eeb7c342\" class=\"panel-collapse collapse \"><div class=\"panel-body toggle-content fusion-clearfix\"><span style=\"font-size: 10pt;\"><i class=\"fontawesome-icon fa-file-alt fas circle-no\" style=\"font-size:18px;margin-right:9px;color:#003866;\"><\/i><a href=\"https:\/\/www.mpal.mp.br\/wp-content\/uploads\/2024\/07\/Res_cpj_n_6_2024_criacao_nucleo.pdf\" target=\"_blank\" rel=\"noopener\">RESOLU\u00c7\u00c3O CPJ n. 6\/2024 &#8211; Cria\u00e7\u00e3o do N\u00facleo de Controle Externo da Atividade Policial<\/a><\/span><\/div><\/div><\/div><\/div><\/div><\/div><\/div><\/div><div class=\"fusion-builder-row fusion-builder-row-inner fusion-row \"><div  class=\"fusion-layout-column fusion_builder_column fusion_builder_column_1_1  fusion-one-full fusion-column-first fusion-column-last 1_1\"  style='margin-top: 0px;margin-bottom: 20px;'><div class=\"fusion-column-wrapper fusion-column-wrapper-2\" style=\"padding: 0px 0px 0px 0px;background-position:left top;background-repeat:no-repeat;-webkit-background-size:cover;-moz-background-size:cover;-o-background-size:cover;background-size:cover;\"  data-bg-url=\"\"><style type=\"text\/css\">.fusion-accordian  #accordion-43052-3 .panel-title a .fa-fusion-box{ color: #ffffff;}.fusion-accordian  #accordion-43052-3 .panel-title a .fa-fusion-box:before{ font-size: 13px; width: 13px;}.fusion-accordian  #accordion-43052-3 .panel-title a{font-size:20px;}.fusion-accordian  #accordion-43052-3 .fa-fusion-box { background-color: #000000;border-color: #000000;}.fusion-accordian  #accordion-43052-3 .panel-title a:hover, #accordion-43052-3 .fusion-toggle-boxed-mode:hover .panel-title a { color: #003866;}.fusion-accordian  #accordion-43052-3 .panel-title .active .fa-fusion-box,.fusion-accordian  #accordion-43052-3 .panel-title a:hover .fa-fusion-box { background-color: #003866!important;border-color: #003866!important;}<\/style><div class=\"accordian fusion-accordian\"><div class=\"panel-group\" id=\"accordion-43052-3\" role=\"tablist\"><div class=\"fusion-panel panel-default\" role=\"tabpanel\"><div class=\"panel-heading\"><h4 class=\"panel-title toggle\"><a aria-expanded=\"false\" aria-selected=\"false\" aria-controls=\"069ec1ca97ddc9dea\" role=\"tab\" data-toggle=\"collapse\" data-parent=\"#accordion-43052-3\" data-target=\"#069ec1ca97ddc9dea\" href=\"#069ec1ca97ddc9dea\"><span class=\"fusion-toggle-icon-wrapper\" aria-hidden=\"true\"><i class=\"fa-fusion-box\"><\/i><\/span><span class=\"fusion-toggle-heading\">RECOMENDA\u00c7\u00d5ES<\/span><\/a><\/h4><\/div><div id=\"069ec1ca97ddc9dea\" class=\"panel-collapse collapse \"><div class=\"panel-body toggle-content fusion-clearfix\">\n<p><span style=\"font-size: 10pt;\"><i class=\"fontawesome-icon fa-file-alt fas circle-no\" style=\"font-size:18px;margin-right:9px;color:#003866;\"><\/i><a href=\"https:\/\/www.mpal.mp.br\/wp-content\/uploads\/2024\/11\/Recomendacao-Corregedoria-da-PMAL.pdf\" target=\"_blank\" rel=\"noopener\"><strong>N\u00ba 04\/2024 | 09.2024.00000955-9<\/strong> &#8211; Medidas para Aumentar a Efici\u00eancia dos Procedimentos Administrativos que Tramitam no \u00c2mbito da Corregedoria da Pol\u00edcia Militar de Alagoas.<\/a><\/span><\/p>\n<p><span style=\"font-size: 10pt;\"><i class=\"fontawesome-icon fa-file-alt fas circle-no\" style=\"font-size:18px;margin-right:9px;color:#003866;\"><\/i><a href=\"https:\/\/www.mpal.mp.br\/wp-content\/uploads\/2024\/08\/doc_7115894.pdf\" target=\"_blank\" rel=\"noopener\"><strong>N\u00ba 03\/2024 | 09.2024.00000796-1<\/strong> &#8211; Amparo adequado \u00e0s v\u00edtimas de criminalidade pela PCAL e PMAL, com o fornecimento de orienta\u00e7\u00f5es quanto aos seus direitos, os dados essenciais que devem estar contidos no registro da ocorr\u00eancia (especialmente acerca do valor estimado dos danos sofridos) e a promo\u00e7\u00e3o de comunica\u00e7\u00f5es de todas as medidas adotadas no curso da investiga\u00e7\u00e3o criminal que sejam do seu interesse.<\/a><\/span><\/p>\n<p style=\"text-align: justify;\"><span style=\"font-size: 10pt;\"><i class=\"fontawesome-icon fa-file-alt fas circle-no\" style=\"font-size:18px;margin-right:9px;color:#003866;\"><\/i><a href=\"https:\/\/www.mpal.mp.br\/wp-content\/uploads\/2024\/08\/doc_6557073.pdf\" target=\"_blank\" rel=\"noopener\"><strong>N\u00ba 02\/2024 | 09.2019.00001218-1<\/strong> &#8211; Reforma Estrutural e Outras Medidas no \u00c2mbito do 3\u00ba DP da Capital.<\/a><\/span><\/p>\n<p style=\"text-align: justify;\"><span style=\"font-size: 10pt;\"><i class=\"fontawesome-icon fa-file-alt fas circle-no\" style=\"font-size:18px;margin-right:9px;color:#003866;\"><\/i><a href=\"https:\/\/www.mpal.mp.br\/wp-content\/uploads\/2024\/08\/doc_6422839.pdf\" target=\"_blank\" rel=\"noopener\"><strong>N\u00ba. 01\/2024 | 09.2024.00000090-2<\/strong> &#8211; Reforma Estrutural do 8\u00ba e do 21\u00ba DPs da Capital<\/a><\/span><\/p>\n<p style=\"text-align: justify;\"><span style=\"font-size: 10pt;\"><i class=\"fontawesome-icon fa-file-alt fas circle-no\" style=\"font-size:18px;margin-right:9px;color:#003866;\"><\/i><a href=\"https:\/\/www.mpal.mp.br\/wp-content\/uploads\/2024\/08\/doc_6297768.pdf\" target=\"_blank\" rel=\"noopener\"><strong>N\u00ba 12\/2023 | 09.2023.00001211-6<\/strong> &#8211; Bases Comunit\u00e1rias de Seguran\u00e7a dos Batalh\u00f5es de \u00e1rea, com a inser\u00e7\u00e3o das referidas unidades, salvo melhor entendimento e de forma efetiva, nas atribui\u00e7\u00f5es afetas ao N\u00facleo de Pol\u00edcia Comunit\u00e1ria, integrante do Centro de Gerenciamento de Crises<\/a><\/span><\/p>\n<p style=\"text-align: justify;\"><span style=\"font-size: 10pt;\"><i class=\"fontawesome-icon fa-file-alt fas circle-no\" style=\"font-size:18px;margin-right:9px;color:#003866;\"><\/i><a href=\"https:\/\/sistemas.mpal.mp.br\/mpweb\/abrirDetalhesProcesso.do?nuProcesso=092023000015402&amp;tpNuProcesso=MP\" target=\"_blank\" rel=\"noopener\"><strong>N\u00ba 11\/2023 | 09.2023.00001540-2<\/strong> &#8211; Reequacionar os Preju\u00edzos Decorrentes da Cl\u00e1usula de Barreira, no Bojo do Edital do Concurso da Pol\u00edcia Cient\u00edfica, e, possivelmente, no Edital do Concurso para o Cargo de Delegado da PCAL (SIGILOSO)<\/a><\/span><\/p>\n<p style=\"text-align: justify;\"><span style=\"font-size: 10pt;\"><i class=\"fontawesome-icon fa-file-alt fas circle-no\" style=\"font-size:18px;margin-right:9px;color:#003866;\"><\/i><a href=\"https:\/\/www.mpal.mp.br\/wp-content\/uploads\/2024\/08\/doc_6197061.pdf\" target=\"_blank\" rel=\"noopener\"><strong>N\u00ba 10\/2023 | 09.2022.00000660-0<\/strong> &#8211; Resolu\u00e7\u00e3o de Problemas Concernentes \u00e0 Estrutura, Efetivo e Equipamentos da Delegacia do 10\u00ba DP da Capital<\/a><\/span><\/p>\n<p style=\"text-align: justify;\"><span style=\"font-size: 10pt;\"><i class=\"fontawesome-icon fa-file-alt fas circle-no\" style=\"font-size:18px;margin-right:9px;color:#003866;\"><\/i><a href=\"https:\/\/www.mpal.mp.br\/wp-content\/uploads\/2024\/08\/doc_6297768-1.pdf\" target=\"_blank\" rel=\"noopener\"><strong>N\u00ba 09\/2023 | 09.2023.00001210-5<\/strong> &#8211; Digitaliza\u00e7\u00e3o e Inser\u00e7\u00e3o no SISOSP dos Prontu\u00e1rios M\u00e9dicos \u2013 Hospital da PMAL<\/a><\/span><\/p>\n<p style=\"text-align: justify;\"><span style=\"font-size: 10pt;\"><i class=\"fontawesome-icon fa-file-alt fas circle-no\" style=\"font-size:18px;margin-right:9px;color:#003866;\"><\/i><a href=\"https:\/\/www.mpal.mp.br\/wp-content\/uploads\/2024\/08\/doc_5917329.pdf\" target=\"_blank\" rel=\"noopener\"><strong>N\u00ba 08\/2023 | 09.2023.00001127-2<\/strong> &#8211; Aquisi\u00e7\u00e3o e Distribui\u00e7\u00e3o de Instrumentos de Menor Potencial Ofensivo (Baixa Letalidade) \/ Capacita\u00e7\u00e3o para Uso dos Mesmos pela PMAL<\/a><\/span><\/p>\n<p style=\"text-align: justify;\"><span style=\"font-size: 10pt;\"><i class=\"fontawesome-icon fa-file-alt fas circle-no\" style=\"font-size:18px;margin-right:9px;color:#003866;\"><\/i><a href=\"https:\/\/www.mpal.mp.br\/wp-content\/uploads\/2024\/08\/doc_5917329-1.pdf\" target=\"_blank\" rel=\"noopener\"><strong>N\u00ba 07\/2023 | 09.2023.00001182-8 <\/strong> &#8211; Cria\u00e7\u00e3o da Delegacia Especial dos Crimes Contra Crian\u00e7\u00e3o e Adolescente II<\/a><\/span><\/p>\n<p style=\"text-align: justify;\"><span style=\"font-size: 10pt;\"><i class=\"fontawesome-icon fa-file-alt fas circle-no\" style=\"font-size:18px;margin-right:9px;color:#003866;\"><\/i><a href=\"https:\/\/sistemas.mpal.mp.br\/mpweb\/abrirConsultaProcesso.do\" target=\"_blank\" rel=\"noopener\"><strong>N\u00ba 06\/2023 | 09.2020.00001107-1<\/strong> &#8211; Realiza\u00e7\u00e3o de Sele\u00e7\u00e3o com Base no Edital das For\u00e7as Armadas para Provimento de Vagas para Cargos do Hospital da PMAL (SIGILOSO)<\/a><\/span><\/p>\n<p style=\"text-align: justify;\"><span style=\"font-size: 10pt;\"><i class=\"fontawesome-icon fa-file-alt fas circle-no\" style=\"font-size:18px;margin-right:9px;color:#003866;\"><\/i><a href=\"https:\/\/www.mpal.mp.br\/wp-content\/uploads\/2024\/08\/doc_5816359.pdf\" target=\"_blank\" rel=\"noopener\"><strong>N\u00ba 05\/2023 | 09.2022.00000872-0<\/strong> &#8211; Concentra\u00e7\u00e3o dos Laudos Lavrados pela Pol\u00edcia Cient\u00edfica em um \u00danico Sistema, com a Disponibiliza\u00e7\u00e3o de Acesso ao MPAL e \u00e0 PCAL<\/a><\/span><\/p>\n<p style=\"text-align: justify;\"><span style=\"font-size: 10pt;\"><i class=\"fontawesome-icon fa-file-alt fas circle-no\" style=\"font-size:18px;margin-right:9px;color:#003866;\"><\/i><a href=\"https:\/\/www.mpal.mp.br\/wp-content\/uploads\/2024\/08\/doc_5816359-1.pdf\" target=\"_blank\" rel=\"noopener\"><strong>N\u00ba 04\/2023 | 09.2021.00000615-0<\/strong> &#8211; Adequa\u00e7\u00e3o das Delegacias Especializadas de Defesa dos Direitos da Mulher de Macei\u00f3 \u00e0 Lei n\u00ba 14.541\/2023, que Disp\u00f5e sobre a Cria\u00e7\u00e3o e o Funcionamento Ininterrupto<\/a><\/span><\/p>\n<p style=\"text-align: justify;\"><span style=\"font-size: 10pt;\"><i class=\"fontawesome-icon fa-file-alt fas circle-no\" style=\"font-size:18px;margin-right:9px;color:#003866;\"><\/i><a href=\"https:\/\/www.mpal.mp.br\/wp-content\/uploads\/2024\/08\/doc_5500260.pdf\" target=\"_blank\" rel=\"noopener\"><strong>N\u00ba 03\/2023 | 09.2020.00000948-7<\/strong> &#8211; Identifica\u00e7\u00e3o de Inqu\u00e9ritos policiais: Local de Apura\u00e7\u00e3o e os Delegados Respons\u00e1veis<\/a><\/span><\/p>\n<p style=\"text-align: justify;\"><span style=\"font-size: 10pt;\"><i class=\"fontawesome-icon fa-file-alt fas circle-no\" style=\"font-size:18px;margin-right:9px;color:#003866;\"><\/i><a href=\"https:\/\/www.mpal.mp.br\/wp-content\/uploads\/2024\/08\/doc_5500260-1.pdf\" target=\"_blank\" rel=\"noopener\"><strong>N\u00ba 02\/2023 | 09.2022.00000872-0<\/strong> &#8211; Confec\u00e7\u00e3o e Fornecimento dos Laudos M\u00e9dicos &#8211; IML<\/a><\/span><\/p>\n<p style=\"text-align: justify;\"><span style=\"font-size: 10pt;\"><i class=\"fontawesome-icon fa-file-alt fas circle-no\" style=\"font-size:18px;margin-right:9px;color:#003866;\"><\/i><a href=\"https:\/\/www.mpal.mp.br\/wp-content\/uploads\/2024\/08\/doc_5389149.pdf\" target=\"_blank\" rel=\"noopener\"><strong>N\u00ba 01\/2023 | 09.2022.00000872-0<\/strong> &#8211; Atualiza\u00e7\u00e3o na Quesita\u00e7\u00e3o Pericial &#8211; IML (tortura)<\/a><\/span><\/p>\n<p style=\"text-align: justify;\"><span style=\"font-size: 10pt;\"><i class=\"fontawesome-icon fa-file-alt fas circle-no\" style=\"font-size:18px;margin-right:9px;color:#003866;\"><\/i><a href=\"https:\/\/www.mpal.mp.br\/wp-content\/uploads\/2024\/08\/doc_5389149-1.pdf\" target=\"_blank\" rel=\"noopener\"><strong>N\u00ba 03\/2022 | 09.2022.00001129-0<\/strong> &#8211; Lavratura de TCO pela PMAL<\/a><\/span><\/p>\n<p style=\"text-align: justify;\"><span style=\"font-size: 10pt;\"><i class=\"fontawesome-icon fa-file-alt fas circle-no\" style=\"font-size:18px;margin-right:9px;color:#003866;\"><\/i><a href=\"https:\/\/www.mpal.mp.br\/wp-content\/uploads\/2024\/08\/doc_4989292.pdf\" target=\"_blank\" rel=\"noopener\"><strong>N\u00ba 02\/2022 | 09.2020.00000847-7 <\/strong> &#8211; Altera\u00e7\u00e3o da Compet\u00eancia da Delegacia de Vulner\u00e1veis, para Incluir em sua Abrang\u00eancia as Pessoas Presas, V\u00edtimas de Crimes Praticados Dentro das Unidades Prisionais da Capital. Provid\u00eancias sobre Exist\u00eancia de Equipe Multidisciplinar e Escuta Qualificada das V\u00edtimas.<\/a><\/span><\/p>\n<p style=\"text-align: justify;\"><span style=\"font-size: 10pt;\"><i class=\"fontawesome-icon fa-file-alt fas circle-no\" style=\"font-size:18px;margin-right:9px;color:#003866;\"><\/i><a href=\"https:\/\/www.mpal.mp.br\/wp-content\/uploads\/2024\/08\/doc_4989292-1.pdf\" target=\"_blank\" rel=\"noopener\"><strong>N\u00ba 01\/2022 | 09.2022.00000151-5 <\/strong> &#8211; Registro de Abordagens Policiais Militares<\/a><\/span><\/p>\n<p style=\"text-align: justify;\"><span style=\"font-size: 10pt;\"><i class=\"fontawesome-icon fa-file-alt fas circle-no\" style=\"font-size:18px;margin-right:9px;color:#003866;\"><\/i><a href=\"https:\/\/www.mpal.mp.br\/wp-content\/uploads\/2024\/08\/doc_3667875.pdf\" target=\"_blank\" rel=\"noopener\"><strong>N\u00ba 10\/2021 | 06.2020.00000408-1 <\/strong> &#8211; Aferi\u00e7\u00e3o de Produtividade Mensal dos Delegados da Capital com Crit\u00e9rios Objetivos<\/a><\/span><\/p>\n<p style=\"text-align: justify;\"><span style=\"font-size: 10pt;\"><i class=\"fontawesome-icon fa-file-alt fas circle-no\" style=\"font-size:18px;margin-right:9px;color:#003866;\"><\/i><a href=\"https:\/\/www.mpal.mp.br\/wp-content\/uploads\/2024\/08\/doc_4235910.pdf\" target=\"_blank\" rel=\"noopener\"><br \/>\n<strong>N\u00ba 08\/2021 | 09.2020.00000920-0 <\/strong> &#8211; Medidas para Reduzir\/Eliminar o Ass\u00e9dio Moral e Sexual Contra Mulheres no \u00c2mbito dos \u00d3rg\u00e3os de Seguran\u00e7a P\u00fablica <\/a><\/span><\/p>\n<p style=\"text-align: justify;\"><span style=\"font-size: 10pt;\"><i class=\"fontawesome-icon fa-file-alt fas circle-no\" style=\"font-size:18px;margin-right:9px;color:#003866;\"><\/i><a href=\"https:\/\/www.mpal.mp.br\/wp-content\/uploads\/2024\/08\/doc_4235910-1.pdf\" target=\"_blank\" rel=\"noopener\"><strong>N\u00ba 07\/2021 | 09.2021.00000732-7 <\/strong> &#8211; Obrigatoriedade de Vacina\u00e7\u00e3o dos Servidores Integrantes dos \u00d3rg\u00e3os de Seguran\u00e7a P\u00fablica no \u00c2mbito de Macei\u00f3<\/a><\/span><\/p>\n<p style=\"text-align: justify;\"><span style=\"font-size: 10pt;\"><i class=\"fontawesome-icon fa-file-alt fas circle-no\" style=\"font-size:18px;margin-right:9px;color:#003866;\"><\/i><strong>Recomenda\u00e7\u00e3o Conjunta n\u00ba 6\/2021 | 09.2020.00000896-6 <\/strong> &#8211; Oferta de Vagas em Cemit\u00e9rio &#8211; Inulma\u00e7\u00e3o \/ Sepultamento dos Cad\u00e1veres<\/span><\/p>\n<p style=\"text-align: justify;\"><span style=\"font-size: 10pt;\"><i class=\"fontawesome-icon fa-file-alt fas circle-no\" style=\"font-size:18px;margin-right:9px;color:#003866;\"><\/i><a href=\"https:\/\/www.mpal.mp.br\/wp-content\/uploads\/2024\/08\/doc_3781320.pdf\" target=\"_blank\" rel=\"noopener\"><strong>N\u00ba 05\/2021 | 09.2021.00000013-4 <\/strong> &#8211; Ado\u00e7\u00e3o de Dilig\u00eancias em IP Frente a Crimes de Feminic\u00eddio<\/a><\/span><\/p>\n<p style=\"text-align: justify;\"><span style=\"font-size: 10pt;\"><i class=\"fontawesome-icon fa-file-alt fas circle-no\" style=\"font-size:18px;margin-right:9px;color:#003866;\"><\/i><a href=\"https:\/\/www.mpal.mp.br\/wp-content\/uploads\/2024\/08\/doc_3781320-1.pdf\" target=\"_blank\" rel=\"noopener\"><strong>N\u00ba 04\/2021 | 09.2020.00001107-1 <\/strong> &#8211; Realiza\u00e7\u00e3o de Concurso P\u00fablico para Provimento de Vagas para o Cargo de Oficial M\u00e9dico Psiquiatra<\/a><\/span><\/p>\n<p style=\"text-align: justify;\"><span style=\"font-size: 10pt;\"><i class=\"fontawesome-icon fa-file-alt fas circle-no\" style=\"font-size:18px;margin-right:9px;color:#003866;\"><\/i><a href=\"https:\/\/www.mpal.mp.br\/wp-content\/uploads\/2024\/08\/doc_3781320-2.pdf\" target=\"_blank\" rel=\"noopener\"><strong>N\u00ba 03\/2021 | 09.2021.00000013-4 <\/strong> &#8211; Ado\u00e7\u00e3o de Dilig\u00eancias em IP para Elucida\u00e7\u00e3o de Crimes Violentos Letais Intencionais<\/a><\/span><\/p>\n<p style=\"text-align: justify;\"><span style=\"font-size: 10pt;\"><i class=\"fontawesome-icon fa-file-alt fas circle-no\" style=\"font-size:18px;margin-right:9px;color:#003866;\"><\/i><a href=\"https:\/\/www.mpal.mp.br\/wp-content\/uploads\/2024\/08\/doc_3781320-3.pdf\" target=\"_blank\" rel=\"noopener\"><strong>N\u00ba 02\/2021 | 09.2020.00001093-9 <\/strong> &#8211; Proibi\u00e7\u00e3o de Atividades de Cust\u00f3dia e Carceragem nas Sedes dos 8\u00ba e 21\u00ba DPs e Outras Delegacias da Capital<\/a><\/span><\/p>\n<p><span style=\"font-size: 10pt;\"><i class=\"fontawesome-icon fa-file-alt fas circle-no\" style=\"font-size:18px;margin-right:9px;color:#003866;\"><\/i><strong>Recomenda\u00e7\u00e3o Conjunta n\u00ba 1\/2021 | 09.2021.00000162-2 <\/strong> &#8211; Entrada em Domic\u00edlio sem Mandado &#8211; Confec\u00e7\u00e3o de Termo de Autoriza\u00e7\u00e3o para Ingresso de Policiais em Resid\u00eancias<\/span><\/p>\n<p style=\"text-align: justify;\"><span style=\"font-size: 10pt;\"><i class=\"fontawesome-icon fa-file-alt fas circle-no\" style=\"font-size:18px;margin-right:9px;color:#003866;\"><\/i><a href=\"https:\/\/www.mpal.mp.br\/wp-content\/uploads\/2024\/08\/doc_3710035.pdf\" target=\"_blank\" rel=\"noopener\"><strong>N\u00ba 01\/2021 | 09.2021.00000013-4 <\/strong> &#8211; Juntada de Laudos Periciais na Instru\u00e7\u00e3o de Inqu\u00e9ritos Policiais Envolvendo Crimes Contra o Patrim\u00f4nio, de Dano e de Les\u00f5es Corporais <\/a><\/span><\/p>\n<p style=\"text-align: justify;\"><span style=\"font-size: 10pt;\"><i class=\"fontawesome-icon fa-file-alt fas circle-no\" style=\"font-size:18px;margin-right:9px;color:#003866;\"><\/i><a href=\"https:\/\/www.mpal.mp.br\/wp-content\/uploads\/2024\/08\/doc_3378763.pdf\" target=\"_blank\" rel=\"noopener\"><strong>N\u00ba 27\/2020 | 09.2020.00001034-0 <\/strong> &#8211; F\u00e9rias Atrasadas e Pagamentos de Horas Trabalhadas dos Servidores da Seguran\u00e7a P\u00fablica &#8211; Horas Extras dos T\u00e9cnicos Forenses\/IML<\/a><\/span><\/p>\n<p style=\"text-align: justify;\"><span style=\"font-size: 10pt;\"><i class=\"fontawesome-icon fa-file-alt fas circle-no\" style=\"font-size:18px;margin-right:9px;color:#003866;\"><\/i><strong>N\u00ba 15\/2020 | 09.2020.00000921-0 <\/strong> &#8211; Ado\u00e7\u00e3o de Equipamentos, Infraestrutura F\u00edsica e Material Humano Necess\u00e1rios \u00e0 Preserva\u00e7\u00e3o da Cadeia de Cust\u00f3dia de Prova<\/span><\/p>\n<p style=\"text-align: justify;\"><span style=\"font-size: 10pt;\"><i class=\"fontawesome-icon fa-file-alt fas circle-no\" style=\"font-size:18px;margin-right:9px;color:#003866;\"><\/i><strong>N\u00ba 14\/2020 | 09.2020.00000921-0 <\/strong> &#8211; Preserva\u00e7\u00e3o da Cadeia de Cust\u00f3dia de Prova &#8211; Isolamento do Local de Crime pelos Primeiros Policiais Militares que Chegarem<\/span><\/p>\n<p style=\"text-align: justify;\"><span style=\"font-size: 10pt;\"><i class=\"fontawesome-icon fa-file-alt fas circle-no\" style=\"font-size:18px;margin-right:9px;color:#003866;\"><\/i><strong>N\u00ba 13\/2020 | 09.2020.00000921-0 <\/strong> &#8211; Preserva\u00e7\u00e3o da Cadeia de Cust\u00f3dia de Prova &#8211; Comparecimento de Delegado ao Local de Crime<\/span><\/p>\n<p style=\"text-align: justify;\"><span style=\"font-size: 10pt;\"><i class=\"fontawesome-icon fa-file-alt fas circle-no\" style=\"font-size:18px;margin-right:9px;color:#003866;\"><\/i><strong>N\u00ba 12\/2020 | 09.2020.00000921-0 <\/strong> &#8211; Preserva\u00e7\u00e3o da Cadeia de Cust\u00f3dia de Prova &#8211; Coleta de Vest\u00edgios por Perito Oficial<\/span><\/p>\n<p style=\"text-align: justify;\"><span style=\"font-size: 10pt;\"><i class=\"fontawesome-icon fa-file-alt fas circle-no\" style=\"font-size:18px;margin-right:9px;color:#003866;\"><\/i><a href=\"https:\/\/www.mpal.mp.br\/wp-content\/uploads\/2024\/08\/doc_3378763-1.pdf\" target=\"_blank\" rel=\"noopener\"><strong>N\u00ba 11\/2020 | 09.2020.00001094-0 <\/strong> &#8211; Realiza\u00e7\u00e3o de Avalia\u00e7\u00e3o Psicol\u00f3gica no CB R.T<\/a><\/span><\/p>\n<p style=\"text-align: justify;\"><span style=\"font-size: 10pt;\"><i class=\"fontawesome-icon fa-file-alt fas circle-no\" style=\"font-size:18px;margin-right:9px;color:#003866;\"><\/i><strong>N\u00ba 10\/2020 | 09.2020.00000518-0 <\/strong> &#8211; Regulamenta\u00e7\u00e3o da Passagem de Servi\u00e7o nas Delegacias da Capital, Decorrente da Transfer\u00eancia de Delegados<\/span><\/p>\n<p style=\"text-align: justify;\"><span style=\"font-size: 10pt;\"><i class=\"fontawesome-icon fa-file-alt fas circle-no\" style=\"font-size:18px;margin-right:9px;color:#003866;\"><\/i><a href=\"https:\/\/www.mpal.mp.br\/wp-content\/uploads\/2024\/08\/doc_3359930.pdf\" target=\"_blank\" rel=\"noopener\"><strong>N\u00ba 09\/2020 | 06.2020.00000408-1 <\/strong> &#8211; Constitui\u00e7\u00e3o de Comiss\u00e3o para Realizar Levantamento de Inqu\u00e9ritos Policiais Pendentes e Material Apreendido no \u00c2mbito do 9\u00ba DP &#8211; Suspender e Revogar Novas Designa\u00e7\u00f5es do Delegado N.A.B<\/a><\/span><\/p>\n<p style=\"text-align: justify;\"><span style=\"font-size: 10pt;\"><i class=\"fontawesome-icon fa-file-alt fas circle-no\" style=\"font-size:18px;margin-right:9px;color:#003866;\"><\/i><strong>N\u00ba 06\/2020 | 09.2020.00000480-4 <\/strong> &#8211; Realiza\u00e7\u00e3o de Exames de Covid-19 em Policiais Militares<\/span><\/p>\n<p style=\"text-align: justify;\"><span style=\"font-size: 10pt;\"><i class=\"fontawesome-icon fa-file-alt fas circle-no\" style=\"font-size:18px;margin-right:9px;color:#003866;\"><\/i><strong>N\u00ba 04\/2020 | 09.2020.00000480-4 <\/strong> &#8211; Aplica\u00e7\u00e3o de Medidas de Desinfec\u00e7\u00e3o nos Batalh\u00f5es da PMAL<\/span><\/p>\n<p style=\"text-align: justify;\"><span style=\"font-size: 10pt;\"><i class=\"fontawesome-icon fa-file-alt fas circle-no\" style=\"font-size:18px;margin-right:9px;color:#003866;\"><\/i><strong>N\u00ba 03\/2020 | 09.2020.00000480-4 <\/strong> &#8211; Realiza\u00e7\u00e3o de Exame de Corpo de Delito Somente nas Hip\u00f3teses Legais &#8211; Quando Houver Vest\u00edgio da Infra\u00e7\u00e3o, no Per\u00edodo de COVID-19<\/span><\/p>\n<p style=\"text-align: justify;\"><span style=\"font-size: 10pt;\"><i class=\"fontawesome-icon fa-file-alt fas circle-no\" style=\"font-size:18px;margin-right:9px;color:#003866;\"><\/i><a href=\"https:\/\/www.mpal.mp.br\/wp-content\/uploads\/2024\/08\/doc_3359930-1.pdf\" target=\"_blank\" rel=\"noopener\"><strong>N\u00ba 01\/2020 | 09.2020.00000940-0 <\/strong> &#8211; Realizar a Qualifica\u00e7\u00e3o Pormenorizada dos Envolvidos em Sede de BO e TCO nas Delegacias da Capital <\/a><\/span><\/p>\n<p style=\"text-align: justify;\"><span style=\"font-size: 10pt;\"><i class=\"fontawesome-icon fa-file-alt fas circle-no\" style=\"font-size:18px;margin-right:9px;color:#003866;\"><\/i><strong>N\u00ba 01\/2019 | 09.2019.00000077-4 <\/strong> &#8211; Desocupa\u00e7\u00e3o de Todo o Complexo do Quartel do Comando-geral da Pol\u00edcia Militar do Estado de Alagoas por Inconformidades Construtivas na Edifica\u00e7\u00e3o<\/span><\/p>\n<p style=\"text-align: justify;\"><span style=\"font-size: 10pt;\"><i class=\"fontawesome-icon fa-file-alt fas circle-no\" style=\"font-size:18px;margin-right:9px;color:#003866;\"><\/i><a href=\"https:\/\/www.mpal.mp.br\/wp-content\/uploads\/2024\/08\/Documento-Escaneado-30.pdf\" target=\"_blank\" rel=\"noopener\"><strong>N\u00ba 01\/2019 | 09.2020.00000246-1 <\/strong> &#8211; Uso de balaclava e Identifica\u00e7\u00e3o dos Policiais Militares<\/a><\/span><\/p>\n<p style=\"text-align: justify;\"><span style=\"font-size: 10pt;\"><i class=\"fontawesome-icon fa-file-alt fas circle-no\" style=\"font-size:18px;margin-right:9px;color:#003866;\"><\/i><strong>N\u00ba 01\/2015 | 01.2023.00000507-0 <\/strong> &#8211; Homic\u00eddio Consumado de Policiais Civis, Militares e Integrantes da Per\u00edcia Forense (Pol\u00edcia Cient\u00edfica) do Estado, no Exerc\u00edcio da Fun\u00e7\u00e3o ou em Decorr\u00eancia Dela e de Morte Decorrente de Interven\u00e7\u00e3o Policial, Estando ou n\u00e3o o Agente de Servi\u00e7o.<\/span><\/p>\n<\/div><\/div><\/div><\/div><\/div><\/div><\/div><\/div><div class=\"fusion-clearfix\"><\/div>\n\n\t\t\t\t\t<\/div>\n\t\t\t\t<\/div><\/div><\/div><div class=\"fusion-fullwidth fullwidth-box fusion-builder-row-3 hundred-percent-fullwidth non-hundred-percent-height-scrolling\"  style='background-color: #7ccef4;background-image:linear-gradient(0deg, var(--awb-color5) 0%,hsla(var(--awb-color5-h),var(--awb-color5-s),var(--awb-color5-l),calc(var(--awb-color5-a) - 20%)) 78%);background-position: center center;background-repeat: no-repeat;padding-top:0px;padding-right:10%;padding-bottom:0px;padding-left:10%;'><div class=\"fusion-builder-row fusion-row \"><div  class=\"fusion-layout-column fusion_builder_column fusion_builder_column_1_1 fusion-builder-column-5 fusion-one-full fusion-column-first fusion-column-last 1_1\"  style='margin-top:0px;margin-bottom:20px;'>\n\t\t\t\t\t<div class=\"fusion-column-wrapper\" style=\"padding: 0px 0px 0px 0px;background-position:left top;background-repeat:no-repeat;-webkit-background-size:cover;-moz-background-size:cover;-o-background-size:cover;background-size:cover;\"   data-bg-url=\"\">\n\t\t\t\t\t\t<div class=\"fusion-section-separator section-separator hills-opacity\" style=\"font-size:0;line-height:0;margin-left:calc( (100% + 12.5% + 12.5%) * 10 \/ -100 );margin-right:calc( (100% + 12.5% + 12.5%) * 10 \/ -100 );\"><svg class=\"fusion-hills-opacity-candy\" fill=\"#ffffff\" xmlns=\"http:\/\/www.w3.org\/2000\/svg\" version=\"1.1\" width=\"100%\" viewBox=\"0 0 1024 182\" preserveAspectRatio=\"none\" class=\"section-separator-shortcode-divider-svg\"><path class=\"st0\" d=\"M0 0h1024v140.5C995.9 162 963.9 178 926.9 178c-112.8 0-198.1-93.8-289.8-93.8s-199.5 91-285.3 91-142.2-82.1-238.5-82.1c-63.1 0-75.7 31.6-113.3 53.6V0z\"\/>\n\t\t\t\t\t\t\t\t\t<path class=\"st1\" d=\"M1024 0v75.9C984.3 60 942.2 48.6 905.3 50.1c-110.4 4.5-191.8 109.8-325.5 116.2C470.6 171.5 235.6 46.1 150.3 0H1024z\"\/>\n\t\t\t\t\t\t\t\t\t<path class=\"st2\" d=\"M0 0h1024v92c-57.5 30.9-116.9 73.7-199.9 75-133.8 2-158.9-87.9-342-87.9S202.1 183.7 74.2 182c-27.8-.3-52.4-4.2-74.2-9.7V0z\"\/>\n\t\t\t\t\t\t\t\t\t<path class=\"st3\" d=\"M0 0h1024v101.6C986.8 82 943.3 66.3 884.4 65.4 733.3 63 742.8 94 585.9 94.6S447 47.6 280.4 50.9C132.8 53.6 91.2 137.5 0 154V0z\"\/>\n\t\t\t\t\t\t\t\t\t<path class=\"st4\" d=\"M0 0h1024v77.3c-49-20.1-120.5-42.4-193.2-42.1-128.9.5-159.8 72.3-255.8 72.3-89.1 0-134.7-80.2-245-82-110.4-1.8-160.9 57.2-280 59.2-17.2.3-33.9-1.8-50-5.7V0z\"\/>\n\t\t\t\t\t\t\t\t<\/svg><\/div><div class=\"fusion-clearfix\"><\/div>\n\n\t\t\t\t\t<\/div>\n\t\t\t\t<\/div><\/div><\/div><\/p>\n","protected":false},"excerpt":{"rendered":"","protected":false},"author":2,"featured_media":0,"parent":0,"menu_order":0,"comment_status":"closed","ping_status":"closed","template":"100-width.php","meta":{"om_disable_all_campaigns":false,"_monsterinsights_skip_tracking":false,"_monsterinsights_sitenote_active":false,"_monsterinsights_sitenote_note":"","_monsterinsights_sitenote_category":0,"_uf_show_specific_survey":0,"_uf_disable_surveys":false,"footnotes":""},"class_list":["post-43052","page","type-page","status-publish","hentry"],"aioseo_notices":[],"_links":{"self":[{"href":"https:\/\/www.mpal.mp.br\/index.php?rest_route=\/wp\/v2\/pages\/43052","targetHints":{"allow":["GET"]}}],"collection":[{"href":"https:\/\/www.mpal.mp.br\/index.php?rest_route=\/wp\/v2\/pages"}],"about":[{"href":"https:\/\/www.mpal.mp.br\/index.php?rest_route=\/wp\/v2\/types\/page"}],"author":[{"embeddable":true,"href":"https:\/\/www.mpal.mp.br\/index.php?rest_route=\/wp\/v2\/users\/2"}],"replies":[{"embeddable":true,"href":"https:\/\/www.mpal.mp.br\/index.php?rest_route=%2Fwp%2Fv2%2Fcomments&post=43052"}],"version-history":[{"count":60,"href":"https:\/\/www.mpal.mp.br\/index.php?rest_route=\/wp\/v2\/pages\/43052\/revisions"}],"predecessor-version":[{"id":66461,"href":"https:\/\/www.mpal.mp.br\/index.php?rest_route=\/wp\/v2\/pages\/43052\/revisions\/66461"}],"wp:attachment":[{"href":"https:\/\/www.mpal.mp.br\/index.php?rest_route=%2Fwp%2Fv2%2Fmedia&parent=43052"}],"curies":[{"name":"wp","href":"https:\/\/api.w.org\/{rel}","templated":true}]}}