{"id":19072,"date":"2022-10-06T09:21:46","date_gmt":"2022-10-06T12:21:46","guid":{"rendered":"https:\/\/www.mpal.mp.br\/?page_id=19072"},"modified":"2026-04-10T11:10:28","modified_gmt":"2026-04-10T14:10:28","slug":"defesa-do-consumidor","status":"publish","type":"page","link":"https:\/\/www.mpal.mp.br\/?page_id=19072","title":{"rendered":"N\u00facleo de Defesa do Consumidor"},"content":{"rendered":"<p><div class=\"fusion-fullwidth fullwidth-box fusion-builder-row-1 nonhundred-percent-fullwidth non-hundred-percent-height-scrolling\"  style='background-color: var(--awb-color5);background-image:linear-gradient(180deg, rgba(255,255,255,0) 0%,#f6f6f6 100%);background-position: center top;background-repeat: no-repeat;padding-top:0px;padding-right:0px;padding-bottom:0px;padding-left:0px;'><div class=\"fusion-builder-row fusion-row \"><div  class=\"fusion-layout-column fusion_builder_column fusion_builder_column_3_5 fusion-builder-column-1 fusion-three-fifth fusion-column-first 3_5\"  style='margin-top:0px;margin-bottom:20px;width:60%;width:calc(60% - ( ( 4% ) * 0.6 ) );margin-right: 4%;'>\n\t\t\t\t\t<div class=\"fusion-column-wrapper\" style=\"padding: 10% 0px 0px 0px;background-position:left top;background-repeat:no-repeat;-webkit-background-size:cover;-moz-background-size:cover;-o-background-size:cover;background-size:cover;\"   data-bg-url=\"\">\n\t\t\t\t\t\t<div class=\"fusion-widget-area fusion-widget-area-1 fusion-content-widget-area\"><style type=\"text\/css\">.fusion-widget-area-1 {padding:0px 0px 0px 0px;}.fusion-widget-area-1 .widget h4 {color:#000000;}.fusion-widget-area-1 .widget .heading h4 {color:#000000;}.fusion-widget-area-1 .widget h4 {font-size:20px;}.fusion-widget-area-1 .widget .heading h4 {font-size:20px;}<\/style><section id=\"block-26\" class=\"fusion-slidingbar-widget-column widget widget_block\"><div class=\"aioseo-breadcrumbs\"><span class=\"aioseo-breadcrumb\">\n\tHome\n<\/span><\/div><div style=\"clear:both;\"><\/div><\/section><div class=\"fusion-additional-widget-content\"><\/div><\/div><style type=\"text\/css\"><\/style><div class=\"fusion-title title fusion-title-1 fusion-title-text fusion-title-size-two\" style=\"margin-top:-30px;margin-bottom:31px;\"><h2 class=\"title-heading-left\" style=\"margin:0;color:#ffffff;\"><strong><span style=\"font-size: 24pt; color: #003866;\">N\u00facleo de Defesa do Consumidor<\/span><\/strong><\/h2><div class=\"title-sep-container\"><div class=\"title-sep sep-double sep-solid\" style=\"border-color:#003866;\"><\/div><\/div><\/div><div class=\"fusion-text\"><p style=\"text-align: justify;\"><span style=\"font-size: 14pt;\">O N\u00facleo de Defesa do Consumidor \u00e9 o respons\u00e1vel por estimular o interc\u00e2mbio e integra\u00e7\u00e3o das Promotorias de Justi\u00e7a, mobilizar atua\u00e7\u00f5es institucionais convergentes e subsidiar a atua\u00e7\u00e3o dos membros do Minist\u00e9rio P\u00fablico. Tamb\u00e9m cabe ao N\u00facleo manter interface com a sociedade com o objetivo de promover a educa\u00e7\u00e3o para o consumo e a mobiliza\u00e7\u00e3o social em defesa dos direitos dos consumidores.<\/span><\/p>\n<p style=\"text-align: justify;\"><span style=\"font-size: 14pt;\">Cabe ao N\u00facleo, por exemplo, tirar d\u00favidas e disponibilizar informa\u00e7\u00f5es t\u00e9cnicas e jur\u00eddicas aos Promotores de Justi\u00e7a, a exemplo de modelos de a\u00e7\u00f5es, termos de ajustamento de conduta, recomenda\u00e7\u00f5es e legisla\u00e7\u00e3o atualizada; articular-se com as entidades da sociedade civil organizada e \u00f3rg\u00e3os p\u00fablicos ou privados que atuam em defesa do consumidor; e elaborar Programas de atua\u00e7\u00e3o convergentes em \u00e2mbito regional ou estadual.<\/span><\/p>\n<\/div><style type=\"text\/css\"><\/style><div class=\"fusion-title title fusion-title-2 fusion-title-text fusion-title-size-three\" style=\"margin-top:40px;margin-bottom:31px;\"><h3 class=\"title-heading-left\" style=\"margin:0;color:#ffffff;\"><strong><span style=\"font-size: 14pt; color: #003866;\">Expediente<\/span><\/strong><\/h3><div class=\"title-sep-container\"><div class=\"title-sep sep-double sep-solid\" style=\"border-color:#003866;\"><\/div><\/div><\/div><div class=\"fusion-text\"><p><span style=\"font-size: 14pt;\"><i class=\"fontawesome-icon fa-user-tie fas circle-no\" style=\"font-size:18px;margin-right:9px;color:#003866;\"><\/i>Dr. Delfino Costa Neto &#8211; Coordenador<\/span><\/p>\n<\/div><div class=\"fusion-text\"><p><span style=\"font-size: 14pt;\"><i class=\"fontawesome-icon fa-user-tie fas circle-no\" style=\"font-size:18px;margin-right:9px;color:#003866;\"><\/i>Dr. Carlos Alberto Alves de Melo &#8211; Membro<\/span><\/p>\n<\/div><div class=\"fusion-text\"><p><span style=\"font-size: 14pt;\"><i class=\"fontawesome-icon fa-phone-alt fas circle-no\" style=\"font-size:18px;margin-right:9px;color:#003866;\"><\/i>(82) 2122-3706<\/span><\/p>\n<\/div><div class=\"fusion-text\"><p><span style=\"font-size: 14pt;\"><i class=\"fontawesome-icon fa-envelope fas circle-no\" style=\"font-size:18px;margin-right:9px;color:#003866;\"><\/i>nucleo.consumidor@mpal.mp.br<\/span><\/p>\n<\/div><div class=\"fusion-text\"><p><span style=\"font-size: 14pt;\"><i class=\"fontawesome-icon fa-clock far circle-no\" style=\"font-size:18px;margin-right:9px;color:#003866;\"><\/i>7h30 \u00e0s 13h30<\/span><\/p>\n<\/div><div class=\"fusion-clearfix\"><\/div>\n\n\t\t\t\t\t<\/div>\n\t\t\t\t<\/div><div  class=\"fusion-layout-column fusion_builder_column fusion_builder_column_2_5 fusion-builder-column-2 fusion-two-fifth fusion-column-last 2_5\"  style='margin-top:0px;margin-bottom:20px;width:40%;width:calc(40% - ( ( 4% ) * 0.4 ) );'>\n\t\t\t\t\t<div class=\"fusion-column-wrapper\" style=\"overflow:hidden;border-radius:12px 12px 12px 12px;padding: 0px 18px 18px 18px;background-position:left top;background-repeat:no-repeat;-webkit-background-size:cover;-moz-background-size:cover;-o-background-size:cover;background-size:cover;border-radius:12px 12px 12px 12px;\"   data-bg-url=\"\">\n\t\t\t\t\t\t<style type=\"text\/css\"><\/style><div class=\"fusion-title title fusion-title-3 fusion-title-text fusion-title-size-three\" style=\"margin-top:40px;margin-bottom:31px;\"><h3 class=\"title-heading-left\" style=\"margin:0;color:#ffffff;\"><strong><span style=\"font-size: 14pt; color: #003866;\">Conhe\u00e7a os n\u00facleos<\/span><\/strong><\/h3><div class=\"title-sep-container\"><div class=\"title-sep sep-double sep-solid\" style=\"border-color:#003866;\"><\/div><\/div><\/div><div class=\"fusion-widget-area fusion-widget-area-2 fusion-content-widget-area\"><style type=\"text\/css\">.fusion-widget-area-2 {padding:0px 0px 0px 0px;}.fusion-widget-area-2 .widget h4 {color:#000000;}.fusion-widget-area-2 .widget .heading h4 {color:#000000;}.fusion-widget-area-2 .widget h4 {font-size:20px;}.fusion-widget-area-2 .widget .heading h4 {font-size:20px;}<\/style><section id=\"nav_menu-3\" class=\"fusion-slidingbar-widget-column widget widget_nav_menu\"><div class=\"menu-nucleos-caop-container\"><ul id=\"menu-nucleos-caop\" class=\"menu\"><li id=\"menu-item-65829\" class=\"menu-item menu-item-type-custom menu-item-object-custom menu-item-65829\"><a href=\"https:\/\/www.mpal.mp.br\/?page_id=19072\">N\u00facleo de Defesa do Consumidor<\/a><\/li>\n<li id=\"menu-item-65830\" class=\"menu-item menu-item-type-custom menu-item-object-custom menu-item-65830\"><a href=\"https:\/\/www.mpal.mp.br\/?page_id=19126\">N\u00facleo de Defesa da Sa\u00fade P\u00fablica<\/a><\/li>\n<li id=\"menu-item-65831\" class=\"menu-item menu-item-type-custom menu-item-object-custom menu-item-65831\"><a href=\"https:\/\/www.mpal.mp.br\/?page_id=43064\">N\u00facleo do Urbanismo<\/a><\/li>\n<li id=\"menu-item-65832\" class=\"menu-item menu-item-type-custom menu-item-object-custom menu-item-65832\"><a href=\"https:\/\/www.mpal.mp.br\/?page_id=19145\">N\u00facleo do Meio Ambiente<\/a><\/li>\n<li id=\"menu-item-65833\" class=\"menu-item menu-item-type-custom menu-item-object-custom menu-item-65833\"><a href=\"https:\/\/www.mpal.mp.br\/?page_id=19135\">N\u00facleo de Defesa do Patrim\u00f4nio P\u00fablico<\/a><\/li>\n<li id=\"menu-item-65834\" class=\"menu-item menu-item-type-custom menu-item-object-custom menu-item-65834\"><a href=\"https:\/\/www.mpal.mp.br\/?page_id=19140\">N\u00facleo de Apoio \u00e0s V\u00edtimas e aos Desaparecidos<\/a><\/li>\n<li id=\"menu-item-65835\" class=\"menu-item menu-item-type-custom menu-item-object-custom menu-item-65835\"><a href=\"https:\/\/www.mpal.mp.br\/?page_id=19151\">N\u00facleo de Defesa da Mulher<\/a><\/li>\n<li id=\"menu-item-65836\" class=\"menu-item menu-item-type-custom menu-item-object-custom menu-item-65836\"><a href=\"https:\/\/www.mpal.mp.br\/?page_id=19161\">N\u00facleo de Combate \u00e0 Criminalidade<\/a><\/li>\n<li id=\"menu-item-65837\" class=\"menu-item menu-item-type-custom menu-item-object-custom menu-item-65837\"><a href=\"https:\/\/www.mpal.mp.br\/?page_id=19001\">N\u00facleo de Defesa da Inf\u00e2ncia e Juventude<\/a><\/li>\n<li id=\"menu-item-65838\" class=\"menu-item menu-item-type-custom menu-item-object-custom menu-item-65838\"><a href=\"https:\/\/www.mpal.mp.br\/?page_id=43052\">N\u00facleo de Controle Externo da Atividade Policial<\/a><\/li>\n<li id=\"menu-item-65860\" class=\"menu-item menu-item-type-custom menu-item-object-custom menu-item-65860\"><a href=\"https:\/\/www.mpal.mp.br\/?page_id=65854\">N\u00facleo de Defesa dos Direitos Humanos e Direito Internacional<\/a><\/li>\n<li id=\"menu-item-65881\" class=\"menu-item menu-item-type-custom menu-item-object-custom menu-item-65881\"><a href=\"https:\/\/www.mpal.mp.br\/?page_id=65868\">N\u00facleo da Pessoa Idosa e da Pessoa com Defici\u00eancia<\/a><\/li>\n<li id=\"menu-item-65889\" class=\"menu-item menu-item-type-custom menu-item-object-custom menu-item-65889\"><a href=\"https:\/\/www.mpal.mp.br\/?page_id=65884\">N\u00facleo de Apoio T\u00e9cnico<\/a><\/li>\n<li id=\"menu-item-65897\" class=\"menu-item menu-item-type-custom menu-item-object-custom menu-item-65897\"><a href=\"https:\/\/www.mpal.mp.br\/?page_id=65890\">N\u00facleo da Educa\u00e7\u00e3o<\/a><\/li>\n<li id=\"menu-item-66467\" class=\"menu-item menu-item-type-post_type menu-item-object-page menu-item-66467\"><a href=\"https:\/\/www.mpal.mp.br\/?page_id=66462\">N\u00facleo de Direito de Fam\u00edlia<\/a><\/li>\n<li id=\"menu-item-66472\" class=\"menu-item menu-item-type-post_type menu-item-object-page menu-item-66472\"><a href=\"https:\/\/www.mpal.mp.br\/?page_id=66468\">N\u00facleo do Tribunal do J\u00fari<\/a><\/li>\n<\/ul><\/div><div style=\"clear:both;\"><\/div><\/section><div class=\"fusion-additional-widget-content\"><\/div><\/div><div class=\"fusion-clearfix\"><\/div>\n\n\t\t\t\t\t<\/div>\n\t\t\t\t<\/div><div  class=\"fusion-layout-column fusion_builder_column fusion_builder_column_1_1 fusion-builder-column-3 fusion-one-full fusion-column-first fusion-column-last 1_1\"  style='margin-top:0px;margin-bottom:-10px;'>\n\t\t\t\t\t<div class=\"fusion-column-wrapper\" style=\"padding: 0px 0px 0px 0px;background-position:left top;background-repeat:no-repeat;-webkit-background-size:cover;-moz-background-size:cover;-o-background-size:cover;background-size:cover;\"   data-bg-url=\"\">\n\t\t\t\t\t\t<div class=\"fusion-section-separator section-separator hills-opacity\" style=\"font-size:0;line-height:0;margin-left:-0px;margin-right:-0px;\"><svg class=\"fusion-hills-opacity-candy\" fill=\"#ffffff\" xmlns=\"http:\/\/www.w3.org\/2000\/svg\" version=\"1.1\" width=\"100%\" viewBox=\"0 -0.5 1024 182\" preserveAspectRatio=\"none\" class=\"section-separator-shortcode-divider-svg\"><path class=\"st0\" d=\"M0 182.086h1024V41.593c-28.058-21.504-60.109-37.581-97.075-37.581-112.845 0-198.144 93.798-289.792 93.798S437.658 6.777 351.846 6.777s-142.234 82.125-238.49 82.125c-63.078 0-75.776-31.744-113.357-53.658L0 182.086z\"\/>\n\t\t\t\t\t\t\t\t\t<path class=\"st1\" d=\"M1024 181.062v-75.878c-39.731 15.872-80.794 27.341-117.658 25.805-110.387-4.506-191.795-109.773-325.53-116.224-109.158-5.12-344.166 120.115-429.466 166.298H1024v-.001z\"\/>\n\t\t\t\t\t\t\t\t\t<path class=\"st2\" d=\"M0 182.086h1024V90.028C966.451 59.103 907.059 16.3 824.115 15.071 690.278 13.023 665.19 102.93 482.099 102.93S202.138-1.62 74.24.019C46.49.326 21.811 4.217 0 9.849v172.237z\"\/>\n\t\t\t\t\t\t\t\t\t<path class=\"st3\" d=\"M0 182.086h1024V80.505c-37.171 19.558-80.691 35.328-139.571 36.25-151.142 2.355-141.619-28.57-298.496-29.184s-138.854 47.002-305.459 43.725C132.813 128.428 91.238 44.563 0 28.179v153.907z\"\/>\n\t\t\t\t\t\t\t\t\t<path class=\"st4\" d=\"M0 182.086h1024v-77.312c-49.05 20.07-120.525 42.394-193.229 42.086-128.922-.512-159.846-72.294-255.795-72.294-89.088 0-134.656 80.179-245.043 82.022S169.063 99.346 49.971 97.401C32.768 97.094 16.077 99.244 0 103.135v78.951z\"\/>\n\t\t\t\t\t\t\t\t<\/svg><\/div><div class=\"fusion-clearfix\"><\/div>\n\n\t\t\t\t\t<\/div>\n\t\t\t\t<\/div><\/div><\/div><div class=\"fusion-fullwidth fullwidth-box fusion-builder-row-2 nonhundred-percent-fullwidth non-hundred-percent-height-scrolling\"  style='background-color: #ffffff;background-image:linear-gradient(0deg, var(--awb-color1) 0%,var(--awb-color3) 30%);background-position: center center;background-repeat: no-repeat;background-blend-mode: overlay;padding-top:0px;padding-right:0px;padding-bottom:0px;padding-left:0px;'><div class=\"fusion-builder-row fusion-row \"><div  class=\"fusion-layout-column fusion_builder_column fusion_builder_column_1_1 fusion-builder-column-4 fusion-one-full fusion-column-first fusion-column-last 1_1\"  style='margin-top:0px;margin-bottom:20px;'>\n\t\t\t\t\t<div class=\"fusion-column-wrapper\" style=\"padding: 0px 0px 0px 0px;background-position:left top;background-repeat:no-repeat;-webkit-background-size:cover;-moz-background-size:cover;-o-background-size:cover;background-size:cover;\"   data-bg-url=\"\">\n\t\t\t\t\t\t<style type=\"text\/css\"><\/style><div class=\"fusion-title title fusion-title-4 fusion-title-center fusion-title-text fusion-title-size-one\" style=\"margin-top:0px;margin-bottom:20px;\"><div class=\"title-sep-container title-sep-container-left\"><div class=\"title-sep sep-double sep-solid\" style=\"border-color:#e0dede;\"><\/div><\/div><h1 class=\"title-heading-center\" style=\"margin:0;\">ARQUIVOS E PUBLICA\u00c7\u00d5ES<\/h1><div class=\"title-sep-container title-sep-container-right\"><div class=\"title-sep sep-double sep-solid\" style=\"border-color:#e0dede;\"><\/div><\/div><\/div><div class=\"fusion-sep-clear\"><\/div><div class=\"fusion-separator fusion-full-width-sep sep-double\" style=\"border-color:rgba(255,252,252,0);border-top-width:1px;border-bottom-width:1px;margin-left: auto;margin-right: auto;margin-top:20px;\"><\/div><div class=\"fusion-builder-row fusion-builder-row-inner fusion-row \"><div  class=\"fusion-layout-column fusion_builder_column fusion_builder_column_1_2  fusion-one-half fusion-column-first 1_2\"  style='margin-top: 0px;margin-bottom: 20px;width:50%;width:calc(50% - ( ( 4% ) * 0.5 ) );margin-right:4%;'><div class=\"fusion-column-wrapper fusion-column-wrapper-1\" style=\"padding: 0px 0px 0px 0px;background-position:left top;background-repeat:no-repeat;-webkit-background-size:cover;-moz-background-size:cover;-o-background-size:cover;background-size:cover;\"  data-bg-url=\"\"><style type=\"text\/css\">.fusion-accordian  #accordion-19072-1 .panel-title a .fa-fusion-box{ color: #ffffff;}.fusion-accordian  #accordion-19072-1 .panel-title a .fa-fusion-box:before{ font-size: 13px; width: 13px;}.fusion-accordian  #accordion-19072-1 .panel-title a{font-size:20px;}.fusion-accordian  #accordion-19072-1 .fa-fusion-box { background-color: #000000;border-color: #000000;}.fusion-accordian  #accordion-19072-1 .panel-title a:hover, #accordion-19072-1 .fusion-toggle-boxed-mode:hover .panel-title a { color: #003866;}.fusion-accordian  #accordion-19072-1 .panel-title .active .fa-fusion-box,.fusion-accordian  #accordion-19072-1 .panel-title a:hover .fa-fusion-box { background-color: #003866!important;border-color: #003866!important;}<\/style><div class=\"accordian fusion-accordian\"><div class=\"panel-group\" id=\"accordion-19072-1\" role=\"tablist\"><div class=\"fusion-panel panel-default\" role=\"tabpanel\"><div class=\"panel-heading\"><h4 class=\"panel-title toggle\"><a aria-expanded=\"false\" aria-selected=\"false\" aria-controls=\"5ad09415edf7ae63f\" role=\"tab\" data-toggle=\"collapse\" data-parent=\"#accordion-19072-1\" data-target=\"#5ad09415edf7ae63f\" href=\"#5ad09415edf7ae63f\"><span class=\"fusion-toggle-icon-wrapper\" aria-hidden=\"true\"><i class=\"fa-fusion-box\"><\/i><\/span><span class=\"fusion-toggle-heading\">LEGISLA\u00c7\u00c3O FEDERAL - ALIMENTOS<\/span><\/a><\/h4><\/div><div id=\"5ad09415edf7ae63f\" class=\"panel-collapse collapse \"><div class=\"panel-body toggle-content fusion-clearfix\">\n<table style=\"border-collapse: collapse; width: 100%; height: 304px;\">\n<tbody>\n<tr style=\"background-color: #f0f0f0;\">\n<td style=\"width: 5%; height: 24px;\"><strong><span style=\"font-size: 14pt;\">01 <\/span><\/strong><\/td>\n<td style=\"width: 80%; text-align: justify; height: 24px;\"><span style=\"text-decoration: underline;\"><strong>\u00a0<\/strong><\/span><\/td>\n<td style=\"width: 15%; height: 24px;\"><\/td>\n<\/tr>\n<tr style=\"background-color: #f0f0f0;\">\n<td style=\"width: 5%; height: 24px;\"><\/td>\n<td style=\"width: 80%; text-align: justify; height: 24px;\"><span style=\"text-decoration: underline;\"><strong>Lei Federal n\u00ba 7.802, de 11 de julho de 1989<\/strong><\/span> &#8211; Disp\u00f5e sobre a pesquisa, a experimenta\u00e7\u00e3o, a produ\u00e7\u00e3o, a embalagem e rotulagem, o transporte, o armazenamento, a comercializa\u00e7\u00e3o, a propaganda comercial, a utiliza\u00e7\u00e3o, a importa\u00e7\u00e3o, a exporta\u00e7\u00e3o, o destino final dos res\u00edduos e embalagens, o registro, a classifica\u00e7\u00e3o, o controle, a inspe\u00e7\u00e3o e a fiscaliza\u00e7\u00e3o de agrot\u00f3xicos, seus componentes e afins, e d\u00e1 outras provid\u00eancias.<\/td>\n<td style=\"width: 15%; height: 24px;\"><\/td>\n<\/tr>\n<tr style=\"background-color: #f0f0f0;\">\n<td style=\"width: 5%; height: 24px;\"><\/td>\n<td style=\"width: 80%; text-align: justify; height: 24px;\"><\/td>\n<td style=\"width: 15%; height: 24px; text-align: center;\"><a href=\"http:\/\/www.planalto.gov.br\/ccivil_03\/LEIS\/L7802.htm\" target=\"_blank\" rel=\"noopener noreferrer\">ACESSAR<\/a><\/td>\n<\/tr>\n<tr style=\"height: 24px;\">\n<td style=\"width: 5%; height: 24px;\"><span style=\"font-size: 14pt;\"><strong>02<\/strong> <\/span><\/td>\n<td style=\"width: 80%; text-align: justify; height: 24px;\"><span style=\"text-decoration: underline;\"><strong>\u00a0<\/strong><\/span><\/td>\n<td style=\"width: 15%; height: 24px;\"><\/td>\n<\/tr>\n<tr style=\"height: 24px;\">\n<td style=\"width: 5%; height: 24px;\"><\/td>\n<td style=\"width: 80%; text-align: justify; height: 24px;\"><span style=\"text-decoration: underline;\"><strong>Decreto Federal n\u00ba 4.074, de 04 de janeiro de 2002<\/strong><\/span> &#8211; Regulamenta a Lei no 7.802, de 11 de julho de 1989, que disp\u00f5e sobre a pesquisa, a experimenta\u00e7\u00e3o, a produ\u00e7\u00e3o, a embalagem e rotulagem, o transporte, o armazenamento, a comercializa\u00e7\u00e3o, a propaganda comercial, a utiliza\u00e7\u00e3o, a importa\u00e7\u00e3o, a exporta\u00e7\u00e3o, o destino fnal dos res\u00edduos e embalagens, o registro, a classifica\u00e7\u00e3o, o controle, a inspe\u00e7\u00e3o e a fiscaliza\u00e7\u00e3o de agrot\u00f3xicos, seus componentes e afins, e d\u00e1 outras provid\u00eancias.<\/td>\n<td style=\"width: 15%; height: 24px;\"><\/td>\n<\/tr>\n<tr style=\"height: 24px;\">\n<td style=\"width: 5%; height: 10px;\"><\/td>\n<td style=\"width: 80%; text-align: justify; height: 10px;\"><\/td>\n<td style=\"width: 15%; height: 10px; text-align: center;\"><span style=\"font-size: 12pt;\"><a href=\"http:\/\/www.planalto.gov.br\/ccivil_03\/decreto\/2002\/d4074.htm\" target=\"_blank\" rel=\"noopener noreferrer\">ACESSAR<\/a><\/span><\/td>\n<\/tr>\n<tr style=\"background-color: #f0f0f0;\">\n<td style=\"width: 5%; height: 24px;\"><strong><span style=\"font-size: 14pt;\">03 <\/span><\/strong><\/td>\n<td style=\"width: 80%; text-align: justify; height: 24px;\"><span style=\"text-decoration: underline;\"><strong>\u00a0<\/strong><\/span><\/td>\n<td style=\"width: 15%; height: 24px;\"><\/td>\n<\/tr>\n<tr style=\"background-color: #f0f0f0;\">\n<td style=\"width: 5%; height: 24px;\"><\/td>\n<td style=\"width: 80%; text-align: justify; height: 24px;\"><span style=\"text-decoration: underline;\"><strong>Lei Federal n\u00ba 9.294, de 15 de julho de 1996<\/strong><\/span> &#8211; Disp\u00f5e sobre as restri\u00e7\u00f5es ao uso e \u00e0 propaganda de produtos fum\u00edgeros, bebidas alco\u00f3licas, medicamentos, terapias e defensivos agr\u00edcolas, nos termos do \u00a7 4\u00b0 do art. 220 da Constitui\u00e7\u00e3o Federal.<\/td>\n<td style=\"width: 15%; height: 24px;\"><\/td>\n<\/tr>\n<tr style=\"background-color: #f0f0f0;\">\n<td style=\"width: 5%; height: 24px;\"><\/td>\n<td style=\"width: 80%; text-align: justify; height: 24px;\"><\/td>\n<td style=\"width: 15%; height: 24px; text-align: center;\"><a href=\"http:\/\/www.planalto.gov.br\/ccivil_03\/LEIS\/L9294.htm\" target=\"_blank\" rel=\"noopener noreferrer\">ACESSAR<\/a><\/td>\n<\/tr>\n<tr style=\"height: 48px;\">\n<td style=\"width: 5%; height: 10px;\"><strong><span style=\"font-size: 14pt;\">04 <\/span><\/strong><\/td>\n<td style=\"width: 80%; text-align: justify; height: 10px;\"><span style=\"text-decoration: underline;\"><strong>\u00a0<\/strong><\/span><\/td>\n<td style=\"width: 15%; height: 10px;\"><\/td>\n<\/tr>\n<tr style=\"height: 48px;\">\n<td style=\"width: 5%; height: 10px;\"><\/td>\n<td style=\"width: 80%; text-align: justify; height: 10px;\"><span style=\"text-decoration: underline;\"><strong>Lei no 10.831, de 23 de dezembro de 2003<\/strong><\/span> &#8211; Disp\u00f5e sobre a agricultura org\u00e2nica e d\u00e1 outras provid\u00eancias.<\/td>\n<td style=\"width: 15%; height: 10px;\"><\/td>\n<\/tr>\n<tr style=\"height: 48px;\">\n<td style=\"width: 5%; height: 10px;\"><\/td>\n<td style=\"width: 80%; text-align: justify; height: 10px;\"><\/td>\n<td style=\"width: 15%; height: 10px; text-align: center;\"><a href=\"https:\/\/legislacao.presidencia.gov.br\/atos\/?tipo=LEI&amp;numero=10831&amp;ano=2003&amp;ato=60boXTE50dRpWTdb1\" target=\"_blank\" rel=\"noopener noreferrer\">ACESSAR<\/a><\/td>\n<\/tr>\n<tr style=\"background-color: #f0f0f0;\">\n<td style=\"width: 5%; height: 24px;\"><strong><span style=\"font-size: 14pt;\">05 <\/span><\/strong><\/td>\n<td style=\"width: 80%; text-align: justify; height: 24px;\"><\/td>\n<td style=\"width: 15%; height: 24px;\"><\/td>\n<\/tr>\n<tr style=\"background-color: #f0f0f0;\">\n<td style=\"width: 5%; height: 24px;\"><\/td>\n<td style=\"width: 80%; text-align: justify; height: 24px;\"><span style=\"text-decoration: underline;\"><strong>Decreto Federal n\u00ba 6.323, de 27 de dezembro de 2007<\/strong><\/span> &#8211; Regulamenta a Lei no 10.831, de 23 de dezembro de 2003, que disp\u00f5e sobre a agricultura org\u00e2nica, e d\u00e1 outras provid\u00eancias.<\/td>\n<td style=\"width: 15%; height: 24px;\"><\/td>\n<\/tr>\n<tr style=\"background-color: #f0f0f0;\">\n<td style=\"width: 5%; height: 24px;\"><\/td>\n<td style=\"width: 80%; text-align: justify; height: 24px;\"><\/td>\n<td style=\"width: 15%; height: 24px; text-align: center;\"><a href=\"https:\/\/www.mprs.mp.br\/ambiente\/legislacao\/id6284.htm\/\" target=\"_blank\" rel=\"noopener noreferrer\">ACESSAR<\/a><\/td>\n<\/tr>\n<tr style=\"height: 48px;\">\n<td style=\"width: 5%; height: 10px;\"><strong><span style=\"font-size: 14pt;\">06 <\/span><\/strong><\/td>\n<td style=\"width: 80%; text-align: justify; height: 10px;\"><span style=\"text-decoration: underline;\"><strong>\u00a0<\/strong><\/span><\/td>\n<td style=\"width: 15%; height: 10px;\"><\/td>\n<\/tr>\n<tr style=\"height: 48px;\">\n<td style=\"width: 5%; height: 10px;\"><\/td>\n<td style=\"width: 80%; text-align: justify; height: 10px;\"><span style=\"text-decoration: underline;\"><strong>Lei Federal n\u00ba 5.360, de 31 de janeiro de 2005<\/strong><\/span> &#8211; Promulga a Conven\u00e7\u00e3o sobre Procedimento de Consentimento Pr\u00e9vio Informado para o Com\u00e9rcio Internacional de Certas Subst\u00e2ncias Qu\u00edmicas e Agrot\u00f3xicos Perigosos, adotada em 10 de setembro de 1998, na cidade de Roterd\u00e3.<\/td>\n<td style=\"width: 15%; height: 10px;\"><\/td>\n<\/tr>\n<tr style=\"height: 48px;\">\n<td style=\"width: 5%; height: 10px;\"><\/td>\n<td style=\"width: 80%; text-align: justify; height: 10px;\"><\/td>\n<td style=\"width: 15%; height: 10px; text-align: center;\"><a href=\"https:\/\/www.camara.leg.br\/legin\/fed\/decret\/2005\/decreto-5360-31-janeiro-2005-535568-norma-pe.html\" target=\"_blank\" rel=\"noopener noreferrer\">ACESSAR<\/a><\/td>\n<\/tr>\n<tr style=\"background-color: #f0f0f0;\">\n<td style=\"width: 5%; height: 24px;\"><strong><span style=\"font-size: 14pt;\">07 <\/span><\/strong><\/td>\n<td style=\"width: 80%; text-align: justify; height: 24px;\"><\/td>\n<td style=\"width: 15%; height: 24px;\"><\/td>\n<\/tr>\n<tr style=\"background-color: #f0f0f0;\">\n<td style=\"width: 5%; height: 24px;\"><\/td>\n<td style=\"width: 80%; text-align: justify; height: 24px;\"><span style=\"text-decoration: underline;\"><strong>Lei Federal n\u00ba 7.802, de 11 de julho de 1989<\/strong><\/span> &#8211; Disp\u00f5e sobre a pesquisa, a experimenta\u00e7\u00e3o, a produ\u00e7\u00e3o, a embalagem e rotulagem, o transporte, o armazenamento, a comercializa\u00e7\u00e3o, a propaganda comercial, a utiliza\u00e7\u00e3o, a importa\u00e7\u00e3o, a exporta\u00e7\u00e3o, o destino final dos res\u00edduos e embalagens, o registro, a classifica\u00e7\u00e3o, o controle, a inspe\u00e7\u00e3o e a fiscaliza\u00e7\u00e3o de agrot\u00f3xicos, seus componentes e afins, e d\u00e1 outras provid\u00eancias<\/td>\n<td style=\"width: 15%; height: 24px;\"><\/td>\n<\/tr>\n<tr style=\"background-color: #f0f0f0;\">\n<td style=\"width: 5%; height: 24px;\"><\/td>\n<td style=\"width: 80%; text-align: justify; height: 24px;\"><\/td>\n<td style=\"width: 15%; height: 24px; text-align: center;\"><a href=\"http:\/\/www.planalto.gov.br\/ccivil_03\/LEIS\/L7802.htm\" target=\"_blank\" rel=\"noopener noreferrer\">ACESSAR<\/a><\/td>\n<\/tr>\n<tr style=\"height: 48px;\">\n<td style=\"width: 5%; height: 10px;\"><strong><span style=\"font-size: 14pt;\">08 <\/span><\/strong><\/td>\n<td style=\"width: 80%; text-align: justify; height: 10px;\"><span style=\"text-decoration: underline;\"><strong>\u00a0<\/strong><\/span><\/td>\n<td style=\"width: 15%; height: 10px;\"><\/td>\n<\/tr>\n<tr style=\"height: 48px;\">\n<td style=\"width: 5%; height: 10px;\"><\/td>\n<td style=\"width: 80%; text-align: justify; height: 10px;\"><span style=\"text-decoration: underline;\"><strong>Decreto Federal n\u00ba 4.074, de 04 de janeiro de 2002<\/strong><\/span> &#8211; Regulamenta a Lei no 7.802, de 11 de julho de 1989, que disp\u00f5e sobre a pesquisa, a experimenta\u00e7\u00e3o, a produ\u00e7\u00e3o, a embalagem e rotulagem, o transporte, o armazenamento, a comercializa\u00e7\u00e3o, a propaganda comercial, a utiliza\u00e7\u00e3o, a importa\u00e7\u00e3o, a exporta\u00e7\u00e3o, o destino final dos res\u00edduos e embalagens, o registro, a classifica\u00e7\u00e3o, o controle, a inspe\u00e7\u00e3o e a fiscaliza\u00e7\u00e3o de agrot\u00f3xicos, seus componentes e afins, e d\u00e1 outras provid\u00eancias.<\/td>\n<td style=\"width: 15%; height: 10px;\"><\/td>\n<\/tr>\n<tr style=\"height: 48px;\">\n<td style=\"width: 5%; height: 10px;\"><\/td>\n<td style=\"width: 80%; text-align: justify; height: 10px;\"><\/td>\n<td style=\"width: 15%; height: 10px; text-align: center;\"><a href=\"http:\/\/www.planalto.gov.br\/ccivil_03\/decreto\/2002\/d4074.htm\" target=\"_blank\" rel=\"noopener noreferrer\">ACESSAR<\/a><\/td>\n<\/tr>\n<tr style=\"background-color: #f0f0f0;\">\n<td style=\"width: 5%; height: 24px;\"><strong><span style=\"font-size: 14pt;\">09 <\/span><\/strong><\/td>\n<td style=\"width: 80%; text-align: justify; height: 24px;\"><\/td>\n<td style=\"width: 15%; height: 24px;\"><\/td>\n<\/tr>\n<tr style=\"background-color: #f0f0f0;\">\n<td style=\"width: 5%; height: 24px;\"><\/td>\n<td style=\"width: 80%; text-align: justify; height: 24px;\"><span style=\"text-decoration: underline;\"><strong>Lei Federal n\u00ba 9.294, de 15 de julho de 1996 <\/strong><\/span> &#8211; Disp\u00f5e sobre as restri\u00e7\u00f5es ao uso e \u00e0 propaganda de produtos fum\u00edgeros, bebidas alco\u00f3licas, medicamentos, terapias e defensivos agr\u00edcolas, nos termos do \u00a7 4\u00b0 do art. 220 da Constitui\u00e7\u00e3o Federal.<\/td>\n<td style=\"width: 15%; height: 24px;\"><\/td>\n<\/tr>\n<tr style=\"background-color: #f0f0f0;\">\n<td style=\"width: 5%; height: 24px;\"><\/td>\n<td style=\"width: 80%; text-align: justify; height: 24px;\"><\/td>\n<td style=\"width: 15%; height: 24px; text-align: center;\"><a href=\"http:\/\/www.planalto.gov.br\/ccivil_03\/LEIS\/L9294.htm\" target=\"_blank\" rel=\"noopener noreferrer\">ACESSAR<\/a><\/td>\n<\/tr>\n<tr style=\"height: 48px;\">\n<td style=\"width: 5%; height: 10px;\"><strong><span style=\"font-size: 14pt;\">10 <\/span><\/strong><\/td>\n<td style=\"width: 80%; text-align: justify; height: 10px;\"><span style=\"text-decoration: underline;\"><strong>\u00a0<\/strong><\/span><\/td>\n<td style=\"width: 15%; height: 10px;\"><\/td>\n<\/tr>\n<tr style=\"height: 48px;\">\n<td style=\"width: 5%; height: 10px;\"><\/td>\n<td style=\"width: 80%; text-align: justify; height: 10px;\"><span style=\"text-decoration: underline;\"><strong>Lei Federal n\u00b0 10.167, de 27 de dezembro de 2000 &#8211; <\/strong><\/span>Altera dispositivos da Lei no 9.294, de 15 de julho de 1996, que disp\u00f5e sobre as restri\u00e7\u00f5es ao uso e \u00e0 propaganda de produtos fum\u00edgeros, bebidas alco\u00f3licas, medicamentos, terapias e defensivos agr\u00edcolas<\/td>\n<td style=\"width: 15%; height: 10px;\"><\/td>\n<\/tr>\n<tr style=\"height: 48px;\">\n<td style=\"width: 5%; height: 10px;\"><\/td>\n<td style=\"width: 80%; text-align: justify; height: 10px;\"><\/td>\n<td style=\"width: 15%; height: 10px; text-align: center;\"><a href=\"https:\/\/www.camara.leg.br\/legin\/fed\/lei\/2000\/lei-10167-27-dezembro-2000-356792-publicacaooriginal-1-pl.html\" target=\"_blank\" rel=\"noopener noreferrer\">ACESSAR<\/a><\/td>\n<\/tr>\n<tr style=\"background-color: #f0f0f0;\">\n<td style=\"width: 5%; height: 24px;\"><strong><span style=\"font-size: 14pt;\">11<\/span><\/strong><\/td>\n<td style=\"width: 80%; text-align: justify; height: 24px;\"><\/td>\n<td style=\"width: 15%; height: 24px;\"><\/td>\n<\/tr>\n<tr style=\"background-color: #f0f0f0;\">\n<td style=\"width: 5%; height: 24px;\"><\/td>\n<td style=\"width: 80%; text-align: justify; height: 24px;\"><span style=\"text-decoration: underline;\"><strong>Lei Federal n.\u00ba 10.603, de 17 de dezembro de 2002<\/strong><\/span> &#8211; Disp\u00f5e sobre a prote\u00e7\u00e3o de informa\u00e7\u00e3o n\u00e3o divulgada submetida para aprova\u00e7\u00e3o da comercializa\u00e7\u00e3o de produtos e d\u00e1 outras provid\u00eancias.<\/td>\n<td style=\"width: 15%; height: 24px;\"><\/td>\n<\/tr>\n<tr style=\"background-color: #f0f0f0;\">\n<td style=\"width: 5%; height: 24px;\"><\/td>\n<td style=\"width: 80%; text-align: justify; height: 24px;\"><\/td>\n<td style=\"width: 15%; height: 24px; text-align: center;\"><a href=\"https:\/\/www.camara.leg.br\/legin\/fed\/lei\/2002\/lei-10603-17-dezembro-2002-489364-norma-pl.html\" target=\"_blank\" rel=\"noopener noreferrer\">ACESSAR<\/a><\/td>\n<\/tr>\n<tr style=\"height: 48px;\">\n<td style=\"width: 5%; height: 10px;\"><strong><span style=\"font-size: 14pt;\">12 <\/span><\/strong><\/td>\n<td style=\"width: 80%; text-align: justify; height: 10px;\"><span style=\"text-decoration: underline;\"><strong>\u00a0<\/strong><\/span><\/td>\n<td style=\"width: 15%; height: 10px;\"><\/td>\n<\/tr>\n<tr style=\"height: 48px;\">\n<td style=\"width: 5%; height: 10px;\"><\/td>\n<td style=\"width: 80%; text-align: justify; height: 10px;\"><span style=\"text-decoration: underline;\"><strong>Decreto Federal n\u00ba 6.323, de 27 de dezembro de 2007<\/strong><\/span> &#8211; Regulamenta a Lei no 10.831, de 23 de dezembro de 2003, que disp\u00f5e sobre a agricultura org\u00e2nica, e d\u00e1 outras provid\u00eancias.<\/td>\n<td style=\"width: 15%; height: 10px;\"><\/td>\n<\/tr>\n<tr style=\"height: 48px;\">\n<td style=\"width: 5%; height: 10px;\"><\/td>\n<td style=\"width: 80%; text-align: justify; height: 10px;\"><\/td>\n<td style=\"width: 15%; height: 10px; text-align: center;\"><a href=\"https:\/\/www.gov.br\/agricultura\/pt-br\/assuntos\/sustentabilidade\/organicos\/legislacao\/portugues\/decreto-no-06-323-de-27-de-dezembro-de-2007.pdf\/view\" target=\"_blank\" rel=\"noopener noreferrer\">ACESSAR<\/a><\/td>\n<\/tr>\n<tr style=\"background-color: #f0f0f0;\">\n<td style=\"width: 5%; height: 24px;\"><strong><span style=\"font-size: 14pt;\">13<\/span><\/strong><\/td>\n<td style=\"width: 80%; text-align: justify; height: 24px;\"><\/td>\n<td style=\"width: 15%; height: 24px;\"><\/td>\n<\/tr>\n<tr style=\"background-color: #f0f0f0;\">\n<td style=\"width: 5%; height: 24px;\"><\/td>\n<td style=\"width: 80%; text-align: justify; height: 24px;\"><span style=\"text-decoration: underline;\"><strong>DECRETO FEDERAL N\u00b0 5.360, DE 31 DE JANEIRO DE 2005<\/strong><\/span> &#8211; Promulga a Conven\u00e7\u00e3o sobre Procedimento de Consentimento Pr\u00e9vio Informado para o Com\u00e9rcio Internacional de Certas Subst\u00e2ncias Qu\u00edmicas e Agrot\u00f3xicos Perigosos, adotada em 10 de setembro de 1998, na cidade de Roterd\u00e3.<\/td>\n<td style=\"width: 15%; height: 24px;\"><\/td>\n<\/tr>\n<tr style=\"background-color: #f0f0f0;\">\n<td style=\"width: 5%; height: 24px;\"><\/td>\n<td style=\"width: 80%; text-align: justify; height: 24px;\"><\/td>\n<td style=\"width: 15%; height: 24px; text-align: center;\"><a href=\"https:\/\/www.camara.leg.br\/legin\/fed\/decret\/2005\/decreto-5360-31-janeiro-2005-535568-norma-pe.html\" target=\"_blank\" rel=\"noopener noreferrer\">ACESSAR<\/a><\/td>\n<\/tr>\n<\/tbody>\n<\/table>\n<\/div><\/div><\/div><\/div><\/div><style type=\"text\/css\">.fusion-accordian  #accordion-19072-2 .panel-title a .fa-fusion-box{ color: #ffffff;}.fusion-accordian  #accordion-19072-2 .panel-title a .fa-fusion-box:before{ font-size: 13px; width: 13px;}.fusion-accordian  #accordion-19072-2 .panel-title a{font-size:20px;}.fusion-accordian  #accordion-19072-2 .fa-fusion-box { background-color: #000000;border-color: #000000;}.fusion-accordian  #accordion-19072-2 .panel-title a:hover, #accordion-19072-2 .fusion-toggle-boxed-mode:hover .panel-title a { color: #003866;}.fusion-accordian  #accordion-19072-2 .panel-title .active .fa-fusion-box,.fusion-accordian  #accordion-19072-2 .panel-title a:hover .fa-fusion-box { background-color: #003866!important;border-color: #003866!important;}<\/style><div class=\"accordian fusion-accordian\"><div class=\"panel-group\" id=\"accordion-19072-2\" role=\"tablist\"><div class=\"fusion-panel panel-default\" role=\"tabpanel\"><div class=\"panel-heading\"><h4 class=\"panel-title toggle\"><a aria-expanded=\"false\" aria-selected=\"false\" aria-controls=\"729c6ba431e0fc2d1\" role=\"tab\" data-toggle=\"collapse\" data-parent=\"#accordion-19072-2\" data-target=\"#729c6ba431e0fc2d1\" href=\"#729c6ba431e0fc2d1\"><span class=\"fusion-toggle-icon-wrapper\" aria-hidden=\"true\"><i class=\"fa-fusion-box\"><\/i><\/span><span class=\"fusion-toggle-heading\">LEGISLA\u00c7\u00c3O FEDERAL - TELEFONIA<\/span><\/a><\/h4><\/div><div id=\"729c6ba431e0fc2d1\" class=\"panel-collapse collapse \"><div class=\"panel-body toggle-content fusion-clearfix\">\n<table style=\"border-collapse: collapse; width: 100%; height: 304px;\">\n<tbody>\n<tr style=\"background-color: #f0f0f0;\">\n<td style=\"width: 5%; height: 24px;\"><strong><span style=\"font-size: 14pt;\">01<\/span><\/strong><\/td>\n<td style=\"width: 80%; text-align: justify; height: 24px;\"><span style=\"text-decoration: underline;\"><strong>\u00a0<\/strong><\/span><\/td>\n<td style=\"width: 15%; height: 24px;\"><\/td>\n<\/tr>\n<tr style=\"background-color: #f0f0f0;\">\n<td style=\"width: 5%; height: 24px;\"><\/td>\n<td style=\"width: 80%; text-align: justify; height: 24px;\"><span style=\"text-decoration: underline;\"><strong>Resolu\u00e7\u00e3o ANATEL n.\u00ba 477, de 07 de agosto de 2007<\/strong><\/span> &#8211; Regulamento do Servi\u00e7o M\u00f3vel Pessoal (SMP).<\/td>\n<td style=\"width: 15%; height: 24px;\"><\/td>\n<\/tr>\n<tr style=\"background-color: #f0f0f0;\">\n<td style=\"width: 5%; height: 24px;\"><\/td>\n<td style=\"width: 80%; text-align: justify; height: 24px;\"><\/td>\n<td style=\"width: 15%; height: 24px; text-align: center;\"><a href=\"https:\/\/www.mpal.mp.br\/wp-content\/uploads\/2022\/03\/resolucao_anatel_477.pdf\" target=\"_blank\" rel=\"noopener\">ACESSAR<\/a><\/td>\n<\/tr>\n<tr style=\"height: 24px;\">\n<td style=\"width: 5%; height: 24px;\"><span style=\"font-size: 14pt;\"><strong>02<\/strong><\/span><\/td>\n<td style=\"width: 80%; text-align: justify; height: 24px;\"><span style=\"text-decoration: underline;\"><strong>\u00a0<\/strong><\/span><\/td>\n<td style=\"width: 15%; height: 24px;\"><\/td>\n<\/tr>\n<tr style=\"height: 24px;\">\n<td style=\"width: 5%; height: 24px;\"><\/td>\n<td style=\"width: 80%; text-align: justify; height: 24px;\"><span style=\"text-decoration: underline;\"><strong>Decreto Federal n\u00ba 6.323, de 27 de dezembro de 2007<\/strong><\/span> &#8211; Regulamenta a Lei no 10.831, de 23 de dezembro de 2003, que disp\u00f5e sobre a agricultura org\u00e2nica, e d\u00e1 outras provid\u00eancias.<\/td>\n<td style=\"width: 15%; height: 24px;\"><\/td>\n<\/tr>\n<tr style=\"height: 24px;\">\n<td style=\"width: 5%; height: 10px;\"><\/td>\n<td style=\"width: 80%; text-align: justify; height: 10px;\"><\/td>\n<td style=\"width: 15%; height: 10px; text-align: center;\"><a href=\"https:\/\/www.mpal.mp.br\/wp-content\/uploads\/2022\/03\/decreto-no-06-323-de-27-de-dezembro-de-2007-1.pdf\" target=\"_blank\" rel=\"noopener\"><span style=\"font-size: 12pt;\">ACESSAR<\/span><\/a><\/td>\n<\/tr>\n<tr style=\"background-color: #f0f0f0;\">\n<td style=\"width: 5%; height: 24px;\"><strong><span style=\"font-size: 14pt;\">03<\/span><\/strong><\/td>\n<td style=\"width: 80%; text-align: justify; height: 24px;\"><span style=\"text-decoration: underline;\"><strong>\u00a0<\/strong><\/span><\/td>\n<td style=\"width: 15%; height: 24px;\"><\/td>\n<\/tr>\n<tr style=\"background-color: #f0f0f0;\">\n<td style=\"width: 5%; height: 24px;\"><\/td>\n<td style=\"width: 80%; text-align: justify; height: 24px;\"><span style=\"text-decoration: underline;\"><strong>Lei n\u00ba 9.472, de 16 de julho de 1997<\/strong><\/span> &#8211; Disp\u00f5e sobre a organiza\u00e7\u00e3o dos servi\u00e7os de telecomunica\u00e7\u00f5es, a cria\u00e7\u00e3o e funcionamento de um \u00f3rg\u00e3o regulador e outros aspectos institucionais, nos termos da Emenda Constitucional n\u00ba 8, de 1995.<\/td>\n<td style=\"width: 15%; height: 24px;\"><\/td>\n<\/tr>\n<tr style=\"background-color: #f0f0f0;\">\n<td style=\"width: 5%; height: 24px;\"><\/td>\n<td style=\"width: 80%; text-align: justify; height: 24px;\"><\/td>\n<td style=\"width: 15%; height: 24px; text-align: center;\"><a href=\"https:\/\/legislacao.presidencia.gov.br\/atos\/?tipo=LEI&amp;numero=9472&amp;ano=1997&amp;ato=d9fo3aU90MJpWTbfa\" target=\"_blank\" rel=\"noopener\">ACESSAR<\/a><\/td>\n<\/tr>\n<\/tbody>\n<\/table>\n<\/div><\/div><\/div><\/div><\/div><style type=\"text\/css\">.fusion-accordian  #accordion-19072-3 .panel-title a .fa-fusion-box{ color: #ffffff;}.fusion-accordian  #accordion-19072-3 .panel-title a .fa-fusion-box:before{ font-size: 13px; width: 13px;}.fusion-accordian  #accordion-19072-3 .panel-title a{font-size:20px;}.fusion-accordian  #accordion-19072-3 .fa-fusion-box { background-color: #000000;border-color: #000000;}.fusion-accordian  #accordion-19072-3 .panel-title a:hover, #accordion-19072-3 .fusion-toggle-boxed-mode:hover .panel-title a { color: #003866;}.fusion-accordian  #accordion-19072-3 .panel-title .active .fa-fusion-box,.fusion-accordian  #accordion-19072-3 .panel-title a:hover .fa-fusion-box { background-color: #003866!important;border-color: #003866!important;}<\/style><div class=\"accordian fusion-accordian\"><div class=\"panel-group\" id=\"accordion-19072-3\" role=\"tablist\"><div class=\"fusion-panel panel-default\" role=\"tabpanel\"><div class=\"panel-heading\"><h4 class=\"panel-title toggle\"><a aria-expanded=\"false\" aria-selected=\"false\" aria-controls=\"a96a7e36e9a311e92\" role=\"tab\" data-toggle=\"collapse\" data-parent=\"#accordion-19072-3\" data-target=\"#a96a7e36e9a311e92\" href=\"#a96a7e36e9a311e92\"><span class=\"fusion-toggle-icon-wrapper\" aria-hidden=\"true\"><i class=\"fa-fusion-box\"><\/i><\/span><span class=\"fusion-toggle-heading\">LEGISLA\u00c7\u00c3O FEDERAL - SANEAMENTO B\u00c1SICO<\/span><\/a><\/h4><\/div><div id=\"a96a7e36e9a311e92\" class=\"panel-collapse collapse \"><div class=\"panel-body toggle-content fusion-clearfix\">\n<table style=\"border-collapse: collapse; width: 100%; height: 304px;\">\n<tbody>\n<tr style=\"background-color: #f0f0f0;\">\n<td style=\"width: 5%; height: 24px;\"><strong><span style=\"font-size: 14pt;\">01 <\/span><\/strong><\/td>\n<td style=\"width: 80%; text-align: justify; height: 24px;\"><span style=\"text-decoration: underline;\"><strong>\u00a0<\/strong><\/span><\/td>\n<td style=\"width: 15%; height: 24px;\"><\/td>\n<\/tr>\n<tr style=\"background-color: #f0f0f0;\">\n<td style=\"width: 5%; height: 24px;\"><\/td>\n<td style=\"width: 80%; text-align: justify; height: 24px;\"><span style=\"text-decoration: underline;\"><strong>Lei n\u00ba 11.079\/2004<\/strong><\/span>&#8211; Institui normas gerais para licita\u00e7\u00e3o e contrata\u00e7\u00e3o de parceria p\u00fablico-privada no \u00e2mbito da administra\u00e7\u00e3o p\u00fablica.<\/td>\n<td style=\"width: 15%; height: 24px;\"><\/td>\n<\/tr>\n<tr style=\"background-color: #f0f0f0;\">\n<td style=\"width: 5%; height: 24px;\"><\/td>\n<td style=\"width: 80%; text-align: justify; height: 24px;\"><\/td>\n<td style=\"width: 15%; height: 24px; text-align: center;\"><a href=\"http:\/\/www.planalto.gov.br\/ccivil_03\/_ato2004-2006\/2004\/lei\/l11079.htm\" target=\"_blank\" rel=\"noopener noreferrer\">ACESSAR<\/a><\/td>\n<\/tr>\n<tr style=\"height: 24px;\">\n<td style=\"width: 5%; height: 24px;\"><span style=\"font-size: 14pt;\"><strong>02<\/strong> <\/span><\/td>\n<td style=\"width: 80%; text-align: justify; height: 24px;\"><span style=\"text-decoration: underline;\"><strong>\u00a0<\/strong><\/span><\/td>\n<td style=\"width: 15%; height: 24px;\"><\/td>\n<\/tr>\n<tr style=\"height: 24px;\">\n<td style=\"width: 5%; height: 24px;\"><\/td>\n<td style=\"width: 80%; text-align: justify; height: 24px;\"><span style=\"text-decoration: underline;\"><strong>Lei n\u00ba 11.445\/2007<\/strong><\/span>&#8211; Estabelece diretrizes nacionais para o saneamento b\u00e1sico.<\/td>\n<td style=\"width: 15%; height: 24px;\"><\/td>\n<\/tr>\n<tr style=\"height: 24px;\">\n<td style=\"width: 5%; height: 10px;\"><\/td>\n<td style=\"width: 80%; text-align: justify; height: 10px;\"><\/td>\n<td style=\"width: 15%; height: 10px; text-align: center;\"><span style=\"font-size: 12pt;\"><a href=\"http:\/\/www.planalto.gov.br\/ccivil_03\/_ato2007-2010\/2007\/lei\/l11445.htm\" target=\"_blank\" rel=\"noopener noreferrer\">ACESSAR<\/a><\/span><\/td>\n<\/tr>\n<tr style=\"background-color: #f0f0f0;\">\n<td style=\"width: 5%; height: 24px;\"><strong><span style=\"font-size: 14pt;\">03 <\/span><\/strong><\/td>\n<td style=\"width: 80%; text-align: justify; height: 24px;\"><span style=\"text-decoration: underline;\"><strong>\u00a0<\/strong><\/span><\/td>\n<td style=\"width: 15%; height: 24px;\"><\/td>\n<\/tr>\n<tr style=\"background-color: #f0f0f0;\">\n<td style=\"width: 5%; height: 24px;\"><\/td>\n<td style=\"width: 80%; text-align: justify; height: 24px;\"><span style=\"text-decoration: underline;\"><strong>Lei n\u00ba 12.305\/2010<\/strong><\/span> &#8211; Institui a Pol\u00edtica Nacional de Res\u00edduos S\u00f3lidos; altera a Lei no 9.605, de 12 de fevereiro de 1998; e d\u00e1 outras provid\u00eancias.<\/td>\n<td style=\"width: 15%; height: 24px;\"><\/td>\n<\/tr>\n<tr style=\"background-color: #f0f0f0;\">\n<td style=\"width: 5%; height: 24px;\"><\/td>\n<td style=\"width: 80%; text-align: justify; height: 24px;\"><\/td>\n<td style=\"width: 15%; height: 24px; text-align: center;\"><a href=\"https:\/\/legislacao.presidencia.gov.br\/atos\/?tipo=LEI&amp;numero=12305&amp;ano=2010&amp;ato=e3dgXUq1keVpWT0f1\" target=\"_blank\" rel=\"noopener noreferrer\">ACESSAR<\/a><\/td>\n<\/tr>\n<tr style=\"height: 48px;\">\n<td style=\"width: 5%; height: 10px;\"><strong><span style=\"font-size: 14pt;\">04 <\/span><\/strong><\/td>\n<td style=\"width: 80%; text-align: justify; height: 10px;\"><span style=\"text-decoration: underline;\"><strong>\u00a0<\/strong><\/span><\/td>\n<td style=\"width: 15%; height: 10px;\"><\/td>\n<\/tr>\n<tr style=\"height: 48px;\">\n<td style=\"width: 5%; height: 10px;\"><\/td>\n<td style=\"width: 80%; text-align: justify; height: 10px;\"><span style=\"text-decoration: underline;\"><strong>Lei n\u00ba 9.433\/1997<\/strong><\/span> &#8211; Institui a Pol\u00edtica Nacional de Recursos H\u00eddricos, cria o Sistema Nacional de Gerenciamento de Recursos H\u00eddricos.<\/td>\n<td style=\"width: 15%; height: 10px;\"><\/td>\n<\/tr>\n<tr style=\"height: 48px;\">\n<td style=\"width: 5%; height: 10px;\"><\/td>\n<td style=\"width: 80%; text-align: justify; height: 10px;\"><\/td>\n<td style=\"width: 15%; height: 10px; text-align: center;\"><a href=\"http:\/\/www.planalto.gov.br\/ccivil_03\/LEIS\/L9433.htm\" target=\"_blank\" rel=\"noopener noreferrer\">ACESSAR<\/a><\/td>\n<\/tr>\n<tr style=\"background-color: #f0f0f0;\">\n<td style=\"width: 5%; height: 24px;\"><strong><span style=\"font-size: 14pt;\">05 <\/span><\/strong><\/td>\n<td style=\"width: 80%; text-align: justify; height: 24px;\"><\/td>\n<td style=\"width: 15%; height: 24px;\"><\/td>\n<\/tr>\n<tr style=\"background-color: #f0f0f0;\">\n<td style=\"width: 5%; height: 24px;\"><\/td>\n<td style=\"width: 80%; text-align: justify; height: 24px;\"><span style=\"text-decoration: underline;\"><strong>Lei n\u00ba 9.795\/1999 <\/strong><\/span> &#8211; Disp\u00f5e sobre a educa\u00e7\u00e3o ambiental, institui a Pol\u00edtica Nacional de Educa\u00e7\u00e3o Ambiental e d\u00e1 outras provid\u00eancias.<\/td>\n<td style=\"width: 15%; height: 24px;\"><\/td>\n<\/tr>\n<tr style=\"background-color: #f0f0f0;\">\n<td style=\"width: 5%; height: 24px;\"><\/td>\n<td style=\"width: 80%; text-align: justify; height: 24px;\"><\/td>\n<td style=\"width: 15%; height: 24px; text-align: center;\"><a href=\"http:\/\/www.planalto.gov.br\/ccivil_03\/leis\/l9795.htm\" target=\"_blank\" rel=\"noopener noreferrer\">ACESSAR<\/a><\/td>\n<\/tr>\n<tr style=\"height: 48px;\">\n<td style=\"width: 5%; height: 10px;\"><strong><span style=\"font-size: 14pt;\">06 <\/span><\/strong><\/td>\n<td style=\"width: 80%; text-align: justify; height: 10px;\"><span style=\"text-decoration: underline;\"><strong>\u00a0<\/strong><\/span><\/td>\n<td style=\"width: 15%; height: 10px;\"><\/td>\n<\/tr>\n<tr style=\"height: 48px;\">\n<td style=\"width: 5%; height: 10px;\"><\/td>\n<td style=\"width: 80%; text-align: justify; height: 10px;\"><span style=\"text-decoration: underline;\"><strong>Lei n\u00ba 8.987\/1995<\/strong><\/span>\u00a0\u2013 Disp\u00f5e sobre o regime de concess\u00e3o e permiss\u00e3o da presta\u00e7\u00e3o de servi\u00e7os p\u00fablicos previsto no art. 175 da Constitui\u00e7\u00e3o Federal, e d\u00e1 outras provid\u00eancias.<\/td>\n<td style=\"width: 15%; height: 10px;\"><\/td>\n<\/tr>\n<tr style=\"height: 48px;\">\n<td style=\"width: 5%; height: 10px;\"><\/td>\n<td style=\"width: 80%; text-align: justify; height: 10px;\"><\/td>\n<td style=\"width: 15%; height: 10px; text-align: center;\"><a href=\"http:\/\/www.planalto.gov.br\/ccivil_03\/Leis\/L8987cons.htm\" target=\"_blank\" rel=\"noopener noreferrer\">ACESSAR<\/a><\/td>\n<\/tr>\n<\/tbody>\n<\/table>\n<\/div><\/div><\/div><\/div><\/div><style type=\"text\/css\">.fusion-accordian  #accordion-19072-4 .panel-title a .fa-fusion-box{ color: #ffffff;}.fusion-accordian  #accordion-19072-4 .panel-title a .fa-fusion-box:before{ font-size: 13px; width: 13px;}.fusion-accordian  #accordion-19072-4 .panel-title a{font-size:20px;}.fusion-accordian  #accordion-19072-4 .fa-fusion-box { background-color: #000000;border-color: #000000;}.fusion-accordian  #accordion-19072-4 .panel-title a:hover, #accordion-19072-4 .fusion-toggle-boxed-mode:hover .panel-title a { color: #003866;}.fusion-accordian  #accordion-19072-4 .panel-title .active .fa-fusion-box,.fusion-accordian  #accordion-19072-4 .panel-title a:hover .fa-fusion-box { background-color: #003866!important;border-color: #003866!important;}<\/style><div class=\"accordian fusion-accordian\"><div class=\"panel-group\" id=\"accordion-19072-4\" role=\"tablist\"><div class=\"fusion-panel panel-default\" role=\"tabpanel\"><div class=\"panel-heading\"><h4 class=\"panel-title toggle\"><a aria-expanded=\"false\" aria-selected=\"false\" aria-controls=\"290365a0beeb3344e\" role=\"tab\" data-toggle=\"collapse\" data-parent=\"#accordion-19072-4\" data-target=\"#290365a0beeb3344e\" href=\"#290365a0beeb3344e\"><span class=\"fusion-toggle-icon-wrapper\" aria-hidden=\"true\"><i class=\"fa-fusion-box\"><\/i><\/span><span class=\"fusion-toggle-heading\">LEGISLA\u00c7\u00c3O FEDERAL - PRODUTOS E SERVI\u00c7OS<\/span><\/a><\/h4><\/div><div id=\"290365a0beeb3344e\" class=\"panel-collapse collapse \"><div class=\"panel-body toggle-content fusion-clearfix\">\n<table style=\"border-collapse: collapse; width: 100%; height: 304px;\">\n<tbody>\n<tr style=\"background-color: #f0f0f0;\">\n<td style=\"width: 5%; height: 24px;\"><strong><span style=\"font-size: 14pt;\">01<\/span><\/strong><\/td>\n<td style=\"width: 80%; text-align: justify; height: 24px;\"><span style=\"text-decoration: underline;\"><strong>\u00a0<\/strong><\/span><\/td>\n<td style=\"width: 15%; height: 24px;\"><\/td>\n<\/tr>\n<tr style=\"background-color: #f0f0f0;\">\n<td style=\"width: 5%; height: 24px;\"><\/td>\n<td style=\"width: 80%; text-align: justify; height: 24px;\"><span style=\"text-decoration: underline;\"><strong>Resolu\u00e7\u00e3o ANATEL n.\u00ba 488, de 03 de dezembro de 2007<\/strong><\/span>\u00a0\u2013 Regulamento de Prote\u00e7\u00e3o e Defesa dos Direitos dos Assinantes dos Servi\u00e7os de TV por Assinatura.<\/td>\n<td style=\"width: 15%; height: 24px;\"><\/td>\n<\/tr>\n<tr style=\"background-color: #f0f0f0;\">\n<td style=\"width: 5%; height: 24px;\"><\/td>\n<td style=\"width: 80%; text-align: justify; height: 24px;\"><\/td>\n<td style=\"width: 15%; height: 24px; text-align: center;\"><a href=\"http:\/\/www.mp.go.gov.br\/portalweb\/hp\/4\/docs\/resolucao_anatel_488.pdf\" target=\"_blank\" rel=\"noopener\">ACESSAR<\/a><\/td>\n<\/tr>\n<tr style=\"height: 24px;\">\n<td style=\"width: 5%; height: 24px;\"><span style=\"font-size: 14pt;\"><strong>02<\/strong><\/span><\/td>\n<td style=\"width: 80%; text-align: justify; height: 24px;\"><span style=\"text-decoration: underline;\"><strong>\u00a0<\/strong><\/span><\/td>\n<td style=\"width: 15%; height: 24px;\"><\/td>\n<\/tr>\n<tr style=\"height: 24px;\">\n<td style=\"width: 5%; height: 24px;\"><\/td>\n<td style=\"width: 80%; text-align: justify; height: 24px;\"><span style=\"text-decoration: underline;\"><strong>Lei n\u00ba 8.989, de 24 de fevereiro de 1995<\/strong><\/span>\u00a0\u2013 Disp\u00f5e sobre a Isen\u00e7\u00e3o do Imposto sobre Produtos Industrializados \u2013 IPI, na aquisi\u00e7\u00e3o de autom\u00f3veis para utiliza\u00e7\u00e3o no transporte aut\u00f4nomo de passageiros, bem como por pessoas portadoras de defici\u00eancia f\u00edsica, e d\u00e1 outras provid\u00eancias.<\/td>\n<td style=\"width: 15%; height: 24px;\"><\/td>\n<\/tr>\n<tr style=\"height: 24px;\">\n<td style=\"width: 5%; height: 10px;\"><\/td>\n<td style=\"width: 80%; text-align: justify; height: 10px;\"><\/td>\n<td style=\"width: 15%; height: 10px; text-align: center;\"><a href=\"http:\/\/www.planalto.gov.br\/ccivil_03\/Leis\/L8989.htm\" target=\"_blank\" rel=\"noopener\"><span style=\"font-size: 12pt;\">ACESSAR<\/span><\/a><\/td>\n<\/tr>\n<\/tbody>\n<\/table>\n<\/div><\/div><\/div><\/div><\/div><style type=\"text\/css\">.fusion-accordian  #accordion-19072-5 .panel-title a .fa-fusion-box{ color: #ffffff;}.fusion-accordian  #accordion-19072-5 .panel-title a .fa-fusion-box:before{ font-size: 13px; width: 13px;}.fusion-accordian  #accordion-19072-5 .panel-title a{font-size:20px;}.fusion-accordian  #accordion-19072-5 .fa-fusion-box { background-color: #000000;border-color: #000000;}.fusion-accordian  #accordion-19072-5 .panel-title a:hover, #accordion-19072-5 .fusion-toggle-boxed-mode:hover .panel-title a { color: #003866;}.fusion-accordian  #accordion-19072-5 .panel-title .active .fa-fusion-box,.fusion-accordian  #accordion-19072-5 .panel-title a:hover .fa-fusion-box { background-color: #003866!important;border-color: #003866!important;}<\/style><div class=\"accordian fusion-accordian\"><div class=\"panel-group\" id=\"accordion-19072-5\" role=\"tablist\"><div class=\"fusion-panel panel-default\" role=\"tabpanel\"><div class=\"panel-heading\"><h4 class=\"panel-title toggle\"><a aria-expanded=\"false\" aria-selected=\"false\" aria-controls=\"17369a137bc52f83f\" role=\"tab\" data-toggle=\"collapse\" data-parent=\"#accordion-19072-5\" data-target=\"#17369a137bc52f83f\" href=\"#17369a137bc52f83f\"><span class=\"fusion-toggle-icon-wrapper\" aria-hidden=\"true\"><i class=\"fa-fusion-box\"><\/i><\/span><span class=\"fusion-toggle-heading\">LEGISLA\u00c7\u00c3O FEDERAL - PLANOS DE SA\u00daDE<\/span><\/a><\/h4><\/div><div id=\"17369a137bc52f83f\" class=\"panel-collapse collapse \"><div class=\"panel-body toggle-content fusion-clearfix\">\n<table style=\"border-collapse: collapse; width: 100%; height: 72px;\">\n<tbody>\n<tr style=\"background-color: #f0f0f0;\">\n<td style=\"width: 5%; height: 24px;\"><strong><span style=\"font-size: 14pt;\">01<\/span><\/strong><\/td>\n<td style=\"width: 80%; text-align: justify; height: 24px;\"><span style=\"text-decoration: underline;\"><strong>\u00a0<\/strong><\/span><\/td>\n<td style=\"width: 15%; height: 24px;\"><\/td>\n<\/tr>\n<tr style=\"background-color: #f0f0f0;\">\n<td style=\"width: 5%; height: 24px;\"><\/td>\n<td style=\"width: 80%; text-align: justify; height: 24px;\"><span style=\"text-decoration: underline;\"><strong>Resolu\u00e7\u00e3o ANATEL n.\u00ba 488, de 03 de dezembro de 2007<\/strong><\/span>\u00a0\u2013 Regulamento de Prote\u00e7\u00e3o e Defesa dos Direitos dos Assinantes dos Servi\u00e7os de TV por Assinatura.<\/td>\n<td style=\"width: 15%; height: 24px;\"><\/td>\n<\/tr>\n<tr style=\"background-color: #f0f0f0;\">\n<td style=\"width: 5%; height: 24px;\"><\/td>\n<td style=\"width: 80%; text-align: justify; height: 24px;\"><\/td>\n<td style=\"width: 15%; height: 24px; text-align: center;\"><a href=\"http:\/\/www.planalto.gov.br\/ccivil_03\/Leis\/L9656.htm\" target=\"_blank\" rel=\"noopener\">ACESSAR<\/a><\/td>\n<\/tr>\n<\/tbody>\n<\/table>\n<\/div><\/div><\/div><\/div><\/div><style type=\"text\/css\">.fusion-accordian  #accordion-19072-6 .panel-title a .fa-fusion-box{ color: #ffffff;}.fusion-accordian  #accordion-19072-6 .panel-title a .fa-fusion-box:before{ font-size: 13px; width: 13px;}.fusion-accordian  #accordion-19072-6 .panel-title a{font-size:20px;}.fusion-accordian  #accordion-19072-6 .fa-fusion-box { background-color: #000000;border-color: #000000;}.fusion-accordian  #accordion-19072-6 .panel-title a:hover, #accordion-19072-6 .fusion-toggle-boxed-mode:hover .panel-title a { color: #003866;}.fusion-accordian  #accordion-19072-6 .panel-title .active .fa-fusion-box,.fusion-accordian  #accordion-19072-6 .panel-title a:hover .fa-fusion-box { background-color: #003866!important;border-color: #003866!important;}<\/style><div class=\"accordian fusion-accordian\"><div class=\"panel-group\" id=\"accordion-19072-6\" role=\"tablist\"><div class=\"fusion-panel panel-default\" role=\"tabpanel\"><div class=\"panel-heading\"><h4 class=\"panel-title toggle\"><a aria-expanded=\"false\" aria-selected=\"false\" aria-controls=\"a23241ae49f37ac83\" role=\"tab\" data-toggle=\"collapse\" data-parent=\"#accordion-19072-6\" data-target=\"#a23241ae49f37ac83\" href=\"#a23241ae49f37ac83\"><span class=\"fusion-toggle-icon-wrapper\" aria-hidden=\"true\"><i class=\"fa-fusion-box\"><\/i><\/span><span class=\"fusion-toggle-heading\">LEGISLA\u00c7\u00c3O FEDERAL - LOTEAMENTOS<\/span><\/a><\/h4><\/div><div id=\"a23241ae49f37ac83\" class=\"panel-collapse collapse \"><div class=\"panel-body toggle-content fusion-clearfix\">\n<table style=\"border-collapse: collapse; width: 100%; height: 304px;\">\n<tbody>\n<tr style=\"background-color: #f0f0f0;\">\n<td style=\"width: 5%; height: 24px;\"><strong><span style=\"font-size: 14pt;\">01 <\/span><\/strong><\/td>\n<td style=\"width: 80%; text-align: justify; height: 24px;\"><span style=\"text-decoration: underline;\"><strong>\u00a0<\/strong><\/span><\/td>\n<td style=\"width: 15%; height: 24px;\"><\/td>\n<\/tr>\n<tr style=\"background-color: #f0f0f0;\">\n<td style=\"width: 5%; height: 24px;\"><\/td>\n<td style=\"width: 80%; text-align: justify; height: 24px;\"><span style=\"text-decoration: underline;\"><strong>Decreto-Lei n\u00ba 58, de 10 de dezembro de 1937<\/strong><\/span>\u00a0\u2013 Disp\u00f5e sobre o loteamento e a venda de terrenos para pagamento em presta\u00e7\u00f5es.<\/td>\n<td style=\"width: 15%; height: 24px;\"><\/td>\n<\/tr>\n<tr style=\"background-color: #f0f0f0;\">\n<td style=\"width: 5%; height: 24px;\"><\/td>\n<td style=\"width: 80%; text-align: justify; height: 24px;\"><\/td>\n<td style=\"width: 15%; height: 24px; text-align: center;\"><a href=\"http:\/\/www.planalto.gov.br\/ccivil_03\/decreto-lei\/1937-1946\/Del058.htm\" target=\"_blank\" rel=\"noopener noreferrer\">ACESSAR<\/a><\/td>\n<\/tr>\n<tr style=\"height: 24px;\">\n<td style=\"width: 5%; height: 24px;\"><span style=\"font-size: 14pt;\"><strong>02<\/strong> <\/span><\/td>\n<td style=\"width: 80%; text-align: justify; height: 24px;\"><span style=\"text-decoration: underline;\"><strong>\u00a0<\/strong><\/span><\/td>\n<td style=\"width: 15%; height: 24px;\"><\/td>\n<\/tr>\n<tr style=\"height: 24px;\">\n<td style=\"width: 5%; height: 24px;\"><\/td>\n<td style=\"width: 80%; text-align: justify; height: 24px;\"><span style=\"text-decoration: underline;\"><strong>Lei n\u00ba 4.504, de 30 de novembro de 1964 <\/strong><\/span>&#8211; Disp\u00f5e sobre o Estatuto da Terra, e d\u00e1 outras provid\u00eancias.<\/td>\n<td style=\"width: 15%; height: 24px;\"><\/td>\n<\/tr>\n<tr style=\"height: 24px;\">\n<td style=\"width: 5%; height: 10px;\"><\/td>\n<td style=\"width: 80%; text-align: justify; height: 10px;\"><\/td>\n<td style=\"width: 15%; height: 10px; text-align: center;\"><span style=\"font-size: 12pt;\"><a href=\"http:\/\/www.planalto.gov.br\/ccivil_03\/Leis\/L4504.htm\" target=\"_blank\" rel=\"noopener noreferrer\">ACESSAR<\/a><\/span><\/td>\n<\/tr>\n<tr style=\"background-color: #f0f0f0;\">\n<td style=\"width: 5%; height: 24px;\"><strong><span style=\"font-size: 14pt;\">03 <\/span><\/strong><\/td>\n<td style=\"width: 80%; text-align: justify; height: 24px;\"><span style=\"text-decoration: underline;\"><strong>\u00a0<\/strong><\/span><\/td>\n<td style=\"width: 15%; height: 24px;\"><\/td>\n<\/tr>\n<tr style=\"background-color: #f0f0f0;\">\n<td style=\"width: 5%; height: 24px;\"><\/td>\n<td style=\"width: 80%; text-align: justify; height: 24px;\"><span style=\"text-decoration: underline;\"><strong>Lei n\u00ba 4.591, de 16 de dezembro de 1964<\/strong><\/span> &#8211; Disp\u00f5e sobre o condom\u00ednio em edifica\u00e7\u00f5es e as incorpora\u00e7\u00f5es imobili\u00e1rias.<\/td>\n<td style=\"width: 15%; height: 24px;\"><\/td>\n<\/tr>\n<tr style=\"background-color: #f0f0f0;\">\n<td style=\"width: 5%; height: 24px;\"><\/td>\n<td style=\"width: 80%; text-align: justify; height: 24px;\"><\/td>\n<td style=\"width: 15%; height: 24px; text-align: center;\"><a href=\"http:\/\/www.planalto.gov.br\/ccivil_03\/leis\/L4591.htm\" target=\"_blank\" rel=\"noopener noreferrer\">ACESSAR<\/a><\/td>\n<\/tr>\n<tr style=\"height: 48px;\">\n<td style=\"width: 5%; height: 10px;\"><strong><span style=\"font-size: 14pt;\">04 <\/span><\/strong><\/td>\n<td style=\"width: 80%; text-align: justify; height: 10px;\"><span style=\"text-decoration: underline;\"><strong>\u00a0<\/strong><\/span><\/td>\n<td style=\"width: 15%; height: 10px;\"><\/td>\n<\/tr>\n<tr style=\"height: 48px;\">\n<td style=\"width: 5%; height: 10px;\"><\/td>\n<td style=\"width: 80%; text-align: justify; height: 10px;\"><span style=\"text-decoration: underline;\"><strong>Lei n\u00ba 4.947, de 6 de abril de 1966<\/strong><\/span> &#8211; Fixa Normas de Direito Agr\u00e1rio, Disp\u00f5e sobre o Sistema de Organiza\u00e7\u00e3o e Funcionamento do Instituto Brasileiro de Reforma Agr\u00e1ria, e d\u00e1 outras Provid\u00eancias.<\/td>\n<td style=\"width: 15%; height: 10px;\"><\/td>\n<\/tr>\n<tr style=\"height: 48px;\">\n<td style=\"width: 5%; height: 10px;\"><\/td>\n<td style=\"width: 80%; text-align: justify; height: 10px;\"><\/td>\n<td style=\"width: 15%; height: 10px; text-align: center;\"><a href=\"http:\/\/www.planalto.gov.br\/ccivil_03\/Leis\/L4947.htm\" target=\"_blank\" rel=\"noopener noreferrer\">ACESSAR<\/a><\/td>\n<\/tr>\n<tr style=\"background-color: #f0f0f0;\">\n<td style=\"width: 5%; height: 24px;\"><strong><span style=\"font-size: 14pt;\">05 <\/span><\/strong><\/td>\n<td style=\"width: 80%; text-align: justify; height: 24px;\"><\/td>\n<td style=\"width: 15%; height: 24px;\"><\/td>\n<\/tr>\n<tr style=\"background-color: #f0f0f0;\">\n<td style=\"width: 5%; height: 24px;\"><\/td>\n<td style=\"width: 80%; text-align: justify; height: 24px;\"><span style=\"text-decoration: underline;\"><strong>Lei n\u00ba 5.868, de 12 de dezembro de 1972 <\/strong><\/span> &#8211; Cria o Sistema Nacional de Cadastro Rural e d\u00e1 outras provid\u00eancias.<\/td>\n<td style=\"width: 15%; height: 24px;\"><\/td>\n<\/tr>\n<tr style=\"background-color: #f0f0f0;\">\n<td style=\"width: 5%; height: 24px;\"><\/td>\n<td style=\"width: 80%; text-align: justify; height: 24px;\"><\/td>\n<td style=\"width: 15%; height: 24px; text-align: center;\"><a href=\"http:\/\/www.planalto.gov.br\/ccivil_03\/Leis\/L5868.htm\" target=\"_blank\" rel=\"noopener noreferrer\">ACESSAR<\/a><\/td>\n<\/tr>\n<tr style=\"height: 48px;\">\n<td style=\"width: 5%; height: 10px;\"><strong><span style=\"font-size: 14pt;\">06 <\/span><\/strong><\/td>\n<td style=\"width: 80%; text-align: justify; height: 10px;\"><span style=\"text-decoration: underline;\"><strong>\u00a0<\/strong><\/span><\/td>\n<td style=\"width: 15%; height: 10px;\"><\/td>\n<\/tr>\n<tr style=\"height: 48px;\">\n<td style=\"width: 5%; height: 10px;\"><\/td>\n<td style=\"width: 80%; text-align: justify; height: 10px;\"><span style=\"text-decoration: underline;\"><strong>Lei n\u00b0 6.766, de 19 de dezembro de 1979<\/strong><\/span>&#8211; Disp\u00f5e sobre o Parcelamento do Solo Urbano e d\u00e1 outras provid\u00eancias (Estatuto da Cidade).<\/td>\n<td style=\"width: 15%; height: 10px;\"><\/td>\n<\/tr>\n<tr style=\"height: 48px;\">\n<td style=\"width: 5%; height: 10px;\"><\/td>\n<td style=\"width: 80%; text-align: justify; height: 10px;\"><\/td>\n<td style=\"width: 15%; height: 10px; text-align: center;\"><a href=\"http:\/\/www.planalto.gov.br\/ccivil_03\/LEIS\/L6766.htm\" target=\"_blank\" rel=\"noopener noreferrer\">ACESSAR<\/a><\/td>\n<\/tr>\n<tr style=\"background-color: #f0f0f0;\">\n<td style=\"width: 5%; height: 24px;\"><strong><span style=\"font-size: 14pt;\">07 <\/span><\/strong><\/td>\n<td style=\"width: 80%; text-align: justify; height: 24px;\"><\/td>\n<td style=\"width: 15%; height: 24px;\"><\/td>\n<\/tr>\n<tr style=\"background-color: #f0f0f0;\">\n<td style=\"width: 5%; height: 24px;\"><\/td>\n<td style=\"width: 80%; text-align: justify; height: 24px;\"><span style=\"text-decoration: underline;\"><strong>Lei n\u00ba 11.428, de 22 de dezembro de 2006 <\/strong><\/span>&#8211; Disp\u00f5e sobre a utiliza\u00e7\u00e3o e prote\u00e7\u00e3o da vegeta\u00e7\u00e3o nativa do Bioma Mata Atl\u00e2ntica, e d\u00e1 outras provid\u00eancias.<\/td>\n<td style=\"width: 15%; height: 24px;\"><\/td>\n<\/tr>\n<tr style=\"background-color: #f0f0f0;\">\n<td style=\"width: 5%; height: 24px;\"><\/td>\n<td style=\"width: 80%; text-align: justify; height: 24px;\"><\/td>\n<td style=\"width: 15%; height: 24px; text-align: center;\"><a href=\"http:\/\/www.planalto.gov.br\/ccivil_03\/_ato2004-2006\/2006\/lei\/l11428.htm\" target=\"_blank\" rel=\"noopener noreferrer\">ACESSAR<\/a><\/td>\n<\/tr>\n<tr style=\"height: 48px;\">\n<td style=\"width: 5%; height: 10px;\"><strong><span style=\"font-size: 14pt;\">08 <\/span><\/strong><\/td>\n<td style=\"width: 80%; text-align: justify; height: 10px;\"><span style=\"text-decoration: underline;\"><strong>\u00a0<\/strong><\/span><\/td>\n<td style=\"width: 15%; height: 10px;\"><\/td>\n<\/tr>\n<tr style=\"height: 48px;\">\n<td style=\"width: 5%; height: 10px;\"><\/td>\n<td style=\"width: 80%; text-align: justify; height: 10px;\"><span style=\"text-decoration: underline;\"><strong>Lei n\u00ba 12.651, de 25 de maio de 2012<\/strong><\/span> &#8211; Disp\u00f5e sobre a prote\u00e7\u00e3o da vegeta\u00e7\u00e3o nativa; altera as Leis nos 6.938, de 31 de agosto de 1981, 9.393, de 19 de dezembro de 1996, e 11.428, de 22 de dezembro de 2006; revoga as Leis nos 4.771, de 15 de setembro de 1965, e 7.754, de 14 de abril de 1989, e a Medida Provis\u00f3ria no 2.166-67, de 24 de agosto de 2001; e d\u00e1 outras provid\u00eancias (C\u00f3digo Florestal).<\/td>\n<td style=\"width: 15%; height: 10px;\"><\/td>\n<\/tr>\n<tr style=\"height: 48px;\">\n<td style=\"width: 5%; height: 10px;\"><\/td>\n<td style=\"width: 80%; text-align: justify; height: 10px;\"><\/td>\n<td style=\"width: 15%; height: 10px; text-align: center;\"><a href=\"http:\/\/www.planalto.gov.br\/ccivil_03\/_ato2011-2014\/2012\/lei\/l12651.htm\" target=\"_blank\" rel=\"noopener noreferrer\">ACESSAR<\/a><\/td>\n<\/tr>\n<tr style=\"background-color: #f0f0f0;\">\n<td style=\"width: 5%; height: 24px;\"><strong><span style=\"font-size: 14pt;\">09 <\/span><\/strong><\/td>\n<td style=\"width: 80%; text-align: justify; height: 24px;\"><\/td>\n<td style=\"width: 15%; height: 24px;\"><\/td>\n<\/tr>\n<tr style=\"background-color: #f0f0f0;\">\n<td style=\"width: 5%; height: 24px;\"><\/td>\n<td style=\"width: 80%; text-align: justify; height: 24px;\"><span style=\"text-decoration: underline;\"><strong>Lei n\u00ba 13.089, de 12 de janeiro de 2015<\/strong><\/span> &#8211; Institui o Estatuto da Metr\u00f3pole, altera a Lei no 10.257, de 10 de julho de 2001, e d\u00e1 outras provid\u00eancias.<\/td>\n<td style=\"width: 15%; height: 24px;\"><\/td>\n<\/tr>\n<tr style=\"background-color: #f0f0f0;\">\n<td style=\"width: 5%; height: 24px;\"><\/td>\n<td style=\"width: 80%; text-align: justify; height: 24px;\"><\/td>\n<td style=\"width: 15%; height: 24px; text-align: center;\"><a href=\"http:\/\/www.planalto.gov.br\/ccivil_03\/_Ato2015-2018\/2015\/Lei\/L13089.htm\" target=\"_blank\" rel=\"noopener noreferrer\">ACESSAR<\/a><\/td>\n<\/tr>\n<\/tbody>\n<\/table>\n<\/div><\/div><\/div><\/div><\/div><style type=\"text\/css\">.fusion-accordian  #accordion-19072-7 .panel-title a .fa-fusion-box{ color: #ffffff;}.fusion-accordian  #accordion-19072-7 .panel-title a .fa-fusion-box:before{ font-size: 13px; width: 13px;}.fusion-accordian  #accordion-19072-7 .panel-title a{font-size:20px;}.fusion-accordian  #accordion-19072-7 .fa-fusion-box { background-color: #000000;border-color: #000000;}.fusion-accordian  #accordion-19072-7 .panel-title a:hover, #accordion-19072-7 .fusion-toggle-boxed-mode:hover .panel-title a { color: #003866;}.fusion-accordian  #accordion-19072-7 .panel-title .active .fa-fusion-box,.fusion-accordian  #accordion-19072-7 .panel-title a:hover .fa-fusion-box { background-color: #003866!important;border-color: #003866!important;}<\/style><div class=\"accordian fusion-accordian\"><div class=\"panel-group\" id=\"accordion-19072-7\" role=\"tablist\"><div class=\"fusion-panel panel-default\" role=\"tabpanel\"><div class=\"panel-heading\"><h4 class=\"panel-title toggle\"><a aria-expanded=\"false\" aria-selected=\"false\" aria-controls=\"52abf8c92027efd6f\" role=\"tab\" data-toggle=\"collapse\" data-parent=\"#accordion-19072-7\" data-target=\"#52abf8c92027efd6f\" href=\"#52abf8c92027efd6f\"><span class=\"fusion-toggle-icon-wrapper\" aria-hidden=\"true\"><i class=\"fa-fusion-box\"><\/i><\/span><span class=\"fusion-toggle-heading\">MATERIAL DE APOIO - MANUAIS<\/span><\/a><\/h4><\/div><div id=\"52abf8c92027efd6f\" class=\"panel-collapse collapse \"><div class=\"panel-body toggle-content fusion-clearfix\"><i class=\"fontawesome-icon fa-link fas circle-no\" style=\"font-size:18px;margin-right:9px;color:#003866;\"><\/i><a href=\"https:\/\/www.mpal.mp.br\/wp-content\/uploads\/2025\/05\/roteiro_pratico.pdf \" target=\"_blank\" rel=\"noopener\"> Material de Apoio \u2013 Roteiro Pr\u00e1tico de Atua\u00e7\u00e3o &#8211; Agrot\u00f3xicos e Rotulagem<\/a><\/p>\n<i class=\"fontawesome-icon fa-link fas circle-no\" style=\"font-size:18px;margin-right:9px;color:#003866;\"><\/i><a href=\"https:\/\/www.defesadoconsumidor.gov.br\/portal\/biblioteca\" target=\"_blank\" rel=\"noopener\"> Material de Apoio \u2013 Biblioteca<\/a><\/p>\n<i class=\"fontawesome-icon fa-link fas circle-no\" style=\"font-size:18px;margin-right:9px;color:#003866;\"><\/i><a href=\"https:\/\/www.defesadoconsumidor.gov.br\/portal\/dicas\" target=\"_blank\" rel=\"noopener\">Material de Apoio \u2013 Dicas<\/a><\/p>\n<i class=\"fontawesome-icon fa-link fas circle-no\" style=\"font-size:18px;margin-right:9px;color:#003866;\"><\/i><a href=\"https:\/\/www.defesadoconsumidor.gov.br\/portal\/galeria-de-videos\" target=\"_blank\" rel=\"noopener\">Material de Apoio \u2013 Galeria de V\u00eddeos<br \/>\n<\/a><\/div><\/div><\/div><\/div><\/div><style type=\"text\/css\">.fusion-accordian  #accordion-19072-8 .panel-title a .fa-fusion-box{ color: #ffffff;}.fusion-accordian  #accordion-19072-8 .panel-title a .fa-fusion-box:before{ font-size: 13px; width: 13px;}.fusion-accordian  #accordion-19072-8 .panel-title a{font-size:20px;}.fusion-accordian  #accordion-19072-8 .fa-fusion-box { background-color: #000000;border-color: #000000;}.fusion-accordian  #accordion-19072-8 .panel-title a:hover, #accordion-19072-8 .fusion-toggle-boxed-mode:hover .panel-title a { color: #003866;}.fusion-accordian  #accordion-19072-8 .panel-title .active .fa-fusion-box,.fusion-accordian  #accordion-19072-8 .panel-title a:hover .fa-fusion-box { background-color: #003866!important;border-color: #003866!important;}<\/style><div class=\"accordian fusion-accordian\"><div class=\"panel-group\" id=\"accordion-19072-8\" role=\"tablist\"><div class=\"fusion-panel panel-default\" role=\"tabpanel\"><div class=\"panel-heading\"><h4 class=\"panel-title toggle\"><a aria-expanded=\"false\" aria-selected=\"false\" aria-controls=\"6a165373364ce5c34\" role=\"tab\" data-toggle=\"collapse\" data-parent=\"#accordion-19072-8\" data-target=\"#6a165373364ce5c34\" href=\"#6a165373364ce5c34\"><span class=\"fusion-toggle-icon-wrapper\" aria-hidden=\"true\"><i class=\"fa-fusion-box\"><\/i><\/span><span class=\"fusion-toggle-heading\">MATERIAL DE APOIO - RELAT\u00d3RIOS<\/span><\/a><\/h4><\/div><div id=\"6a165373364ce5c34\" class=\"panel-collapse collapse \"><div class=\"panel-body toggle-content fusion-clearfix\"><i class=\"fontawesome-icon fa-link fas circle-no\" style=\"font-size:18px;margin-right:9px;color:#003866;\"><\/i><a href=\"https:\/\/www.mpal.mp.br\/wp-content\/uploads\/2023\/07\/RelatA\u0303\u00b3rio-de-Monitoramento-de-Mercado-do-CombustA\u0303_vl.pdf\" target=\"_blank\" rel=\"noopener\"> Material de Apoio \u2013 Relat\u00f3rio de Monitoramento de Mercado do Combust\u00edvel<\/a><\/p>\n<\/div><\/div><\/div><\/div><\/div><style type=\"text\/css\">.fusion-accordian  #accordion-19072-9 .panel-title a .fa-fusion-box{ color: #ffffff;}.fusion-accordian  #accordion-19072-9 .panel-title a .fa-fusion-box:before{ font-size: 13px; width: 13px;}.fusion-accordian  #accordion-19072-9 .panel-title a{font-size:20px;}.fusion-accordian  #accordion-19072-9 .fa-fusion-box { background-color: #000000;border-color: #000000;}.fusion-accordian  #accordion-19072-9 .panel-title a:hover, #accordion-19072-9 .fusion-toggle-boxed-mode:hover .panel-title a { color: #003866;}.fusion-accordian  #accordion-19072-9 .panel-title .active .fa-fusion-box,.fusion-accordian  #accordion-19072-9 .panel-title a:hover .fa-fusion-box { background-color: #003866!important;border-color: #003866!important;}<\/style><div class=\"accordian fusion-accordian\"><div class=\"panel-group\" id=\"accordion-19072-9\" role=\"tablist\"><div class=\"fusion-panel panel-default\" role=\"tabpanel\"><div class=\"panel-heading\"><h4 class=\"panel-title toggle\"><a aria-expanded=\"false\" aria-selected=\"false\" aria-controls=\"4fabfc51b502c4fa0\" role=\"tab\" data-toggle=\"collapse\" data-parent=\"#accordion-19072-9\" data-target=\"#4fabfc51b502c4fa0\" href=\"#4fabfc51b502c4fa0\"><span class=\"fusion-toggle-icon-wrapper\" aria-hidden=\"true\"><i class=\"fa-fusion-box\"><\/i><\/span><span class=\"fusion-toggle-heading\">MATERIAL DE APOIO - PR\u00c1TICAS ABUSIVAS<\/span><\/a><\/h4><\/div><div id=\"4fabfc51b502c4fa0\" class=\"panel-collapse collapse \"><div class=\"panel-body toggle-content fusion-clearfix\"><i class=\"fontawesome-icon fa-link fas circle-no\" style=\"font-size:18px;margin-right:9px;color:#003866;\"><\/i><a href=\"https:\/\/www.mpal.mp.br\/wp-content\/uploads\/2024\/11\/roteiro_nov_2024.pdf\" target=\"_blank\" rel=\"noopener\"> Material de Apoio \u2013 Roteiro Pr\u00e1tico de Atua\u00e7\u00e3o &#8211; Pr\u00e1ticas Abusivas de Empresas de Telefonia Celular &#8211; Novembro 2024<\/a><\/p>\n<\/div><\/div><\/div><\/div><\/div><\/div><\/div><div  class=\"fusion-layout-column fusion_builder_column fusion_builder_column_1_2  fusion-one-half fusion-column-last 1_2\"  style='margin-top: 0px;margin-bottom: 20px;width:50%;width:calc(50% - ( ( 4% ) * 0.5 ) );'><div class=\"fusion-column-wrapper fusion-column-wrapper-2\" style=\"padding: 0px 0px 0px 0px;background-position:left top;background-repeat:no-repeat;-webkit-background-size:cover;-moz-background-size:cover;-o-background-size:cover;background-size:cover;\"  data-bg-url=\"\"><style type=\"text\/css\">.fusion-accordian  #accordion-19072-10 .panel-title a .fa-fusion-box{ color: #ffffff;}.fusion-accordian  #accordion-19072-10 .panel-title a .fa-fusion-box:before{ font-size: 13px; width: 13px;}.fusion-accordian  #accordion-19072-10 .panel-title a{font-size:20px;}.fusion-accordian  #accordion-19072-10 .fa-fusion-box { background-color: #000000;border-color: #000000;}.fusion-accordian  #accordion-19072-10 .panel-title a:hover, #accordion-19072-10 .fusion-toggle-boxed-mode:hover .panel-title a { color: #003866;}.fusion-accordian  #accordion-19072-10 .panel-title .active .fa-fusion-box,.fusion-accordian  #accordion-19072-10 .panel-title a:hover .fa-fusion-box { background-color: #003866!important;border-color: #003866!important;}<\/style><div class=\"accordian fusion-accordian\"><div class=\"panel-group\" id=\"accordion-19072-10\" role=\"tablist\"><div class=\"fusion-panel panel-default\" role=\"tabpanel\"><div class=\"panel-heading\"><h4 class=\"panel-title toggle\"><a aria-expanded=\"false\" aria-selected=\"false\" aria-controls=\"326ab164bdc476c78\" role=\"tab\" data-toggle=\"collapse\" data-parent=\"#accordion-19072-10\" data-target=\"#326ab164bdc476c78\" href=\"#326ab164bdc476c78\"><span class=\"fusion-toggle-icon-wrapper\" aria-hidden=\"true\"><i class=\"fa-fusion-box\"><\/i><\/span><span class=\"fusion-toggle-heading\">LEGISLA\u00c7\u00c3O ESTADUAL - P\u00c1GINA 01<\/span><\/a><\/h4><\/div><div id=\"326ab164bdc476c78\" class=\"panel-collapse collapse \"><div class=\"panel-body toggle-content fusion-clearfix\">\n<table style=\"border-collapse: collapse; width: 100%; height: 336px;\">\n<tbody>\n<tr style=\"background-color: #f0f0f0;\">\n<td style=\"width: 5%; height: 24px;\"><span style=\"font-size: 14pt;\"><strong>01<\/strong> <\/span><\/td>\n<td style=\"width: 95%; text-align: justify; height: 24px;\" colspan=\"2\"><strong>LEI N\u00ba 7.678, DE 13 DE JANEIRO DE 2015<\/strong><\/td>\n<\/tr>\n<tr style=\"background-color: #f0f0f0;\">\n<td style=\"width: 5%; height: 24px;\"><\/td>\n<td style=\"width: 95%; text-align: justify; height: 24px;\" colspan=\"2\">ESTABELECE CRIT\u00c9RIOS DE TRANSPAR\u00caNCIA PARA A COBRAN\u00c7A DE D\u00cdVIDAS DOS CONSUMIDORES ALAGOANOS, E D\u00c1 OUTRAS PROVID\u00caNCIAS<\/td>\n<\/tr>\n<tr style=\"background-color: #f0f0f0;\">\n<td style=\"width: 5%; height: 24px;\"><\/td>\n<td style=\"width: 95%; height: 24px; text-align: right;\" colspan=\"2\"><a href=\"https:\/\/www.mpal.mp.br\/wp-content\/uploads\/2022\/03\/93_texto_integral1.pdf\" target=\"_blank\" rel=\"noopener\">ACESSAR<\/a><\/td>\n<\/tr>\n<tr style=\"background-color: #ffffff;\">\n<td style=\"width: 5%; height: 24px;\"><span style=\"font-size: 14pt;\"><strong>02<\/strong> <\/span><\/td>\n<td style=\"width: 95%; text-align: justify; height: 24px;\" colspan=\"2\"><strong>DECRETO N\u00ba 3.970, DE 25 DE JANEIRO DE 2008.<\/strong><\/td>\n<\/tr>\n<tr style=\"background-color: #ffffff;\">\n<td style=\"width: 5%; height: 24px;\"><\/td>\n<td style=\"width: 95%; text-align: justify; height: 24px;\" colspan=\"2\">DISP\u00d5E SOBRE A CRIA\u00c7\u00c3O DA ESCOLA ESTADUAL DE DEFESA DO CONSUMIDOR, E D\u00c1 OUTRAS PROVID\u00caNCIAS.<\/td>\n<\/tr>\n<tr style=\"background-color: #ffffff;\">\n<td style=\"width: 5%; height: 24px;\"><\/td>\n<td style=\"width: 95%; height: 24px; text-align: right;\" colspan=\"2\"><a href=\"https:\/\/www.mpal.mp.br\/wp-content\/uploads\/2022\/03\/Decreto-no-3.970-de-25.01.081.pdf\" target=\"_blank\" rel=\"noopener\">ACESSAR<\/a><\/td>\n<\/tr>\n<tr style=\"background-color: #f0f0f0;\">\n<td style=\"width: 5%; height: 24px;\"><span style=\"font-size: 14pt;\"><strong>03<\/strong> <\/span><\/td>\n<td style=\"width: 95%; text-align: justify; height: 24px;\" colspan=\"2\"><strong>DECRETO N\u00ba 4.171, DE 4 DE AGOSTO DE 2009<\/strong><\/td>\n<\/tr>\n<tr style=\"background-color: #f0f0f0;\">\n<td style=\"width: 5%; height: 24px;\"><\/td>\n<td style=\"width: 95%; text-align: justify; height: 24px;\" colspan=\"2\">REGULAMENTA A APLICA\u00c7\u00c3O DE PENALIDADE RELATIVA \u00c0 VIOLA\u00c7\u00c3O DE DIREITO DO CONSUMIDOR NO \u00c2MBITO DO PROGRAMA DE EST\u00cdMULO \u00c0 CIDADANIA FISCAL DO ESTADO DE ALAGOAS, DE QUE TRATA A LEI ESTADUAL N\u00ba 6.991, DE 24 DE OUTUBRO DE 2008.<\/td>\n<\/tr>\n<tr style=\"background-color: #f0f0f0;\">\n<td style=\"width: 5%; height: 24px;\"><\/td>\n<td style=\"width: 95%; height: 24px; text-align: right;\" colspan=\"2\"><a href=\"https:\/\/www.mpal.mp.br\/wp-content\/uploads\/2022\/03\/Decreto-no-4.171-de-04.08.092.pdf\" target=\"_blank\" rel=\"noopener\">ACESSAR<\/a><\/td>\n<\/tr>\n<tr style=\"background-color: #ffffff;\">\n<td style=\"width: 5%; height: 24px;\"><span style=\"font-size: 14pt;\"><strong>04<\/strong> <\/span><\/td>\n<td style=\"width: 95%; text-align: justify; height: 24px;\" colspan=\"2\"><strong>DECRETO N\u00ba 4.173, DE 7 DE AGOSTO DE 2009<\/strong><\/td>\n<\/tr>\n<tr style=\"background-color: #ffffff;\">\n<td style=\"width: 5%; height: 24px;\"><\/td>\n<td style=\"width: 95%; text-align: justify; height: 24px;\" colspan=\"2\">INSTITUI O C\u00d3DIGO DE SEGURAN\u00c7A CONTRA INC\u00caNDIO E P\u00c2NICO \u2013 COSCIP, DO ESTADO DE ALAGOAS E D\u00c1 OUTRAS PROVID\u00caNCIAS.<\/td>\n<\/tr>\n<tr style=\"background-color: #ffffff;\">\n<td style=\"width: 5%; height: 24px;\"><\/td>\n<td style=\"width: 95%; height: 24px; text-align: right;\" colspan=\"2\"><a href=\"https:\/\/www.mpal.mp.br\/wp-content\/uploads\/2022\/03\/Decreto-no-4.173-de-07.08.092.pdf\" target=\"_blank\" rel=\"noopener\">ACESSAR<\/a><\/td>\n<\/tr>\n<tr style=\"background-color: #f0f0f0;\">\n<td style=\"width: 5%; height: 24px;\"><span style=\"font-size: 14pt;\"><strong>05<\/strong> <\/span><\/td>\n<td style=\"width: 95%; text-align: justify; height: 24px;\" colspan=\"2\"><strong>DECRETO N\u00ba 27.039, DE 9 DE JULHO DE 2013<\/strong><\/td>\n<\/tr>\n<tr style=\"background-color: #f0f0f0;\">\n<td style=\"width: 5%; height: 24px;\"><\/td>\n<td style=\"width: 95%; text-align: justify; height: 24px;\" colspan=\"2\">REGULAMENTA A LEI ESTADUAL N\u00b0 7.329, DE 5 DE JANEIRO DE 2012, QUE PRO\u00cdBE, NO ESTADO DE ALAGOAS, A VENDA, A OFERTA, O FORNECIMENTO, A ENTREGA E A PERMISS\u00c3O DE CONSUMO DE BEBIDA ALCO\u00d3LICA, AINDA QUE GRATUITAMENTE, AOS MENORES DE 18 (DEZOITO) ANOS DE IDADE, E D\u00c1 OUTRAS PROVID\u00caNCIAS.<\/td>\n<\/tr>\n<tr style=\"background-color: #f0f0f0;\">\n<td style=\"width: 5%; height: 24px;\"><\/td>\n<td style=\"width: 95%; height: 24px; text-align: right;\" colspan=\"2\"><a href=\"https:\/\/www.mpal.mp.br\/wp-content\/uploads\/2022\/03\/DECRETO-No-23.734-de-6.12.2012.pdf\" target=\"_blank\" rel=\"noopener\">ACESSAR<\/a><\/td>\n<\/tr>\n<\/tbody>\n<\/table>\n<\/div><\/div><\/div><div class=\"fusion-panel panel-default\" role=\"tabpanel\"><div class=\"panel-heading\"><h4 class=\"panel-title toggle\"><a aria-expanded=\"false\" aria-selected=\"false\" aria-controls=\"1721b2f7f5981a0fc\" role=\"tab\" data-toggle=\"collapse\" data-parent=\"#accordion-19072-10\" data-target=\"#1721b2f7f5981a0fc\" href=\"#1721b2f7f5981a0fc\"><span class=\"fusion-toggle-icon-wrapper\" aria-hidden=\"true\"><i class=\"fa-fusion-box\"><\/i><\/span><span class=\"fusion-toggle-heading\">LEGISLA\u00c7\u00c3O ESTADUAL - P\u00c1GINA 02<\/span><\/a><\/h4><\/div><div id=\"1721b2f7f5981a0fc\" class=\"panel-collapse collapse \"><div class=\"panel-body toggle-content fusion-clearfix\">\n<table style=\"border-collapse: collapse; width: 100%; height: 336px;\">\n<tbody>\n<tr style=\"background-color: #f0f0f0;\">\n<td style=\"width: 5%; height: 24px;\"><span style=\"font-size: 14pt;\"><strong>06<\/strong> <\/span><\/td>\n<td style=\"width: 95%; text-align: justify; height: 24px;\" colspan=\"2\"><strong>DECRETO N\u00ba 33.402, DE 21 DE MAIO DE 2014<\/strong><\/td>\n<\/tr>\n<tr style=\"background-color: #f0f0f0;\">\n<td style=\"width: 5%; height: 24px;\"><\/td>\n<td style=\"width: 95%; text-align: justify; height: 24px;\" colspan=\"2\">ALTERA O DECRETO ESTADUAL N\u00ba 12.565, DE 27 DE ABRIL DE 2011, QUE DISP\u00d5E SOBRE A AVERBA\u00c7\u00c3O DE CONSIGNA\u00c7\u00d5ES EM FOLHA DE PAGAMENTO DE SERVIDORES P\u00daBLICOS CIVIS E MILITARES, ATIVOS, INATIVOS E PENSIONISTAS, DA ADMINISTRA\u00c7\u00c3O P\u00daBLICA ESTADUAL DIRETA E INDIRETA, E D\u00c1 OUTRAS PROVID\u00caNCIAS.<\/td>\n<\/tr>\n<tr style=\"background-color: #f0f0f0;\">\n<td style=\"width: 5%; height: 24px;\"><\/td>\n<td style=\"width: 95%; height: 24px; text-align: right;\" colspan=\"2\"><a href=\"https:\/\/www.mpal.mp.br\/wp-content\/uploads\/2022\/03\/DECRETO-No-33.402-de-21.05.20141.pdf\" target=\"_blank\" rel=\"noopener\">ACESSAR<\/a><\/td>\n<\/tr>\n<tr style=\"background-color: #ffffff;\">\n<td style=\"width: 5%; height: 24px;\"><span style=\"font-size: 14pt;\"><strong>07<\/strong> <\/span><\/td>\n<td style=\"width: 95%; text-align: justify; height: 24px;\" colspan=\"2\"><strong>DECRETO N\u00ba 56.879, DE 19 DE DEZEMBRO DE 2017<\/strong><\/td>\n<\/tr>\n<tr style=\"background-color: #ffffff;\">\n<td style=\"width: 5%; height: 24px;\"><\/td>\n<td style=\"width: 95%; text-align: justify; height: 24px;\" colspan=\"2\">ESTABELECE NORMAS E DIRETRIZES PARA A CONCESS\u00c3O DE DESCONTOS AOS SERVIDORES P\u00daBLICOS ESTADUAIS DO PODER EXECUTIVO, E D\u00c1 OUTRAS PROVID\u00caNCIAS.<\/td>\n<\/tr>\n<tr style=\"background-color: #ffffff;\">\n<td style=\"width: 5%; height: 24px;\"><\/td>\n<td style=\"width: 95%; height: 24px; text-align: right;\" colspan=\"2\"><a href=\"https:\/\/www.mpal.mp.br\/wp-content\/uploads\/2022\/03\/DECRETO-No-56.879-DE-19-DE-DEZEMBRO-DE-2017-1.pdf\" target=\"_blank\" rel=\"noopener\">ACESSAR<\/a><\/td>\n<\/tr>\n<tr style=\"background-color: #f0f0f0;\">\n<td style=\"width: 5%; height: 24px;\"><span style=\"font-size: 14pt;\"><strong>08<\/strong> <\/span><\/td>\n<td style=\"width: 95%; text-align: justify; height: 24px;\" colspan=\"2\"><strong>DECRETO N\u00ba 560, DE 08 DE MAR\u00c7O DE 2002<\/strong><\/td>\n<\/tr>\n<tr style=\"background-color: #f0f0f0;\">\n<td style=\"width: 5%; height: 24px;\"><\/td>\n<td style=\"width: 95%; text-align: justify; height: 24px;\" colspan=\"2\">DISP\u00d5E SOBRE O REGIMENTO DO CONSELHO ESTADUAL DE PROTE\u00c7\u00c3O AO CONSUMIDOR, E D\u00c1 OUTRAS PROVID\u00caNCIAS.<\/td>\n<\/tr>\n<tr style=\"background-color: #f0f0f0;\">\n<td style=\"width: 5%; height: 24px;\"><\/td>\n<td style=\"width: 95%; height: 24px; text-align: right;\" colspan=\"2\"><a href=\"https:\/\/www.mpal.mp.br\/wp-content\/uploads\/2022\/03\/DECRETO-No-560-de-08-03-021.pdf\" target=\"_blank\" rel=\"noopener\">ACESSAR<\/a><\/td>\n<\/tr>\n<tr style=\"background-color: #ffffff;\">\n<td style=\"width: 5%; height: 24px;\"><span style=\"font-size: 14pt;\"><strong>09<\/strong> <\/span><\/td>\n<td style=\"width: 95%; text-align: justify; height: 24px;\" colspan=\"2\"><strong>LEI N\u00ba 5.847, DE 25 DE JUNHO DE 1996<\/strong><\/td>\n<\/tr>\n<tr style=\"background-color: #ffffff;\">\n<td style=\"width: 5%; height: 24px;\"><\/td>\n<td style=\"width: 95%; text-align: justify; height: 24px;\" colspan=\"2\">REGULAMENTA O SISTEMA DE COBRAN\u00c7A DOS USU\u00c1RIOS DE ENERGIA<br \/>\nEL\u00c9TRICA DA CEAL E DE \u00c1GUA DA CASAL<\/td>\n<\/tr>\n<tr style=\"background-color: #ffffff;\">\n<td style=\"width: 5%; height: 24px;\"><\/td>\n<td style=\"width: 95%; height: 24px; text-align: right;\" colspan=\"2\"><a href=\"https:\/\/www.mpal.mp.br\/wp-content\/uploads\/2022\/03\/LEI-No-5.847-DE-25.06.19961.pdf\" target=\"_blank\" rel=\"noopener\">ACESSAR<\/a><\/td>\n<\/tr>\n<tr style=\"background-color: #f0f0f0;\">\n<td style=\"width: 5%; height: 24px;\"><span style=\"font-size: 14pt;\"><strong>10<\/strong> <\/span><\/td>\n<td style=\"width: 95%; text-align: justify; height: 24px;\" colspan=\"2\"><strong>LEI N\u00ba 5.353, DE 17 DE JUNHO DE 1992<\/strong><\/td>\n<\/tr>\n<tr style=\"background-color: #f0f0f0;\">\n<td style=\"width: 5%; height: 24px;\"><\/td>\n<td style=\"width: 95%; text-align: justify; height: 24px;\" colspan=\"2\">DISP\u00d5E SOBRE A CRIA\u00c7\u00c3O DA COORDENADORIA DE DEFESA DOS DIREITOS DA CIDADANIA NO MINIST\u00c9RIO P\u00daBLICO ESTADUAL E D\u00c1 OUTRAS PROVID\u00caNCIAS<\/td>\n<\/tr>\n<tr style=\"background-color: #f0f0f0;\">\n<td style=\"width: 5%; height: 24px;\"><\/td>\n<td style=\"width: 95%; height: 24px; text-align: right;\" colspan=\"2\"><a href=\"https:\/\/www.mpal.mp.br\/wp-content\/uploads\/2022\/03\/Lei-5.353-de-17.06.19921.pdf\" target=\"_blank\" rel=\"noopener\">ACESSAR<\/a><\/td>\n<\/tr>\n<\/tbody>\n<\/table>\n<\/div><\/div><\/div><div class=\"fusion-panel panel-default\" role=\"tabpanel\"><div class=\"panel-heading\"><h4 class=\"panel-title toggle\"><a aria-expanded=\"false\" aria-selected=\"false\" aria-controls=\"8a24ada6788d0fa22\" role=\"tab\" data-toggle=\"collapse\" data-parent=\"#accordion-19072-10\" data-target=\"#8a24ada6788d0fa22\" href=\"#8a24ada6788d0fa22\"><span class=\"fusion-toggle-icon-wrapper\" aria-hidden=\"true\"><i class=\"fa-fusion-box\"><\/i><\/span><span class=\"fusion-toggle-heading\">LEGISLA\u00c7\u00c3O ESTADUAL - P\u00c1GINA 03<\/span><\/a><\/h4><\/div><div id=\"8a24ada6788d0fa22\" class=\"panel-collapse collapse \"><div class=\"panel-body toggle-content fusion-clearfix\">\n<table style=\"border-collapse: collapse; width: 100%; height: 336px;\">\n<tbody>\n<tr style=\"background-color: #f0f0f0;\">\n<td style=\"width: 5%; height: 24px;\"><span style=\"font-size: 14pt;\"><strong>11<\/strong> <\/span><\/td>\n<td style=\"width: 95%; text-align: justify; height: 24px;\" colspan=\"2\"><strong>LEI N\u00ba 5.963, DE 10 DE NOVEMBRO DE 1997<\/strong><\/td>\n<\/tr>\n<tr style=\"background-color: #f0f0f0;\">\n<td style=\"width: 5%; height: 24px;\"><\/td>\n<td style=\"width: 95%; text-align: justify; height: 24px;\" colspan=\"2\">INSTITUI O SISTEMA ESTADUAL DE DEFESA DO CONSUMIDOR E D\u00c1 PROVID\u00caNCIAS CORRELATAS<\/td>\n<\/tr>\n<tr style=\"background-color: #f0f0f0;\">\n<td style=\"width: 5%; height: 24px;\"><\/td>\n<td style=\"width: 95%; height: 24px; text-align: right;\" colspan=\"2\"><a href=\"https:\/\/www.mpal.mp.br\/wp-content\/uploads\/2022\/03\/Lei-5.963-de-10.11.19971.pdf\" target=\"_blank\" rel=\"noopener\">ACESSAR<\/a><\/td>\n<\/tr>\n<tr style=\"background-color: #ffffff;\">\n<td style=\"width: 5%; height: 24px;\"><span style=\"font-size: 14pt;\"><strong>12<\/strong> <\/span><\/td>\n<td style=\"width: 95%; text-align: justify; height: 24px;\" colspan=\"2\"><strong>LEI N\u00ba 6.154, DE 23 DE MAIO DE 2000<\/strong><\/td>\n<\/tr>\n<tr style=\"background-color: #ffffff;\">\n<td style=\"width: 5%; height: 24px;\"><\/td>\n<td style=\"width: 95%; text-align: justify; height: 24px;\" colspan=\"2\">ESTABELECE FORMAS DE AFIXA\u00c7\u00c3O DE PRE\u00c7OS E SERVI\u00c7OS E D\u00c1 PROVID\u00caNCIAS CORRELATAS.<\/td>\n<\/tr>\n<tr style=\"background-color: #ffffff;\">\n<td style=\"width: 5%; height: 24px;\"><\/td>\n<td style=\"width: 95%; height: 24px; text-align: right;\" colspan=\"2\"><a href=\"https:\/\/www.mpal.mp.br\/wp-content\/uploads\/2022\/03\/Lei-n.o-6.154-de-23-05-001.pdf\" target=\"_blank\" rel=\"noopener\">ACESSAR<\/a><\/td>\n<\/tr>\n<tr style=\"background-color: #f0f0f0;\">\n<td style=\"width: 5%; height: 24px;\"><span style=\"font-size: 14pt;\"><strong>13<\/strong> <\/span><\/td>\n<td style=\"width: 95%; text-align: justify; height: 24px;\" colspan=\"2\"><strong>LEI N\u00ba 6.547, DE 23 DE DEZEMBRO DE 2004<\/strong><\/td>\n<\/tr>\n<tr style=\"background-color: #f0f0f0;\">\n<td style=\"width: 5%; height: 24px;\"><\/td>\n<td style=\"width: 95%; text-align: justify; height: 24px;\" colspan=\"2\">DISP\u00d5E SOBRE A CRIA\u00c7\u00c3O DO INSTITUTO DE METROLOGIA E QUALIDADE DE ALAGOAS \u2013 INMEQ\/AL E D\u00c1 OUTRAS PROVID\u00caNCIAS.<\/td>\n<\/tr>\n<tr style=\"background-color: #f0f0f0;\">\n<td style=\"width: 5%; height: 24px;\"><\/td>\n<td style=\"width: 95%; height: 24px; text-align: right;\" colspan=\"2\"><a href=\"https:\/\/www.mpal.mp.br\/wp-content\/uploads\/2022\/03\/Lei-n.o-6.547-de-23-12-041.pdf\" target=\"_blank\" rel=\"noopener\">ACESSAR<\/a><\/td>\n<\/tr>\n<tr style=\"background-color: #ffffff;\">\n<td style=\"width: 5%; height: 24px;\"><span style=\"font-size: 14pt;\"><strong>14<\/strong> <\/span><\/td>\n<td style=\"width: 95%; text-align: justify; height: 24px;\" colspan=\"2\"><strong>LEI N\u00ba 6.122, DE 22 DE SETEMBRO DE 1999<\/strong><\/td>\n<\/tr>\n<tr style=\"background-color: #ffffff;\">\n<td style=\"width: 5%; height: 24px;\"><\/td>\n<td style=\"width: 95%; text-align: justify; height: 24px;\" colspan=\"2\">INSTITUI O PAGAMENTO DE MEIA ENTRADA PARA MAIORES DE 65 (SESSENTA E CINCO) ANOS NOS ESPET\u00c1CULOS MUSICAIS ART\u00cdSTICOS, CIRCENSES, TEATRAIS, CINEMATOGR\u00c1FICOS, ATIVIDADES SOCIAIS, ESPORTIVAS E QUAISQUER OUTRAS QUE PROPORCIONEM LAZER E ENTRETENIMENTO.<\/td>\n<\/tr>\n<tr style=\"background-color: #ffffff;\">\n<td style=\"width: 5%; height: 24px;\"><\/td>\n<td style=\"width: 95%; height: 24px; text-align: right;\" colspan=\"2\"><a href=\"https:\/\/www.mpal.mp.br\/wp-content\/uploads\/2022\/03\/LEI-N\u00b0-6.122-de-22.09.991.pdf\" target=\"_blank\" rel=\"noopener\">ACESSAR<\/a><\/td>\n<\/tr>\n<tr style=\"background-color: #f0f0f0;\">\n<td style=\"width: 5%; height: 24px;\"><span style=\"font-size: 14pt;\"><strong>15<\/strong> <\/span><\/td>\n<td style=\"width: 95%; text-align: justify; height: 24px;\" colspan=\"2\"><strong>LEI N\u00ba 6.138, DE 30 DE DEZEMBRO DE 1999<\/strong><\/td>\n<\/tr>\n<tr style=\"background-color: #f0f0f0;\">\n<td style=\"width: 5%; height: 24px;\"><\/td>\n<td style=\"width: 95%; text-align: justify; height: 24px;\" colspan=\"2\">INSTITUI O GUIA DOS MEDICAMENTOS GEN\u00c9RICOS E D\u00c1 OUTRAS PROVID\u00caNCIAS<\/td>\n<\/tr>\n<tr style=\"background-color: #f0f0f0;\">\n<td style=\"width: 5%; height: 24px;\"><\/td>\n<td style=\"width: 95%; height: 24px; text-align: right;\" colspan=\"2\"><a href=\"https:\/\/www.mpal.mp.br\/wp-content\/uploads\/2022\/03\/LEI-N\u00b0-6.138-de-30.12.991.pdf\" target=\"_blank\" rel=\"noopener\">ACESSAR<\/a><\/td>\n<\/tr>\n<\/tbody>\n<\/table>\n<\/div><\/div><\/div><div class=\"fusion-panel panel-default\" role=\"tabpanel\"><div class=\"panel-heading\"><h4 class=\"panel-title toggle\"><a aria-expanded=\"false\" aria-selected=\"false\" aria-controls=\"e652306ff9838064e\" role=\"tab\" data-toggle=\"collapse\" data-parent=\"#accordion-19072-10\" data-target=\"#e652306ff9838064e\" href=\"#e652306ff9838064e\"><span class=\"fusion-toggle-icon-wrapper\" aria-hidden=\"true\"><i class=\"fa-fusion-box\"><\/i><\/span><span class=\"fusion-toggle-heading\">LEGISLA\u00c7\u00c3O ESTADUAL - P\u00c1GINA 04<\/span><\/a><\/h4><\/div><div id=\"e652306ff9838064e\" class=\"panel-collapse collapse \"><div class=\"panel-body toggle-content fusion-clearfix\">\n<table style=\"border-collapse: collapse; width: 100%; height: 336px;\">\n<tbody>\n<tr style=\"background-color: #f0f0f0;\">\n<td style=\"width: 5%; height: 24px;\"><span style=\"font-size: 14pt;\"><strong>16<\/strong> <\/span><\/td>\n<td style=\"width: 95%; text-align: justify; height: 24px;\" colspan=\"2\"><strong>LEI N\u00ba 5.616, DE 26 DE ABRIL DE 1994<\/strong><\/td>\n<\/tr>\n<tr style=\"background-color: #f0f0f0;\">\n<td style=\"width: 5%; height: 24px;\"><\/td>\n<td style=\"width: 95%; text-align: justify; height: 24px;\" colspan=\"2\">PROIBE, EM TODO O ESTADO DE ALAGOAS, A INSTALA\u00c7\u00c3O DE BOMBAS DE COMBUST\u00cdVEL, TIPO \u201cSELF-SERVICE\u201d QUE PERMITE AO CONSUMIDOR FAZER O ABASTECIMENTO DO SEU PR\u00d3PRIO VE\u00cdCULO<\/td>\n<\/tr>\n<tr style=\"background-color: #f0f0f0;\">\n<td style=\"width: 5%; height: 24px;\"><\/td>\n<td style=\"width: 95%; height: 24px; text-align: right;\" colspan=\"2\"><a href=\"https:\/\/www.mpal.mp.br\/wp-content\/uploads\/2022\/03\/Lei-no-5.616-de-26-de-abril-de-19941.pdf\" target=\"_blank\" rel=\"noopener\">ACESSAR<\/a><\/td>\n<\/tr>\n<tr style=\"background-color: #ffffff;\">\n<td style=\"width: 5%; height: 24px;\"><span style=\"font-size: 14pt;\"><strong>17<\/strong> <\/span><\/td>\n<td style=\"width: 95%; text-align: justify; height: 24px;\" colspan=\"2\"><strong>LEI N\u00ba DE 5.856, DE 31 DE OUTUBRO DE 1996<\/strong><\/td>\n<\/tr>\n<tr style=\"background-color: #ffffff;\">\n<td style=\"width: 5%; height: 24px;\"><\/td>\n<td style=\"width: 95%; text-align: justify; height: 24px;\" colspan=\"2\">TRANSFORMA A DELEGACIA DE ORDEM POL\u00cdTICA E SOCIAL \u2013 DPS, EM DELEGACIA ESPECIALIZADA DE ATENDIMENTO E DEFESA DO CONSUMIDOR \u2013 DECON, E D\u00c1 PROVID\u00caNCIAS CORRELATAS.<\/td>\n<\/tr>\n<tr style=\"background-color: #ffffff;\">\n<td style=\"width: 5%; height: 24px;\"><\/td>\n<td style=\"width: 95%; height: 24px; text-align: right;\" colspan=\"2\"><a href=\"https:\/\/www.mpal.mp.br\/wp-content\/uploads\/2022\/03\/LEI-No-5.856-DE-31.10.19962.pdf\" target=\"_blank\" rel=\"noopener\">ACESSAR<\/a><\/td>\n<\/tr>\n<tr style=\"background-color: #f0f0f0;\">\n<td style=\"width: 5%; height: 24px;\"><span style=\"font-size: 14pt;\"><strong>18<\/strong> <\/span><\/td>\n<td style=\"width: 95%; text-align: justify; height: 24px;\" colspan=\"2\"><strong>LEI N\u00ba DE 5.889, DE 06 DE DEZEMBRO DE 1996<\/strong><\/td>\n<\/tr>\n<tr style=\"background-color: #f0f0f0;\">\n<td style=\"width: 5%; height: 24px;\"><\/td>\n<td style=\"width: 95%; text-align: justify; height: 24px;\" colspan=\"2\">DISP\u00d5E SOBRE A OBRIGATORIEDADE DA APRESENTA\u00c7\u00c3O DE CERTID\u00c3O NEGATIVA DE RECLAMA\u00c7\u00c3O PROCEDENTE EXPEDIDA PELO PROCON NOS PROCESSOS LICITAT\u00d3RIOS LEVADOS A EFEITO NO \u00c2MBITO DA ADMINISTRA\u00c7\u00c3O CENTRALIZADA E DESCENTRALIZADA ESTADUAL.<\/td>\n<\/tr>\n<tr style=\"background-color: #f0f0f0;\">\n<td style=\"width: 5%; height: 24px;\"><\/td>\n<td style=\"width: 95%; height: 24px; text-align: right;\" colspan=\"2\"><a href=\"https:\/\/www.mpal.mp.br\/wp-content\/uploads\/2022\/03\/LEI-No-5.889-DE-06.12.19961.pdf\" target=\"_blank\" rel=\"noopener\">ACESSAR<\/a><\/td>\n<\/tr>\n<tr style=\"background-color: #ffffff;\">\n<td style=\"width: 5%; height: 24px;\"><span style=\"font-size: 14pt;\"><strong>19<\/strong> <\/span><\/td>\n<td style=\"width: 95%; text-align: justify; height: 24px;\" colspan=\"2\"><strong>LEI N\u00ba 6.064, DE 19 DE NOVEMBRO DE 1998<\/strong><\/td>\n<\/tr>\n<tr style=\"background-color: #ffffff;\">\n<td style=\"width: 5%; height: 24px;\"><\/td>\n<td style=\"width: 95%; text-align: justify; height: 24px;\" colspan=\"2\">\u201cCRIA SELO DE QUALIDADE PARA PRODUTOS AV\u00cdCOLAS, E DISP\u00d5E SOBRE PROGRAMAS DE MONITORA\u00c7\u00c3O E CONTROLE DA INCID\u00caNCIA DE SALMONELOSE E OUTROS MICRO- ORGANISMOS PATOG\u00caNICOS E D\u00c1 OUTRAS PROVID\u00caNCIAS\u201d.<\/td>\n<\/tr>\n<tr style=\"background-color: #ffffff;\">\n<td style=\"width: 5%; height: 24px;\"><\/td>\n<td style=\"width: 95%; height: 24px; text-align: right;\" colspan=\"2\"><a href=\"https:\/\/www.mpal.mp.br\/wp-content\/uploads\/2022\/03\/LEI-No-6.064-DE-19-DE-NOVEMBRO-DE-19981.pdf\" target=\"_blank\" rel=\"noopener\">ACESSAR<\/a><\/td>\n<\/tr>\n<tr style=\"background-color: #f0f0f0;\">\n<td style=\"width: 5%; height: 24px;\"><span style=\"font-size: 14pt;\"><strong>20<\/strong> <\/span><\/td>\n<td style=\"width: 95%; text-align: justify; height: 24px;\" colspan=\"2\"><strong>LEI N\u00ba 6.608, DE 1\u00ba DE JULHO DE 2005<\/strong><\/td>\n<\/tr>\n<tr style=\"background-color: #f0f0f0;\">\n<td style=\"width: 5%; height: 24px;\"><\/td>\n<td style=\"width: 95%; text-align: justify; height: 24px;\" colspan=\"2\">REDEFINE O SISTEMA ESTADUAL DE DEFESA SANIT\u00c1RIA ANIMAL E D\u00c1 OUTRAS PROVID\u00caNCIAS CORRELATAS.<\/td>\n<\/tr>\n<tr style=\"background-color: #f0f0f0;\">\n<td style=\"width: 5%; height: 24px;\"><\/td>\n<td style=\"width: 95%; height: 24px; text-align: right;\" colspan=\"2\"><a href=\"https:\/\/www.mpal.mp.br\/wp-content\/uploads\/2022\/03\/Lei-no-6.608-de-01-07-051.pdf\" target=\"_blank\" rel=\"noopener\">ACESSAR<\/a><\/td>\n<\/tr>\n<\/tbody>\n<\/table>\n<\/div><\/div><\/div><div class=\"fusion-panel panel-default\" role=\"tabpanel\"><div class=\"panel-heading\"><h4 class=\"panel-title toggle\"><a aria-expanded=\"false\" aria-selected=\"false\" aria-controls=\"be833b3427e5c4442\" role=\"tab\" data-toggle=\"collapse\" data-parent=\"#accordion-19072-10\" data-target=\"#be833b3427e5c4442\" href=\"#be833b3427e5c4442\"><span class=\"fusion-toggle-icon-wrapper\" aria-hidden=\"true\"><i class=\"fa-fusion-box\"><\/i><\/span><span class=\"fusion-toggle-heading\">LEGISLA\u00c7\u00c3O ESTADUAL - P\u00c1GINA 05<\/span><\/a><\/h4><\/div><div id=\"be833b3427e5c4442\" class=\"panel-collapse collapse \"><div class=\"panel-body toggle-content fusion-clearfix\">\n<table style=\"border-collapse: collapse; width: 100%; height: 360px;\">\n<tbody>\n<tr style=\"background-color: #f0f0f0;\">\n<td style=\"width: 5%; height: 24px;\"><span style=\"font-size: 14pt;\"><strong>21<\/strong> <\/span><\/td>\n<td style=\"width: 95%; text-align: justify; height: 24px;\" colspan=\"2\"><strong>LEI N\u00ba 6.976, DE 25 DE AGOSTO DE 2008<\/strong><\/td>\n<\/tr>\n<tr style=\"background-color: #f0f0f0;\">\n<td style=\"width: 5%; height: 24px;\"><\/td>\n<td style=\"width: 95%; text-align: justify; height: 24px;\" colspan=\"2\">DISP\u00d5E SOBRE AS REGRAS M\u00cdNIMAS DE SEGURAN\u00c7A PARA A PR\u00c1TICA DE ESPORTES DE AVENTURA NO ESTADO E D\u00c1 OUTRAS PROVID\u00caNCIAS.<\/td>\n<\/tr>\n<tr style=\"background-color: #f0f0f0;\">\n<td style=\"width: 5%; height: 24px;\"><\/td>\n<td style=\"width: 95%; height: 24px; text-align: right;\" colspan=\"2\"><a href=\"https:\/\/www.mpal.mp.br\/wp-content\/uploads\/2022\/03\/Lei-no-6.976-de-25.08.081.pdf\" target=\"_blank\" rel=\"noopener\">ACESSAR<\/a><\/td>\n<\/tr>\n<tr style=\"background-color: #ffffff;\">\n<td style=\"width: 5%; height: 24px;\"><span style=\"font-size: 14pt;\"><strong>22<\/strong> <\/span><\/td>\n<td style=\"width: 95%; text-align: justify; height: 24px;\" colspan=\"2\"><strong>LEI N\u00ba 7.063, DE 06 DE JULHO DE 2009<\/strong><\/td>\n<\/tr>\n<tr style=\"background-color: #ffffff;\">\n<td style=\"width: 5%; height: 24px;\"><\/td>\n<td style=\"width: 95%; text-align: justify; height: 24px;\" colspan=\"2\">OBRIGA AS CONCESSION\u00c1RIAS E EMPRESAS PRESTADORAS DE SERVI\u00c7OS P\u00daBLICOS A EMITIR, NO FINAL DE CADA ANO, RECIBO DE QUITA\u00c7\u00c3O PARA OS CONSUMIDORES.<\/td>\n<\/tr>\n<tr style=\"background-color: #ffffff;\">\n<td style=\"width: 5%; height: 24px;\"><\/td>\n<td style=\"width: 95%; height: 24px; text-align: right;\" colspan=\"2\"><a href=\"https:\/\/www.mpal.mp.br\/wp-content\/uploads\/2022\/03\/Lei-no-7.063-de-06.07.091.pdf\" target=\"_blank\" rel=\"noopener\">ACESSAR<\/a><\/td>\n<\/tr>\n<tr style=\"background-color: #f0f0f0;\">\n<td style=\"width: 5%; height: 24px;\"><span style=\"font-size: 14pt;\"><strong>23<\/strong> <\/span><\/td>\n<td style=\"width: 95%; text-align: justify; height: 24px;\" colspan=\"2\"><strong>LEI N\u00ba 7.064, DE 07 DE JULHO DE 2009<\/strong><\/td>\n<\/tr>\n<tr style=\"background-color: #f0f0f0;\">\n<td style=\"width: 5%; height: 24px;\"><\/td>\n<td style=\"width: 95%; text-align: justify; height: 24px;\" colspan=\"2\">DISP\u00d5E SOBRE A INFORMA\u00c7\u00c3O AO CONSUMIDOR DO DIREITO DE, AO SALDAR ANTECIPADAMENTE SEUS D\u00c9BITOS, OBTER REDU\u00c7\u00c3O DE JUROS E OUTROS ENCARGOS.<\/td>\n<\/tr>\n<tr style=\"background-color: #f0f0f0;\">\n<td style=\"width: 5%; height: 24px;\"><\/td>\n<td style=\"width: 95%; height: 24px; text-align: right;\" colspan=\"2\"><a href=\"https:\/\/www.mpal.mp.br\/wp-content\/uploads\/2022\/03\/Lei-no-7.064-de-07.07.091.pdf\" target=\"_blank\" rel=\"noopener\">ACESSAR<\/a><\/td>\n<\/tr>\n<tr style=\"background-color: #ffffff;\">\n<td style=\"width: 5%; height: 24px;\"><span style=\"font-size: 14pt;\"><strong>24<\/strong> <\/span><\/td>\n<td style=\"width: 95%; text-align: justify; height: 24px;\" colspan=\"2\"><strong>LEI N\u00ba 7.686, DE 23 DE JANEIRO DE 2015<\/strong><\/td>\n<\/tr>\n<tr style=\"background-color: #ffffff;\">\n<td style=\"width: 5%; height: 24px;\"><\/td>\n<td style=\"width: 95%; text-align: justify; height: 24px;\" colspan=\"2\">DISP\u00d5E SOBRE A REGULAMENTA\u00c7\u00c3O DA COBRAN\u00c7A DE TAXA DE CONVENI\u00caNCIA PELAS EMPRESAS PRESTADORAS DE SERVI\u00c7O DE VENDA DE INGRESSOS PELA INTERNET OU TELEFONE NO ESTADO DE ALAGOAS.<\/td>\n<\/tr>\n<tr style=\"background-color: #ffffff;\">\n<td style=\"width: 5%; height: 24px;\"><\/td>\n<td style=\"width: 95%; height: 24px; text-align: right;\" colspan=\"2\"><a href=\"https:\/\/www.mpal.mp.br\/wp-content\/uploads\/2022\/03\/LEI-No-7.686-de-23.01.20151.pdf\" target=\"_blank\" rel=\"noopener\">ACESSAR<\/a><\/td>\n<\/tr>\n<tr style=\"background-color: #f0f0f0;\">\n<td style=\"width: 5%; height: 24px;\"><span style=\"font-size: 14pt;\"><strong>25<\/strong> <\/span><\/td>\n<td style=\"width: 95%; text-align: justify; height: 24px;\" colspan=\"2\"><strong>LEI N\u00ba 7.792, DE 22 DE JANEIRO DE 2016<\/strong><\/td>\n<\/tr>\n<tr style=\"background-color: #f0f0f0;\">\n<td style=\"width: 5%; height: 24px;\"><\/td>\n<td style=\"width: 95%; text-align: justify; height: 24px;\" colspan=\"2\">OBRIGA AS INSTITUI\u00c7\u00d5ES FINANCEIRAS A INFORMAR AO CONSUMIDOR AS FRAUDES MAIS FREQUENTES RELACIONADAS AOS SEUS SERVI\u00c7OS.<\/td>\n<\/tr>\n<tr style=\"background-color: #f0f0f0;\">\n<td style=\"width: 5%; height: 24px;\"><\/td>\n<td style=\"width: 95%; height: 24px; text-align: right;\" colspan=\"2\"><a href=\"https:\/\/www.mpal.mp.br\/wp-content\/uploads\/2022\/03\/LEI-No-7.792-DE-22-DE-JANEIRO-DE-20161.pdf\" target=\"_blank\" rel=\"noopener\">ACESSAR<\/a><\/td>\n<\/tr>\n<\/tbody>\n<\/table>\n<\/div><\/div><\/div><div class=\"fusion-panel panel-default\" role=\"tabpanel\"><div class=\"panel-heading\"><h4 class=\"panel-title toggle\"><a aria-expanded=\"false\" aria-selected=\"false\" aria-controls=\"99312ea91b9a4121c\" role=\"tab\" data-toggle=\"collapse\" data-parent=\"#accordion-19072-10\" data-target=\"#99312ea91b9a4121c\" href=\"#99312ea91b9a4121c\"><span class=\"fusion-toggle-icon-wrapper\" aria-hidden=\"true\"><i class=\"fa-fusion-box\"><\/i><\/span><span class=\"fusion-toggle-heading\">LEGISLA\u00c7\u00c3O ESTADUAL - P\u00c1GINA 06<\/span><\/a><\/h4><\/div><div id=\"99312ea91b9a4121c\" class=\"panel-collapse collapse \"><div class=\"panel-body toggle-content fusion-clearfix\">\n<table style=\"border-collapse: collapse; width: 100%; height: 336px;\">\n<tbody>\n<tr style=\"background-color: #f0f0f0;\">\n<td style=\"width: 5%; height: 24px;\"><span style=\"font-size: 14pt;\"><strong>26<\/strong> <\/span><\/td>\n<td style=\"width: 95%; text-align: justify; height: 24px;\" colspan=\"2\"><strong>LEI N\u00ba 7.826, DE 29 DE SETEMBRO DE 2016<\/strong><\/td>\n<\/tr>\n<tr style=\"background-color: #f0f0f0;\">\n<td style=\"width: 5%; height: 24px;\"><\/td>\n<td style=\"width: 95%; text-align: justify; height: 24px;\" colspan=\"2\">DISP\u00d5E SOBRE A PROIBI\u00c7\u00c3O DO USO DE \u201cPAPEL T\u00c9RMICO\u201d NA IMPRESS\u00c3O DE RECIBOS E COMPROVANTES BANC\u00c1RIOS E NOS ESTABELECIMENTOS COMERCIAIS NO ESTADO DE ALAGOAS.<\/td>\n<\/tr>\n<tr style=\"background-color: #f0f0f0;\">\n<td style=\"width: 5%; height: 24px;\"><\/td>\n<td style=\"width: 95%; height: 24px; text-align: right;\" colspan=\"2\"><a href=\"https:\/\/www.mpal.mp.br\/wp-content\/uploads\/2022\/03\/LEI-No-7.826-de-29.09.20161.pdf\" target=\"_blank\" rel=\"noopener\">ACESSAR<\/a><\/td>\n<\/tr>\n<tr style=\"background-color: #ffffff;\">\n<td style=\"width: 5%; height: 24px;\"><span style=\"font-size: 14pt;\"><strong>27<\/strong> <\/span><\/td>\n<td style=\"width: 95%; text-align: justify; height: 24px;\" colspan=\"2\"><strong>LEI N\u00ba 7.831, DE 4 DE OUTUBRO DE 2016<\/strong><\/td>\n<\/tr>\n<tr style=\"background-color: #ffffff;\">\n<td style=\"width: 5%; height: 24px;\"><\/td>\n<td style=\"width: 95%; text-align: justify; height: 24px;\" colspan=\"2\">DISP\u00d5E SOBRE A OBRIGATORIEDADE DOS FORNECEDORES A MANTEREM AMOSTRAS SEM LACRE DOS PRODUTOS \u00c0 VENDA PARA EXAME DO CONSUMIDOR.<\/td>\n<\/tr>\n<tr style=\"background-color: #ffffff;\">\n<td style=\"width: 5%; height: 24px;\"><\/td>\n<td style=\"width: 95%; height: 24px; text-align: right;\" colspan=\"2\"><a href=\"https:\/\/www.mpal.mp.br\/wp-content\/uploads\/2022\/03\/LEI-No-7.831-DE-04.10.2016.1.pdf\" target=\"_blank\" rel=\"noopener\">ACESSAR<\/a><\/td>\n<\/tr>\n<tr style=\"background-color: #f0f0f0;\">\n<td style=\"width: 5%; height: 24px;\"><span style=\"font-size: 14pt;\"><strong>28<\/strong> <\/span><\/td>\n<td style=\"width: 95%; text-align: justify; height: 24px;\" colspan=\"2\"><strong>LEI N\u00ba 7.834, DE 11 DE OUTUBRO DE 2016<\/strong><\/td>\n<\/tr>\n<tr style=\"background-color: #f0f0f0;\">\n<td style=\"width: 5%; height: 24px;\"><\/td>\n<td style=\"width: 95%; text-align: justify; height: 24px;\" colspan=\"2\">DISP\u00d5E SOBRE A EXIBI\u00c7\u00c3O DO PRE\u00c7O DOS PRODUTOS POR UNIDADE DE MEDIDA.<\/td>\n<\/tr>\n<tr style=\"background-color: #f0f0f0;\">\n<td style=\"width: 5%; height: 24px;\"><\/td>\n<td style=\"width: 95%; height: 24px; text-align: right;\" colspan=\"2\"><a href=\"https:\/\/www.mpal.mp.br\/wp-content\/uploads\/2022\/03\/LEI-No-7.834-DE-11.10.20161.pdf\" target=\"_blank\" rel=\"noopener\">ACESSAR<\/a><\/td>\n<\/tr>\n<tr style=\"background-color: #ffffff;\">\n<td style=\"width: 5%; height: 24px;\"><span style=\"font-size: 14pt;\"><strong>29<\/strong> <\/span><\/td>\n<td style=\"width: 95%; text-align: justify; height: 24px;\" colspan=\"2\"><strong>LEI N\u00ba 7.838, DE 27 DE OUTUBRO DE 2016<\/strong><\/td>\n<\/tr>\n<tr style=\"background-color: #ffffff;\">\n<td style=\"width: 5%; height: 24px;\"><\/td>\n<td style=\"width: 95%; text-align: justify; height: 24px;\" colspan=\"2\">DISP\u00d5E SOBRE A INCLUS\u00c3O DO NOME DO C\u00d4NJUGE OU MAIOR DE 18 (DEZOITO) ANOS QUE RESIDA COM O CONSUMIDOR NAS CONTAS MENSAIS DE SERVI\u00c7OS ESSENCIAIS, A FIM DE ATESTAR SUA RESID\u00caNCIA.<\/td>\n<\/tr>\n<tr style=\"background-color: #ffffff;\">\n<td style=\"width: 5%; height: 24px;\"><\/td>\n<td style=\"width: 95%; height: 24px; text-align: right;\" colspan=\"2\"><a href=\"https:\/\/www.mpal.mp.br\/wp-content\/uploads\/2022\/03\/LEI-No-7.838-de-27.11.2016-1.pdf\" target=\"_blank\" rel=\"noopener\">ACESSAR<\/a><\/td>\n<\/tr>\n<tr style=\"background-color: #f0f0f0;\">\n<td style=\"width: 5%; height: 24px;\"><span style=\"font-size: 14pt;\"><strong>30<\/strong> <\/span><\/td>\n<td style=\"width: 95%; text-align: justify; height: 24px;\" colspan=\"2\"><strong>LEI N\u00ba 7.856, DE 28 DE DEZEMBRO DE 2016<\/strong><\/td>\n<\/tr>\n<tr style=\"background-color: #f0f0f0;\">\n<td style=\"width: 5%; height: 24px;\"><\/td>\n<td style=\"width: 95%; text-align: justify; height: 24px;\" colspan=\"2\">DISP\u00d5E SOBRE A COBRAN\u00c7A DE COUVERT ART\u00cdSTICO E A OBRIGATORIEDADE DE COLOCA\u00c7\u00c3O DE PLACAS INFORMATIVAS DOS VALORES.<\/td>\n<\/tr>\n<tr style=\"background-color: #f0f0f0;\">\n<td style=\"width: 5%; height: 24px;\"><\/td>\n<td style=\"width: 95%; height: 24px; text-align: right;\" colspan=\"2\"><a href=\"https:\/\/www.mpal.mp.br\/wp-content\/uploads\/2022\/03\/LEI-No-7.856-de-28.12.2016.docx1_.pdf\" target=\"_blank\" rel=\"noopener\">ACESSAR<\/a><\/td>\n<\/tr>\n<\/tbody>\n<\/table>\n<\/div><\/div><\/div><\/div><\/div><style type=\"text\/css\">.fusion-accordian  #accordion-19072-11 .panel-title a .fa-fusion-box{ color: #ffffff;}.fusion-accordian  #accordion-19072-11 .panel-title a .fa-fusion-box:before{ font-size: 13px; width: 13px;}.fusion-accordian  #accordion-19072-11 .panel-title a{font-size:20px;}.fusion-accordian  #accordion-19072-11 .fa-fusion-box { background-color: #000000;border-color: #000000;}.fusion-accordian  #accordion-19072-11 .panel-title a:hover, #accordion-19072-11 .fusion-toggle-boxed-mode:hover .panel-title a { color: #003866;}.fusion-accordian  #accordion-19072-11 .panel-title .active .fa-fusion-box,.fusion-accordian  #accordion-19072-11 .panel-title a:hover .fa-fusion-box { background-color: #003866!important;border-color: #003866!important;}<\/style><div class=\"accordian fusion-accordian\"><div class=\"panel-group\" id=\"accordion-19072-11\" role=\"tablist\"><div class=\"fusion-panel panel-default\" role=\"tabpanel\"><div class=\"panel-heading\"><h4 class=\"panel-title toggle\"><a aria-expanded=\"false\" aria-selected=\"false\" aria-controls=\"b8498709c6b41a69a\" role=\"tab\" data-toggle=\"collapse\" data-parent=\"#accordion-19072-11\" data-target=\"#b8498709c6b41a69a\" href=\"#b8498709c6b41a69a\"><span class=\"fusion-toggle-icon-wrapper\" aria-hidden=\"true\"><i class=\"fa-fusion-box\"><\/i><\/span><span class=\"fusion-toggle-heading\">MATERIAL DE APOIO - NOTAS T\u00c9CNICAS<\/span><\/a><\/h4><\/div><div id=\"b8498709c6b41a69a\" class=\"panel-collapse collapse \"><div class=\"panel-body toggle-content fusion-clearfix\">\n<i class=\"fontawesome-icon fa-file-alt fas circle-no\" style=\"font-size:18px;margin-right:9px;color:#003866;\"><\/i><a href=\"https:\/\/www.mpal.mp.br\/wp-content\/uploads\/2025\/10\/Nota-Tecnica-Dia-das-Criancas-2025.pdf \" target=\"_blank\" rel=\"noopener\">Nota T\u00e9cnica &#8211; Orienta\u00e7\u00f5es e Cuidados para Compras no Dia das Crian\u00e7as<\/a><\/p>\n<i class=\"fontawesome-icon fa-file-alt fas circle-no\" style=\"font-size:18px;margin-right:9px;color:#003866;\"><\/i><a href=\"https:\/\/www.mpal.mp.br\/wp-content\/uploads\/2025\/05\/NOTA-Tencia-Festejos-Juninos.pdf\" target=\"_blank\" rel=\"noopener\">Nota T\u00e9cnica &#8211; Orienta\u00e7\u00f5es e Recomenda\u00e7\u00f5es para Prote\u00e7\u00e3o dos Direitos dos Consumidores nos Festejos Juninos 2025<\/a><\/p>\n<i class=\"fontawesome-icon fa-file-alt fas circle-no\" style=\"font-size:18px;margin-right:9px;color:#003866;\"><\/i><a href=\"https:\/\/www.mpal.mp.br\/wp-content\/uploads\/2024\/01\/NOTA-TECNICA-MATERIAL-ESCOLAR-2024.pdf\" target=\"_blank\" rel=\"noopener\">Pr\u00e1ticas Abusivas na Exig\u00eancia de Materiais Escolares<\/a><\/p>\n<i class=\"fontawesome-icon fa-file-alt fas circle-no\" style=\"font-size:18px;margin-right:9px;color:#003866;\"><\/i><a href=\"https:\/\/www.mpal.mp.br\/wp-content\/uploads\/2024\/10\/Nota-Tecnica-Finado.pdf\" target=\"_blank\" rel=\"noopener\">Recomenda\u00e7\u00f5es para Compras do Dia de Finados<\/a><\/p>\n<i class=\"fontawesome-icon fa-file-alt fas circle-no\" style=\"font-size:18px;margin-right:9px;color:#003866;\"><\/i><a href=\"https:\/\/www.mpal.mp.br\/wp-content\/uploads\/2024\/10\/Pesquisa-de-Finados-20232024-Table-1.pdf\" target=\"_blank\" rel=\"noopener\">Pesquisa &#8211; Dia de Finados &#8211; Aquisi\u00e7\u00e3o de Produtos<\/a><\/p>\n<i class=\"fontawesome-icon fa-file-alt fas circle-no\" style=\"font-size:18px;margin-right:9px;color:#003866;\"><\/i><a href=\"https:\/\/www.mpal.mp.br\/wp-content\/uploads\/2023\/05\/Nota-Te\u0301cnica1.pdf\" target=\"_blank\" rel=\"noopener\">Monitoramento da Precifica\u00e7\u00e3o de Combust\u00edveis &#8211; Comunicado e Procedimentos<\/a><\/p>\n<i class=\"fontawesome-icon fa-file-alt fas circle-no\" style=\"font-size:18px;margin-right:9px;color:#003866;\"><\/i><a href=\"https:\/\/www.mpal.mp.br\/wp-content\/uploads\/2022\/03\/Nota-Tecnica-Black-Friday-Copia.pdf\" target=\"_blank\" rel=\"noopener\">N\u00facleo do Consumidor<\/a><\/p>\n<i class=\"fontawesome-icon fa-link fas circle-no\" style=\"font-size:18px;margin-right:9px;color:#003866;\"><\/i><a href=\"https:\/\/www.defesadoconsumidor.gov.br\/portal\/biblioteca\/95-notas-tecnicas\" target=\"_blank\" rel=\"noopener\"> Senacon<\/a><\/p>\n<i class=\"fontawesome-icon fa-file-alt fas circle-no\" style=\"font-size:18px;margin-right:9px;color:#003866;\"><\/i><a href=\"https:\/\/www.mpal.mp.br\/wp-content\/uploads\/2023\/06\/Nota-Te\u0301cnica-Seguranc\u0327a-Alimentar-assinado.pdf\" target=\"_blank\" rel=\"noopener\">Seguran\u00e7a Alimentar e a Lei 11.346\/2006<\/a><\/p>\n<i class=\"fontawesome-icon fa-file-alt fas circle-no\" style=\"font-size:18px;margin-right:9px;color:#003866;\"><\/i><a href=\"https:\/\/www.mpal.mp.br\/wp-content\/uploads\/2023\/06\/Nota-TA\u0303\u00a9nica-ComA\u0303\u00a9rcio-EletrA\u0303\u00b4nico.pdf\" target=\"_blank\" rel=\"noopener\">Direitos dos Consumidores no Com\u00e9rcio Eletr\u00f4nico &#8211; Marco Civil da Internet<\/a><\/p>\n<i class=\"fontawesome-icon fa-file-alt fas circle-no\" style=\"font-size:18px;margin-right:9px;color:#003866;\"><\/i><a href=\"https:\/\/www.mpal.mp.br\/wp-content\/uploads\/2023\/06\/NOTA-TA\u0303_CNICA-PARCELAMENTO-DO-SOLO.pdf\" target=\"_blank\" rel=\"noopener\">Disp\u00f5e sobre as medidas aplicadas quanto ao parcelamento do solo urbano.<\/a><\/p>\n<i class=\"fontawesome-icon fa-file-alt fas circle-no\" style=\"font-size:18px;margin-right:9px;color:#003866;\"><\/i><a href=\"https:\/\/www.mpal.mp.br\/wp-content\/uploads\/2024\/11\/nota_tecnica_dia_das_criancas_2024.pdf\" target=\"_blank\" rel=\"noopener\">Nota T\u00e9cnica &#8211; Dia das Crian\u00e7as 2024<\/a><\/p>\n<i class=\"fontawesome-icon fa-file-alt fas circle-no\" style=\"font-size:18px;margin-right:9px;color:#003866;\"><\/i><a href=\"https:\/\/www.mpal.mp.br\/wp-content\/uploads\/2023\/11\/Nota-Te\u0301cnica-Black-Friday-2023.pdf\" target=\"_blank\" rel=\"noopener\">Nota T\u00e9cnica &#8211; Black Friday 2023<\/a><\/p>\n<i class=\"fontawesome-icon fa-file-alt fas circle-no\" style=\"font-size:18px;margin-right:9px;color:#003866;\"><\/i><a href=\"https:\/\/www.mpal.mp.br\/wp-content\/uploads\/2024\/11\/Nota-Tecnica-Black-Friday-2024.pdf\" target=\"_blank\" rel=\"noopener\">Nota T\u00e9cnica &#8211; Black Friday 2024<\/a><\/p>\n<i class=\"fontawesome-icon fa-file-alt fas circle-no\" style=\"font-size:18px;margin-right:9px;color:#003866;\"><\/i><a href=\"https:\/\/www.mpal.mp.br\/wp-content\/uploads\/2024\/11\/Pesquisa-de-Preo-Pr-Black-Friday-2024.pdf\" target=\"_blank\" rel=\"noopener\">Pesquisa de pre\u00e7os &#8211; Black Friday 2024<\/a><\/p>\n<i class=\"fontawesome-icon fa-file-alt fas circle-no\" style=\"font-size:18px;margin-right:9px;color:#003866;\"><\/i><a href=\"https:\/\/www.mpal.mp.br\/wp-content\/uploads\/2024\/05\/Nota-Tecnica-Dia-Maes-2024.pdf\" target=\"_blank\" rel=\"noopener\">Nota T\u00e9cnica &#8211; Dia das M\u00e3es 2024<\/a><\/p>\n<i class=\"fontawesome-icon fa-file-alt fas circle-no\" style=\"font-size:18px;margin-right:9px;color:#003866;\"><\/i><a href=\"https:\/\/www.mpal.mp.br\/wp-content\/uploads\/2026\/03\/Nota-Tecnica-Semana-Santa-2026.pdf\" target=\"_blank\" rel=\"noopener\">Nota T\u00e9cnica &#8211; Semana Santa 2026<\/a><\/p>\n<\/div><\/div><\/div><\/div><\/div><style type=\"text\/css\">.fusion-accordian  #accordion-19072-12 .panel-title a .fa-fusion-box{ color: #ffffff;}.fusion-accordian  #accordion-19072-12 .panel-title a .fa-fusion-box:before{ font-size: 13px; width: 13px;}.fusion-accordian  #accordion-19072-12 .panel-title a{font-size:20px;}.fusion-accordian  #accordion-19072-12 .fa-fusion-box { background-color: #000000;border-color: #000000;}.fusion-accordian  #accordion-19072-12 .panel-title a:hover, #accordion-19072-12 .fusion-toggle-boxed-mode:hover .panel-title a { color: #003866;}.fusion-accordian  #accordion-19072-12 .panel-title .active .fa-fusion-box,.fusion-accordian  #accordion-19072-12 .panel-title a:hover .fa-fusion-box { background-color: #003866!important;border-color: #003866!important;}<\/style><div class=\"accordian fusion-accordian\"><div class=\"panel-group\" id=\"accordion-19072-12\" role=\"tablist\"><div class=\"fusion-panel panel-default\" role=\"tabpanel\"><div class=\"panel-heading\"><h4 class=\"panel-title toggle\"><a aria-expanded=\"false\" aria-selected=\"false\" aria-controls=\"628e10294ac45ce23\" role=\"tab\" data-toggle=\"collapse\" data-parent=\"#accordion-19072-12\" data-target=\"#628e10294ac45ce23\" href=\"#628e10294ac45ce23\"><span class=\"fusion-toggle-icon-wrapper\" aria-hidden=\"true\"><i class=\"fa-fusion-box\"><\/i><\/span><span class=\"fusion-toggle-heading\">MATERIAL DE APOIO - CARTILHAS<\/span><\/a><\/h4><\/div><div id=\"628e10294ac45ce23\" class=\"panel-collapse collapse \"><div class=\"panel-body toggle-content fusion-clearfix\"><i class=\"fontawesome-icon fa-file-alt fas circle-no\" style=\"font-size:18px;margin-right:9px;color:#003866;\"><\/i><a href=\"https:\/\/www.mpal.mp.br\/wp-content\/uploads\/2023\/07\/Guia-Pra\u0301tico-Cuidados-na-aquisic\u0327a\u0303o-de-lotes-e-imo\u0301veis.pdf\" target=\"_blank\" rel=\"noopener\">Guia Pr\u00e1tico: Cuidados na aquisi\u00e7\u00e3o de lotes e im\u00f3veis<\/a><\/p>\n<i class=\"fontawesome-icon fa-file-alt fas circle-no\" style=\"font-size:18px;margin-right:9px;color:#003866;\"><\/i><a href=\"https:\/\/www.mpal.mp.br\/wp-content\/uploads\/2023\/07\/Na-mesa-com-confianc\u0327a-Orientac\u0327o\u0303es-para-a-seguranc\u0327a-alimentar.pdf\" target=\"_blank\" rel=\"noopener\">Na mesa com confian\u00e7a: Orienta\u00e7\u00f5es para a seguran\u00e7a alimentar<\/a><\/p>\n<i class=\"fontawesome-icon fa-file-alt fas circle-no\" style=\"font-size:18px;margin-right:9px;color:#003866;\"><\/i><a href=\"https:\/\/www.mpal.mp.br\/wp-content\/uploads\/2023\/07\/Do-clique-a-entrega-Um-guia-de-protecao-ao-consumidor-no-E-commerce.pdf\" target=\"_blank\" rel=\"noopener\">Guia de prote\u00e7\u00e3o ao consumidor no E-commerce<\/a><\/div><\/div><\/div><\/div><\/div><style type=\"text\/css\">.fusion-accordian  #accordion-19072-13 .panel-title a .fa-fusion-box{ color: #ffffff;}.fusion-accordian  #accordion-19072-13 .panel-title a .fa-fusion-box:before{ font-size: 13px; width: 13px;}.fusion-accordian  #accordion-19072-13 .panel-title a{font-size:20px;}.fusion-accordian  #accordion-19072-13 .fa-fusion-box { background-color: #000000;border-color: #000000;}.fusion-accordian  #accordion-19072-13 .panel-title a:hover, #accordion-19072-13 .fusion-toggle-boxed-mode:hover .panel-title a { color: #003866;}.fusion-accordian  #accordion-19072-13 .panel-title .active .fa-fusion-box,.fusion-accordian  #accordion-19072-13 .panel-title a:hover .fa-fusion-box { background-color: #003866!important;border-color: #003866!important;}<\/style><div class=\"accordian fusion-accordian\"><div class=\"panel-group\" id=\"accordion-19072-13\" role=\"tablist\"><div class=\"fusion-panel panel-default\" role=\"tabpanel\"><div class=\"panel-heading\"><h4 class=\"panel-title toggle\"><a aria-expanded=\"false\" aria-selected=\"false\" aria-controls=\"0856a924e24d297ed\" role=\"tab\" data-toggle=\"collapse\" data-parent=\"#accordion-19072-13\" data-target=\"#0856a924e24d297ed\" href=\"#0856a924e24d297ed\"><span class=\"fusion-toggle-icon-wrapper\" aria-hidden=\"true\"><i class=\"fa-fusion-box\"><\/i><\/span><span class=\"fusion-toggle-heading\">MATERIAL DE APOIO - BOLETIM<\/span><\/a><\/h4><\/div><div id=\"0856a924e24d297ed\" class=\"panel-collapse collapse \"><div class=\"panel-body toggle-content fusion-clearfix\"><i class=\"fontawesome-icon fa-file-alt fas circle-no\" style=\"font-size:18px;margin-right:9px;color:#003866;\"><\/i><a href=\"https:\/\/www.mpal.mp.br\/wp-content\/uploads\/2025\/02\/Boletim.pdf\" target=\"_blank\" rel=\"noopener\">Consumidor: Boletim Informativo &#8211; 01 de Fevereiro de 2025<\/a><\/p>\n<i class=\"fontawesome-icon fa-file-alt fas circle-no\" style=\"font-size:18px;margin-right:9px;color:#003866;\"><\/i><a href=\"https:\/\/www.mpal.mp.br\/wp-content\/uploads\/2024\/10\/Nota-Tecnica-GCM-1.pdf\" target=\"_blank\" rel=\"noopener\">Consumidor: Boletim Informativo &#8211; 04 de outubro de 2024<\/a><\/p>\n<\/div><\/div><\/div><\/div><\/div><style type=\"text\/css\">.fusion-accordian  #accordion-19072-14 .panel-title a .fa-fusion-box{ color: #ffffff;}.fusion-accordian  #accordion-19072-14 .panel-title a .fa-fusion-box:before{ font-size: 13px; width: 13px;}.fusion-accordian  #accordion-19072-14 .panel-title a{font-size:20px;}.fusion-accordian  #accordion-19072-14 .fa-fusion-box { background-color: #000000;border-color: #000000;}.fusion-accordian  #accordion-19072-14 .panel-title a:hover, #accordion-19072-14 .fusion-toggle-boxed-mode:hover .panel-title a { color: #003866;}.fusion-accordian  #accordion-19072-14 .panel-title .active .fa-fusion-box,.fusion-accordian  #accordion-19072-14 .panel-title a:hover .fa-fusion-box { background-color: #003866!important;border-color: #003866!important;}<\/style><div class=\"accordian fusion-accordian\"><div class=\"panel-group\" id=\"accordion-19072-14\" role=\"tablist\"><div class=\"fusion-panel panel-default\" role=\"tabpanel\"><div class=\"panel-heading\"><h4 class=\"panel-title toggle\"><a aria-expanded=\"false\" aria-selected=\"false\" aria-controls=\"d5aaefddf78dadb22\" role=\"tab\" data-toggle=\"collapse\" data-parent=\"#accordion-19072-14\" data-target=\"#d5aaefddf78dadb22\" href=\"#d5aaefddf78dadb22\"><span class=\"fusion-toggle-icon-wrapper\" aria-hidden=\"true\"><i class=\"fa-fusion-box\"><\/i><\/span><span class=\"fusion-toggle-heading\">MATERIAL DE APOIO - ROTEIRO PR\u00c1TICO<\/span><\/a><\/h4><\/div><div id=\"d5aaefddf78dadb22\" class=\"panel-collapse collapse \"><div class=\"panel-body toggle-content fusion-clearfix\"><i class=\"fontawesome-icon fa-file-alt fas circle-no\" style=\"font-size:18px;margin-right:9px;color:#003866;\"><\/i><a href=\"https:\/\/www.mpal.mp.br\/wp-content\/uploads\/2026\/04\/ROTEIRO-PRATICO-MPAL-compactado.pdf\" target=\"_blank\" rel=\"noopener\">Roteiro Pr\u00e1tico &#8211; Aumento Abusivo de Pre\u00e7os<\/a><\/p>\n<i class=\"fontawesome-icon fa-file-alt fas circle-no\" style=\"font-size:18px;margin-right:9px;color:#003866;\"><\/i><a href=\"https:\/\/www.mpal.mp.br\/wp-content\/uploads\/2025\/10\/ROTEIRO-POA.pdf\" target=\"_blank\" rel=\"noopener\">Roteiro Pr\u00e1tico &#8211; Produtos de Origem Animal<\/a><\/p>\n<i class=\"fontawesome-icon fa-file-alt fas circle-no\" style=\"font-size:18px;margin-right:9px;color:#003866;\"><\/i><a href=\"https:\/\/www.mpal.mp.br\/wp-content\/uploads\/2025\/06\/Roteiro.Combustiveis-concluido.pdf\" target=\"_blank\" rel=\"noopener\">Roteiro Pr\u00e1tico &#8211; Irregularidades na Comercializa\u00e7\u00e3o de Combust\u00edveis<\/a><\/p>\n<i class=\"fontawesome-icon fa-file-alt fas circle-no\" style=\"font-size:18px;margin-right:9px;color:#003866;\"><\/i><a href=\"https:\/\/www.mpal.mp.br\/wp-content\/uploads\/2025\/02\/ROTEIRO.GLP_.pdf\" target=\"_blank\" rel=\"noopener\">Roteiro Pr\u00e1tico &#8211; Com\u00e9rcio Clandestino de GLP<\/a><\/div><\/div><\/div><\/div><\/div><\/div><\/div><\/div><div class=\"fusion-sep-clear\"><\/div><div class=\"fusion-separator fusion-full-width-sep sep-double\" style=\"border-color:rgba(255,252,252,0);border-top-width:1px;border-bottom-width:1px;margin-left: auto;margin-right: auto;margin-top:20px;\"><\/div><style type=\"text\/css\"><\/style><div class=\"fusion-title title fusion-title-5 fusion-title-center fusion-title-text fusion-title-size-one\" style=\"margin-top:0px;margin-bottom:20px;\"><div class=\"title-sep-container title-sep-container-left\"><div class=\"title-sep sep-double sep-solid\" style=\"border-color:#e0dede;\"><\/div><\/div><h1 class=\"title-heading-center\" style=\"margin:0;\">SITES &#8211; CONSUMIDOR<\/h1><div class=\"title-sep-container title-sep-container-right\"><div class=\"title-sep sep-double sep-solid\" style=\"border-color:#e0dede;\"><\/div><\/div><\/div><div class=\"fusion-flip-boxes flip-boxes row fusion-columns-2 flip-effect-classic\"><div class=\"fusion-flip-box-wrapper fusion-column col-lg-6 col-md-6 col-sm-6\"><div class=\"fusion-flip-box flip-right\"><div class=\"flip-box-inner-wrapper\"><div class=\"flip-box-front\" style=\"background-color:#03a9f4;border-color:rgba(3,169,244,0);border-radius:5px;border-style:solid;border-width:5px;color:#ffffff;transition-duration:0.4s;background-image: url(&#039;https:\/\/www.mpal.mp.br\/wp-content\/uploads\/2022\/04\/logo_consumidor_01.jpg&#039;);\"><div class=\"flip-box-front-inner\"><div class=\"flip-box-grafix flip-box-image\"><img loading=\"lazy\" decoding=\"async\" src=\"https:\/\/www.mpal.mp.br\/wp-content\/uploads\/2022\/04\/icon.png\" width=\"300\" height=\"177\" alt=\"\" \/><\/div><\/div><\/div><div class=\"flip-box-back\" style=\"background-color:#38b9f4;border-color:rgba(3,169,244,0);border-radius:5px;border-style:solid;border-width:5px;color:#003866;transition-duration:0.4s;background-image: url(&#039;https:\/\/www.mpal.mp.br\/wp-content\/uploads\/2022\/04\/logo_consumidor_02.jpg&#039;);\"><div class=\"flip-box-back-inner\"><div class=\"fusion-button-wrapper\"><style type=\"text\/css\">.fusion-button.button-1 {border-radius:5px;}<\/style><a class=\"fusion-button button-flat fusion-button-default-size button-default button-1 fusion-button-default-span fusion-button-default-type\" target=\"_blank\" rel=\"noopener noreferrer\" href=\"https:\/\/al.consumidorvencedor.mp.br\/web\/al\/home\"><span class=\"fusion-button-text\">ACESSAR O SITE<\/span><\/a><\/div><\/div><\/div><\/div><\/div><\/div><div class=\"fusion-flip-box-wrapper fusion-column col-lg-6 col-md-6 col-sm-6\"><div class=\"fusion-flip-box flip-right\"><div class=\"flip-box-inner-wrapper\"><div class=\"flip-box-front\" style=\"background-color:#03a9f4;border-color:rgba(3,169,244,0);border-radius:5px;border-style:solid;border-width:5px;color:#ffffff;transition-duration:0.4s;background-image: url(&#039;https:\/\/www.mpal.mp.br\/wp-content\/uploads\/2022\/04\/logo_consumidor_03.jpg&#039;);\"><div class=\"flip-box-front-inner\"><div class=\"flip-box-grafix flip-box-image\"><img loading=\"lazy\" decoding=\"async\" src=\"https:\/\/www.mpal.mp.br\/wp-content\/uploads\/2022\/04\/icon.png\" width=\"300\" height=\"177\" alt=\"\" \/><\/div><\/div><\/div><div class=\"flip-box-back\" style=\"background-color:#38b9f4;border-color:rgba(3,169,244,0);border-radius:5px;border-style:solid;border-width:5px;color:#003866;transition-duration:0.4s;background-image: url(&#039;https:\/\/www.mpal.mp.br\/wp-content\/uploads\/2022\/04\/logo_consumidor_04.jpg&#039;);\"><div class=\"flip-box-back-inner\"><div class=\"fusion-button-wrapper\"><style type=\"text\/css\">.fusion-button.button-2 {border-radius:5px;}<\/style><a class=\"fusion-button button-flat fusion-button-default-size button-default button-2 fusion-button-default-span fusion-button-default-type\" target=\"_blank\" rel=\"noopener noreferrer\" href=\"https:\/\/consumidor.gov.br\/pages\/principal\/?1649417234051\"><span class=\"fusion-button-text\">ACESSAR O SITE<\/span><\/a><\/div><\/div><\/div><\/div><\/div><\/div><\/div><div class=\"fusion-clearfix\"><\/div><div class=\"fusion-clearfix\"><\/div>\n\n\t\t\t\t\t<\/div>\n\t\t\t\t<\/div><\/div><\/div><div class=\"fusion-fullwidth fullwidth-box fusion-builder-row-3 hundred-percent-fullwidth non-hundred-percent-height-scrolling\"  style='background-color: #7ccef4;background-image:linear-gradient(0deg, var(--awb-color5) 0%,hsla(var(--awb-color5-h),var(--awb-color5-s),var(--awb-color5-l),calc(var(--awb-color5-a) - 20%)) 78%);background-position: center center;background-repeat: no-repeat;padding-top:0px;padding-right:10%;padding-bottom:0px;padding-left:10%;'><div class=\"fusion-builder-row fusion-row \"><div  class=\"fusion-layout-column fusion_builder_column fusion_builder_column_1_1 fusion-builder-column-5 fusion-one-full fusion-column-first fusion-column-last 1_1\"  style='margin-top:0px;margin-bottom:20px;'>\n\t\t\t\t\t<div class=\"fusion-column-wrapper\" style=\"padding: 0px 0px 0px 0px;background-position:left top;background-repeat:no-repeat;-webkit-background-size:cover;-moz-background-size:cover;-o-background-size:cover;background-size:cover;\"   data-bg-url=\"\">\n\t\t\t\t\t\t<div class=\"fusion-section-separator section-separator hills-opacity\" style=\"font-size:0;line-height:0;margin-left:calc( (100% + 12.5% + 12.5%) * 10 \/ -100 );margin-right:calc( (100% + 12.5% + 12.5%) * 10 \/ -100 );\"><svg class=\"fusion-hills-opacity-candy\" fill=\"#ffffff\" xmlns=\"http:\/\/www.w3.org\/2000\/svg\" version=\"1.1\" width=\"100%\" viewBox=\"0 0 1024 182\" preserveAspectRatio=\"none\" class=\"section-separator-shortcode-divider-svg\"><path class=\"st0\" d=\"M0 0h1024v140.5C995.9 162 963.9 178 926.9 178c-112.8 0-198.1-93.8-289.8-93.8s-199.5 91-285.3 91-142.2-82.1-238.5-82.1c-63.1 0-75.7 31.6-113.3 53.6V0z\"\/>\n\t\t\t\t\t\t\t\t\t<path class=\"st1\" d=\"M1024 0v75.9C984.3 60 942.2 48.6 905.3 50.1c-110.4 4.5-191.8 109.8-325.5 116.2C470.6 171.5 235.6 46.1 150.3 0H1024z\"\/>\n\t\t\t\t\t\t\t\t\t<path class=\"st2\" d=\"M0 0h1024v92c-57.5 30.9-116.9 73.7-199.9 75-133.8 2-158.9-87.9-342-87.9S202.1 183.7 74.2 182c-27.8-.3-52.4-4.2-74.2-9.7V0z\"\/>\n\t\t\t\t\t\t\t\t\t<path class=\"st3\" d=\"M0 0h1024v101.6C986.8 82 943.3 66.3 884.4 65.4 733.3 63 742.8 94 585.9 94.6S447 47.6 280.4 50.9C132.8 53.6 91.2 137.5 0 154V0z\"\/>\n\t\t\t\t\t\t\t\t\t<path class=\"st4\" d=\"M0 0h1024v77.3c-49-20.1-120.5-42.4-193.2-42.1-128.9.5-159.8 72.3-255.8 72.3-89.1 0-134.7-80.2-245-82-110.4-1.8-160.9 57.2-280 59.2-17.2.3-33.9-1.8-50-5.7V0z\"\/>\n\t\t\t\t\t\t\t\t<\/svg><\/div><div class=\"fusion-clearfix\"><\/div>\n\n\t\t\t\t\t<\/div>\n\t\t\t\t<\/div><\/div><\/div><\/p>\n","protected":false},"excerpt":{"rendered":"","protected":false},"author":1,"featured_media":0,"parent":0,"menu_order":0,"comment_status":"closed","ping_status":"closed","template":"100-width.php","meta":{"om_disable_all_campaigns":false,"_monsterinsights_skip_tracking":false,"_monsterinsights_sitenote_active":false,"_monsterinsights_sitenote_note":"","_monsterinsights_sitenote_category":0,"_uf_show_specific_survey":0,"_uf_disable_surveys":false,"footnotes":""},"class_list":["post-19072","page","type-page","status-publish","hentry"],"aioseo_notices":[],"_links":{"self":[{"href":"https:\/\/www.mpal.mp.br\/index.php?rest_route=\/wp\/v2\/pages\/19072","targetHints":{"allow":["GET"]}}],"collection":[{"href":"https:\/\/www.mpal.mp.br\/index.php?rest_route=\/wp\/v2\/pages"}],"about":[{"href":"https:\/\/www.mpal.mp.br\/index.php?rest_route=\/wp\/v2\/types\/page"}],"author":[{"embeddable":true,"href":"https:\/\/www.mpal.mp.br\/index.php?rest_route=\/wp\/v2\/users\/1"}],"replies":[{"embeddable":true,"href":"https:\/\/www.mpal.mp.br\/index.php?rest_route=%2Fwp%2Fv2%2Fcomments&post=19072"}],"version-history":[{"count":68,"href":"https:\/\/www.mpal.mp.br\/index.php?rest_route=\/wp\/v2\/pages\/19072\/revisions"}],"predecessor-version":[{"id":69098,"href":"https:\/\/www.mpal.mp.br\/index.php?rest_route=\/wp\/v2\/pages\/19072\/revisions\/69098"}],"wp:attachment":[{"href":"https:\/\/www.mpal.mp.br\/index.php?rest_route=%2Fwp%2Fv2%2Fmedia&parent=19072"}],"curies":[{"name":"wp","href":"https:\/\/api.w.org\/{rel}","templated":true}]}}