{"id":19001,"date":"2022-10-05T11:08:10","date_gmt":"2022-10-05T14:08:10","guid":{"rendered":"https:\/\/www.mpal.mp.br\/?page_id=19001"},"modified":"2026-01-22T13:12:50","modified_gmt":"2026-01-22T16:12:50","slug":"defesa-da-infancia-e-juventude","status":"publish","type":"page","link":"https:\/\/www.mpal.mp.br\/?page_id=19001","title":{"rendered":"N\u00facleo de Defesa da Inf\u00e2ncia e Juventude"},"content":{"rendered":"<p><div class=\"fusion-fullwidth fullwidth-box fusion-builder-row-1 nonhundred-percent-fullwidth non-hundred-percent-height-scrolling\"  style='background-color: var(--awb-color5);background-image:linear-gradient(180deg, rgba(255,255,255,0) 0%,#f6f6f6 100%);background-position: center top;background-repeat: no-repeat;padding-top:0px;padding-right:0px;padding-bottom:0px;padding-left:0px;'><div class=\"fusion-builder-row fusion-row \"><div  class=\"fusion-layout-column fusion_builder_column fusion_builder_column_3_5 fusion-builder-column-1 fusion-three-fifth fusion-column-first 3_5\"  style='margin-top:0px;margin-bottom:20px;width:60%;width:calc(60% - ( ( 4% ) * 0.6 ) );margin-right: 4%;'>\n\t\t\t\t\t<div class=\"fusion-column-wrapper\" style=\"padding: 10% 0px 0px 0px;background-position:left top;background-repeat:no-repeat;-webkit-background-size:cover;-moz-background-size:cover;-o-background-size:cover;background-size:cover;\"   data-bg-url=\"\">\n\t\t\t\t\t\t<div class=\"fusion-widget-area fusion-widget-area-1 fusion-content-widget-area\"><style type=\"text\/css\">.fusion-widget-area-1 {padding:0px 0px 0px 0px;}.fusion-widget-area-1 .widget h4 {color:#000000;}.fusion-widget-area-1 .widget .heading h4 {color:#000000;}.fusion-widget-area-1 .widget h4 {font-size:20px;}.fusion-widget-area-1 .widget .heading h4 {font-size:20px;}<\/style><section id=\"block-26\" class=\"fusion-slidingbar-widget-column widget widget_block\"><div class=\"aioseo-breadcrumbs\"><span class=\"aioseo-breadcrumb\">\n\tHome\n<\/span><\/div><div style=\"clear:both;\"><\/div><\/section><div class=\"fusion-additional-widget-content\"><\/div><\/div><style type=\"text\/css\"><\/style><div class=\"fusion-title title fusion-title-1 fusion-title-text fusion-title-size-two\" style=\"margin-top:-30px;margin-bottom:31px;\"><h2 class=\"title-heading-left\" style=\"margin:0;color:#ffffff;\"><strong><span style=\"font-size: 24pt; color: #003866;\">N\u00facleo de Defesa da Inf\u00e2ncia e Juventude<\/span><\/strong><\/h2><div class=\"title-sep-container\"><div class=\"title-sep sep-double sep-solid\" style=\"border-color:#003866;\"><\/div><\/div><\/div><div class=\"fusion-text\"><div class=\"wpb_text_column wpb_content_element \" data-raofz=\"14\">\n<div id=\"ct_cwgia0flok1lnyqjwie1\" class=\"wpb_wrapper\" data-raofz=\"14\">\n<p style=\"text-align: justify;\" data-raofz=\"14\"><span style=\"font-size: 14pt;\" data-raofz=\"18\">O N\u00facleo de Defesa da Inf\u00e2ncia e Juventude \u00e9 o respons\u00e1vel pela remessa de informa\u00e7\u00f5es t\u00e9cnico-jur\u00eddicas aos \u00f3rg\u00e3os de execu\u00e7\u00e3o com atribui\u00e7\u00e3o na defesa da inf\u00e2ncia e da juventude, o est\u00edmulo \u00e0 integra\u00e7\u00e3o entre os Promotores de Justi\u00e7a, a intermedia\u00e7\u00e3o de contato entre os membros do Minist\u00e9rio P\u00fablico de Alagoas e os \u00f3rg\u00e3os p\u00fablicos ou privados, como tamb\u00e9m com todas as entidades que comp\u00f5em o Sistema de Garantia dos Direitos da Crian\u00e7a e do Adolescente.<\/span><\/p>\n<\/div>\n<\/div>\n<div class=\"wpb_text_column wpb_content_element \" data-raofz=\"14\">\n<div id=\"ct_vop6dbjvdtz7ye3g7pi1\" class=\"wpb_wrapper\" data-raofz=\"14\">\n<p style=\"text-align: justify;\" data-raofz=\"14\"><span style=\"font-size: 14pt;\" data-raofz=\"18\">O N\u00facleo subsidia os \u00f3rg\u00e3os de execu\u00e7\u00e3o, tais como os promotores que atuam na defesa da inf\u00e2ncia e juventude, por meio do est\u00edmulo \u00e0 integra\u00e7\u00e3o e ao interc\u00e2mbio entre os \u00f3rg\u00e3os e dando apoio t\u00e9cnico-jur\u00eddico, sem car\u00e1ter vinculativo. Tamb\u00e9m atua para estabelecer o interc\u00e2mbio permanente com entidades ou \u00f3rg\u00e3os p\u00fablicos ou privados que comp\u00f5em o Sistema de Garantia dos Direitos da Crian\u00e7a e do Adolescente, para a obten\u00e7\u00e3o de elementos t\u00e9cnicos especializados necess\u00e1rios ao bom desempenho das fun\u00e7\u00f5es dos promotores e procuradores de Justi\u00e7a.<\/span><\/p>\n<\/div>\n<\/div>\n<\/div><style type=\"text\/css\"><\/style><div class=\"fusion-title title fusion-title-2 fusion-title-text fusion-title-size-three\" style=\"margin-top:40px;margin-bottom:31px;\"><h3 class=\"title-heading-left\" style=\"margin:0;color:#ffffff;\"><strong><span style=\"font-size: 14pt; color: #003866;\">Expediente<\/span><\/strong><\/h3><div class=\"title-sep-container\"><div class=\"title-sep sep-double sep-solid\" style=\"border-color:#003866;\"><\/div><\/div><\/div><div class=\"fusion-text\"><p><span style=\"font-size: 14pt;\"><i class=\"fontawesome-icon fa-user-tie fas circle-no\" style=\"font-size:18px;margin-right:9px;color:#003866;\"><\/i>Dr. Gustavo Arns da Silva Vasconcelos &#8211; Coordenador<\/span><\/p>\n<\/div><div class=\"fusion-text\"><p><span style=\"font-size: 14pt;\"><i class=\"fontawesome-icon fa-phone-alt fas circle-no\" style=\"font-size:18px;margin-right:9px;color:#003866;\"><\/i>(82) 2122-3723<\/span><\/p>\n<\/div><div class=\"fusion-text\"><p><span style=\"font-size: 14pt;\"><i class=\"fontawesome-icon fa-envelope fas circle-no\" style=\"font-size:18px;margin-right:9px;color:#003866;\"><\/i>nucleo.infancia@mpal.mp.br<\/span><\/p>\n<\/div><div class=\"fusion-text\"><p><span style=\"font-size: 14pt;\"><i class=\"fontawesome-icon fa-clock far circle-no\" style=\"font-size:18px;margin-right:9px;color:#003866;\"><\/i>7h30 \u00e0s 13h30<\/span><\/p>\n<\/div><div class=\"fusion-clearfix\"><\/div>\n\n\t\t\t\t\t<\/div>\n\t\t\t\t<\/div><div  class=\"fusion-layout-column fusion_builder_column fusion_builder_column_2_5 fusion-builder-column-2 fusion-two-fifth fusion-column-last 2_5\"  style='margin-top:0px;margin-bottom:20px;width:40%;width:calc(40% - ( ( 4% ) * 0.4 ) );'>\n\t\t\t\t\t<div class=\"fusion-column-wrapper\" style=\"overflow:hidden;border-radius:12px 12px 12px 12px;padding: 0px 18px 18px 18px;background-position:left top;background-repeat:no-repeat;-webkit-background-size:cover;-moz-background-size:cover;-o-background-size:cover;background-size:cover;border-radius:12px 12px 12px 12px;\"   data-bg-url=\"\">\n\t\t\t\t\t\t<style type=\"text\/css\"><\/style><div class=\"fusion-title title fusion-title-3 fusion-title-text fusion-title-size-three\" style=\"margin-top:40px;margin-bottom:31px;\"><h3 class=\"title-heading-left\" style=\"margin:0;color:#ffffff;\"><strong><span style=\"font-size: 14pt; color: #003866;\">Conhe\u00e7a os n\u00facleos<\/span><\/strong><\/h3><div class=\"title-sep-container\"><div class=\"title-sep sep-double sep-solid\" style=\"border-color:#003866;\"><\/div><\/div><\/div><div class=\"fusion-widget-area fusion-widget-area-2 fusion-content-widget-area\"><style type=\"text\/css\">.fusion-widget-area-2 {padding:0px 0px 0px 0px;}.fusion-widget-area-2 .widget h4 {color:#000000;}.fusion-widget-area-2 .widget .heading h4 {color:#000000;}.fusion-widget-area-2 .widget h4 {font-size:20px;}.fusion-widget-area-2 .widget .heading h4 {font-size:20px;}<\/style><section id=\"nav_menu-3\" class=\"fusion-slidingbar-widget-column widget widget_nav_menu\"><div class=\"menu-nucleos-caop-container\"><ul id=\"menu-nucleos-caop\" class=\"menu\"><li id=\"menu-item-65829\" class=\"menu-item menu-item-type-custom menu-item-object-custom menu-item-65829\"><a href=\"https:\/\/www.mpal.mp.br\/?page_id=19072\">N\u00facleo de Defesa do Consumidor<\/a><\/li>\n<li id=\"menu-item-65830\" class=\"menu-item menu-item-type-custom menu-item-object-custom menu-item-65830\"><a href=\"https:\/\/www.mpal.mp.br\/?page_id=19126\">N\u00facleo de Defesa da Sa\u00fade P\u00fablica<\/a><\/li>\n<li id=\"menu-item-65831\" class=\"menu-item menu-item-type-custom menu-item-object-custom menu-item-65831\"><a href=\"https:\/\/www.mpal.mp.br\/?page_id=43064\">N\u00facleo do Urbanismo<\/a><\/li>\n<li id=\"menu-item-65832\" class=\"menu-item menu-item-type-custom menu-item-object-custom menu-item-65832\"><a href=\"https:\/\/www.mpal.mp.br\/?page_id=19145\">N\u00facleo do Meio Ambiente<\/a><\/li>\n<li id=\"menu-item-65833\" class=\"menu-item menu-item-type-custom menu-item-object-custom menu-item-65833\"><a href=\"https:\/\/www.mpal.mp.br\/?page_id=19135\">N\u00facleo de Defesa do Patrim\u00f4nio P\u00fablico<\/a><\/li>\n<li id=\"menu-item-65834\" class=\"menu-item menu-item-type-custom menu-item-object-custom menu-item-65834\"><a href=\"https:\/\/www.mpal.mp.br\/?page_id=19140\">N\u00facleo de Apoio \u00e0s V\u00edtimas e aos Desaparecidos<\/a><\/li>\n<li id=\"menu-item-65835\" class=\"menu-item menu-item-type-custom menu-item-object-custom menu-item-65835\"><a href=\"https:\/\/www.mpal.mp.br\/?page_id=19151\">N\u00facleo de Defesa da Mulher<\/a><\/li>\n<li id=\"menu-item-65836\" class=\"menu-item menu-item-type-custom menu-item-object-custom menu-item-65836\"><a href=\"https:\/\/www.mpal.mp.br\/?page_id=19161\">N\u00facleo de Combate \u00e0 Criminalidade<\/a><\/li>\n<li id=\"menu-item-65837\" class=\"menu-item menu-item-type-custom menu-item-object-custom menu-item-65837\"><a href=\"https:\/\/www.mpal.mp.br\/?page_id=19001\">N\u00facleo de Defesa da Inf\u00e2ncia e Juventude<\/a><\/li>\n<li id=\"menu-item-65838\" class=\"menu-item menu-item-type-custom menu-item-object-custom menu-item-65838\"><a href=\"https:\/\/www.mpal.mp.br\/?page_id=43052\">N\u00facleo de Controle Externo da Atividade Policial<\/a><\/li>\n<li id=\"menu-item-65860\" class=\"menu-item menu-item-type-custom menu-item-object-custom menu-item-65860\"><a href=\"https:\/\/www.mpal.mp.br\/?page_id=65854\">N\u00facleo de Defesa dos Direitos Humanos e Direito Internacional<\/a><\/li>\n<li id=\"menu-item-65881\" class=\"menu-item menu-item-type-custom menu-item-object-custom menu-item-65881\"><a href=\"https:\/\/www.mpal.mp.br\/?page_id=65868\">N\u00facleo da Pessoa Idosa e da Pessoa com Defici\u00eancia<\/a><\/li>\n<li id=\"menu-item-65889\" class=\"menu-item menu-item-type-custom menu-item-object-custom menu-item-65889\"><a href=\"https:\/\/www.mpal.mp.br\/?page_id=65884\">N\u00facleo de Apoio T\u00e9cnico<\/a><\/li>\n<li id=\"menu-item-65897\" class=\"menu-item menu-item-type-custom menu-item-object-custom menu-item-65897\"><a href=\"https:\/\/www.mpal.mp.br\/?page_id=65890\">N\u00facleo da Educa\u00e7\u00e3o<\/a><\/li>\n<li id=\"menu-item-66467\" class=\"menu-item menu-item-type-post_type menu-item-object-page menu-item-66467\"><a href=\"https:\/\/www.mpal.mp.br\/?page_id=66462\">N\u00facleo de Direito de Fam\u00edlia<\/a><\/li>\n<li id=\"menu-item-66472\" class=\"menu-item menu-item-type-post_type menu-item-object-page menu-item-66472\"><a href=\"https:\/\/www.mpal.mp.br\/?page_id=66468\">N\u00facleo do Tribunal do J\u00fari<\/a><\/li>\n<\/ul><\/div><div style=\"clear:both;\"><\/div><\/section><div class=\"fusion-additional-widget-content\"><\/div><\/div><div class=\"fusion-clearfix\"><\/div>\n\n\t\t\t\t\t<\/div>\n\t\t\t\t<\/div><div  class=\"fusion-layout-column fusion_builder_column fusion_builder_column_1_1 fusion-builder-column-3 fusion-one-full fusion-column-first fusion-column-last 1_1\"  style='margin-top:0px;margin-bottom:-10px;'>\n\t\t\t\t\t<div class=\"fusion-column-wrapper\" style=\"padding: 0px 0px 0px 0px;background-position:left top;background-repeat:no-repeat;-webkit-background-size:cover;-moz-background-size:cover;-o-background-size:cover;background-size:cover;\"   data-bg-url=\"\">\n\t\t\t\t\t\t<div class=\"fusion-section-separator section-separator hills-opacity\" style=\"font-size:0;line-height:0;margin-left:-0px;margin-right:-0px;\"><svg class=\"fusion-hills-opacity-candy\" fill=\"#ffffff\" xmlns=\"http:\/\/www.w3.org\/2000\/svg\" version=\"1.1\" width=\"100%\" viewBox=\"0 -0.5 1024 182\" preserveAspectRatio=\"none\" class=\"section-separator-shortcode-divider-svg\"><path class=\"st0\" d=\"M0 182.086h1024V41.593c-28.058-21.504-60.109-37.581-97.075-37.581-112.845 0-198.144 93.798-289.792 93.798S437.658 6.777 351.846 6.777s-142.234 82.125-238.49 82.125c-63.078 0-75.776-31.744-113.357-53.658L0 182.086z\"\/>\n\t\t\t\t\t\t\t\t\t<path class=\"st1\" d=\"M1024 181.062v-75.878c-39.731 15.872-80.794 27.341-117.658 25.805-110.387-4.506-191.795-109.773-325.53-116.224-109.158-5.12-344.166 120.115-429.466 166.298H1024v-.001z\"\/>\n\t\t\t\t\t\t\t\t\t<path class=\"st2\" d=\"M0 182.086h1024V90.028C966.451 59.103 907.059 16.3 824.115 15.071 690.278 13.023 665.19 102.93 482.099 102.93S202.138-1.62 74.24.019C46.49.326 21.811 4.217 0 9.849v172.237z\"\/>\n\t\t\t\t\t\t\t\t\t<path class=\"st3\" d=\"M0 182.086h1024V80.505c-37.171 19.558-80.691 35.328-139.571 36.25-151.142 2.355-141.619-28.57-298.496-29.184s-138.854 47.002-305.459 43.725C132.813 128.428 91.238 44.563 0 28.179v153.907z\"\/>\n\t\t\t\t\t\t\t\t\t<path class=\"st4\" d=\"M0 182.086h1024v-77.312c-49.05 20.07-120.525 42.394-193.229 42.086-128.922-.512-159.846-72.294-255.795-72.294-89.088 0-134.656 80.179-245.043 82.022S169.063 99.346 49.971 97.401C32.768 97.094 16.077 99.244 0 103.135v78.951z\"\/>\n\t\t\t\t\t\t\t\t<\/svg><\/div><div class=\"fusion-clearfix\"><\/div>\n\n\t\t\t\t\t<\/div>\n\t\t\t\t<\/div><\/div><\/div><div class=\"fusion-fullwidth fullwidth-box fusion-builder-row-2 nonhundred-percent-fullwidth non-hundred-percent-height-scrolling\"  style='background-color: #ffffff;background-image:linear-gradient(0deg, var(--awb-color1) 0%,var(--awb-color3) 30%);background-position: center center;background-repeat: no-repeat;background-blend-mode: overlay;padding-top:0px;padding-right:0px;padding-bottom:0px;padding-left:0px;'><div class=\"fusion-builder-row fusion-row \"><div  class=\"fusion-layout-column fusion_builder_column fusion_builder_column_1_1 fusion-builder-column-4 fusion-one-full fusion-column-first fusion-column-last 1_1\"  style='margin-top:0px;margin-bottom:20px;'>\n\t\t\t\t\t<div class=\"fusion-column-wrapper\" style=\"padding: 0px 0px 0px 0px;background-position:left top;background-repeat:no-repeat;-webkit-background-size:cover;-moz-background-size:cover;-o-background-size:cover;background-size:cover;\"   data-bg-url=\"\">\n\t\t\t\t\t\t<style type=\"text\/css\"><\/style><div class=\"fusion-title title fusion-title-4 fusion-title-center fusion-title-text fusion-title-size-one\" style=\"margin-top:0px;margin-bottom:20px;\"><div class=\"title-sep-container title-sep-container-left\"><div class=\"title-sep sep-double sep-solid\" style=\"border-color:#e0dede;\"><\/div><\/div><h1 class=\"title-heading-center\" style=\"margin:0;\">ARQUIVOS E PUBLICA\u00c7\u00d5ES<\/h1><div class=\"title-sep-container title-sep-container-right\"><div class=\"title-sep sep-double sep-solid\" style=\"border-color:#e0dede;\"><\/div><\/div><\/div><div class=\"fusion-sep-clear\"><\/div><div class=\"fusion-separator fusion-full-width-sep sep-double\" style=\"border-color:rgba(255,252,252,0);border-top-width:1px;border-bottom-width:1px;margin-left: auto;margin-right: auto;margin-top:20px;\"><\/div><div class=\"fusion-builder-row fusion-builder-row-inner fusion-row \"><div  class=\"fusion-layout-column fusion_builder_column fusion_builder_column_1_2  fusion-one-half fusion-column-first 1_2\"  style='margin-top: 0px;margin-bottom: 20px;width:50%;width:calc(50% - ( ( 4% ) * 0.5 ) );margin-right:4%;'><div class=\"fusion-column-wrapper fusion-column-wrapper-1\" style=\"padding: 0px 0px 0px 0px;background-position:left top;background-repeat:no-repeat;-webkit-background-size:cover;-moz-background-size:cover;-o-background-size:cover;background-size:cover;\"  data-bg-url=\"\"><style type=\"text\/css\">.fusion-accordian  #accordion-19001-1 .panel-title a .fa-fusion-box{ color: #ffffff;}.fusion-accordian  #accordion-19001-1 .panel-title a .fa-fusion-box:before{ font-size: 13px; width: 13px;}.fusion-accordian  #accordion-19001-1 .panel-title a{font-size:20px;}.fusion-accordian  #accordion-19001-1 .fa-fusion-box { background-color: #000000;border-color: #000000;}.fusion-accordian  #accordion-19001-1 .panel-title a:hover, #accordion-19001-1 .fusion-toggle-boxed-mode:hover .panel-title a { color: #003866;}.fusion-accordian  #accordion-19001-1 .panel-title .active .fa-fusion-box,.fusion-accordian  #accordion-19001-1 .panel-title a:hover .fa-fusion-box { background-color: #003866!important;border-color: #003866!important;}<\/style><div class=\"accordian fusion-accordian\"><div class=\"panel-group\" id=\"accordion-19001-1\" role=\"tablist\"><div class=\"fusion-panel panel-default\" role=\"tabpanel\"><div class=\"panel-heading\"><h4 class=\"panel-title toggle\"><a aria-expanded=\"false\" aria-selected=\"false\" aria-controls=\"a0fd218b41822591c\" role=\"tab\" data-toggle=\"collapse\" data-parent=\"#accordion-19001-1\" data-target=\"#a0fd218b41822591c\" href=\"#a0fd218b41822591c\"><span class=\"fusion-toggle-icon-wrapper\" aria-hidden=\"true\"><i class=\"fa-fusion-box\"><\/i><\/span><span class=\"fusion-toggle-heading\">PROJETOS<\/span><\/a><\/h4><\/div><div id=\"a0fd218b41822591c\" class=\"panel-collapse collapse \"><div class=\"panel-body toggle-content fusion-clearfix\">\n<p><span style=\"font-size: 10pt;\"><i class=\"fontawesome-icon fa-file-alt fas circle-no\" style=\"font-size:18px;margin-right:9px;color:#003866;\"><\/i><a href=\"https:\/\/www.mpal.mp.br\/wp-content\/uploads\/2022\/03\/Projeto-CRESCER-COM-CIDADANIA-final.pdf\" target=\"_blank\" rel=\"noopener\">Projeto Crescer com Cidadania<\/a><\/span><\/p>\n<\/div><\/div><\/div><\/div><\/div><style type=\"text\/css\">.fusion-accordian  #accordion-19001-2 .panel-title a .fa-fusion-box{ color: #ffffff;}.fusion-accordian  #accordion-19001-2 .panel-title a .fa-fusion-box:before{ font-size: 13px; width: 13px;}.fusion-accordian  #accordion-19001-2 .panel-title a{font-size:20px;}.fusion-accordian  #accordion-19001-2 .fa-fusion-box { background-color: #000000;border-color: #000000;}.fusion-accordian  #accordion-19001-2 .panel-title a:hover, #accordion-19001-2 .fusion-toggle-boxed-mode:hover .panel-title a { color: #003866;}.fusion-accordian  #accordion-19001-2 .panel-title .active .fa-fusion-box,.fusion-accordian  #accordion-19001-2 .panel-title a:hover .fa-fusion-box { background-color: #003866!important;border-color: #003866!important;}<\/style><div class=\"accordian fusion-accordian\"><div class=\"panel-group\" id=\"accordion-19001-2\" role=\"tablist\"><div class=\"fusion-panel panel-default\" role=\"tabpanel\"><div class=\"panel-heading\"><h4 class=\"panel-title toggle\"><a aria-expanded=\"false\" aria-selected=\"false\" aria-controls=\"0202c7540a904aa11\" role=\"tab\" data-toggle=\"collapse\" data-parent=\"#accordion-19001-2\" data-target=\"#0202c7540a904aa11\" href=\"#0202c7540a904aa11\"><span class=\"fusion-toggle-icon-wrapper\" aria-hidden=\"true\"><i class=\"fa-fusion-box\"><\/i><\/span><span class=\"fusion-toggle-heading\">CONSELHOS E FUNDOS<\/span><\/a><\/h4><\/div><div id=\"0202c7540a904aa11\" class=\"panel-collapse collapse \"><div class=\"panel-body toggle-content fusion-clearfix\"><span style=\"font-size: 10pt;\"><i class=\"fontawesome-icon fa-file-alt fas circle-no\" style=\"font-size:18px;margin-right:9px;color:#003866;\"><\/i><a href=\"https:\/\/www.mpal.mp.br\/wp-content\/uploads\/2022\/03\/Relacao-de-Conselhos-Tutelares-de-Maceio.pdf\" target=\"_blank\" rel=\"noopener\">Conselho Tutelar &#8211; Rela\u00e7\u00e3o de Conselhos Tutelares de Macei\u00f3<\/a><\/span><\/p>\n<p><span style=\"font-size: 10pt;\"><i class=\"fontawesome-icon fa-file-alt fas circle-no\" style=\"font-size:18px;margin-right:9px;color:#003866;\"><\/i><a href=\"https:\/\/www.mpal.mp.br\/wp-content\/uploads\/2024\/02\/Conselhos-Tutelares-Alagoas-2024-2028-SECDEF.pdf\" target=\"_blank\" rel=\"noopener\">Conselho Tutelar &#8211; Conselhos Tutelares do Estado de Alagoas &#8211; 2024-2028<\/a><\/span><\/p>\n<p><span style=\"font-size: 10pt;\"><i class=\"fontawesome-icon fa-file-alt fas circle-no\" style=\"font-size:18px;margin-right:9px;color:#003866;\"><\/i><a href=\"https:\/\/www.mpal.mp.br\/wp-content\/uploads\/2022\/03\/Relacao-de-Conselhos-Municipais-do-Estado-de-Alagoas.odt\" target=\"_blank\" rel=\"noopener\">Conselho de Direitos &#8211; Rela\u00e7\u00e3o de Conselhos Municipais do Estado de Alagoas<\/a><\/span><\/p>\n<p><span style=\"font-size: 10pt;\"><i class=\"fontawesome-icon fa-file-alt fas circle-no\" style=\"font-size:18px;margin-right:9px;color:#003866;\"><\/i><a href=\"https:\/\/www.mpal.mp.br\/wp-content\/uploads\/2022\/03\/Conselhos-de-Direitos-do-Estado-de-Alagoas.docx\" target=\"_blank\" rel=\"noopener\">Conselho de Direitos &#8211; Conselhos de Direitos do Estado de Alagoas<\/a><\/span><\/p>\n<p><span style=\"font-size: 10pt;\"><i class=\"fontawesome-icon fa-file-alt fas circle-no\" style=\"font-size:18px;margin-right:9px;color:#003866;\"><\/i><a href=\"https:\/\/www.mpal.mp.br\/wp-content\/uploads\/2022\/03\/Lei-no-6.378-2015.pdf\" target=\"_blank\" rel=\"noopener\">Conselho de Direitos &#8211; Lei CEDCA &#8211; Macei\u00f3<\/a><\/span><\/p>\n<p><span style=\"font-size: 10pt;\"><i class=\"fontawesome-icon fa-file-alt fas circle-no\" style=\"font-size:18px;margin-right:9px;color:#003866;\"><\/i><a href=\"https:\/\/www.mpal.mp.br\/wp-content\/uploads\/2022\/03\/Lei-5812-1996-cria-Conselho-Estadual-da-Crianca-e-do-Adolescente.pdf\" target=\"_blank\" rel=\"noopener\">Conselho de Direitos &#8211; Lei CEDCA &#8211; Alagoas<\/a><\/span><\/div><\/div><\/div><\/div><\/div><style type=\"text\/css\">.fusion-accordian  #accordion-19001-3 .panel-title a .fa-fusion-box{ color: #ffffff;}.fusion-accordian  #accordion-19001-3 .panel-title a .fa-fusion-box:before{ font-size: 13px; width: 13px;}.fusion-accordian  #accordion-19001-3 .panel-title a{font-size:20px;}.fusion-accordian  #accordion-19001-3 .fa-fusion-box { background-color: #000000;border-color: #000000;}.fusion-accordian  #accordion-19001-3 .panel-title a:hover, #accordion-19001-3 .fusion-toggle-boxed-mode:hover .panel-title a { color: #003866;}.fusion-accordian  #accordion-19001-3 .panel-title .active .fa-fusion-box,.fusion-accordian  #accordion-19001-3 .panel-title a:hover .fa-fusion-box { background-color: #003866!important;border-color: #003866!important;}<\/style><div class=\"accordian fusion-accordian\"><div class=\"panel-group\" id=\"accordion-19001-3\" role=\"tablist\"><div class=\"fusion-panel panel-default\" role=\"tabpanel\"><div class=\"panel-heading\"><h4 class=\"panel-title toggle\"><a aria-expanded=\"false\" aria-selected=\"false\" aria-controls=\"56b70d51b8c1bc5c0\" role=\"tab\" data-toggle=\"collapse\" data-parent=\"#accordion-19001-3\" data-target=\"#56b70d51b8c1bc5c0\" href=\"#56b70d51b8c1bc5c0\"><span class=\"fusion-toggle-icon-wrapper\" aria-hidden=\"true\"><i class=\"fa-fusion-box\"><\/i><\/span><span class=\"fusion-toggle-heading\">MODELOS<\/span><\/a><\/h4><\/div><div id=\"56b70d51b8c1bc5c0\" class=\"panel-collapse collapse \"><div class=\"panel-body toggle-content fusion-clearfix\">\n<p><span style=\"font-size: 10pt;\"><i class=\"fontawesome-icon fa-file-alt fas circle-no\" style=\"font-size:18px;margin-right:9px;color:#003866;\"><\/i><a href=\"https:\/\/www.mpal.mp.br\/wp-content\/uploads\/2022\/03\/Resolucao-FIA-aprova-os-projetos-governamentais-selecionados.docx\" target=\"_blank\" rel=\"noopener\">FIA &#8211; Resolu\u00e7\u00e3o FIA &#8211; aprova os projetos governamentais selecionados<\/a><\/span><\/p>\n<p><span style=\"font-size: 10pt;\"><i class=\"fontawesome-icon fa-file-alt fas circle-no\" style=\"font-size:18px;margin-right:9px;color:#003866;\"><\/i><a href=\"https:\/\/001\" target=\"_blank\" rel=\"noopener\">FIA \u2013 Resolu\u00e7\u00e3o \u2013 estabelece prazos e procedimentos organiza\u00e7\u00f5es governamentais<\/a><\/span><\/p>\n<p><span style=\"font-size: 10pt;\"><i class=\"fontawesome-icon fa-file-alt fas circle-no\" style=\"font-size:18px;margin-right:9px;color:#003866;\"><\/i><a href=\"https:\/\/www.mpal.mp.br\/wp-content\/uploads\/2022\/03\/Resolucao-aprova-projetos-organizacoes-nao-governamentais.odt\" target=\"_blank\" rel=\"noopener\">FIA \u2013 Resolu\u00e7\u00e3o \u2013 aprova projetos organiza\u00e7\u00f5es n\u00e3o governamentais<\/a><\/span><\/p>\n<p><span style=\"font-size: 10pt;\"><i class=\"fontawesome-icon fa-file-alt fas circle-no\" style=\"font-size:18px;margin-right:9px;color:#003866;\"><\/i><a href=\"https:\/\/www.mpal.mp.br\/wp-content\/uploads\/2022\/03\/Resolucao-aprova-edital-de-chamamento-1.odt\" target=\"_blank\" rel=\"noopener\">FIA &#8211; Resolu\u00e7\u00e3o &#8211; aprova edital de chamamento<\/a><\/span><\/p>\n<p><span style=\"font-size: 10pt;\"><i class=\"fontawesome-icon fa-file-alt fas circle-no\" style=\"font-size:18px;margin-right:9px;color:#003866;\"><\/i><a href=\"https:\/\/www.mpal.mp.br\/wp-content\/uploads\/2022\/03\/edital-chamamento-publico-FIA-libre-office.docx\" target=\"_blank\" rel=\"noopener\">FIA &#8211; edital chamamento publico FIA<\/a><\/span><\/p>\n<p><span style=\"font-size: 10pt;\"><i class=\"fontawesome-icon fa-file-alt fas circle-no\" style=\"font-size:18px;margin-right:9px;color:#003866;\"><\/i><a href=\"https:\/\/www.mpal.mp.br\/wp-content\/uploads\/2022\/03\/Decreto-regulamentando-FIA.doc\" target=\"_blank\" rel=\"noopener\">FIA &#8211; Decreto regulamentando FIA<\/a><\/span><\/p>\n<p><span style=\"font-size: 10pt;\"><i class=\"fontawesome-icon fa-file-alt fas circle-no\" style=\"font-size:18px;margin-right:9px;color:#003866;\"><\/i><a href=\"https:\/\/www.mpal.mp.br\/wp-content\/uploads\/2022\/03\/Regimento-interno-CMDCA.doc\" target=\"_blank\" rel=\"noopener\">Conselho Municipal de Direitos &#8211; Regimento interno CMDCA<\/a><\/span><\/p>\n<p><span style=\"font-size: 10pt;\"><i class=\"fontawesome-icon fa-file-alt fas circle-no\" style=\"font-size:18px;margin-right:9px;color:#003866;\"><\/i><a href=\"https:\/\/www.mpal.mp.br\/wp-content\/uploads\/2022\/03\/Lei-CMDCA.odt\" target=\"_blank\" rel=\"noopener\">Conselho Municipal de Direitos &#8211; Lei CMDCA<\/a><\/span><\/p>\n<p><span style=\"font-size: 10pt;\"><i class=\"fontawesome-icon fa-file-alt fas circle-no\" style=\"font-size:18px;margin-right:9px;color:#003866;\"><\/i><a href=\"https:\/\/www.mpal.mp.br\/wp-content\/uploads\/2022\/03\/Inicial-ACP-Medicamento-adenoide.doc\" target=\"_blank\" rel=\"noopener\">A\u00e7\u00f5es Judiciais &#8211; Inicial ACP &#8211; Medicamento aden\u00f3ide<\/a><\/span><\/p>\n<p><span style=\"font-size: 10pt;\"><i class=\"fontawesome-icon fa-file-alt fas circle-no\" style=\"font-size:18px;margin-right:9px;color:#003866;\"><\/i><a href=\"https:\/\/www.mpal.mp.br\/wp-content\/uploads\/2022\/03\/Acao-de-destituicao-do-Poder-Familiar-c-pedido-liminar.odt\" target=\"_blank\" rel=\"noopener\">A\u00e7\u00f5es Judiciais &#8211; A\u00e7\u00e3o de destitui\u00e7\u00e3o do Poder Familiar com pedido liminar<\/a><\/span><\/p>\n<p><span style=\"font-size: 10pt;\"><i class=\"fontawesome-icon fa-file-alt fas circle-no\" style=\"font-size:18px;margin-right:9px;color:#003866;\"><\/i><a href=\"https:\/\/www.mpal.mp.br\/wp-content\/uploads\/2022\/03\/Acao-afastamento-do-convivio-familiar-cc-busca-e-apreensao-de-criancas-e-adolescentes-em-situacao-de-rua.doc\" target=\"_blank\" rel=\"noopener\">A\u00e7\u00f5es Judiciais &#8211; A\u00e7\u00e3o afastamento do conv\u00edvio familiar com busca e apreens\u00e3o de crian\u00e7as e adolescentes em situa\u00e7\u00e3o de rua<\/a><\/span><\/p>\n<\/div><\/div><\/div><\/div><\/div><\/div><\/div><div  class=\"fusion-layout-column fusion_builder_column fusion_builder_column_1_2  fusion-one-half fusion-column-last 1_2\"  style='margin-top: 0px;margin-bottom: 20px;width:50%;width:calc(50% - ( ( 4% ) * 0.5 ) );'><div class=\"fusion-column-wrapper fusion-column-wrapper-2\" style=\"padding: 0px 0px 0px 0px;background-position:left top;background-repeat:no-repeat;-webkit-background-size:cover;-moz-background-size:cover;-o-background-size:cover;background-size:cover;\"  data-bg-url=\"\"><style type=\"text\/css\">.fusion-accordian  #accordion-19001-4 .panel-title a .fa-fusion-box{ color: #ffffff;}.fusion-accordian  #accordion-19001-4 .panel-title a .fa-fusion-box:before{ font-size: 13px; width: 13px;}.fusion-accordian  #accordion-19001-4 .panel-title a{font-size:20px;}.fusion-accordian  #accordion-19001-4 .fa-fusion-box { background-color: #000000;border-color: #000000;}.fusion-accordian  #accordion-19001-4 .panel-title a:hover, #accordion-19001-4 .fusion-toggle-boxed-mode:hover .panel-title a { color: #003866;}.fusion-accordian  #accordion-19001-4 .panel-title .active .fa-fusion-box,.fusion-accordian  #accordion-19001-4 .panel-title a:hover .fa-fusion-box { background-color: #003866!important;border-color: #003866!important;}<\/style><div class=\"accordian fusion-accordian\"><div class=\"panel-group\" id=\"accordion-19001-4\" role=\"tablist\"><div class=\"fusion-panel panel-default\" role=\"tabpanel\"><div class=\"panel-heading\"><h4 class=\"panel-title toggle\"><a aria-expanded=\"false\" aria-selected=\"false\" aria-controls=\"1380f25765af8c51a\" role=\"tab\" data-toggle=\"collapse\" data-parent=\"#accordion-19001-4\" data-target=\"#1380f25765af8c51a\" href=\"#1380f25765af8c51a\"><span class=\"fusion-toggle-icon-wrapper\" aria-hidden=\"true\"><i class=\"fa-fusion-box\"><\/i><\/span><span class=\"fusion-toggle-heading\">MATERIAL DE APOIO - MANUAIS<\/span><\/a><\/h4><\/div><div id=\"1380f25765af8c51a\" class=\"panel-collapse collapse \"><div class=\"panel-body toggle-content fusion-clearfix\">\n<p><span style=\"font-size: 10pt;\"><i class=\"fontawesome-icon fa-file-alt fas circle-no\" style=\"font-size:18px;margin-right:9px;color:#003866;\"><\/i><a href=\"https:\/\/www.mpal.mp.br\/wp-content\/uploads\/2022\/03\/manual-de-procedimento-Conselho-Tutelar.pdf\" target=\"_blank\" rel=\"noopener\">Manual de procedimento Conselho Tutelar<\/a><\/span><\/p>\n<p><span style=\"font-size: 10pt;\"><i class=\"fontawesome-icon fa-file-alt fas circle-no\" style=\"font-size:18px;margin-right:9px;color:#003866;\"><\/i><a href=\"https:\/\/www.mpal.mp.br\/wp-content\/uploads\/2022\/03\/Manual-de-implementacao-do-programa-adolescente-aprendiz.pdf\" target=\"_blank\" rel=\"noopener\">Manual de implementa\u00e7\u00e3o do programa adolescente aprendiz<\/a><\/span><\/p>\n<\/div><\/div><\/div><\/div><\/div><style type=\"text\/css\">.fusion-accordian  #accordion-19001-5 .panel-title a .fa-fusion-box{ color: #ffffff;}.fusion-accordian  #accordion-19001-5 .panel-title a .fa-fusion-box:before{ font-size: 13px; width: 13px;}.fusion-accordian  #accordion-19001-5 .panel-title a{font-size:20px;}.fusion-accordian  #accordion-19001-5 .fa-fusion-box { background-color: #000000;border-color: #000000;}.fusion-accordian  #accordion-19001-5 .panel-title a:hover, #accordion-19001-5 .fusion-toggle-boxed-mode:hover .panel-title a { color: #003866;}.fusion-accordian  #accordion-19001-5 .panel-title .active .fa-fusion-box,.fusion-accordian  #accordion-19001-5 .panel-title a:hover .fa-fusion-box { background-color: #003866!important;border-color: #003866!important;}<\/style><div class=\"accordian fusion-accordian\"><div class=\"panel-group\" id=\"accordion-19001-5\" role=\"tablist\"><div class=\"fusion-panel panel-default\" role=\"tabpanel\"><div class=\"panel-heading\"><h4 class=\"panel-title toggle\"><a aria-expanded=\"false\" aria-selected=\"false\" aria-controls=\"8b5a53b197db46696\" role=\"tab\" data-toggle=\"collapse\" data-parent=\"#accordion-19001-5\" data-target=\"#8b5a53b197db46696\" href=\"#8b5a53b197db46696\"><span class=\"fusion-toggle-icon-wrapper\" aria-hidden=\"true\"><i class=\"fa-fusion-box\"><\/i><\/span><span class=\"fusion-toggle-heading\">MATERIAL DE APOIO - CARTILHAS<\/span><\/a><\/h4><\/div><div id=\"8b5a53b197db46696\" class=\"panel-collapse collapse \"><div class=\"panel-body toggle-content fusion-clearfix\">\n<p><span style=\"font-size: 10pt;\"><i class=\"fontawesome-icon fa-file-alt fas circle-no\" style=\"font-size:18px;margin-right:9px;color:#003866;\"><\/i><a href=\"https:\/\/www.mpal.mp.br\/wp-content\/uploads\/2022\/03\/ECA-Turma-da-Monica.pdf\" target=\"_blank\" rel=\"noopener\">ECA &#8211; Turma da M\u00f4nica<\/a><\/span><\/p>\n<p><span style=\"font-size: 10pt;\"><i class=\"fontawesome-icon fa-file-alt fas circle-no\" style=\"font-size:18px;margin-right:9px;color:#003866;\"><\/i><a href=\"https:\/\/www.mpal.mp.br\/wp-content\/uploads\/2022\/03\/Cartilha-viagem-de-crianca-e-adolescente-ao-exterior.pdf\" target=\"_blank\" rel=\"noopener\">Cartilha viagem de crian\u00e7a e adolescente ao exterior<\/a><\/span><\/p>\n<p><span style=\"font-size: 10pt;\"><i class=\"fontawesome-icon fa-file-alt fas circle-no\" style=\"font-size:18px;margin-right:9px;color:#003866;\"><\/i><a href=\"https:\/\/www.mpal.mp.br\/wp-content\/uploads\/2022\/03\/Cartilha-orientacoes-para-combate-ao-abuso-sexual-contra-criancas-e-adolescentes.pdf\" target=\"_blank\" rel=\"noopener\">Cartilha &#8211; orienta\u00e7\u00f5es para combate ao abuso sexual contra crian\u00e7as e adolescentes<\/a><\/span><\/p>\n<p><span style=\"font-size: 10pt;\"><i class=\"fontawesome-icon fa-file-alt fas circle-no\" style=\"font-size:18px;margin-right:9px;color:#003866;\"><\/i><a href=\"https:\/\/www.mpal.mp.br\/wp-content\/uploads\/2022\/03\/Cartilha-bullying-CNJ.pdf\" target=\"_blank\" rel=\"noopener\">Cartilha &#8211; bullying &#8211; CNJ<\/a><\/span><\/p>\n<p><span style=\"font-size: 10pt;\"><i class=\"fontawesome-icon fa-file-alt fas circle-no\" style=\"font-size:18px;margin-right:9px;color:#003866;\"><\/i><a href=\"https:\/\/www.mpal.mp.br\/wp-content\/uploads\/2022\/03\/Cartilha-abrigos-para-criancas-e-adolescentes.pdf\" target=\"_blank\" rel=\"noopener\">Cartilha &#8211; abrigos para crian\u00e7as e adolescentes<\/a><\/span><\/p>\n<\/div><\/div><\/div><\/div><\/div><style type=\"text\/css\">.fusion-accordian  #accordion-19001-6 .panel-title a .fa-fusion-box{ color: #ffffff;}.fusion-accordian  #accordion-19001-6 .panel-title a .fa-fusion-box:before{ font-size: 13px; width: 13px;}.fusion-accordian  #accordion-19001-6 .panel-title a{font-size:20px;}.fusion-accordian  #accordion-19001-6 .fa-fusion-box { background-color: #000000;border-color: #000000;}.fusion-accordian  #accordion-19001-6 .panel-title a:hover, #accordion-19001-6 .fusion-toggle-boxed-mode:hover .panel-title a { color: #003866;}.fusion-accordian  #accordion-19001-6 .panel-title .active .fa-fusion-box,.fusion-accordian  #accordion-19001-6 .panel-title a:hover .fa-fusion-box { background-color: #003866!important;border-color: #003866!important;}<\/style><div class=\"accordian fusion-accordian\"><div class=\"panel-group\" id=\"accordion-19001-6\" role=\"tablist\"><div class=\"fusion-panel panel-default\" role=\"tabpanel\"><div class=\"panel-heading\"><h4 class=\"panel-title toggle\"><a aria-expanded=\"false\" aria-selected=\"false\" aria-controls=\"2848adfca9d96cdcf\" role=\"tab\" data-toggle=\"collapse\" data-parent=\"#accordion-19001-6\" data-target=\"#2848adfca9d96cdcf\" href=\"#2848adfca9d96cdcf\"><span class=\"fusion-toggle-icon-wrapper\" aria-hidden=\"true\"><i class=\"fa-fusion-box\"><\/i><\/span><span class=\"fusion-toggle-heading\">LEGISLA\u00c7\u00c3O<\/span><\/a><\/h4><\/div><div id=\"2848adfca9d96cdcf\" class=\"panel-collapse collapse \"><div class=\"panel-body toggle-content fusion-clearfix\">\n<p><span style=\"font-size: 10pt;\"><i class=\"fontawesome-icon fa-file-alt fas circle-no\" style=\"font-size:18px;margin-right:9px;color:#003866;\"><\/i><a href=\"https:\/\/www.mpal.mp.br\/wp-content\/uploads\/2022\/03\/Resolucao-no-170-2014-CONANDA-Funcionamento-do-Conselho-Tutelar.pdf\" target=\"_blank\" rel=\"noopener\">Resolu\u00e7\u00f5es &#8211; n\u00ba 170-2014 CONANDA &#8211; Funcionamento do Conselho Tutelar<\/a><\/span><\/p>\n<p><span style=\"font-size: 10pt;\"><i class=\"fontawesome-icon fa-file-alt fas circle-no\" style=\"font-size:18px;margin-right:9px;color:#003866;\"><\/i><a href=\"https:\/\/www.mpal.mp.br\/wp-content\/uploads\/2022\/03\/Lei-13509-Lei-de-adocao.pdf\" target=\"_blank\" rel=\"noopener\">Leis &#8211; Lei 13509 &#8211; Lei de ado\u00e7\u00e3o<\/a><\/span><\/p>\n<p><span style=\"font-size: 10pt;\"><i class=\"fontawesome-icon fa-file-alt fas circle-no\" style=\"font-size:18px;margin-right:9px;color:#003866;\"><\/i><a href=\"https:\/\/www.mpal.mp.br\/wp-content\/uploads\/2022\/03\/Lei-10097-Lei-da-aprendizagem.pdf\" target=\"_blank\" rel=\"noopener\">Leis &#8211; Lei 10097 &#8211; Lei da aprendizagem<\/a><\/span><\/p>\n<p><span style=\"font-size: 10pt;\"><i class=\"fontawesome-icon fa-file-alt fas circle-no\" style=\"font-size:18px;margin-right:9px;color:#003866;\"><\/i><a href=\"https:\/\/www.mpal.mp.br\/wp-content\/uploads\/2022\/03\/Lei-8742-LOAS.pdf\" target=\"_blank\" rel=\"noopener\">Leis &#8211; Lei 8742 &#8211; LOAS<\/a><\/span><\/p>\n<p><span style=\"font-size: 10pt;\"><i class=\"fontawesome-icon fa-file-alt fas circle-no\" style=\"font-size:18px;margin-right:9px;color:#003866;\"><\/i><a href=\"https:\/\/www.mpal.mp.br\/wp-content\/uploads\/2022\/03\/Estatuto-da-Crianca-e-do-Adolescente.pdf\" target=\"_blank\" rel=\"noopener\">Leis &#8211; Estatuto da Crian\u00e7a e do Adolescente<\/a><\/span><\/p>\n<\/div><\/div><\/div><\/div><\/div><\/div><\/div><\/div><div class=\"fusion-clearfix\"><\/div>\n\n\t\t\t\t\t<\/div>\n\t\t\t\t<\/div><\/div><\/div><div class=\"fusion-fullwidth fullwidth-box fusion-builder-row-3 hundred-percent-fullwidth non-hundred-percent-height-scrolling\"  style='background-color: #7ccef4;background-image:linear-gradient(0deg, var(--awb-color5) 0%,hsla(var(--awb-color5-h),var(--awb-color5-s),var(--awb-color5-l),calc(var(--awb-color5-a) - 20%)) 78%);background-position: center center;background-repeat: no-repeat;padding-top:0px;padding-right:10%;padding-bottom:0px;padding-left:10%;'><div class=\"fusion-builder-row fusion-row \"><div  class=\"fusion-layout-column fusion_builder_column fusion_builder_column_1_1 fusion-builder-column-5 fusion-one-full fusion-column-first fusion-column-last 1_1\"  style='margin-top:0px;margin-bottom:20px;'>\n\t\t\t\t\t<div class=\"fusion-column-wrapper\" style=\"padding: 0px 0px 0px 0px;background-position:left top;background-repeat:no-repeat;-webkit-background-size:cover;-moz-background-size:cover;-o-background-size:cover;background-size:cover;\"   data-bg-url=\"\">\n\t\t\t\t\t\t<div class=\"fusion-section-separator section-separator hills-opacity\" style=\"font-size:0;line-height:0;margin-left:calc( (100% + 12.5% + 12.5%) * 10 \/ -100 );margin-right:calc( (100% + 12.5% + 12.5%) * 10 \/ -100 );\"><svg class=\"fusion-hills-opacity-candy\" fill=\"#ffffff\" xmlns=\"http:\/\/www.w3.org\/2000\/svg\" version=\"1.1\" width=\"100%\" viewBox=\"0 0 1024 182\" preserveAspectRatio=\"none\" class=\"section-separator-shortcode-divider-svg\"><path class=\"st0\" d=\"M0 0h1024v140.5C995.9 162 963.9 178 926.9 178c-112.8 0-198.1-93.8-289.8-93.8s-199.5 91-285.3 91-142.2-82.1-238.5-82.1c-63.1 0-75.7 31.6-113.3 53.6V0z\"\/>\n\t\t\t\t\t\t\t\t\t<path class=\"st1\" d=\"M1024 0v75.9C984.3 60 942.2 48.6 905.3 50.1c-110.4 4.5-191.8 109.8-325.5 116.2C470.6 171.5 235.6 46.1 150.3 0H1024z\"\/>\n\t\t\t\t\t\t\t\t\t<path class=\"st2\" d=\"M0 0h1024v92c-57.5 30.9-116.9 73.7-199.9 75-133.8 2-158.9-87.9-342-87.9S202.1 183.7 74.2 182c-27.8-.3-52.4-4.2-74.2-9.7V0z\"\/>\n\t\t\t\t\t\t\t\t\t<path class=\"st3\" d=\"M0 0h1024v101.6C986.8 82 943.3 66.3 884.4 65.4 733.3 63 742.8 94 585.9 94.6S447 47.6 280.4 50.9C132.8 53.6 91.2 137.5 0 154V0z\"\/>\n\t\t\t\t\t\t\t\t\t<path class=\"st4\" d=\"M0 0h1024v77.3c-49-20.1-120.5-42.4-193.2-42.1-128.9.5-159.8 72.3-255.8 72.3-89.1 0-134.7-80.2-245-82-110.4-1.8-160.9 57.2-280 59.2-17.2.3-33.9-1.8-50-5.7V0z\"\/>\n\t\t\t\t\t\t\t\t<\/svg><\/div><div class=\"fusion-clearfix\"><\/div>\n\n\t\t\t\t\t<\/div>\n\t\t\t\t<\/div><\/div><\/div><\/p>\n","protected":false},"excerpt":{"rendered":"","protected":false},"author":1,"featured_media":0,"parent":0,"menu_order":0,"comment_status":"closed","ping_status":"closed","template":"100-width.php","meta":{"om_disable_all_campaigns":false,"_monsterinsights_skip_tracking":false,"_monsterinsights_sitenote_active":false,"_monsterinsights_sitenote_note":"","_monsterinsights_sitenote_category":0,"_uf_show_specific_survey":0,"_uf_disable_surveys":false,"footnotes":""},"class_list":["post-19001","page","type-page","status-publish","hentry"],"aioseo_notices":[],"_links":{"self":[{"href":"https:\/\/www.mpal.mp.br\/index.php?rest_route=\/wp\/v2\/pages\/19001","targetHints":{"allow":["GET"]}}],"collection":[{"href":"https:\/\/www.mpal.mp.br\/index.php?rest_route=\/wp\/v2\/pages"}],"about":[{"href":"https:\/\/www.mpal.mp.br\/index.php?rest_route=\/wp\/v2\/types\/page"}],"author":[{"embeddable":true,"href":"https:\/\/www.mpal.mp.br\/index.php?rest_route=\/wp\/v2\/users\/1"}],"replies":[{"embeddable":true,"href":"https:\/\/www.mpal.mp.br\/index.php?rest_route=%2Fwp%2Fv2%2Fcomments&post=19001"}],"version-history":[{"count":35,"href":"https:\/\/www.mpal.mp.br\/index.php?rest_route=\/wp\/v2\/pages\/19001\/revisions"}],"predecessor-version":[{"id":65852,"href":"https:\/\/www.mpal.mp.br\/index.php?rest_route=\/wp\/v2\/pages\/19001\/revisions\/65852"}],"wp:attachment":[{"href":"https:\/\/www.mpal.mp.br\/index.php?rest_route=%2Fwp%2Fv2%2Fmedia&parent=19001"}],"curies":[{"name":"wp","href":"https:\/\/api.w.org\/{rel}","templated":true}]}}