{"id":17790,"date":"2022-09-02T10:56:19","date_gmt":"2022-09-02T13:56:19","guid":{"rendered":"https:\/\/www.mpal.mp.br\/?page_id=17790"},"modified":"2025-07-30T13:42:16","modified_gmt":"2025-07-30T16:42:16","slug":"eduardo-de-menezes-silva-porto","status":"publish","type":"page","link":"https:\/\/www.mpal.mp.br\/?page_id=17790","title":{"rendered":"Eduardo de Menezes Silva Porto"},"content":{"rendered":"<p><div class=\"fusion-fullwidth fullwidth-box fusion-builder-row-1 hundred-percent-fullwidth non-hundred-percent-height-scrolling\"  style='background-color: #ffffff;background-image:linear-gradient(0deg, var(--awb-color1) 0%,var(--awb-color3) 30%);background-position: center center;background-repeat: no-repeat;background-blend-mode: overlay;padding-top:0px;padding-right:0px;padding-bottom:0px;padding-left:0px;margin-top: 30px;'><div class=\"fusion-builder-row fusion-row \"><div  class=\"fusion-layout-column fusion_builder_column fusion_builder_column_1_5 fusion-builder-column-1 fusion-one-fifth fusion-column-first 1_5\"  style='margin-top:0px;margin-bottom:20px;width:20%;width:calc(20% - ( ( 4% ) * 0.2 ) );margin-right: 4%;'>\n\t\t\t\t\t<div class=\"fusion-column-wrapper\" style=\"background-color:#e8e8e8;overflow:hidden;border-radius:12px 12px 12px 12px;padding: 0px 18px 18px 18px;background-position:left top;background-repeat:no-repeat;-webkit-background-size:cover;-moz-background-size:cover;-o-background-size:cover;background-size:cover;border-radius:12px 12px 12px 12px;\"   data-bg-url=\"\">\n\t\t\t\t\t\t<style type=\"text\/css\"><\/style><div class=\"fusion-title title fusion-title-1 fusion-title-text fusion-title-size-three\" style=\"margin-top:20px;margin-bottom:31px;\"><h3 class=\"title-heading-left\" style=\"margin:0;color:#ffffff;\"><strong><span style=\"font-size: 14pt; color: #003866;\">Saiba mais<\/span><\/strong><\/h3><div class=\"title-sep-container\"><div class=\"title-sep sep-double sep-solid\" style=\"border-color:#003866;\"><\/div><\/div><\/div><div class=\"fusion-button-wrapper fusion-align-block\"><style type=\"text\/css\">.fusion-button.button-1 .fusion-button-text, .fusion-button.button-1 i {color:#003866;}.fusion-button.button-1 .fusion-button-icon-divider{border-color:#003866;}.fusion-button.button-1:hover .fusion-button-text, .fusion-button.button-1:hover i,.fusion-button.button-1:focus .fusion-button-text, .fusion-button.button-1:focus i,.fusion-button.button-1:active .fusion-button-text, .fusion-button.button-1:active{color:#ffffff;}.fusion-button.button-1:hover .fusion-button-icon-divider, .fusion-button.button-1:hover .fusion-button-icon-divider, .fusion-button.button-1:active .fusion-button-icon-divider{border-color:#ffffff;}.fusion-button.button-1:hover, .fusion-button.button-1:focus, .fusion-button.button-1:active{border-color:#003866;border-width:2px;}.fusion-button.button-1 {border-color:#003866;border-width:2px;border-radius:50px;}.fusion-button.button-1{background: #f5f5f5;}.fusion-button.button-1:hover,.button-1:focus,.fusion-button.button-1:active{background: #003866;}.fusion-button.button-1 .fusion-button-text {text-transform:uppercase;}<\/style><a class=\"fusion-button button-flat button-large button-custom button-1 fusion-button-span-yes \" target=\"_self\" href=\"https:\/\/www.mpal.mp.br\/?page_id=1798\"><span class=\"fusion-button-text\">MEMORIAL &#8211; DESEMBARGADOR H\u00c9LIO CABRAL<\/span><\/a><\/div><div class=\"fusion-sep-clear\"><\/div><div class=\"fusion-separator fusion-full-width-sep sep-double\" style=\"border-color:rgba(255,252,252,0);border-top-width:1px;border-bottom-width:1px;margin-left: auto;margin-right: auto;margin-top:20px;\"><\/div><div class=\"fusion-button-wrapper fusion-align-block\"><style type=\"text\/css\">.fusion-button.button-2 .fusion-button-text, .fusion-button.button-2 i {color:#003866;}.fusion-button.button-2 .fusion-button-icon-divider{border-color:#003866;}.fusion-button.button-2:hover .fusion-button-text, .fusion-button.button-2:hover i,.fusion-button.button-2:focus .fusion-button-text, .fusion-button.button-2:focus i,.fusion-button.button-2:active .fusion-button-text, .fusion-button.button-2:active{color:#ffffff;}.fusion-button.button-2:hover .fusion-button-icon-divider, .fusion-button.button-2:hover .fusion-button-icon-divider, .fusion-button.button-2:active .fusion-button-icon-divider{border-color:#ffffff;}.fusion-button.button-2:hover, .fusion-button.button-2:focus, .fusion-button.button-2:active{border-color:#003866;border-width:2px;}.fusion-button.button-2 {border-color:#003866;border-width:2px;border-radius:50px;}.fusion-button.button-2{background: #f5f5f5;}.fusion-button.button-2:hover,.button-2:focus,.fusion-button.button-2:active{background: #003866;}.fusion-button.button-2 .fusion-button-text {text-transform:uppercase;}<\/style><a class=\"fusion-button button-flat button-large button-custom button-2 fusion-button-span-yes \" target=\"_self\" href=\"https:\/\/www.mpal.mp.br\/?page_id=1397\"><span class=\"fusion-button-text\">GALERIA &#8211; PROCURADORES-GERAIS<\/span><\/a><\/div><div class=\"fusion-clearfix\"><\/div>\n\n\t\t\t\t\t<\/div>\n\t\t\t\t<\/div><div  class=\"fusion-layout-column fusion_builder_column fusion_builder_column_4_5 fusion-builder-column-2 fusion-four-fifth fusion-column-last 4_5\"  style='margin-top:0px;margin-bottom:20px;width:80%;width:calc(80% - ( ( 4% ) * 0.8 ) );'>\n\t\t\t\t\t<div class=\"fusion-column-wrapper\" style=\"background-color:#ffffff;overflow:hidden;border-radius:12px 12px 12px 12px;padding: 0px 18px 0px 18px;background-position:left top;background-repeat:no-repeat;-webkit-background-size:cover;-moz-background-size:cover;-o-background-size:cover;background-size:cover;border-radius:12px 12px 12px 12px;\"   data-bg-url=\"\">\n\t\t\t\t\t\t<div class=\"fusion-widget-area fusion-widget-area-1 fusion-content-widget-area\"><style type=\"text\/css\">.fusion-widget-area-1 {padding:0px 0px 0px 0px;}.fusion-widget-area-1 .widget h4 {color:#000000;}.fusion-widget-area-1 .widget .heading h4 {color:#000000;}.fusion-widget-area-1 .widget h4 {font-size:20px;}.fusion-widget-area-1 .widget .heading h4 {font-size:20px;}<\/style><section id=\"block-26\" class=\"fusion-slidingbar-widget-column widget widget_block\"><div class=\"aioseo-breadcrumbs\"><span class=\"aioseo-breadcrumb\">\n\tHome\n<\/span><\/div><div style=\"clear:both;\"><\/div><\/section><div class=\"fusion-additional-widget-content\"><\/div><\/div><style type=\"text\/css\"><\/style><div class=\"fusion-title title fusion-title-2 fusion-title-center fusion-title-text fusion-title-size-one\" style=\"margin-top:0px;margin-bottom:20px;\"><div class=\"title-sep-container title-sep-container-left\"><div class=\"title-sep sep-double sep-solid\" style=\"border-color:#e0dede;\"><\/div><\/div><h1 class=\"title-heading-center\" style=\"margin:0;\">Eduardo de Menezes Silva Porto<\/h1><div class=\"title-sep-container title-sep-container-right\"><div class=\"title-sep sep-double sep-solid\" style=\"border-color:#e0dede;\"><\/div><\/div><\/div><div class=\"fusion-sep-clear\"><\/div><div class=\"fusion-separator fusion-full-width-sep sep-double\" style=\"border-color:rgba(255,252,252,0);border-top-width:1px;border-bottom-width:1px;margin-left: auto;margin-right: auto;margin-top:10px;\"><\/div><div class=\"fusion-text\"><p style=\"text-align: center;\"><span style=\"-webkit-border-radius:5px;-moz-border-radius:5px;border-radius:5px;width:100%;max-width:200px;\" class=\"fusion-imageframe imageframe-none imageframe-1 hover-type-none\"><img loading=\"lazy\" decoding=\"async\" src=\"https:\/\/www.mpal.mp.br\/wp-content\/uploads\/2022\/09\/pgj_eduardo_menezes_2.jpg\" width=\"250\" height=\"250\" alt=\"\" title=\"pgj_zepheryno\" class=\"img-responsive wp-image-15319\"\/><\/span><\/p>\n<p style=\"text-align: center;\"><span style=\"font-size: 12pt;\">Procurador-Geral do Estado, em 18\/08\/1934 <\/span><\/p>\n<div class=\"fusion-sep-clear\"><\/div><div class=\"fusion-separator fusion-no-medium-visibility sep-double sep-solid\" style=\"border-color:#ffffff;border-top-width:2px;border-bottom-width:2px;margin-left: auto;margin-right: auto;margin-top:10px;margin-bottom:10px;width:100%;max-width:50%;\"><\/div>\n<\/div><div class=\"fusion-text\"><table style=\"border-collapse: collapse; width: 100%;\">\n<tbody>\n<tr>\n<td style=\"width: 100%;\"><span style=\"color: #003866;\"><i class=\"fontawesome-icon fa-star fas circle-yes\" style=\"border-color:#000000;background-color:#000000;font-size:15.84px;line-height:31.68px;height:31.68px;width:31.68px;margin-right:9px;color:#ffffff;\"><\/i><strong style=\"font-size: 24px;\"><span style=\"text-align: justify;\">15\/04\/1881<\/span><\/strong><\/span><\/td>\n<\/tr>\n<tr>\n<td style=\"width: 100%;\">\n<table style=\"border-collapse: collapse; width: 100%;\">\n<tbody>\n<tr>\n<td style=\"width: 20%;\"><span style=\"color: #003866;\"><i class=\"fontawesome-icon fa-cross fas circle-yes\" style=\"border-color:#000000;background-color:#000000;font-size:15.84px;line-height:31.68px;height:31.68px;width:31.68px;margin-right:9px;color:#ffffff;\"><\/i><strong style=\"font-size: 24px;\"><span style=\"text-align: justify;\">29\/06\/1956<\/span><\/strong><\/span><\/td>\n<\/tr>\n<\/tbody>\n<\/table>\n<\/td>\n<\/tr>\n<\/tbody>\n<\/table>\n<\/div><div class=\"fusion-sep-clear\"><\/div><div class=\"fusion-separator fusion-full-width-sep sep-double\" style=\"border-color:rgba(255,252,252,0);border-top-width:1px;border-bottom-width:1px;margin-left: auto;margin-right: auto;margin-top:10px;\"><\/div><style type=\"text\/css\"><\/style><div class=\"fusion-title title fusion-title-3 fusion-title-text fusion-title-size-three\" style=\"margin-top:20px;margin-bottom:31px;\"><h3 class=\"title-heading-left\" style=\"margin:0;color:#ffffff;\"><strong><span style=\"font-size: 14pt; color: #003866;\">BIOGRAFIA<\/span><\/strong><\/h3><div class=\"title-sep-container\"><div class=\"title-sep sep-double sep-solid\" style=\"border-color:#003866;\"><\/div><\/div><\/div><div class=\"fusion-text\"><p style=\"text-align: justify;\"><span style=\"font-size: 14pt;\">Alagoano, nascido no Pilar, em 15\/04\/1881, foi magistrado, advogado. <\/span><\/p>\n<p style=\"text-align: justify;\"><span style=\"font-size: 14pt;\">Filho de Francisco Jos\u00e9 da Silva Porto e Am\u00e1lia de Menezes Silva Porto. <\/span><\/p>\n<p style=\"text-align: justify;\"><span style=\"font-size: 14pt;\">Primeiras letras com seu pr\u00f3prio pai, e preparat\u00f3rio no Col\u00e9gio S\u00e3o Domingos, em Macei\u00f3. <\/span><\/p>\n<p style=\"text-align: justify;\"><span style=\"font-size: 14pt;\">Ingressa na Faculdade de Direito do Recife, onde se bacharelou (1907). <\/span><\/p>\n<p style=\"text-align: justify;\"><span style=\"font-size: 14pt;\">Logo ap\u00f3s sua formatura, foi nomeado Juiz Substituto do Pilar, Mata Grande e, posteriormente, o mesmo cargo em Bai\u00e3o e Igarap\u00e9-Ass\u00fa, no Par\u00e1, onde viveu 4 anos (1907-11). <\/span><\/p>\n<p style=\"text-align: justify;\"><span style=\"font-size: 14pt;\">Regressa, em 1911, a Alagoas, \u00e9 nomeado Juiz de Direito em Anadia e, depois, em Palmeira dos \u00cdndios, onde permanece at\u00e9 1918, quando \u00e9 removido para Vi\u00e7osa e, em 1931, para Uni\u00e3o dos Palmares, posteriormente, para Porto Calvo. <\/span><\/p>\n<p style=\"text-align: justify;\"><span style=\"font-size: 14pt;\">Nomeado Procurador-Geral do Estado e, posteriormente, desembargador. S\u00f3cio correspondente do IHGAL a partir de 31\/08\/1932. <\/span><\/p>\n<p style=\"text-align: justify;\"><span style=\"font-size: 14pt;\">No per\u00edodo em que esteve em Bai\u00e3o (PA), fundou o seman\u00e1rio O Baionense, do qual era o principal redator. <\/span><\/p>\n<p style=\"text-align: justify;\"><span style=\"font-size: 18pt;\"><strong>Obras: <\/strong><\/span><\/p>\n<p style=\"text-align: justify;\"><span style=\"font-size: 14pt;\">Julgados &#8211; 1911 a 1915. Compila\u00e7\u00e3o e S\u00famula Pelo Bel. Eduardo de Menezes Silva Porto, Juiz de Direito de Vi\u00e7osa, I v., Macei\u00f3: Casa Ramalho, 1922; Alagoas Pitoresca, Macei\u00f3: Imprensa Oficial, 1951; Algumas Decis\u00f5es Pelo Bel. Eduardo de Menezes Silva Porto, Actual Juiz de Direito de Vi\u00e7osa, Vi\u00e7osa: Tip. Economica, 1920; Julgados &#8211; 1916 a 1918. <\/span><\/p>\n<p style=\"text-align: justify;\"><span style=\"font-size: 14pt;\">Tribunal Superior de Alagoas, Compila\u00e7\u00e3o e S\u00famula pelo Bel. Eduardo de Menezes Silva Porto, Juiz de Direito de Vi\u00e7osa, II, Macei\u00f3: Casa Ramalho, 1923; Julgados do Tribunal Superior da Justi\u00e7a de Alagoas &#8211; 1919 a 1921. <\/span><\/p>\n<p style=\"text-align: justify;\"><span style=\"font-size: 14pt;\">Compila\u00e7\u00e3o e S\u00famula Pelo Bacharel Eduardo de Menezes Silva Porto, Juiz de Direito da Uni\u00e3o, III, Macei\u00f3: Imprensa Oficial, 1934; Alagoas Pitoresca, Macei\u00f3: Imprensa Oficial, 1951. <\/span><\/p>\n<p style=\"text-align: justify;\"><span style=\"font-size: 14pt;\">Colaborou, com o pseud\u00f4nimo de Edu Bleygler, na Gazeta de Alagoas onde publicava cr\u00f4nicas, em colunas intituladas Tabuleiro da Baiana, Gaveta de Sapateiro e Sine Malitia. <\/span><\/p>\n<p style=\"text-align: justify;\"><span style=\"font-size: 14pt;\">Colaborou, ainda, na Gazeta da Tarde (Recife), Di\u00e1rio do Povo, Di\u00e1rio do Com\u00e9rcio, Jornal de Alagoas, Semeador (Macei\u00f3), Gazeta Judici\u00e1ria ( Rio de Janeiro), Revista Jur\u00eddica, Direito e Comercio e Revista de Direito. <\/span><\/p>\n<p style=\"text-align: justify;\"><span style=\"font-size: 14pt;\">Faleceu em Macei\u00f3 &#8211; AL 29\/06\/1956.<\/span><\/p>\n<\/div><div class=\"fusion-clearfix\"><\/div>\n\n\t\t\t\t\t<\/div>\n\t\t\t\t<\/div><\/div><\/div><div class=\"fusion-fullwidth fullwidth-box fusion-builder-row-2 hundred-percent-fullwidth non-hundred-percent-height-scrolling\"  style='background-color: #7ccef4;background-image:linear-gradient(0deg, var(--awb-color5) 0%,hsla(var(--awb-color5-h),var(--awb-color5-s),var(--awb-color5-l),calc(var(--awb-color5-a) - 20%)) 78%);background-position: center center;background-repeat: no-repeat;padding-top:0px;padding-right:10%;padding-bottom:0px;padding-left:10%;'><div class=\"fusion-builder-row fusion-row \"><div  class=\"fusion-layout-column fusion_builder_column fusion_builder_column_1_1 fusion-builder-column-3 fusion-one-full fusion-column-first fusion-column-last 1_1\"  style='margin-top:0px;margin-bottom:20px;'>\n\t\t\t\t\t<div class=\"fusion-column-wrapper\" style=\"padding: 0px 0px 0px 0px;background-position:left top;background-repeat:no-repeat;-webkit-background-size:cover;-moz-background-size:cover;-o-background-size:cover;background-size:cover;\"   data-bg-url=\"\">\n\t\t\t\t\t\t<div class=\"fusion-section-separator section-separator hills-opacity\" style=\"font-size:0;line-height:0;margin-left:calc( (100% + 12.5% + 12.5%) * 10 \/ -100 );margin-right:calc( (100% + 12.5% + 12.5%) * 10 \/ -100 );\"><svg class=\"fusion-hills-opacity-candy\" fill=\"#ffffff\" xmlns=\"http:\/\/www.w3.org\/2000\/svg\" version=\"1.1\" width=\"100%\" viewBox=\"0 0 1024 182\" preserveAspectRatio=\"none\" class=\"section-separator-shortcode-divider-svg\"><path class=\"st0\" d=\"M0 0h1024v140.5C995.9 162 963.9 178 926.9 178c-112.8 0-198.1-93.8-289.8-93.8s-199.5 91-285.3 91-142.2-82.1-238.5-82.1c-63.1 0-75.7 31.6-113.3 53.6V0z\"\/>\n\t\t\t\t\t\t\t\t\t<path class=\"st1\" d=\"M1024 0v75.9C984.3 60 942.2 48.6 905.3 50.1c-110.4 4.5-191.8 109.8-325.5 116.2C470.6 171.5 235.6 46.1 150.3 0H1024z\"\/>\n\t\t\t\t\t\t\t\t\t<path class=\"st2\" d=\"M0 0h1024v92c-57.5 30.9-116.9 73.7-199.9 75-133.8 2-158.9-87.9-342-87.9S202.1 183.7 74.2 182c-27.8-.3-52.4-4.2-74.2-9.7V0z\"\/>\n\t\t\t\t\t\t\t\t\t<path class=\"st3\" d=\"M0 0h1024v101.6C986.8 82 943.3 66.3 884.4 65.4 733.3 63 742.8 94 585.9 94.6S447 47.6 280.4 50.9C132.8 53.6 91.2 137.5 0 154V0z\"\/>\n\t\t\t\t\t\t\t\t\t<path class=\"st4\" d=\"M0 0h1024v77.3c-49-20.1-120.5-42.4-193.2-42.1-128.9.5-159.8 72.3-255.8 72.3-89.1 0-134.7-80.2-245-82-110.4-1.8-160.9 57.2-280 59.2-17.2.3-33.9-1.8-50-5.7V0z\"\/>\n\t\t\t\t\t\t\t\t<\/svg><\/div><div class=\"fusion-clearfix\"><\/div>\n\n\t\t\t\t\t<\/div>\n\t\t\t\t<\/div><\/div><\/div><\/p>\n","protected":false},"excerpt":{"rendered":"","protected":false},"author":2,"featured_media":0,"parent":0,"menu_order":0,"comment_status":"closed","ping_status":"closed","template":"100-width.php","meta":{"om_disable_all_campaigns":false,"_monsterinsights_skip_tracking":false,"_monsterinsights_sitenote_active":false,"_monsterinsights_sitenote_note":"","_monsterinsights_sitenote_category":0,"_uf_show_specific_survey":0,"_uf_disable_surveys":false,"footnotes":""},"class_list":["post-17790","page","type-page","status-publish","hentry"],"aioseo_notices":[],"_links":{"self":[{"href":"https:\/\/www.mpal.mp.br\/index.php?rest_route=\/wp\/v2\/pages\/17790","targetHints":{"allow":["GET"]}}],"collection":[{"href":"https:\/\/www.mpal.mp.br\/index.php?rest_route=\/wp\/v2\/pages"}],"about":[{"href":"https:\/\/www.mpal.mp.br\/index.php?rest_route=\/wp\/v2\/types\/page"}],"author":[{"embeddable":true,"href":"https:\/\/www.mpal.mp.br\/index.php?rest_route=\/wp\/v2\/users\/2"}],"replies":[{"embeddable":true,"href":"https:\/\/www.mpal.mp.br\/index.php?rest_route=%2Fwp%2Fv2%2Fcomments&post=17790"}],"version-history":[{"count":5,"href":"https:\/\/www.mpal.mp.br\/index.php?rest_route=\/wp\/v2\/pages\/17790\/revisions"}],"predecessor-version":[{"id":58705,"href":"https:\/\/www.mpal.mp.br\/index.php?rest_route=\/wp\/v2\/pages\/17790\/revisions\/58705"}],"wp:attachment":[{"href":"https:\/\/www.mpal.mp.br\/index.php?rest_route=%2Fwp%2Fv2%2Fmedia&parent=17790"}],"curies":[{"name":"wp","href":"https:\/\/api.w.org\/{rel}","templated":true}]}}