{"id":17048,"date":"2022-08-25T11:17:48","date_gmt":"2022-08-25T14:17:48","guid":{"rendered":"https:\/\/www.mpal.mp.br\/?page_id=17048"},"modified":"2025-07-30T13:44:35","modified_gmt":"2025-07-30T16:44:35","slug":"jose-paulino-de-albuquerque-sarmento","status":"publish","type":"page","link":"https:\/\/www.mpal.mp.br\/?page_id=17048","title":{"rendered":"Jos\u00e9 Paulino de Albuquerque Sarmento"},"content":{"rendered":"<p><div class=\"fusion-fullwidth fullwidth-box fusion-builder-row-1 hundred-percent-fullwidth non-hundred-percent-height-scrolling\"  style='background-color: #ffffff;background-image:linear-gradient(0deg, var(--awb-color1) 0%,var(--awb-color3) 30%);background-position: center center;background-repeat: no-repeat;background-blend-mode: overlay;padding-top:0px;padding-right:0px;padding-bottom:0px;padding-left:0px;margin-top: 30px;'><div class=\"fusion-builder-row fusion-row \"><div  class=\"fusion-layout-column fusion_builder_column fusion_builder_column_1_5 fusion-builder-column-1 fusion-one-fifth fusion-column-first 1_5\"  style='margin-top:0px;margin-bottom:20px;width:20%;width:calc(20% - ( ( 4% ) * 0.2 ) );margin-right: 4%;'>\n\t\t\t\t\t<div class=\"fusion-column-wrapper\" style=\"background-color:#e8e8e8;overflow:hidden;border-radius:12px 12px 12px 12px;padding: 0px 18px 18px 18px;background-position:left top;background-repeat:no-repeat;-webkit-background-size:cover;-moz-background-size:cover;-o-background-size:cover;background-size:cover;border-radius:12px 12px 12px 12px;\"   data-bg-url=\"\">\n\t\t\t\t\t\t<style type=\"text\/css\"><\/style><div class=\"fusion-title title fusion-title-1 fusion-title-text fusion-title-size-three\" style=\"margin-top:20px;margin-bottom:31px;\"><h3 class=\"title-heading-left\" style=\"margin:0;color:#ffffff;\"><strong><span style=\"font-size: 14pt; color: #003866;\">Saiba mais<\/span><\/strong><\/h3><div class=\"title-sep-container\"><div class=\"title-sep sep-double sep-solid\" style=\"border-color:#003866;\"><\/div><\/div><\/div><div class=\"fusion-button-wrapper fusion-align-block\"><style type=\"text\/css\">.fusion-button.button-1 .fusion-button-text, .fusion-button.button-1 i {color:#003866;}.fusion-button.button-1 .fusion-button-icon-divider{border-color:#003866;}.fusion-button.button-1:hover .fusion-button-text, .fusion-button.button-1:hover i,.fusion-button.button-1:focus .fusion-button-text, .fusion-button.button-1:focus i,.fusion-button.button-1:active .fusion-button-text, .fusion-button.button-1:active{color:#ffffff;}.fusion-button.button-1:hover .fusion-button-icon-divider, .fusion-button.button-1:hover .fusion-button-icon-divider, .fusion-button.button-1:active .fusion-button-icon-divider{border-color:#ffffff;}.fusion-button.button-1:hover, .fusion-button.button-1:focus, .fusion-button.button-1:active{border-color:#003866;border-width:2px;}.fusion-button.button-1 {border-color:#003866;border-width:2px;border-radius:50px;}.fusion-button.button-1{background: #f5f5f5;}.fusion-button.button-1:hover,.button-1:focus,.fusion-button.button-1:active{background: #003866;}.fusion-button.button-1 .fusion-button-text {text-transform:uppercase;}<\/style><a class=\"fusion-button button-flat button-large button-custom button-1 fusion-button-span-yes \" target=\"_self\" href=\"https:\/\/www.mpal.mp.br\/?page_id=1798\"><span class=\"fusion-button-text\">MEMORIAL &#8211; DESEMBARGADOR H\u00c9LIO CABRAL<\/span><\/a><\/div><div class=\"fusion-sep-clear\"><\/div><div class=\"fusion-separator fusion-full-width-sep sep-double\" style=\"border-color:rgba(255,252,252,0);border-top-width:1px;border-bottom-width:1px;margin-left: auto;margin-right: auto;margin-top:20px;\"><\/div><div class=\"fusion-button-wrapper fusion-align-block\"><style type=\"text\/css\">.fusion-button.button-2 .fusion-button-text, .fusion-button.button-2 i {color:#003866;}.fusion-button.button-2 .fusion-button-icon-divider{border-color:#003866;}.fusion-button.button-2:hover .fusion-button-text, .fusion-button.button-2:hover i,.fusion-button.button-2:focus .fusion-button-text, .fusion-button.button-2:focus i,.fusion-button.button-2:active .fusion-button-text, .fusion-button.button-2:active{color:#ffffff;}.fusion-button.button-2:hover .fusion-button-icon-divider, .fusion-button.button-2:hover .fusion-button-icon-divider, .fusion-button.button-2:active .fusion-button-icon-divider{border-color:#ffffff;}.fusion-button.button-2:hover, .fusion-button.button-2:focus, .fusion-button.button-2:active{border-color:#003866;border-width:2px;}.fusion-button.button-2 {border-color:#003866;border-width:2px;border-radius:50px;}.fusion-button.button-2{background: #f5f5f5;}.fusion-button.button-2:hover,.button-2:focus,.fusion-button.button-2:active{background: #003866;}.fusion-button.button-2 .fusion-button-text {text-transform:uppercase;}<\/style><a class=\"fusion-button button-flat button-large button-custom button-2 fusion-button-span-yes \" target=\"_self\" href=\"https:\/\/www.mpal.mp.br\/?page_id=1397\"><span class=\"fusion-button-text\">GALERIA &#8211; PROCURADORES-GERAIS<\/span><\/a><\/div><div class=\"fusion-clearfix\"><\/div>\n\n\t\t\t\t\t<\/div>\n\t\t\t\t<\/div><div  class=\"fusion-layout-column fusion_builder_column fusion_builder_column_4_5 fusion-builder-column-2 fusion-four-fifth fusion-column-last 4_5\"  style='margin-top:0px;margin-bottom:20px;width:80%;width:calc(80% - ( ( 4% ) * 0.8 ) );'>\n\t\t\t\t\t<div class=\"fusion-column-wrapper\" style=\"background-color:#ffffff;overflow:hidden;border-radius:12px 12px 12px 12px;padding: 0px 18px 0px 18px;background-position:left top;background-repeat:no-repeat;-webkit-background-size:cover;-moz-background-size:cover;-o-background-size:cover;background-size:cover;border-radius:12px 12px 12px 12px;\"   data-bg-url=\"\">\n\t\t\t\t\t\t<div class=\"fusion-widget-area fusion-widget-area-1 fusion-content-widget-area\"><style type=\"text\/css\">.fusion-widget-area-1 {padding:0px 0px 0px 0px;}.fusion-widget-area-1 .widget h4 {color:#000000;}.fusion-widget-area-1 .widget .heading h4 {color:#000000;}.fusion-widget-area-1 .widget h4 {font-size:20px;}.fusion-widget-area-1 .widget .heading h4 {font-size:20px;}<\/style><section id=\"block-26\" class=\"fusion-slidingbar-widget-column widget widget_block\"><div class=\"aioseo-breadcrumbs\"><span class=\"aioseo-breadcrumb\">\n\tHome\n<\/span><\/div><div style=\"clear:both;\"><\/div><\/section><div class=\"fusion-additional-widget-content\"><\/div><\/div><style type=\"text\/css\"><\/style><div class=\"fusion-title title fusion-title-2 fusion-title-center fusion-title-text fusion-title-size-one\" style=\"margin-top:0px;margin-bottom:20px;\"><div class=\"title-sep-container title-sep-container-left\"><div class=\"title-sep sep-double sep-solid\" style=\"border-color:#e0dede;\"><\/div><\/div><h1 class=\"title-heading-center\" style=\"margin:0;\">Jos\u00e9 Paulino de Albuquerque Sarmento<\/h1><div class=\"title-sep-container title-sep-container-right\"><div class=\"title-sep sep-double sep-solid\" style=\"border-color:#e0dede;\"><\/div><\/div><\/div><div class=\"fusion-sep-clear\"><\/div><div class=\"fusion-separator fusion-full-width-sep sep-double\" style=\"border-color:rgba(255,252,252,0);border-top-width:1px;border-bottom-width:1px;margin-left: auto;margin-right: auto;margin-top:10px;\"><\/div><div class=\"fusion-text\"><p style=\"text-align: center;\"><span style=\"-webkit-border-radius:5px;-moz-border-radius:5px;border-radius:5px;width:100%;max-width:200px;\" class=\"fusion-imageframe imageframe-none imageframe-1 hover-type-none\"><img loading=\"lazy\" decoding=\"async\" src=\"https:\/\/www.mpal.mp.br\/wp-content\/uploads\/2022\/08\/pgj_jose_paulino_2.jpg\" width=\"250\" height=\"250\" alt=\"\" title=\"pgj_zepheryno\" class=\"img-responsive wp-image-15319\"\/><\/span><\/p>\n<p style=\"text-align: center;\"><span style=\"font-size: 12pt;\">Procurador-Geral do Estado, em 16\/02\/1921<\/span><\/p>\n<div class=\"fusion-sep-clear\"><\/div><div class=\"fusion-separator fusion-no-medium-visibility sep-double sep-solid\" style=\"border-color:#ffffff;border-top-width:2px;border-bottom-width:2px;margin-left: auto;margin-right: auto;margin-top:10px;margin-bottom:10px;width:100%;max-width:50%;\"><\/div>\n<\/div><div class=\"fusion-text\"><table style=\"border-collapse: collapse; width: 100%;\">\n<tbody>\n<tr>\n<td style=\"width: 100%;\"><span style=\"color: #003866;\"><i class=\"fontawesome-icon fa-star fas circle-yes\" style=\"border-color:#000000;background-color:#000000;font-size:15.84px;line-height:31.68px;height:31.68px;width:31.68px;margin-right:9px;color:#ffffff;\"><\/i><strong style=\"font-size: 24px;\"><span style=\"text-align: justify;\">17\/06\/1863<\/span><\/strong><\/span><\/td>\n<\/tr>\n<tr>\n<td style=\"width: 100%;\">\n<table style=\"border-collapse: collapse; width: 100%;\">\n<tbody>\n<tr>\n<td style=\"width: 20%;\"><span style=\"color: #003866;\"><i class=\"fontawesome-icon fa-cross fas circle-yes\" style=\"border-color:#000000;background-color:#000000;font-size:15.84px;line-height:31.68px;height:31.68px;width:31.68px;margin-right:9px;color:#ffffff;\"><\/i><strong style=\"font-size: 24px;\"><span style=\"text-align: justify;\">10\/03\/1957<\/span><\/strong><\/span><\/td>\n<\/tr>\n<\/tbody>\n<\/table>\n<\/td>\n<\/tr>\n<\/tbody>\n<\/table>\n<\/div><div class=\"fusion-sep-clear\"><\/div><div class=\"fusion-separator fusion-full-width-sep sep-double\" style=\"border-color:rgba(255,252,252,0);border-top-width:1px;border-bottom-width:1px;margin-left: auto;margin-right: auto;margin-top:10px;\"><\/div><style type=\"text\/css\"><\/style><div class=\"fusion-title title fusion-title-3 fusion-title-text fusion-title-size-three\" style=\"margin-top:20px;margin-bottom:31px;\"><h3 class=\"title-heading-left\" style=\"margin:0;color:#ffffff;\"><strong><span style=\"font-size: 14pt; color: #003866;\">BIOGRAFIA<\/span><\/strong><\/h3><div class=\"title-sep-container\"><div class=\"title-sep sep-double sep-solid\" style=\"border-color:#003866;\"><\/div><\/div><\/div><div class=\"fusion-text\"><p style=\"text-align: justify;\"><span style=\"font-size: 14pt;\">Nasceu no Engenho V\u00e1rzea de Souza, S\u00e3o Luiz do Quitunde &#8211; AL 17\/06\/1863, foi Deputado federal e estadual, governador, advogado, jornalista, agricultor.<\/span><\/p>\n<p style=\"text-align: justify;\"><span style=\"font-size: 14pt;\">Filho de Jos\u00e9 Paulino de Albuquerque Sarmento e Rita Eug\u00eania Sarmento.<\/span><\/p>\n<p style=\"text-align: justify;\"><span style=\"font-size: 14pt;\">Frequentou a escola p\u00fablica de Camaragibe e, depois, o secund\u00e1rio em Macei\u00f3.<\/span><\/p>\n<p style=\"text-align: justify;\"><span style=\"font-size: 14pt;\">Formado em Direito pela Faculdade do Recife (1886).<\/span><\/p>\n<p style=\"text-align: justify;\"><span style=\"font-size: 14pt;\">Come\u00e7ou sua vida como promotor p\u00fablico.<\/span><\/p>\n<p style=\"text-align: justify;\"><span style=\"font-size: 14pt;\">Indo morar no Rio de Janeiro, foi nomeado por Floriano Peixoto, Pretor da Ilha do Governador, no DF regressando a Alagoas, foi nomeado professor do Gin\u00e1sio Alagoano, abriu escrit\u00f3rio de advocacia e dedicou-se \u00e0 agroind\u00fastria.<\/span><\/p>\n<p style=\"text-align: justify;\"><span style=\"font-size: 14pt;\">Deputado Federal de maio de 1915 a dezembro de 1917.<\/span><\/p>\n<p style=\"text-align: justify;\"><span style=\"font-size: 14pt;\">Regressa a Alagoas e \u00e9 eleito vice-governador do Estado, em 12 de junho de 1918, tendo assumido o governo de 12 de mar\u00e7o a 02 de maio de 1919.<\/span><\/p>\n<p style=\"text-align: justify;\"><span style=\"font-size: 14pt;\">Foi Procurador-Geral do Estado, cargo no qual se aposentou em 1929.<\/span><\/p>\n<p style=\"text-align: justify;\"><span style=\"font-size: 14pt;\">Eleito novamente deputado federal, permanece na C\u00e2mara de junho de 1929 a 23 de outubro de 1930.<\/span><\/p>\n<p style=\"text-align: justify;\"><span style=\"font-size: 14pt;\">Membro da Comiss\u00e3o Diretora do Partido Economista Democr\u00e1tico de Alagoas, foi um dos l\u00edderes da oposi\u00e7\u00e3o, reunidos no Correio de Macei\u00f3. Em 1934 se elege deputado estadual, exercendo seu mandato at\u00e9 1937.<\/span><\/p>\n<p style=\"text-align: justify;\"><span style=\"font-size: 14pt;\">Faleceu em Macei\u00f3 &#8211; AL 10\/03\/1957 (1): conforme Relat\u00f3rio dos Presidentes dos Estados Brasileiros \u2013 1890-1930, ed. 1 de 1929, p. 102.<\/span><\/p>\n<\/div><div class=\"fusion-clearfix\"><\/div>\n\n\t\t\t\t\t<\/div>\n\t\t\t\t<\/div><\/div><\/div><div class=\"fusion-fullwidth fullwidth-box fusion-builder-row-2 hundred-percent-fullwidth non-hundred-percent-height-scrolling\"  style='background-color: #7ccef4;background-image:linear-gradient(0deg, var(--awb-color5) 0%,hsla(var(--awb-color5-h),var(--awb-color5-s),var(--awb-color5-l),calc(var(--awb-color5-a) - 20%)) 78%);background-position: center center;background-repeat: no-repeat;padding-top:0px;padding-right:10%;padding-bottom:0px;padding-left:10%;'><div class=\"fusion-builder-row fusion-row \"><div  class=\"fusion-layout-column fusion_builder_column fusion_builder_column_1_1 fusion-builder-column-3 fusion-one-full fusion-column-first fusion-column-last 1_1\"  style='margin-top:0px;margin-bottom:20px;'>\n\t\t\t\t\t<div class=\"fusion-column-wrapper\" style=\"padding: 0px 0px 0px 0px;background-position:left top;background-repeat:no-repeat;-webkit-background-size:cover;-moz-background-size:cover;-o-background-size:cover;background-size:cover;\"   data-bg-url=\"\">\n\t\t\t\t\t\t<div class=\"fusion-section-separator section-separator hills-opacity\" style=\"font-size:0;line-height:0;margin-left:calc( (100% + 12.5% + 12.5%) * 10 \/ -100 );margin-right:calc( (100% + 12.5% + 12.5%) * 10 \/ -100 );\"><svg class=\"fusion-hills-opacity-candy\" fill=\"#ffffff\" xmlns=\"http:\/\/www.w3.org\/2000\/svg\" version=\"1.1\" width=\"100%\" viewBox=\"0 0 1024 182\" preserveAspectRatio=\"none\" class=\"section-separator-shortcode-divider-svg\"><path class=\"st0\" d=\"M0 0h1024v140.5C995.9 162 963.9 178 926.9 178c-112.8 0-198.1-93.8-289.8-93.8s-199.5 91-285.3 91-142.2-82.1-238.5-82.1c-63.1 0-75.7 31.6-113.3 53.6V0z\"\/>\n\t\t\t\t\t\t\t\t\t<path class=\"st1\" d=\"M1024 0v75.9C984.3 60 942.2 48.6 905.3 50.1c-110.4 4.5-191.8 109.8-325.5 116.2C470.6 171.5 235.6 46.1 150.3 0H1024z\"\/>\n\t\t\t\t\t\t\t\t\t<path class=\"st2\" d=\"M0 0h1024v92c-57.5 30.9-116.9 73.7-199.9 75-133.8 2-158.9-87.9-342-87.9S202.1 183.7 74.2 182c-27.8-.3-52.4-4.2-74.2-9.7V0z\"\/>\n\t\t\t\t\t\t\t\t\t<path class=\"st3\" d=\"M0 0h1024v101.6C986.8 82 943.3 66.3 884.4 65.4 733.3 63 742.8 94 585.9 94.6S447 47.6 280.4 50.9C132.8 53.6 91.2 137.5 0 154V0z\"\/>\n\t\t\t\t\t\t\t\t\t<path class=\"st4\" d=\"M0 0h1024v77.3c-49-20.1-120.5-42.4-193.2-42.1-128.9.5-159.8 72.3-255.8 72.3-89.1 0-134.7-80.2-245-82-110.4-1.8-160.9 57.2-280 59.2-17.2.3-33.9-1.8-50-5.7V0z\"\/>\n\t\t\t\t\t\t\t\t<\/svg><\/div><div class=\"fusion-clearfix\"><\/div>\n\n\t\t\t\t\t<\/div>\n\t\t\t\t<\/div><\/div><\/div><\/p>\n","protected":false},"excerpt":{"rendered":"","protected":false},"author":2,"featured_media":0,"parent":0,"menu_order":0,"comment_status":"closed","ping_status":"closed","template":"100-width.php","meta":{"om_disable_all_campaigns":false,"_monsterinsights_skip_tracking":false,"_monsterinsights_sitenote_active":false,"_monsterinsights_sitenote_note":"","_monsterinsights_sitenote_category":0,"_uf_show_specific_survey":0,"_uf_disable_surveys":false,"footnotes":""},"class_list":["post-17048","page","type-page","status-publish","hentry"],"aioseo_notices":[],"_links":{"self":[{"href":"https:\/\/www.mpal.mp.br\/index.php?rest_route=\/wp\/v2\/pages\/17048","targetHints":{"allow":["GET"]}}],"collection":[{"href":"https:\/\/www.mpal.mp.br\/index.php?rest_route=\/wp\/v2\/pages"}],"about":[{"href":"https:\/\/www.mpal.mp.br\/index.php?rest_route=\/wp\/v2\/types\/page"}],"author":[{"embeddable":true,"href":"https:\/\/www.mpal.mp.br\/index.php?rest_route=\/wp\/v2\/users\/2"}],"replies":[{"embeddable":true,"href":"https:\/\/www.mpal.mp.br\/index.php?rest_route=%2Fwp%2Fv2%2Fcomments&post=17048"}],"version-history":[{"count":7,"href":"https:\/\/www.mpal.mp.br\/index.php?rest_route=\/wp\/v2\/pages\/17048\/revisions"}],"predecessor-version":[{"id":58713,"href":"https:\/\/www.mpal.mp.br\/index.php?rest_route=\/wp\/v2\/pages\/17048\/revisions\/58713"}],"wp:attachment":[{"href":"https:\/\/www.mpal.mp.br\/index.php?rest_route=%2Fwp%2Fv2%2Fmedia&parent=17048"}],"curies":[{"name":"wp","href":"https:\/\/api.w.org\/{rel}","templated":true}]}}