{"id":15522,"date":"2022-08-10T12:04:22","date_gmt":"2022-08-10T15:04:22","guid":{"rendered":"https:\/\/www.mpal.mp.br\/?page_id=15522"},"modified":"2026-04-17T13:05:00","modified_gmt":"2026-04-17T16:05:00","slug":"colegio-de-procuradores-resolucoes","status":"publish","type":"page","link":"https:\/\/www.mpal.mp.br\/?page_id=15522","title":{"rendered":"Col\u00e9gio de Procuradores &#8211; Resolu\u00e7\u00f5es"},"content":{"rendered":"<p><div class=\"fusion-fullwidth fullwidth-box fusion-builder-row-1 nonhundred-percent-fullwidth non-hundred-percent-height-scrolling\"  style='background-color: #ffffff;background-image:linear-gradient(0deg, var(--awb-color1) 0%,var(--awb-color3) 30%);background-position: center center;background-repeat: no-repeat;background-blend-mode: overlay;padding-top:0px;padding-right:0px;padding-bottom:0px;padding-left:0px;margin-top: 4%;'><div class=\"fusion-builder-row fusion-row \"><div  class=\"fusion-layout-column fusion_builder_column fusion_builder_column_1_1 fusion-builder-column-1 fusion-one-full fusion-column-first fusion-column-last 1_1\"  style='margin-top:0px;margin-bottom:20px;'>\n\t\t\t\t\t<div class=\"fusion-column-wrapper\" style=\"padding: 0px 0px 0px 0px;background-position:left top;background-repeat:no-repeat;-webkit-background-size:cover;-moz-background-size:cover;-o-background-size:cover;background-size:cover;\"   data-bg-url=\"\">\n\t\t\t\t\t\t<div class=\"fusion-widget-area fusion-widget-area-1 fusion-content-widget-area\"><style type=\"text\/css\">.fusion-widget-area-1 {padding:0px 0px 0px 0px;}.fusion-widget-area-1 .widget h4 {color:#000000;}.fusion-widget-area-1 .widget .heading h4 {color:#000000;}.fusion-widget-area-1 .widget h4 {font-size:20px;}.fusion-widget-area-1 .widget .heading h4 {font-size:20px;}<\/style><section id=\"block-26\" class=\"fusion-slidingbar-widget-column widget widget_block\"><div class=\"aioseo-breadcrumbs\"><span class=\"aioseo-breadcrumb\">\n\tHome\n<\/span><\/div><div style=\"clear:both;\"><\/div><\/section><div class=\"fusion-additional-widget-content\"><\/div><\/div><style type=\"text\/css\"><\/style><div class=\"fusion-title title fusion-title-1 fusion-title-center fusion-title-text fusion-title-size-one\" style=\"margin-top:0px;margin-bottom:20px;\"><div class=\"title-sep-container title-sep-container-left\"><div class=\"title-sep sep-double sep-solid\" style=\"border-color:#e0dede;\"><\/div><\/div><h1 class=\"title-heading-center\" style=\"margin:0;\">Col\u00e9gio de Procuradores &#8211; Resolu\u00e7\u00f5es<\/h1><div class=\"title-sep-container title-sep-container-right\"><div class=\"title-sep sep-double sep-solid\" style=\"border-color:#e0dede;\"><\/div><\/div><\/div><div class=\"fusion-clearfix\"><\/div>\n\n\t\t\t\t\t<\/div>\n\t\t\t\t<\/div><\/div><\/div><div class=\"fusion-fullwidth fullwidth-box fusion-builder-row-2 hundred-percent-fullwidth non-hundred-percent-height-scrolling\"  style='background-color: #ffffff;background-image:linear-gradient(0deg, var(--awb-color1) 0%,var(--awb-color3) 30%);background-position: center center;background-repeat: no-repeat;background-blend-mode: overlay;padding-top:0px;padding-right:0px;padding-bottom:0px;padding-left:0px;'><div class=\"fusion-builder-row fusion-row \"><div  class=\"fusion-layout-column fusion_builder_column fusion_builder_column_1_5 fusion-builder-column-2 fusion-one-fifth fusion-column-first 1_5\"  style='margin-top:0px;margin-bottom:20px;width:20%;width:calc(20% - ( ( 4% ) * 0.2 ) );margin-right: 4%;'>\n\t\t\t\t\t<div class=\"fusion-column-wrapper\" style=\"background-color:#e8e8e8;overflow:hidden;border-radius:12px 12px 12px 12px;padding: 0px 18px 18px 18px;background-position:left top;background-repeat:no-repeat;-webkit-background-size:cover;-moz-background-size:cover;-o-background-size:cover;background-size:cover;border-radius:12px 12px 12px 12px;\"   data-bg-url=\"\">\n\t\t\t\t\t\t<style type=\"text\/css\"><\/style><div class=\"fusion-title title fusion-title-2 fusion-title-text fusion-title-size-three\" style=\"margin-top:40px;margin-bottom:31px;\"><h3 class=\"title-heading-left\" style=\"margin:0;color:#ffffff;\"><strong><span style=\"font-size: 14pt; color: #003866;\">Col\u00e9gio de Procuradores<\/span><\/strong><\/h3><div class=\"title-sep-container\"><div class=\"title-sep sep-double sep-solid\" style=\"border-color:#003866;\"><\/div><\/div><\/div><div class=\"fusion-button-wrapper fusion-align-block\"><style type=\"text\/css\">.fusion-button.button-1 .fusion-button-text, .fusion-button.button-1 i {color:#003866;}.fusion-button.button-1 .fusion-button-icon-divider{border-color:#003866;}.fusion-button.button-1:hover .fusion-button-text, .fusion-button.button-1:hover i,.fusion-button.button-1:focus .fusion-button-text, .fusion-button.button-1:focus i,.fusion-button.button-1:active .fusion-button-text, .fusion-button.button-1:active{color:#ffffff;}.fusion-button.button-1:hover .fusion-button-icon-divider, .fusion-button.button-1:hover .fusion-button-icon-divider, .fusion-button.button-1:active .fusion-button-icon-divider{border-color:#ffffff;}.fusion-button.button-1:hover, .fusion-button.button-1:focus, .fusion-button.button-1:active{border-color:#003866;border-width:2px;}.fusion-button.button-1 {border-color:#003866;border-width:2px;border-radius:50px;}.fusion-button.button-1{background: #f5f5f5;}.fusion-button.button-1:hover,.button-1:focus,.fusion-button.button-1:active{background: #003866;}.fusion-button.button-1 .fusion-button-text {text-transform:uppercase;}<\/style><a class=\"fusion-button button-flat button-large button-custom button-1 fusion-button-span-yes \" target=\"_self\" href=\"https:\/\/www.mpal.mp.br\/?page_id=1142\"><span class=\"fusion-button-text\">P\u00c1GINA DO COL\u00c9GIO<\/span><\/a><\/div><div class=\"fusion-sep-clear\"><\/div><div class=\"fusion-separator fusion-full-width-sep sep-double\" style=\"border-color:rgba(255,252,252,0);border-top-width:1px;border-bottom-width:1px;margin-left: auto;margin-right: auto;margin-top:20px;\"><\/div><div class=\"fusion-button-wrapper fusion-align-block\"><style type=\"text\/css\">.fusion-button.button-2 .fusion-button-text, .fusion-button.button-2 i {color:#003866;}.fusion-button.button-2 .fusion-button-icon-divider{border-color:#003866;}.fusion-button.button-2:hover .fusion-button-text, .fusion-button.button-2:hover i,.fusion-button.button-2:focus .fusion-button-text, .fusion-button.button-2:focus i,.fusion-button.button-2:active .fusion-button-text, .fusion-button.button-2:active{color:#ffffff;}.fusion-button.button-2:hover .fusion-button-icon-divider, .fusion-button.button-2:hover .fusion-button-icon-divider, .fusion-button.button-2:active .fusion-button-icon-divider{border-color:#ffffff;}.fusion-button.button-2:hover, .fusion-button.button-2:focus, .fusion-button.button-2:active{border-color:#003866;border-width:2px;}.fusion-button.button-2 {border-color:#003866;border-width:2px;border-radius:50px;}.fusion-button.button-2{background: #f5f5f5;}.fusion-button.button-2:hover,.button-2:focus,.fusion-button.button-2:active{background: #003866;}.fusion-button.button-2 .fusion-button-text {text-transform:uppercase;}<\/style><a class=\"fusion-button button-flat button-large button-custom button-2 fusion-button-span-yes \" target=\"_self\" href=\"https:\/\/www.mpal.mp.br\/?page_id=66860\"><span class=\"fusion-button-text\">ATAS<\/span><\/a><\/div><div class=\"fusion-sep-clear\"><\/div><div class=\"fusion-separator fusion-full-width-sep sep-double\" style=\"border-color:rgba(255,252,252,0);border-top-width:1px;border-bottom-width:1px;margin-left: auto;margin-right: auto;margin-top:20px;\"><\/div><div class=\"fusion-button-wrapper fusion-align-block\"><style type=\"text\/css\">.fusion-button.button-3 .fusion-button-text, .fusion-button.button-3 i {color:#003866;}.fusion-button.button-3 .fusion-button-icon-divider{border-color:#003866;}.fusion-button.button-3:hover .fusion-button-text, .fusion-button.button-3:hover i,.fusion-button.button-3:focus .fusion-button-text, .fusion-button.button-3:focus i,.fusion-button.button-3:active .fusion-button-text, .fusion-button.button-3:active{color:#ffffff;}.fusion-button.button-3:hover .fusion-button-icon-divider, .fusion-button.button-3:hover .fusion-button-icon-divider, .fusion-button.button-3:active .fusion-button-icon-divider{border-color:#ffffff;}.fusion-button.button-3:hover, .fusion-button.button-3:focus, .fusion-button.button-3:active{border-color:#003866;border-width:2px;}.fusion-button.button-3 {border-color:#003866;border-width:2px;border-radius:50px;}.fusion-button.button-3{background: #f5f5f5;}.fusion-button.button-3:hover,.button-3:focus,.fusion-button.button-3:active{background: #003866;}.fusion-button.button-3 .fusion-button-text {text-transform:uppercase;}<\/style><a class=\"fusion-button button-flat button-large button-custom button-3 fusion-button-span-yes \" target=\"_self\" href=\"https:\/\/www.mpal.mp.br\/?page_id=15519\"><span class=\"fusion-button-text\">NOTAS INFORMATIVAS<\/span><\/a><\/div><div class=\"fusion-sep-clear\"><\/div><div class=\"fusion-separator fusion-full-width-sep sep-double\" style=\"border-color:rgba(255,252,252,0);border-top-width:1px;border-bottom-width:1px;margin-left: auto;margin-right: auto;margin-top:20px;\"><\/div><div class=\"fusion-button-wrapper fusion-align-block\"><style type=\"text\/css\">.fusion-button.button-4 .fusion-button-text, .fusion-button.button-4 i {color:#003866;}.fusion-button.button-4 .fusion-button-icon-divider{border-color:#003866;}.fusion-button.button-4:hover .fusion-button-text, .fusion-button.button-4:hover i,.fusion-button.button-4:focus .fusion-button-text, .fusion-button.button-4:focus i,.fusion-button.button-4:active .fusion-button-text, .fusion-button.button-4:active{color:#ffffff;}.fusion-button.button-4:hover .fusion-button-icon-divider, .fusion-button.button-4:hover .fusion-button-icon-divider, .fusion-button.button-4:active .fusion-button-icon-divider{border-color:#ffffff;}.fusion-button.button-4:hover, .fusion-button.button-4:focus, .fusion-button.button-4:active{border-color:#003866;border-width:2px;}.fusion-button.button-4 {border-color:#003866;border-width:2px;border-radius:50px;}.fusion-button.button-4{background: #f5f5f5;}.fusion-button.button-4:hover,.button-4:focus,.fusion-button.button-4:active{background: #003866;}.fusion-button.button-4 .fusion-button-text {text-transform:uppercase;}<\/style><a class=\"fusion-button button-flat button-large button-custom button-4 fusion-button-span-yes \" target=\"_self\" href=\"https:\/\/www.mpal.mp.br\/?page_id=15522\"><span class=\"fusion-button-text\">RESOLU\u00c7\u00d5ES<\/span><\/a><\/div><div class=\"fusion-sep-clear\"><\/div><div class=\"fusion-separator fusion-full-width-sep sep-double\" style=\"border-color:rgba(255,252,252,0);border-top-width:1px;border-bottom-width:1px;margin-left: auto;margin-right: auto;margin-top:20px;\"><\/div><div class=\"fusion-button-wrapper fusion-align-block\"><style type=\"text\/css\">.fusion-button.button-5 .fusion-button-text, .fusion-button.button-5 i {color:#003866;}.fusion-button.button-5 .fusion-button-icon-divider{border-color:#003866;}.fusion-button.button-5:hover .fusion-button-text, .fusion-button.button-5:hover i,.fusion-button.button-5:focus .fusion-button-text, .fusion-button.button-5:focus i,.fusion-button.button-5:active .fusion-button-text, .fusion-button.button-5:active{color:#ffffff;}.fusion-button.button-5:hover .fusion-button-icon-divider, .fusion-button.button-5:hover .fusion-button-icon-divider, .fusion-button.button-5:active .fusion-button-icon-divider{border-color:#ffffff;}.fusion-button.button-5:hover, .fusion-button.button-5:focus, .fusion-button.button-5:active{border-color:#003866;border-width:2px;}.fusion-button.button-5 {border-color:#003866;border-width:2px;border-radius:50px;}.fusion-button.button-5{background: #f5f5f5;}.fusion-button.button-5:hover,.button-5:focus,.fusion-button.button-5:active{background: #003866;}.fusion-button.button-5 .fusion-button-text {text-transform:uppercase;}<\/style><a class=\"fusion-button button-flat button-large button-custom button-5 fusion-button-span-yes \" target=\"_self\" href=\"https:\/\/www.mpal.mp.br\/?page_id=15519\"><span class=\"fusion-button-text\">PAUTAS<\/span><\/a><\/div><div class=\"fusion-clearfix\"><\/div>\n\n\t\t\t\t\t<\/div>\n\t\t\t\t<\/div><div  class=\"fusion-layout-column fusion_builder_column fusion_builder_column_4_5 fusion-builder-column-3 fusion-four-fifth fusion-column-last 4_5\"  style='margin-top:0px;margin-bottom:20px;width:80%;width:calc(80% - ( ( 4% ) * 0.8 ) );'>\n\t\t\t\t\t<div class=\"fusion-column-wrapper\" style=\"background-color:#ffffff;overflow:hidden;border-radius:12px 12px 12px 12px;padding: 0px 18px 0px 18px;background-position:left top;background-repeat:no-repeat;-webkit-background-size:cover;-moz-background-size:cover;-o-background-size:cover;background-size:cover;border-radius:12px 12px 12px 12px;\"   data-bg-url=\"\">\n\t\t\t\t\t\t<div class=\"fusion-sep-clear\"><\/div><div class=\"fusion-separator fusion-full-width-sep sep-double\" style=\"border-color:rgba(255,252,252,0);border-top-width:1px;border-bottom-width:1px;margin-left: auto;margin-right: auto;margin-top:10px;\"><\/div><div class=\"fusion-tabs fusion-tabs-1 clean vertical-tabs icon-position-left\"><style type=\"text\/css\">#wrapper .fusion-tabs.fusion-tabs-1.clean .nav-tabs li a.tab-link{border-color:rgba(235,234,234,0);}.fusion-tabs.fusion-tabs-1 .nav-tabs li a.tab-link{background-color:#ffffff;}.fusion-tabs.fusion-tabs-1 .nav-tabs li.active a.tab-link,.fusion-tabs.fusion-tabs-1 .nav-tabs li.active a.tab-link:hover,.fusion-tabs.fusion-tabs-1 .nav-tabs li.active a.tab-link:focus{background-color:#ccecfb;}.fusion-tabs.fusion-tabs-1 .nav-tabs li a:hover{background-color:#ccecfb;border-top-color:#ccecfb;}.fusion-tabs.fusion-tabs-1 .tab-pane{background-color:#ccecfb;}.fusion-tabs.fusion-tabs-1 .nav,.fusion-tabs.fusion-tabs-1 .nav-tabs,.fusion-tabs.fusion-tabs-1 .tab-content .tab-pane{border-color:rgba(235,234,234,0);}<\/style><div class=\"nav\"><ul class=\"nav-tabs\"><li class=\"active\"><a class=\"tab-link\" data-toggle=\"tab\" id=\"fusion-tab-2026\" href=\"#tab-e7692b484b73b9b1f65\"><h4 class=\"fusion-tab-heading\"><i class=\"fontawesome-icon fa-file-pdf fas\" style=\"font-size:13px;\"><\/i>2026<\/h4><\/a><\/li><li><a class=\"tab-link\" data-toggle=\"tab\" id=\"fusion-tab-2025\" href=\"#tab-7c6aa2eae1b45e0a576\"><h4 class=\"fusion-tab-heading\"><i class=\"fontawesome-icon fa-file-pdf fas\" style=\"font-size:13px;\"><\/i>2025<\/h4><\/a><\/li><li><a class=\"tab-link\" data-toggle=\"tab\" id=\"fusion-tab-2024\" href=\"#tab-84f4dc7f4bc98378471\"><h4 class=\"fusion-tab-heading\"><i class=\"fontawesome-icon fa-file-pdf fas\" style=\"font-size:13px;\"><\/i>2024<\/h4><\/a><\/li><li><a class=\"tab-link\" data-toggle=\"tab\" id=\"fusion-tab-2023\" href=\"#tab-ccc8076e917ba29097d\"><h4 class=\"fusion-tab-heading\"><i class=\"fontawesome-icon fa-file-pdf fas\" style=\"font-size:13px;\"><\/i>2023<\/h4><\/a><\/li><li><a class=\"tab-link\" data-toggle=\"tab\" id=\"fusion-tab-2022\" href=\"#tab-619e6b6467b0154426b\"><h4 class=\"fusion-tab-heading\"><i class=\"fontawesome-icon fa-file-pdf fas\" style=\"font-size:13px;\"><\/i>2022<\/h4><\/a><\/li><li><a class=\"tab-link\" data-toggle=\"tab\" id=\"fusion-tab-2021\" href=\"#tab-5a5b782fac7b5c4b4f4\"><h4 class=\"fusion-tab-heading\"><i class=\"fontawesome-icon fa-file-pdf fas\" style=\"font-size:13px;\"><\/i>2021<\/h4><\/a><\/li><li><a class=\"tab-link\" data-toggle=\"tab\" id=\"fusion-tab-2020\" href=\"#tab-4a1703c9cfb509fd615\"><h4 class=\"fusion-tab-heading\"><i class=\"fontawesome-icon fa-file-pdf fas\" style=\"font-size:13px;\"><\/i>2020<\/h4><\/a><\/li><li><a class=\"tab-link\" data-toggle=\"tab\" id=\"fusion-tab-2019\" href=\"#tab-8845e97a06e3405103c\"><h4 class=\"fusion-tab-heading\"><i class=\"fontawesome-icon fa-file-pdf fas\" style=\"font-size:13px;\"><\/i>2019<\/h4><\/a><\/li><li><a class=\"tab-link\" data-toggle=\"tab\" id=\"fusion-tab-2018\" href=\"#tab-f2053cfc53ecc87705d\"><h4 class=\"fusion-tab-heading\"><i class=\"fontawesome-icon fa-file-pdf fas\" style=\"font-size:13px;\"><\/i>2018<\/h4><\/a><\/li><li><a class=\"tab-link\" data-toggle=\"tab\" id=\"fusion-tab-2017\" href=\"#tab-f4c16befac7add70ff2\"><h4 class=\"fusion-tab-heading\"><i class=\"fontawesome-icon fa-file-pdf fas\" style=\"font-size:13px;\"><\/i>2017<\/h4><\/a><\/li><li><a class=\"tab-link\" data-toggle=\"tab\" id=\"fusion-tab-2016\" href=\"#tab-7202285168b3b763c5b\"><h4 class=\"fusion-tab-heading\"><i class=\"fontawesome-icon fa-file-pdf fas\" style=\"font-size:13px;\"><\/i>2016<\/h4><\/a><\/li><li><a class=\"tab-link\" data-toggle=\"tab\" id=\"fusion-tab-2015\" href=\"#tab-c20eca1cb47c6f429a0\"><h4 class=\"fusion-tab-heading\"><i class=\"fontawesome-icon fa-file-pdf fas\" style=\"font-size:13px;\"><\/i>2015<\/h4><\/a><\/li><li><a class=\"tab-link\" data-toggle=\"tab\" id=\"fusion-tab-2014\" href=\"#tab-1a62c6f46a20292ce48\"><h4 class=\"fusion-tab-heading\"><i class=\"fontawesome-icon fa-file-pdf fas\" style=\"font-size:13px;\"><\/i>2014<\/h4><\/a><\/li><li><a class=\"tab-link\" data-toggle=\"tab\" id=\"fusion-tab-2013\" href=\"#tab-c4bc059cce7b2bab79b\"><h4 class=\"fusion-tab-heading\"><i class=\"fontawesome-icon fa-file-pdf fas\" style=\"font-size:13px;\"><\/i>2013<\/h4><\/a><\/li><li><a class=\"tab-link\" data-toggle=\"tab\" id=\"fusion-tab-2012\" href=\"#tab-a6ccdd90fdfe0cbdd84\"><h4 class=\"fusion-tab-heading\"><i class=\"fontawesome-icon fa-file-pdf fas\" style=\"font-size:13px;\"><\/i>2012<\/h4><\/a><\/li><li><a class=\"tab-link\" data-toggle=\"tab\" id=\"fusion-tab-2011\" href=\"#tab-6d7f1cfeb7ae69edb38\"><h4 class=\"fusion-tab-heading\"><i class=\"fontawesome-icon fa-file-pdf fas\" style=\"font-size:13px;\"><\/i>2011<\/h4><\/a><\/li><li><a class=\"tab-link\" data-toggle=\"tab\" id=\"fusion-tab-2010\" href=\"#tab-8f3ab0effe5cd013d66\"><h4 class=\"fusion-tab-heading\"><i class=\"fontawesome-icon fa-file-pdf fas\" style=\"font-size:13px;\"><\/i>2010<\/h4><\/a><\/li><li><a class=\"tab-link\" data-toggle=\"tab\" id=\"fusion-tab-2009\" href=\"#tab-134cd93d1c1eb2e7d92\"><h4 class=\"fusion-tab-heading\"><i class=\"fontawesome-icon fa-file-pdf fas\" style=\"font-size:13px;\"><\/i>2009<\/h4><\/a><\/li><li><a class=\"tab-link\" data-toggle=\"tab\" id=\"fusion-tab-2008\" href=\"#tab-a7b84f1151f62e284e4\"><h4 class=\"fusion-tab-heading\"><i class=\"fontawesome-icon fa-file-pdf fas\" style=\"font-size:13px;\"><\/i>2008<\/h4><\/a><\/li><li><a class=\"tab-link\" data-toggle=\"tab\" id=\"fusion-tab-2006\" href=\"#tab-609e21eed84eddabbc6\"><h4 class=\"fusion-tab-heading\"><i class=\"fontawesome-icon fa-file-pdf fas\" style=\"font-size:13px;\"><\/i>2006<\/h4><\/a><\/li><\/ul><\/div><div class=\"tab-content\"><div class=\"nav fusion-mobile-tab-nav\"><ul class=\"nav-tabs\"><li class=\"active\"><a class=\"tab-link\" data-toggle=\"tab\" id=\"mobile-fusion-tab-2026\" href=\"#tab-e7692b484b73b9b1f65\"><h4 class=\"fusion-tab-heading\"><i class=\"fontawesome-icon fa-file-pdf fas\" style=\"font-size:13px;\"><\/i>2026<\/h4><\/a><\/li><\/ul><\/div><div class=\"tab-pane fade fusion-clearfix in active\" id=\"tab-e7692b484b73b9b1f65\"><i class=\"fontawesome-icon fa-file-pdf fas circle-no\" style=\"font-size:14px;margin-right:7px;color:#003866;\"><\/i><strong><a href=\"https:\/\/www.mpal.mp.br\/wp-content\/uploads\/2026\/04\/Resolucao-CPJ-no09.2026-e-D.O.E.pdf\" target=\"_blank\" rel=\"noopener\"> N\u00ba 09\/2026 \u2013Indica integrante do colegiado para exercer o cargo de Corregedor Substituto do Minist\u00e9rio P\u00fablico do Estado de Alagoas.<\/a><br \/>\n<\/strong><\/p>\n<i class=\"fontawesome-icon fa-file-pdf fas circle-no\" style=\"font-size:14px;margin-right:7px;color:#003866;\"><\/i><strong><a href=\"https:\/\/www.mpal.mp.br\/wp-content\/uploads\/2026\/03\/Diario-Oficial-Eletronico-Resolucao-CPJ.-08.2026.pdf\" target=\"_blank\" rel=\"noopener\"> N\u00ba 08\/2026 \u2013 Fixa as substitui\u00e7\u00f5es autom\u00e1ticas dos Promotores.<\/a><br \/>\n<\/strong><\/p>\n<i class=\"fontawesome-icon fa-file-pdf fas circle-no\" style=\"font-size:14px;margin-right:7px;color:#003866;\"><\/i><strong><a href=\"https:\/\/www.mpal.mp.br\/wp-content\/uploads\/2026\/03\/Resolucao-CPJ-n.-7.2026.pdf\" target=\"_blank\" rel=\"noopener\"> N\u00ba 07\/2026 \u2013 Define as atribui\u00e7\u00f5es do N\u00facleo do Tribunal do J\u00fari, institu\u00eddo pela Resolu\u00e7\u00e3o CPJ n. 2\/2026.<\/a><br \/>\n<\/strong><i class=\"fontawesome-icon fa-file-pdf fas circle-no\" style=\"font-size:14px;margin-right:7px;color:#003866;\"><\/i><strong><a href=\"https:\/\/www.mpal.mp.br\/wp-content\/uploads\/2026\/03\/Resolucao-CPJ-n.-6.2026.pdf\" target=\"_blank\" rel=\"noopener\"> N\u00ba 06\/2026 \u2013 Define as atribui\u00e7\u00f5es do N\u00facleo de Direito de Fam\u00edlia institu\u00eddo pela Resolu\u00e7\u00e3o CPJ n.2\/2026.<\/a><br \/>\n<\/strong><\/p>\n<i class=\"fontawesome-icon fa-file-pdf fas circle-no\" style=\"font-size:14px;margin-right:7px;color:#003866;\"><\/i><strong><a href=\"https:\/\/www.mpal.mp.br\/wp-content\/uploads\/2026\/03\/Diario-Oficial-Eletronico-Resolucao-n.-5.2026.pdf\" target=\"_blank\" rel=\"noopener\"> N\u00ba 05\/2026 \u2013 Disciplina a atribui\u00e7\u00e3o recursal das Procuradorias de Justi\u00e7a e o funcionamento da Subprocuradoria-Geral Recursal<\/a><br \/>\n<\/strong><\/p>\n<i class=\"fontawesome-icon fa-file-pdf fas circle-no\" style=\"font-size:14px;margin-right:7px;color:#003866;\"><\/i><strong><a href=\"https:\/\/www.mpal.mp.br\/wp-content\/uploads\/2026\/03\/Diario-Oficial-Eletronico-Resolucao-n-4.2026.pdf\" target=\"_blank\" rel=\"noopener\"> N\u00ba 04\/2026 \u2013 Cria a Coordena\u00e7\u00e3o das Promotorias de Justi\u00e7a com atribui\u00e7\u00f5es perante os Tribunais do J\u00fari da Capital<\/a><br \/>\n<\/strong><\/p>\n<i class=\"fontawesome-icon fa-file-pdf fas circle-no\" style=\"font-size:14px;margin-right:7px;color:#003866;\"><\/i><strong><a href=\"https:\/\/www.mpal.mp.br\/wp-content\/uploads\/2026\/03\/Diario-Oficial-Eletronico-Resolucao-n-4.2026.pdf\" target=\"_blank\" rel=\"noopener\"> N\u00ba 03\/2026 \u2013 Altera a Resolu\u00e7\u00e3o CPJ n\u00ba 36\/2024, Regimento Interno do Centro de Autocomposi\u00e7\u00e3o de Conflitos do Minist\u00e9rio P\u00fablico do Estado de Alagoas &#8211; COMPOR<\/a><br \/>\n<\/strong><\/p>\n<i class=\"fontawesome-icon fa-file-pdf fas circle-no\" style=\"font-size:14px;margin-right:7px;color:#003866;\"><\/i><strong><a href=\"https:\/\/www.mpal.mp.br\/wp-content\/uploads\/2026\/03\/Diario-Oficial-Eletronico-Resolucao-n-2.2026.pdf\" target=\"_blank\" rel=\"noopener\"> N\u00ba 02\/2026 \u2013 Adita a Resolu\u00e7\u00e3o CPJ n\u00b0 35\/2025, que consolidou a estrutura do<br \/>\nCentro de Apoio Operacional \u00e0s Promotorias de Justi\u00e7a do Minist\u00e9rio P\u00fablico do Estado de Alagoas &#8211; CAOP.<\/a><br \/>\n<\/strong><\/p>\n<i class=\"fontawesome-icon fa-file-pdf fas circle-no\" style=\"font-size:14px;margin-right:7px;color:#003866;\"><\/i><strong><a href=\"https:\/\/www.mpal.mp.br\/wp-content\/uploads\/2026\/03\/Diario-Oficial-Eletronico-Resolucao-n1.2026.pdf\" target=\"_blank\" rel=\"noopener\"> N\u00ba 01\/2026 \u2013 Concede a Medalha M\u00e9rito do Minist\u00e9rio P\u00fablico do Estado de Alagoas ao Excelent\u00edssimo Dr. Edilson Mougenot Bonfim, Procurador de Justi\u00e7a do Minist\u00e9rio P\u00fablico do Estado de S\u00e3o Paulo.<br \/>\n<\/a><br \/>\n<\/strong><\/div><div class=\"nav fusion-mobile-tab-nav\"><ul class=\"nav-tabs\"><li><a class=\"tab-link\" data-toggle=\"tab\" id=\"mobile-fusion-tab-2025\" href=\"#tab-7c6aa2eae1b45e0a576\"><h4 class=\"fusion-tab-heading\"><i class=\"fontawesome-icon fa-file-pdf fas\" style=\"font-size:13px;\"><\/i>2025<\/h4><\/a><\/li><\/ul><\/div><div class=\"tab-pane fade fusion-clearfix\" id=\"tab-7c6aa2eae1b45e0a576\"><i class=\"fontawesome-icon fa-file-pdf fas circle-no\" style=\"font-size:14px;margin-right:7px;color:#003866;\"><\/i><strong> <a href=\"https:\/\/www.mpal.mp.br\/wp-content\/uploads\/2025\/02\/RESOILUCAO-CPJ-1.20250001.pdf\" target=\"_blank\" rel=\"noopener\">N\u00ba 1\/2025 \u2013 Concede o Pr\u00eamio Boas Pr\u00e1ticas com resultados sociotransformadores.<\/a><br \/>\n<\/strong><\/p>\n<i class=\"fontawesome-icon fa-file-pdf fas circle-no\" style=\"font-size:14px;margin-right:7px;color:#003866;\"><\/i><strong> <a href=\"https:\/\/www.mpal.mp.br\/wp-content\/uploads\/2025\/02\/RESOLUCAO-CPJ-n.-2.20250001.pdf\" target=\"_blank\" rel=\"noopener\">N\u00ba 2\/2025 \u2013 Indica o Excelent\u00edssimo Senhor Procurador de Justi\u00e7a Doutor Luiz Jos\u00e9 Gomes Vasconcelos \u00e0 Medalha M\u00e9rito do Minist\u00e9rio P\u00fablico do Estado de Alagoas.<br \/>\n<\/a><\/strong><\/p>\n<i class=\"fontawesome-icon fa-file-pdf fas circle-no\" style=\"font-size:14px;margin-right:7px;color:#003866;\"><\/i><strong> <a href=\"https:\/\/www.mpal.mp.br\/wp-content\/uploads\/2025\/02\/RESOLUCAO-CPJ-n.-3.20250001.pdf\" target=\"_blank\" rel=\"noopener\">N\u00ba 3\/2025 \u2013 Indica a Excelent\u00edssima Senhora Procuradora de Justi\u00e7a Doutora Silvana de Almeida Abreu \u00e0 Medalha M\u00e9rito do Minist\u00e9rio P\u00fablico do Estado de Alagoas.<br \/>\n<\/a><\/strong><\/p>\n<i class=\"fontawesome-icon fa-file-pdf fas circle-no\" style=\"font-size:14px;margin-right:7px;color:#003866;\"><\/i><strong> <a href=\"https:\/\/www.mpal.mp.br\/wp-content\/uploads\/2025\/02\/RESOLUCAO-CPJ-n.-4.20250001.pdf\" target=\"_blank\" rel=\"noopener\">N\u00ba 4\/2025 \u2013Indica a Excelent\u00edssima Senhora Procuradora de Justi\u00e7a Doutora Sandra Malta Prata Lima \u00e0 Medalha M\u00e9rito do Minist\u00e9rio P\u00fablico do Estado de Alagoas.<\/a><\/strong><\/p>\n<i class=\"fontawesome-icon fa-file-pdf fas circle-no\" style=\"font-size:14px;margin-right:7px;color:#003866;\"><\/i><strong> <a href=\"https:\/\/www.mpal.mp.br\/wp-content\/uploads\/2025\/03\/Resolucao-CPJ-5.20250001.pdf\" target=\"_blank\" rel=\"noopener\">N\u00ba 5\/2025 \u2013Disp\u00f5e sobre as Promotorias de Justi\u00e7a da Capital<br \/>\n<\/a><\/strong><\/p>\n<i class=\"fontawesome-icon fa-file-pdf fas circle-no\" style=\"font-size:14px;margin-right:7px;color:#003866;\"><\/i><strong> <a href=\"https:\/\/www.mpal.mp.br\/wp-content\/uploads\/2025\/04\/RESOLUCAO-CPJ-n.-6.20250001.pdf\" target=\"_blank\" rel=\"noopener\">N\u00ba 6\/2025 \u2013 Cria a Coordena\u00e7\u00e3o das Promotorias de Justi\u00e7a com a atribui\u00e7\u00f5es na \u00e1rea de viol\u00eancia dom\u00e9stica e familiar contra a mulher da Capital.<br \/>\n<\/a><\/strong><\/p>\n<i class=\"fontawesome-icon fa-file-pdf fas circle-no\" style=\"font-size:14px;margin-right:7px;color:#003866;\"><\/i><strong> <a href=\"https:\/\/www.mpal.mp.br\/wp-content\/uploads\/2025\/04\/RESOLUCAO-CPJ-n.-7.20250001.pdf\" target=\"_blank\" rel=\"noopener\">N\u00ba 7\/2025 \u2013 Altera as atribui\u00e7\u00f5es da 4\u00aa Promotoria de Justi\u00e7a de Palmeira dos \u00cdndios<br \/>\n<\/a><\/strong><\/p>\n<i class=\"fontawesome-icon fa-file-pdf fas circle-no\" style=\"font-size:14px;margin-right:7px;color:#003866;\"><\/i><strong> <a href=\"https:\/\/www.mpal.mp.br\/wp-content\/uploads\/2025\/04\/RESOLUCAO-CPJ-n.-7.20250001.pdf\" target=\"_blank\" rel=\"noopener\">N\u00ba 8<\/a><\/strong><strong><a href=\"https:\/\/www.mpal.mp.br\/wp-content\/uploads\/2025\/04\/RESOLUCAO-CPJ-8.20250001.pdf\" target=\"_blank\" rel=\"noopener\">\/2025 \u2013 Concede Nota de Louvor aos Promotores de Justi\u00e7a de Delmiro Gouveia<br \/>\n<\/a><\/strong><\/p>\n<i class=\"fontawesome-icon fa-file-pdf fas circle-no\" style=\"font-size:14px;margin-right:7px;color:#003866;\"><\/i><strong> <a href=\"https:\/\/www.mpal.mp.br\/wp-content\/uploads\/2025\/04\/RESOLUCAO-CPJ-n.-7.20250001.pdf\" target=\"_blank\" rel=\"noopener\">N\u00ba 9<\/a><\/strong><strong><a href=\"https:\/\/www.mpal.mp.br\/wp-content\/uploads\/2025\/04\/RESOUCAO-CPJ-9.20250001.pdf\" target=\"_blank\" rel=\"noopener\">\/2025 \u2013 Altera as atribui\u00e7\u00f5es da 5\u00aa e da 9\u00aa Promotorias de Justi\u00e7a de Arapiraca<\/a><\/strong><\/p>\n<i class=\"fontawesome-icon fa-file-pdf fas circle-no\" style=\"font-size:14px;margin-right:7px;color:#003866;\"><\/i><strong> <a href=\"https:\/\/www.mpal.mp.br\/wp-content\/uploads\/2025\/04\/RESOLUCAO-CPJ-n.-7.20250001.pdf\" target=\"_blank\" rel=\"noopener\">N\u00ba 10<\/a><\/strong><strong><a href=\"https:\/\/www.mpal.mp.br\/wp-content\/uploads\/2025\/05\/RESOLUCAO-CPJ-10.20250001.pdf\" target=\"_blank\" rel=\"noopener\">\/2025 \u2013 Altera a Resolu\u00e7\u00e3o CPJ n. 5\/2025, para modificar as atribui\u00e7\u00f5es da 12\u00aa Promotoria de Justi\u00e7a da Capital<\/a><\/strong><\/p>\n<i class=\"fontawesome-icon fa-file-pdf fas circle-no\" style=\"font-size:14px;margin-right:7px;color:#003866;\"><\/i><strong> <a href=\"https:\/\/www.mpal.mp.br\/wp-content\/uploads\/2025\/05\/RESOLUCAO-11.20250001.pdf\" target=\"_blank\" rel=\"noopener\">N\u00ba 11<\/a><\/strong><strong><a href=\"https:\/\/www.mpal.mp.br\/wp-content\/uploads\/2025\/05\/RESOLUCAO-CPJ-N-11.20250001.pdf\" target=\"_blank\" rel=\"noopener\">\/2025 \u2013 Institui no \u00e2mbito do Minist\u00e9rio P\u00fablico do Estado de Alagoas, a Pol\u00edtica de Incentivo \u00e0 Participa\u00e7\u00e3o Institucional Feminina<\/a><\/strong><\/p>\n<i class=\"fontawesome-icon fa-file-pdf fas circle-no\" style=\"font-size:14px;margin-right:7px;color:#003866;\"><\/i><strong> <a href=\"https:\/\/www.mpal.mp.br\/wp-content\/uploads\/2025\/05\/RESOLUCAO-11.20250001.pdf\" target=\"_blank\" rel=\"noopener\">N\u00ba 12<\/a><\/strong><strong><a href=\"https:\/\/www.mpal.mp.br\/wp-content\/uploads\/2025\/06\/RESOLUCAO-CPJ-12.20250002.pdf\" target=\"_blank\" rel=\"noopener\">\/2025- Disciplina as atribui\u00e7\u00f5es extrajudiciais das Promotorias de Justi\u00e7a com atua\u00e7\u00e3o na \u00e1rea de viol\u00eancia dom\u00e9stica e familiar contra a mulher.<br \/>\n<\/a><\/strong><\/p>\n<i class=\"fontawesome-icon fa-file-pdf fas circle-no\" style=\"font-size:14px;margin-right:7px;color:#003866;\"><\/i><strong> <a href=\"https:\/\/www.mpal.mp.br\/wp-content\/uploads\/2025\/05\/RESOLUCAO-11.20250001.pdf\" target=\"_blank\" rel=\"noopener\">N\u00ba 13<\/a><\/strong><strong><a href=\"https:\/\/www.mpal.mp.br\/wp-content\/uploads\/2025\/05\/RESOLUCAO-CPJ-13.20250001.pdf\" target=\"_blank\" rel=\"noopener\">\/2025 \u2013 Disp\u00f5e sobre a atua\u00e7\u00e3o integrada do Minist\u00e9rio P\u00fablico do Estado de Alagoas para a efetiva defesa e prote\u00e7\u00e3o das crian\u00e7as e adolescentes v\u00edtimas ou testemunhas de viol\u00eancia.<\/a><\/strong><\/p>\n<i class=\"fontawesome-icon fa-file-pdf fas circle-no\" style=\"font-size:14px;margin-right:7px;color:#003866;\"><\/i> <strong><a href=\"https:\/\/www.mpal.mp.br\/wp-content\/uploads\/2025\/05\/RESOLUCAO-CPJ-14.20250001.pdf\" target=\"_blank\" rel=\"noopener\">N\u00ba14\/2025 \u2013 Adiciona o inciso VIII ao artigo 5\u00ba do Regimento Interno do Col\u00e9gio de Procuradores de Justi\u00e7a.<\/a><\/strong><\/p>\n<i class=\"fontawesome-icon fa-file-pdf fas circle-no\" style=\"font-size:14px;margin-right:7px;color:#003866;\"><\/i> <strong><a href=\"https:\/\/www.mpal.mp.br\/wp-content\/uploads\/2025\/05\/RESOLUCAO-CPJ-15.20250001.pdf\" target=\"_blank\" rel=\"noopener\">N\u00ba15\/2025 \u2013 Institui, no \u00e2mbito do Minist\u00e9rio P\u00fablico do Estado de Alagoas, o Painel de Resolutividade Institucional.<br \/>\n<\/a><\/strong><\/p>\n<i class=\"fontawesome-icon fa-file-pdf fas circle-no\" style=\"font-size:14px;margin-right:7px;color:#003866;\"><\/i> <strong><a href=\"https:\/\/www.mpal.mp.br\/wp-content\/uploads\/2025\/07\/RESOLUCAO-CPJ-16.20250001.pdf\" target=\"_blank\" rel=\"noopener\">N\u00ba16\/2025 \u2013 Cria a Coordena\u00e7\u00e3o das Promotorias de Justi\u00e7a com atribui\u00e7\u00f5es na \u00e1rea de Direito de Fam\u00edlia da Capital\u00a0<\/a><\/strong><\/p>\n<i class=\"fontawesome-icon fa-file-pdf fas circle-no\" style=\"font-size:14px;margin-right:7px;color:#003866;\"><\/i> <strong><a href=\"https:\/\/www.mpal.mp.br\/wp-content\/uploads\/2025\/07\/RESOLUCAO-CPJ-17.20250001.pdf\" target=\"_blank\" rel=\"noopener\">N\u00ba17\/2025 \u2013 Disciplina, no \u00e2mbito do Minist\u00e9rio P\u00fablico do Estado de Alagoas, o acordo de n\u00e3o persecu\u00e7\u00e3o disciplinar &#8211; ANPD para os membros da institui\u00e7\u00e3o\u00a0<\/a><\/strong><\/p>\n<i class=\"fontawesome-icon fa-file-pdf fas circle-no\" style=\"font-size:14px;margin-right:7px;color:#003866;\"><\/i> <strong><a href=\"https:\/\/www.mpal.mp.br\/wp-content\/uploads\/2025\/07\/RESOLUCAO-CPJ-18.20250001.pdf\" target=\"_blank\" rel=\"noopener\">N\u00ba18\/2025 \u2013 Indica a Excelent\u00edssima Senhora Elaine Cardoso de Matos Novais Teixeira, Ex-Procuradora-Geral de Justi\u00e7a do Minist\u00e9rio P\u00fablico do Rio Grande do Norte, \u00e0 Medalha M\u00e9rito do Minist\u00e9rio P\u00fablico do Estado de Alagoas<\/a><\/strong><\/p>\n<i class=\"fontawesome-icon fa-file-pdf fas circle-no\" style=\"font-size:14px;margin-right:7px;color:#003866;\"><\/i> <strong><a href=\"https:\/\/www.mpal.mp.br\/wp-content\/uploads\/2025\/08\/RESOLUCAO-CPJ-19.2025.pdf\" target=\"_blank\" rel=\"noopener\">N\u00ba19\/2025 \u2013 Institui o C\u00f3digo de \u00c9tica do Minist\u00e9rio P\u00fablico do Estado de Alagoas<\/a><\/strong><\/p>\n<i class=\"fontawesome-icon fa-file-pdf fas circle-no\" style=\"font-size:14px;margin-right:7px;color:#003866;\"><\/i> <strong><a href=\"https:\/\/www.mpal.mp.br\/wp-content\/uploads\/2025\/08\/RESOLUCAO-CPJ-20.2025.pdf\" target=\"_blank\" rel=\"noopener\">N\u00ba20\/2025 &#8211; Disciplina, no \u00e2mbito do Minist\u00e9rio P\u00fablico do Estado de Alagoas, o Acordo de N\u00e3o Persecu\u00e7\u00e3o Civil, em raz\u00e3o da pr\u00e1tica de atos de improbidade administrativa, definidos na Lei n. 8429, de 2 de junho de 1992, e d\u00e1 outras provid\u00eancias.\u00a0<\/a><\/strong><\/p>\n<i class=\"fontawesome-icon fa-file-pdf fas circle-no\" style=\"font-size:14px;margin-right:7px;color:#003866;\"><\/i> <strong><a href=\"https:\/\/www.mpal.mp.br\/wp-content\/uploads\/2025\/08\/RESOLUCAO-CPJ-21.2025-2.pdf\" target=\"_blank\" rel=\"noopener\">N\u00ba21\/2025 &#8211; Concede, ao Excelent\u00edssimo Senhor \u00c2ngelo Fabiano Farias da Costa, Corregedor Nacional do Minist\u00e9rio P\u00fablico, a Medalha M\u00e9rito do Minist\u00e9rio P\u00fablico do Estado de Alagoas.<\/a><\/strong><\/p>\n<i class=\"fontawesome-icon fa-file-pdf fas circle-no\" style=\"font-size:14px;margin-right:7px;color:#003866;\"><\/i> <strong><a href=\"https:\/\/www.mpal.mp.br\/wp-content\/uploads\/2025\/08\/RESOLUCAO-CPJ-22.2025-2.pdf\" target=\"_blank\" rel=\"noopener\">N\u00ba22\/2025 &#8211; Concede, ao Excelent\u00edssimo Senhor Pedro Maia Souza Marques, Procurador-Geral de Justi\u00e7a do Minist\u00e9rio P\u00fablico do Estado da Bahia, a Medalha M\u00e9rito do Minist\u00e9rio P\u00fablico do Estado de Alagoas<\/a><\/strong><\/p>\n<i class=\"fontawesome-icon fa-file-pdf fas circle-no\" style=\"font-size:14px;margin-right:7px;color:#003866;\"><\/i> <strong><a href=\"https:\/\/www.mpal.mp.br\/wp-content\/uploads\/2025\/10\/RESOLUCAO-CPJ-23.20250001.pdf\" target=\"_blank\" rel=\"noopener\">N\u00ba23\/2025 &#8211; Concede Nota de Elogio<\/a><\/strong><\/p>\n<i class=\"fontawesome-icon fa-file-pdf fas circle-no\" style=\"font-size:14px;margin-right:7px;color:#003866;\"><\/i> <strong><a href=\"https:\/\/www.mpal.mp.br\/wp-content\/uploads\/2025\/10\/RESOLUCAO-CPJ-24.2025.pdf\" target=\"_blank\" rel=\"noopener\">N\u00ba24\/2025 &#8211; Disciplina, no \u00e2mbito do Minist\u00e9rio P\u00fablico do Estado de Alagoas, o disposto no art. 8\u00ba da Resolu\u00e7\u00e3o CNMP n\u00ba 310\/2025.<\/a><\/strong><\/p>\n<i class=\"fontawesome-icon fa-file-pdf fas circle-no\" style=\"font-size:14px;margin-right:7px;color:#003866;\"><\/i> <strong><a href=\"https:\/\/www.mpal.mp.br\/wp-content\/uploads\/2025\/10\/RESOLUCAO-CPJ-25.20250002.pdf\" target=\"_blank\" rel=\"noopener\">N\u00ba25\/2025 &#8211; Institui, no \u00e2mbito do Minist\u00e9rio P\u00fablico do Estado de Alagoas, boas pr\u00e1ticas para a atua\u00e7\u00e3o em processos estruturais, com vistas ao aprimoramento institucional e \u00e0 efetividade da tutela de direitos e interesses sociais pelo Minist\u00e9rio P\u00fablico.<\/a><\/strong><\/p>\n<i class=\"fontawesome-icon fa-file-pdf fas circle-no\" style=\"font-size:14px;margin-right:7px;color:#003866;\"><\/i> <strong><a href=\"https:\/\/www.mpal.mp.br\/wp-content\/uploads\/2025\/10\/RESOLUCAO-CPJ-26.20250002.pdf\" target=\"_blank\" rel=\"noopener\">N\u00ba26\/2025 &#8211; Fixa, a partir de 1\u00ba de outubro de 2025, o valor previsto no \u00a7 1\u00ba do art. 12 da Lei Estadual n. 7373, de 4 de julho de 2012.<\/a><\/strong><\/p>\n<i class=\"fontawesome-icon fa-file-pdf fas circle-no\" style=\"font-size:14px;margin-right:7px;color:#003866;\"><\/i> <strong><a href=\"https:\/\/www.mpal.mp.br\/wp-content\/uploads\/2025\/10\/RESOLUCAO-CPJ-27.20250001.pdf\" target=\"_blank\" rel=\"noopener\">N\u00ba27\/2025 &#8211; Disp\u00f5e sobre a atua\u00e7\u00e3o da Corregedoria-Geral, da Escola Superior do Minist\u00e9rio P\u00fablico e do N\u00facleo de Defesa da Inf\u00e2ncia e Juventude do Centro de Apoio Operacional do Minist\u00e9rio P\u00fablico do Estado de Alagoas \u2013 CAOP, para orienta\u00e7\u00e3o aos membros e servidores quanto ao Servi\u00e7o de Acolhimento em Fam\u00edlia Acolhedora.<\/a><\/strong><\/p>\n<i class=\"fontawesome-icon fa-file-pdf fas circle-no\" style=\"font-size:14px;margin-right:7px;color:#003866;\"><\/i> <strong><a href=\"https:\/\/www.mpal.mp.br\/wp-content\/uploads\/2025\/10\/RESOLUCAO-CPJ-28.20250002.pdf\" target=\"_blank\" rel=\"noopener\">N\u00ba28\/2025 &#8211; Disp\u00f5e sobre a reestrutura\u00e7\u00e3o do N\u00facleo de Inqu\u00e9ritos e de Apoio aos Acordos de N\u00e3o Persecu\u00e7\u00e3o Penal e Dilig\u00eancias \u2013 NIMP da Capital, criado pela Resolu\u00e7\u00e3o CPJ n\u00ba 2\/2011.<\/a><\/strong><\/p>\n<i class=\"fontawesome-icon fa-file-pdf fas circle-no\" style=\"font-size:14px;margin-right:7px;color:#003866;\"><\/i> <strong><a href=\"https:\/\/www.mpal.mp.br\/wp-content\/uploads\/2025\/10\/RESOLUCAO-CPJ-29.20250001.pdf\" target=\"_blank\" rel=\"noopener\">N\u00ba29\/2025 &#8211; Modifica a Resolu\u00e7\u00e3o CPJ n\u00ba 2\/2011.<\/a><\/strong><\/p>\n<i class=\"fontawesome-icon fa-file-pdf fas circle-no\" style=\"font-size:14px;margin-right:7px;color:#003866;\"><\/i> <strong><a href=\"https:\/\/www.mpal.mp.br\/wp-content\/uploads\/2026\/01\/res_30_2025_cpj.pdf\" target=\"_blank\" rel=\"noopener\">N\u00ba30\/2025 &#8211; Concede a Excelent\u00edssima Senhora Procuradora de Justi\u00e7a Doutora Maria de F\u00e1tima de Carvalho Albuquerque Vilela \u00e0 Medalha M\u00e9rito do Minist\u00e9rio P\u00fablico do Estado de Alagoas.<\/a><\/strong><\/p>\n<i class=\"fontawesome-icon fa-file-pdf fas circle-no\" style=\"font-size:14px;margin-right:7px;color:#003866;\"><\/i> <strong><a href=\"https:\/\/www.mpal.mp.br\/wp-content\/uploads\/2026\/01\/res_30_2025_cpj.pdf\" target=\"_blank\" rel=\"noopener\">N\u00ba31\/2025 &#8211; Concede ao Excelent\u00edssimo Senhor Procurador de Justi\u00e7a Doutor P\u00e9ricles Gama de Lima Filho \u00e0 Medalha M\u00e9rito do Minist\u00e9rio P\u00fablico do Estado de Alagoas<\/a><\/strong><\/p>\n<i class=\"fontawesome-icon fa-file-pdf fas circle-no\" style=\"font-size:14px;margin-right:7px;color:#003866;\"><\/i> <strong><a href=\"https:\/\/www.mpal.mp.br\/wp-content\/uploads\/2025\/12\/Publicacao-Res.-CPJ-n.-32.2025-1-1.pdf\" target=\"_blank\" rel=\"noopener\">N\u00ba32\/2025 &#8211; Regulamenta a elei\u00e7\u00e3o para a forma\u00e7\u00e3o da lista tr\u00edplice e escolha do Procurador-Geral de Justi\u00e7a.<\/a><\/strong><\/p>\n<i class=\"fontawesome-icon fa-file-pdf fas circle-no\" style=\"font-size:14px;margin-right:7px;color:#003866;\"><\/i> <strong><a href=\"https:\/\/www.mpal.mp.br\/wp-content\/uploads\/2025\/12\/Publicacao-Res.-CPJ-n.-33.2025-1.pdf\" target=\"_blank\" rel=\"noopener\">N\u00ba33\/2025 &#8211; Resolve indicar para constituir a Comiss\u00e3o Eleitoral destinada a presidir e apurar a elei\u00e7\u00e3o para forma\u00e7\u00e3o da lista tr\u00edplice<\/a><\/strong><\/p>\n<i class=\"fontawesome-icon fa-file-pdf fas circle-no\" style=\"font-size:14px;margin-right:7px;color:#003866;\"><\/i> <strong><a href=\"https:\/\/www.mpal.mp.br\/wp-content\/uploads\/2025\/12\/Resolucao-CPJ.-n.34.2025-e-D.O.pdf\" target=\"_blank\" rel=\"noopener\">N\u00ba34\/2025 &#8211; Disciplina o fucionamento da Subprocuradori-Geral Recursal.<\/a><\/strong><\/p>\n<i class=\"fontawesome-icon fa-file-pdf fas circle-no\" style=\"font-size:14px;margin-right:7px;color:#003866;\"><\/i> <strong><a href=\"https:\/\/www.mpal.mp.br\/wp-content\/uploads\/2025\/12\/Resolucao-CPJ-n.-35.2025-e-D.O.pdf\" target=\"_blank\" rel=\"noopener\">N\u00ba35\/2025 &#8211; Consolida a estrutura do Centro de Apoioo Operacional \u00e0s Promotorias de Justi\u00e7a do MPAL<\/a><\/strong><\/div><div class=\"nav fusion-mobile-tab-nav\"><ul class=\"nav-tabs\"><li><a class=\"tab-link\" data-toggle=\"tab\" id=\"mobile-fusion-tab-2024\" href=\"#tab-84f4dc7f4bc98378471\"><h4 class=\"fusion-tab-heading\"><i class=\"fontawesome-icon fa-file-pdf fas\" style=\"font-size:13px;\"><\/i>2024<\/h4><\/a><\/li><\/ul><\/div><div class=\"tab-pane fade fusion-clearfix\" id=\"tab-84f4dc7f4bc98378471\">\n<i class=\"fontawesome-icon fa-file-pdf fas circle-no\" style=\"font-size:14px;margin-right:7px;color:#003866;\"><\/i><strong> <a href=\"https:\/\/www.mpal.mp.br\/wp-content\/uploads\/2024\/03\/RESOLUCAO-CPJ-1.20240001.pdf\" target=\"_blank\" rel=\"noopener\">N\u00ba 1\/2024 \u2013 Altera a Resolu\u00e7\u00e3o CPJ n\u00ba 1\/2023, para modificar as atribui\u00e7\u00f5es da 1\u00aa e da 3\u00aa Promotorias de Justi\u00e7a da Capital.<\/a><br \/>\n<\/strong><\/p>\n<i class=\"fontawesome-icon fa-file-pdf fas circle-no\" style=\"font-size:14px;margin-right:7px;color:#003866;\"><\/i><strong> <a href=\"https:\/\/www.mpal.mp.br\/wp-content\/uploads\/2024\/03\/RESOLUCAO-CPJ-2.2024.pdf\" target=\"_blank\" rel=\"noopener\">N\u00ba 2\/2024 \u2013 Concede o Pr\u00eamio Boas Pr\u00e1ticas Com Resultados Sociotransformadores, edi\u00e7\u00e3o 2023, aos Promotores de Justi\u00e7a Lucas Sachsida Junqueira Carneiro, Mar\u00edlia Cerqueira Lima e Viviane Karla da Silva Farias.<\/a><\/strong><\/p>\n<i class=\"fontawesome-icon fa-file-pdf fas circle-no\" style=\"font-size:14px;margin-right:7px;color:#003866;\"><\/i><strong> <a href=\"https:\/\/www.mpal.mp.br\/wp-content\/uploads\/2024\/03\/RESOLUCAO-CPJ-3.2024.pdf\" target=\"_blank\" rel=\"noopener\">N\u00ba 3\/2024 \u2013 Altera as atribui\u00e7\u00f5es da 1\u00aa e da 3\u00aa Promotorias de Justi\u00e7a de Santana do Ipanema.<\/a><\/strong><\/p>\n<i class=\"fontawesome-icon fa-file-pdf fas circle-no\" style=\"font-size:14px;margin-right:7px;color:#003866;\"><\/i><strong> <a href=\"https:\/\/www.mpal.mp.br\/wp-content\/uploads\/2024\/03\/RESOLUCAO-CPJ-4.2024.pdf\" target=\"_blank\" rel=\"noopener\">N\u00ba 4\/2024 \u2013 Disciplina a outorga do \u201cSelo Amigo da Socioeduca\u00e7\u00e3o\u201d do Col\u00e9gio de Procuradores de Justi\u00e7a do Minist\u00e9rio P\u00fablico do Estado de Alagoas\u201d.<\/a><\/strong><\/p>\n<i class=\"fontawesome-icon fa-file-pdf fas circle-no\" style=\"font-size:14px;margin-right:7px;color:#003866;\"><\/i><strong> <a href=\"https:\/\/www.mpal.mp.br\/wp-content\/uploads\/2024\/04\/RESOLUCAO-CPJ-5.2024.pdf\" target=\"_blank\" rel=\"noopener\">N\u00ba 5\/2024 \u2013 Altera as atribui\u00e7\u00f5es da 7\u00aa e desativa a 10\u00aa Promotorias de Justi\u00e7a da Capital.<\/a><\/strong><\/p>\n<i class=\"fontawesome-icon fa-file-pdf fas circle-no\" style=\"font-size:14px;margin-right:7px;color:#003866;\"><\/i><strong> <a href=\"https:\/\/www.mpal.mp.br\/wp-content\/uploads\/2024\/04\/RESOLUCAO-CPJ-6.2024.pdf\" target=\"_blank\" rel=\"noopener\">N\u00ba 6\/2024 \u2013 Cria, no \u00e2mbito do Centro de Apoio Operacional &#8211; Caop, o N\u00facleo de Controle Externo da Atividade Policial.<\/a><\/strong><\/p>\n<i class=\"fontawesome-icon fa-file-pdf fas circle-no\" style=\"font-size:14px;margin-right:7px;color:#003866;\"><\/i><strong> <a href=\"https:\/\/www.mpal.mp.br\/wp-content\/uploads\/2024\/04\/RESOLUCAO-CPJ-7.2024.pdf\" target=\"_blank\" rel=\"noopener\">N\u00ba 7\/2024 \u2013 Cria, no \u00e2mbito do Centro de Apoio Operacional &#8211; Caop, o N\u00facleo de Urbanismo.<\/a><\/strong><\/p>\n<i class=\"fontawesome-icon fa-file-pdf fas circle-no\" style=\"font-size:14px;margin-right:7px;color:#003866;\"><\/i><strong> <a href=\"https:\/\/www.mpal.mp.br\/wp-content\/uploads\/2024\/04\/RESOLUCAO-CPJ-8.2024.pdf\" target=\"_blank\" rel=\"noopener\">N\u00ba 8\/2024 \u2013 Disciplina a suspens\u00e3o do gozo de f\u00e9rias, por necessidade do servi\u00e7o, de membros e servidores do Minist\u00e9rio P\u00fablico<\/a><\/strong><\/p>\n<i class=\"fontawesome-icon fa-file-pdf fas circle-no\" style=\"font-size:14px;margin-right:7px;color:#003866;\"><\/i><strong> <a href=\"https:\/\/www.mpal.mp.br\/wp-content\/uploads\/2024\/04\/RESOLUCAO-CPJ-9.2024.pdf\" target=\"_blank\" rel=\"noopener\">N\u00ba 9\/2024 \u2013 Disciplina, no \u00e2mbito do MPAL, a propor\u00e7\u00e3o entre o n\u00famero de cargos efetivos e de provimento em comiss\u00e3o e o percentual m\u00ednimo de cargos de provimento em comiss\u00e3o que ser\u00e3o ocupados por servidores efetivos.<\/a><\/strong><\/p>\n<i class=\"fontawesome-icon fa-file-pdf fas circle-no\" style=\"font-size:14px;margin-right:7px;color:#003866;\"><\/i><strong> <a href=\"https:\/\/www.mpal.mp.br\/wp-content\/uploads\/2024\/04\/RESOLUCAO-CPJ-n.-10.20240001.pdf\" target=\"_blank\" rel=\"noopener\">N\u00ba 10\/2024 \u2013 Altera as atribui\u00e7\u00f5es da 14\u00aa, 15\u00aa e 16\u00aa Promotorias de Justi\u00e7a da Capital.<\/a><\/strong><\/p>\n<i class=\"fontawesome-icon fa-file-pdf fas circle-no\" style=\"font-size:14px;margin-right:7px;color:#003866;\"><\/i><strong> <a href=\"https:\/\/www.mpal.mp.br\/wp-content\/uploads\/2024\/04\/RESOLUCAO-CPJ-11.20240001.pdf\" target=\"_blank\" rel=\"noopener\">N\u00ba 11\/2024 \u2013 Altera a Resolu\u00e7\u00e3o CPJ n. 7\/2023 para fixar as substitui\u00e7\u00f5es autom\u00e1ticas da 7\u00aa, 25\u00aa, 26\u00aa e 67\u00aa Promotorias de Justi\u00e7a da Capital.<\/a><\/strong><\/p>\n<i class=\"fontawesome-icon fa-file-pdf fas circle-no\" style=\"font-size:14px;margin-right:7px;color:#003866;\"><\/i><strong> <a href=\"https:\/\/www.mpal.mp.br\/wp-content\/uploads\/2024\/04\/RESOLUCAO-CPJ-12.20240001.pdf\" target=\"_blank\" rel=\"noopener\">N\u00ba 12\/2024 \u2013 Modifica as atribui\u00e7\u00f5es e as substitui\u00e7\u00f5es autom\u00e1ticas das Promotorias de Justi\u00e7a de Arapiraca.<\/a><\/strong><\/p>\n<i class=\"fontawesome-icon fa-file-pdf fas circle-no\" style=\"font-size:14px;margin-right:7px;color:#003866;\"><\/i><strong> <a href=\"https:\/\/www.mpal.mp.br\/wp-content\/uploads\/2024\/05\/RESOLUCAO-CPJ-13.20240001-1.pdf\" target=\"_blank\" rel=\"noopener\">N\u00ba 13\/2024 \u2013 Disciplina, no \u00e2mbito do MPAL, a atribui\u00e7\u00e3o c\u00edvel de tutela coletiva da prote\u00e7\u00e3o de dados pessoais.<\/a><\/strong><\/p>\n<i class=\"fontawesome-icon fa-file-pdf fas circle-no\" style=\"font-size:14px;margin-right:7px;color:#003866;\"><\/i><strong> <a href=\"https:\/\/www.mpal.mp.br\/wp-content\/uploads\/2024\/06\/RESOLUCAO-CPJ-n.14.20240001.pdf\" target=\"_blank\" rel=\"noopener\">N\u00ba 14\/2024 \u2013 Altera a Resolu\u00e7\u00e3o CPJ n. 1\/2023, para modificar as atribui\u00e7\u00f5es da 11\u00aa e da 36\u00aa Promotorias de Justi\u00e7a da Capital.<\/a><\/strong><\/p>\n<i class=\"fontawesome-icon fa-file-pdf fas circle-no\" style=\"font-size:14px;margin-right:7px;color:#003866;\"><\/i><strong> <a href=\"https:\/\/www.mpal.mp.br\/wp-content\/uploads\/2024\/06\/RESOLUCAO-CPJ-15.20240001.pdf\" target=\"_blank\" rel=\"noopener\">N\u00ba 15\/2024 \u2013 Cria o N\u00facleo de Apoio T\u00e9cnico \u2013 NAT e a Equipe T\u00e9cnica Multidisciplinar, no \u00e2mbito do Centro de Apoio Operacional \u2013 CAOP.<\/a><\/strong><\/p>\n<i class=\"fontawesome-icon fa-file-pdf fas circle-no\" style=\"font-size:14px;margin-right:7px;color:#003866;\"><\/i><strong> <a href=\"https:\/\/www.mpal.mp.br\/wp-content\/uploads\/2024\/06\/RESOLUCAO-CPJ-n.16.20240001.pdf\" target=\"_blank\" rel=\"noopener\">N\u00ba 16\/2024 \u2013 Altera a Resolu\u00e7\u00e3o CPJ n\u00ba 3\/2013, que regulamenta o sistema de controle interno do Minist\u00e9rio P\u00fablico do Estado de Alagoas.<\/a><\/strong><\/p>\n<i class=\"fontawesome-icon fa-file-pdf fas circle-no\" style=\"font-size:14px;margin-right:7px;color:#003866;\"><\/i><strong> <a href=\"https:\/\/www.mpal.mp.br\/wp-content\/uploads\/2024\/06\/RESOLUCAO-CPJ-n.17.20240001.pdf\" target=\"_blank\" rel=\"noopener\">N\u00ba 17\/2024 \u2013 Desativa a 57\u00aa Promotoria de Justi\u00e7a da Capital e d\u00e1 outras provid\u00eancias.<\/a><\/strong><\/p>\n<i class=\"fontawesome-icon fa-file-pdf fas circle-no\" style=\"font-size:14px;margin-right:7px;color:#003866;\"><\/i><strong> <a href=\"https:\/\/www.mpal.mp.br\/wp-content\/uploads\/2024\/06\/RESOLUCAO-CPJ-18.20240001.pdf\" target=\"_blank\" rel=\"noopener\">N\u00ba 18\/2024 \u2013 Concede Nota de Louvor aos Promotores de Justi\u00e7a de Arapiraca e regi\u00e3o.<\/a><\/strong><\/p>\n<i class=\"fontawesome-icon fa-file-pdf fas circle-no\" style=\"font-size:14px;margin-right:7px;color:#003866;\"><\/i><strong> <a href=\"https:\/\/www.mpal.mp.br\/wp-content\/uploads\/2024\/06\/RESOLUCAO-CPJ-19.20240001.pdf\" target=\"_blank\" rel=\"noopener\">N\u00ba 19\/2024 \u2013 Altera as atribui\u00e7\u00f5es e as substitui\u00e7\u00f5es autom\u00e1ticas das Promotorias de Justi\u00e7a de Arapiraca, desativa a Promotoria de Justi\u00e7a de Limoeiro de Anadia e d\u00e1 outras provid\u00eancias.<\/a><\/strong><\/p>\n<i class=\"fontawesome-icon fa-file-pdf fas circle-no\" style=\"font-size:14px;margin-right:7px;color:#003866;\"><\/i><strong> <a href=\"https:\/\/www.mpal.mp.br\/wp-content\/uploads\/2024\/07\/RESOLUCAO-CPJ-20.20240001.pdf\" target=\"_blank\" rel=\"noopener\">N\u00ba 20\/2024 \u2013 Emenda n\u00ba 1\/2024 ao Regimento Interno do Col\u00e9gio de Procuradores de Justi\u00e7a, institu\u00eddo pela Resolu\u00e7\u00e3o CPJ n\u00ba 6\/2018;<\/a><\/strong><\/p>\n<i class=\"fontawesome-icon fa-file-pdf fas circle-no\" style=\"font-size:14px;margin-right:7px;color:#003866;\"><\/i><strong> <a href=\"https:\/\/www.mpal.mp.br\/wp-content\/uploads\/2024\/07\/RESOLUCAO-CPJ-21.20210001.pdf\" target=\"_blank\" rel=\"noopener\">N\u00ba 21\/2024 \u2013 Adita as atribui\u00e7\u00f5es das seguintes Promotorias de Justi\u00e7a do interior: 1\u00aa de Delmiro Gouveia, P\u00e3o de A\u00e7\u00facar, Paripueira, para oficiarem nos procedimentos dos Centros Judici\u00e1rios de Solu\u00e7\u00e3o de Conflitos e Cidadania \u2013 Cejuscs da comarca respectiva, quando houver interesse de incapaz;<\/a><\/strong><\/p>\n<i class=\"fontawesome-icon fa-file-pdf fas circle-no\" style=\"font-size:14px;margin-right:7px;color:#003866;\"><\/i><strong> <a href=\"https:\/\/www.mpal.mp.br\/wp-content\/uploads\/2024\/07\/RESOLUCAO-CPJ-22.2024.pdf\" target=\"_blank\" rel=\"noopener\">N\u00ba 22\/2024 \u2013 Altera a Resolu\u00e7\u00e3o CPJ n\u00ba 3\/2016, para modificar as atribui\u00e7\u00f5es da 3\u00aa e da 4\u00aa Promotorias de Justi\u00e7a de Uni\u00e3o dos Palmares.<\/a><\/strong><\/p>\n<i class=\"fontawesome-icon fa-file-pdf fas circle-no\" style=\"font-size:14px;margin-right:7px;color:#003866;\"><\/i><strong> <a href=\"https:\/\/www.mpal.mp.br\/wp-content\/uploads\/2024\/08\/RESOLUCAO-CPJ-23.20240001.pdf\" target=\"_blank\" rel=\"noopener\">N\u00ba 23\/2024 \u2013 Reativa a Promotoria de Justi\u00e7a de Limoeiro de Anadia, altera as atribui\u00e7\u00f5es das Promotorias de Justi\u00e7a de Arapiraca e d\u00e1 outras provid\u00eancias.<br \/>\n<\/a><\/strong><\/p>\n<i class=\"fontawesome-icon fa-file-pdf fas circle-no\" style=\"font-size:14px;margin-right:7px;color:#003866;\"><\/i><strong> <a href=\"https:\/\/www.mpal.mp.br\/wp-content\/uploads\/2024\/08\/RESOLUCAO-CPJ-n.-24.20240001.pdf\" target=\"_blank\" rel=\"noopener\">N\u00ba 24\/2024 \u2013 Altera a Resolu\u00e7\u00e3o CPJ n. 7\/2023 para fixar as substitui\u00e7\u00f5es autom\u00e1ticas das Promotorias de Justi\u00e7a de Anadia, Boca da Mata e Satuba, de 1\u00aa entr\u00e2ncia, e da 52\u00aa e 65\u00aa Promotorias de Justi\u00e7a da Capital, de 3\u00aa entr\u00e2ncia.<br \/>\n<\/a><\/strong><\/p>\n<i class=\"fontawesome-icon fa-file-pdf fas circle-no\" style=\"font-size:14px;margin-right:7px;color:#003866;\"><\/i><strong> <a href=\"https:\/\/www.mpal.mp.br\/wp-content\/uploads\/2024\/09\/RESOLUCAO-CPJ-n.-25.20240001.pdf\" target=\"_blank\" rel=\"noopener\">N\u00ba 25\/2024 \u2013 Instala o 11\u00ba e o 12\u00ba cargos da Procuradoria de Justi\u00e7a C\u00edvel.<br \/>\n<\/a><\/strong><\/p>\n<i class=\"fontawesome-icon fa-file-pdf fas circle-no\" style=\"font-size:14px;margin-right:7px;color:#003866;\"><\/i><strong> <a href=\"https:\/\/www.mpal.mp.br\/wp-content\/uploads\/2024\/09\/RESOLUCAO-CPJ-n.-26.20240001.pdf\" target=\"_blank\" rel=\"noopener\">N\u00ba 26\/2024 \u2013 Adita a Resolu\u00e7\u00e3o CPJ n\u00ba 2\/2011, para fixar as atribui\u00e7\u00f5es de protocolo e distribui\u00e7\u00e3o de expedientes da atividade final\u00edstica, no \u00e2mbito das Promotorias de Justi\u00e7a de Arapiraca.<\/a><\/strong><\/p>\n<i class=\"fontawesome-icon fa-file-pdf fas circle-no\" style=\"font-size:14px;margin-right:7px;color:#003866;\"><\/i><strong> <a href=\"https:\/\/www.mpal.mp.br\/wp-content\/uploads\/2024\/09\/RESOLUCAO-CPJ-27.20240001.pdf\" target=\"_blank\" rel=\"noopener\">N\u00ba 27\/2024 \u2013 Define a data da elei\u00e7\u00e3o para os cargos de Corregedor-Geral e Ouvidor.<\/a><\/strong><\/p>\n<i class=\"fontawesome-icon fa-file-pdf fas circle-no\" style=\"font-size:14px;margin-right:7px;color:#003866;\"><\/i><strong> <a href=\"https:\/\/www.mpal.mp.br\/wp-content\/uploads\/2024\/09\/RESOLUCAO-CPJ-28.20240001.pdf\" target=\"_blank\" rel=\"noopener\">N\u00ba 28\/2024 \u2013 Estabelece a divis\u00e3o interna dos servi\u00e7os da Procuradoria de Justi\u00e7a C\u00edvel.<\/a><\/strong><\/p>\n<i class=\"fontawesome-icon fa-file-pdf fas circle-no\" style=\"font-size:14px;margin-right:7px;color:#003866;\"><\/i><strong> <a href=\"https:\/\/www.mpal.mp.br\/wp-content\/uploads\/2024\/12\/RESOLUCAO-CPJ-29.20240001.pdf\" target=\"_blank\" rel=\"noopener\">N\u00ba 29\/2024 \u2013 Indica o Excelent\u00edssimo Senhor Promotor de Justi\u00e7a aposentado Ant\u00f4nio Luiz dos Santos Filho \u00e0 Medalha M\u00e9rito do Minist\u00e9rio P\u00fablico do Estado de Alagoas.<\/a><\/strong><\/p>\n<i class=\"fontawesome-icon fa-file-pdf fas circle-no\" style=\"font-size:14px;margin-right:7px;color:#003866;\"><\/i><strong> <a href=\"https:\/\/www.mpal.mp.br\/wp-content\/uploads\/2024\/10\/RESOLUCAO-CPJ-n.-30.20240001.pdf\" target=\"_blank\" rel=\"noopener\">N\u00ba 30\/2024 \u2013 Regulamenta a elei\u00e7\u00e3o para escolha de membros do Conselho Superior do Minist\u00e9rio P\u00fablico. <\/a><\/strong><\/p>\n<i class=\"fontawesome-icon fa-file-pdf fas circle-no\" style=\"font-size:14px;margin-right:7px;color:#003866;\"><\/i><strong> <a href=\"https:\/\/www.mpal.mp.br\/wp-content\/uploads\/2024\/10\/RESOLUCAO-CPJ-n.-30.20240001.pdf\" target=\"_blank\" rel=\"noopener\">N\u00ba 31\/2024 \u2013 Indica os integrantes da Comiss\u00e3o Eleitoral\u00a0 destinada a apurar a elei\u00e7\u00e3o para escolha de membros do Conselho Superior do Minist\u00e9rio P\u00fablico. <\/a><\/strong><\/p>\n<i class=\"fontawesome-icon fa-file-pdf fas circle-no\" style=\"font-size:14px;margin-right:7px;color:#003866;\"><\/i><strong> <a href=\"https:\/\/www.mpal.mp.br\/wp-content\/uploads\/2024\/11\/RESOLUCAO-CPJ-32.20240001.pdf\" target=\"_blank\" rel=\"noopener\">N\u00ba 32\/2024 \u2013 Trata das atribui\u00e7\u00f5es para o exerc\u00edcio do controle externo da atividade poliocial, em suas modalidades difusa e concentrada, no \u00e2mbito do Minist\u00e9rio P\u00fablico do Estado de Alagoas<\/a><\/strong><\/p>\n<i class=\"fontawesome-icon fa-file-pdf fas circle-no\" style=\"font-size:14px;margin-right:7px;color:#003866;\"><\/i><strong> <a href=\"https:\/\/www.mpal.mp.br\/wp-content\/uploads\/2024\/11\/RESOLUCAO-CPJ-33.20240001.pdf\" target=\"_blank\" rel=\"noopener\">N\u00ba 33\/2024 \u2013 Altera as atribui\u00e7\u00f5es das Promotorias de Justi\u00e7a de Arapiraca<\/a><\/strong><\/p>\n<i class=\"fontawesome-icon fa-file-pdf fas circle-no\" style=\"font-size:14px;margin-right:7px;color:#003866;\"><\/i><strong> <a href=\"https:\/\/www.mpal.mp.br\/wp-content\/uploads\/2024\/12\/RESOLUCAO-CPJ-34.20240001.pdf\" target=\"_blank\" rel=\"noopener\">N\u00ba 34\/2024 \u2013 Altera as atribui\u00e7\u00f5es da 11\u00aa e da 36\u00aa Promotorias de Justi\u00e7a da Capital e cria a Coordena\u00e7\u00e3o das Promotorias de Justi\u00e7a de Atos Infracionais da Capital<\/a><\/strong><\/p>\n<i class=\"fontawesome-icon fa-file-pdf fas circle-no\" style=\"font-size:14px;margin-right:7px;color:#003866;\"><\/i><strong> <a href=\"https:\/\/www.mpal.mp.br\/wp-content\/uploads\/2024\/12\/RESOLUCAO-CPJ-35.20240001.pdf\" target=\"_blank\" rel=\"noopener\">N\u00ba 35\/2024 \u2013 Disp\u00f5e sobre a reestrutura\u00e7\u00e3o do N\u00facleo de Gest\u00e3o da Informa\u00e7\u00e3o e Seguran\u00e7a Institucional \u2013 NGI\/SI, do Minist\u00e9rio P\u00fablico do Estado de Alagoas, e d\u00e1 outras provid\u00eancias<\/a><\/strong><\/p>\n<i class=\"fontawesome-icon fa-file-pdf fas circle-no\" style=\"font-size:14px;margin-right:7px;color:#003866;\"><\/i><strong> <a href=\"https:\/\/www.mpal.mp.br\/wp-content\/uploads\/2024\/12\/RESOLUCAO-CPJ-36.20240001.pdf\" target=\"_blank\" rel=\"noopener\">N\u00ba 36\/2024 \u2013 Regimento Interno do Centro de Autocomposi\u00e7\u00e3o de Conflitos do Minist\u00e9rio P\u00fablico do Estado de Alagoas \u2013 COMPOR<\/a><\/strong><\/p>\n<i class=\"fontawesome-icon fa-file-pdf fas circle-no\" style=\"font-size:14px;margin-right:7px;color:#003866;\"><\/i><strong> <a href=\"https:\/\/www.mpal.mp.br\/wp-content\/uploads\/2024\/12\/RESOLUCAO-CPJ-37.20240001.pdf\" target=\"_blank\" rel=\"noopener\">N\u00ba 37\/2024 \u2013 Concede a Comenda Rodrigu\u00eaz de Melo ao Governador do Estado de Alagoas Paulo Suruagy do Amaral Dantas;<\/a><\/strong><\/p>\n<i class=\"fontawesome-icon fa-file-pdf fas circle-no\" style=\"font-size:14px;margin-right:7px;color:#003866;\"><\/i><strong> <a href=\"https:\/\/www.mpal.mp.br\/wp-content\/uploads\/2024\/12\/RESOLUCAO-CPJ-38.20240001.pdf\" target=\"_blank\" rel=\"noopener\">N\u00ba 38\/2024 \u2013 Concede a Comenda Rodrigu\u00eaz de Melo ao Presidente do Tribunal de Justi\u00e7a do Estado de Alagoas Fernando Tourinho de Omena Souza.<\/a><\/strong><\/p>\n<p align=\"justify\"><span style=\"font-family: Arial, sans-serif;\">\u00a0<\/span><\/p>\n<\/div><div class=\"nav fusion-mobile-tab-nav\"><ul class=\"nav-tabs\"><li><a class=\"tab-link\" data-toggle=\"tab\" id=\"mobile-fusion-tab-2023\" href=\"#tab-ccc8076e917ba29097d\"><h4 class=\"fusion-tab-heading\"><i class=\"fontawesome-icon fa-file-pdf fas\" style=\"font-size:13px;\"><\/i>2023<\/h4><\/a><\/li><\/ul><\/div><div class=\"tab-pane fade fusion-clearfix\" id=\"tab-ccc8076e917ba29097d\">\n<i class=\"fontawesome-icon fa-file-pdf fas circle-no\" style=\"font-size:14px;margin-right:7px;color:#003866;\"><\/i><a href=\"https:\/\/www.mpal.mp.br\/wp-content\/uploads\/2023\/01\/Resolucao-CPJ-1.20230001.pdf\" target=\"_blank\" rel=\"noopener\"><strong>N\u00ba 1\/2023<\/strong> \u2013 Disp\u00f5e sobre as atribui\u00e7\u00f5es das Promotorias de Justi\u00e7a da Capital<\/a><\/p>\n<i class=\"fontawesome-icon fa-file-pdf fas circle-no\" style=\"font-size:14px;margin-right:7px;color:#003866;\"><\/i><a href=\"https:\/\/www.mpal.mp.br\/wp-content\/uploads\/2023\/01\/Resolucao-CPJ-2.20230001.pdf\" target=\"_blank\" rel=\"noopener\"><strong>N\u00ba 2\/2023<\/strong> \u2013 Disp\u00f5e sobre as atribui\u00e7\u00f5es das Promotorias de Justi\u00e7a de Porto Calvo<\/a><\/p>\n<i class=\"fontawesome-icon fa-file-pdf fas circle-no\" style=\"font-size:14px;margin-right:7px;color:#003866;\"><\/i><a href=\"https:\/\/www.mpal.mp.br\/wp-content\/uploads\/2023\/01\/Resolucao-CPJ-3.20230001.pdf\" target=\"_blank\" rel=\"noopener\"><strong>N\u00ba 3\/2023<\/strong> \u2013 Disp\u00f5e sobre as atribui\u00e7\u00f5es das Promotorias de Justi\u00e7a de Delmiro Gouveia<\/a><\/p>\n<i class=\"fontawesome-icon fa-file-pdf fas circle-no\" style=\"font-size:14px;margin-right:7px;color:#003866;\"><\/i><a href=\"https:\/\/www.mpal.mp.br\/wp-content\/uploads\/2023\/10\/RESOLUCAO-CPJ-4.2023.pdf\" target=\"_blank\" rel=\"noopener\"><strong>N\u00ba 4\/2023<\/strong> \u2013 Adita a Resolu\u00e7\u00e3o CPJ n\u00ba 1\/2023<\/a><\/p>\n<i class=\"fontawesome-icon fa-file-pdf fas circle-no\" style=\"font-size:14px;margin-right:7px;color:#003866;\"><\/i><a href=\"https:\/\/www.mpal.mp.br\/wp-content\/uploads\/2023\/10\/RESOLUCAO-CPJ-5.2023.pdf\" target=\"_blank\" rel=\"noopener\"><strong>N\u00ba 5\/2023<\/strong> \u2013 Emenda n\u00ba 1 do Regimento Interno do Col\u00e9gio de Procuradores de Justi\u00e7a<\/a><\/p>\n<i class=\"fontawesome-icon fa-file-pdf fas circle-no\" style=\"font-size:14px;margin-right:7px;color:#003866;\"><\/i><a href=\"https:\/\/www.mpal.mp.br\/wp-content\/uploads\/2023\/02\/RESOLUCAO-CPJ-6.20230001.pdf\" target=\"_blank\" rel=\"noopener\"><strong>N\u00ba 6\/2023<\/strong> \u2013 Concede a Comenda Rodrigu\u00eas de Melo ao Procurador-Geral de Justi\u00e7a M\u00e1rcio Roberto Ten\u00f3rio de Albuquerque<\/a><\/p>\n<i class=\"fontawesome-icon fa-file-pdf fas circle-no\" style=\"font-size:14px;margin-right:7px;color:#003866;\"><\/i><a href=\"https:\/\/www.mpal.mp.br\/wp-content\/uploads\/2023\/03\/RESOLUCAO-CPJ-7.2023.pdf\" target=\"_blank\" rel=\"noopener\"><strong>N\u00ba 7\/2023<\/strong> \u2013 Fixa as substitui\u00e7\u00f5es autom\u00e1ticas dos Promotores de Justi\u00e7a do Minist\u00e9rio P\u00fablico do Estado de Alagoas e d\u00e1 outras provid\u00eancias<\/a><\/p>\n<i class=\"fontawesome-icon fa-file-pdf fas circle-no\" style=\"font-size:14px;margin-right:7px;color:#003866;\"><\/i><a href=\"https:\/\/www.mpal.mp.br\/wp-content\/uploads\/2023\/04\/2.pdf\" target=\"_blank\" rel=\"noopener\"><strong>N\u00ba 8\/2023<\/strong> \u2013 Altera as atribui\u00e7\u00f5es das Promotorias de Justi\u00e7a da Comarca de Penedo<\/a><\/p>\n<i class=\"fontawesome-icon fa-file-pdf fas circle-no\" style=\"font-size:14px;margin-right:7px;color:#003866;\"><\/i><a href=\"https:\/\/www.mpal.mp.br\/wp-content\/uploads\/2023\/04\/RESOLUCAO-CPJ-9.2023.pdf\" target=\"_blank\" rel=\"noopener\"><strong>N\u00ba 9\/2023<\/strong> \u2013 Institui Comiss\u00e3o Tempor\u00e1ria destinada a apresentar proposta para o disciplinamento do trabalho telepresencial no \u00e2mbito do Minist\u00e9rio P\u00fablico do Estado de Alagoas<\/a><\/p>\n<i class=\"fontawesome-icon fa-file-pdf fas circle-no\" style=\"font-size:14px;margin-right:7px;color:#003866;\"><\/i><a href=\"https:\/\/www.mpal.mp.br\/wp-content\/uploads\/2023\/04\/RESOLUCAO-CPJ-10.20230001.pdf\" target=\"_blank\" rel=\"noopener\"><strong>N\u00ba 10\/2023<\/strong> \u2013 Modifica as atribui\u00e7\u00f5es das Promotorias de Justi\u00e7a de Arapiraca e revoga a Resolu\u00e7\u00e3o CPJ n. 10\/2022<\/a><\/p>\n<i class=\"fontawesome-icon fa-file-pdf fas circle-no\" style=\"font-size:14px;margin-right:7px;color:#003866;\"><\/i><a href=\"https:\/\/www.mpal.mp.br\/wp-content\/uploads\/2023\/04\/RESOLUCAO-CPJ-11.20230001.pdf\" target=\"_blank\" rel=\"noopener\"><strong>N\u00ba 11\/2023<\/strong> \u2013 Adita as atribui\u00e7\u00f5es das algumas Promotorias de Justi\u00e7a do interior para oficiarem nos procedimentos dos Cejusc das respectivas comarcas, quando houver interesse incapaz.<\/a><\/p>\n<i class=\"fontawesome-icon fa-file-pdf fas circle-no\" style=\"font-size:14px;margin-right:7px;color:#003866;\"><\/i><a href=\"https:\/\/www.mpal.mp.br\/wp-content\/uploads\/2023\/05\/resolucao-cpj-12.2023.pdf\" target=\"_blank\" rel=\"noopener\"><strong>N\u00ba 12\/2023<\/strong> \u2013 Desativa a Promotoria de Justi\u00e7a de Messias e d\u00e1 outras provid\u00eancias<\/a><\/p>\n<i class=\"fontawesome-icon fa-file-pdf fas circle-no\" style=\"font-size:14px;margin-right:7px;color:#003866;\"><\/i><a href=\"https:\/\/www.mpal.mp.br\/wp-content\/uploads\/2023\/07\/RESOLUCAO-CPJ-13.2013.pdf\" target=\"_blank\" rel=\"noopener\"><strong>N\u00ba 13\/2023<\/strong> \u2013 Emenda Regimental n\u00ba 1 \u00e0 Resolu\u00e7\u00e3o CPJ n\u00ba 7\/2018, que disp\u00f5e sobre o Regimento Interno da Ouvidoria do Minist\u00e9rio P\u00fablico<\/a><\/p>\n<i class=\"fontawesome-icon fa-file-pdf fas circle-no\" style=\"font-size:14px;margin-right:7px;color:#003866;\"><\/i><a href=\"https:\/\/www.mpal.mp.br\/wp-content\/uploads\/2023\/07\/RESOLUCAO-CPJ-14.2023.pdf\" target=\"_blank\" rel=\"noopener\"><strong>N\u00ba 14\/2023<\/strong> \u2013 Indica a Excelent\u00edssima Senhora Procuradora de Justi\u00e7a Doutora K\u00edcia Oliveira Cabral de Vasconcellos \u00e0 Medalha M\u00e9rito do Minist\u00e9rio P\u00fablico do Estado de Alagoas<\/a><\/p>\n<i class=\"fontawesome-icon fa-file-pdf fas circle-no\" style=\"font-size:14px;margin-right:7px;color:#003866;\"><\/i><a href=\"https:\/\/www.mpal.mp.br\/wp-content\/uploads\/2023\/07\/RESOLUCAO-CPJ-15.2023.pdf\" target=\"_blank\" rel=\"noopener\"><strong>N\u00ba 15\/2023<\/strong> \u2013 Indica a Excelent\u00edssima Senhora Procuradora de Justi\u00e7a Doutora Neide Maria Camelo da Silva \u00e0 Medalha M\u00e9rito do Minist\u00e9rio P\u00fablico do Estado de Alagoas<\/a><\/p>\n<i class=\"fontawesome-icon fa-file-pdf fas circle-no\" style=\"font-size:14px;margin-right:7px;color:#003866;\"><\/i><a href=\"https:\/\/www.mpal.mp.br\/wp-content\/uploads\/2023\/07\/RESOLUCAO-CPJ-16.2023.pdf\" target=\"_blank\" rel=\"noopener\"><strong>N\u00ba 16\/2023<\/strong> \u2013 Indica o Excelent\u00edssimo Senhor Promotor de Justi\u00e7a Doutor Edelzito Santos Andrade \u00e0 Medalha M\u00e9rito do Minist\u00e9rio P\u00fablico do Estado de Alagoas<\/a><\/p>\n<i class=\"fontawesome-icon fa-file-pdf fas circle-no\" style=\"font-size:14px;margin-right:7px;color:#003866;\"><\/i><a href=\"https:\/\/www.mpal.mp.br\/wp-content\/uploads\/2023\/08\/Resolucao-CPJ-17.2023.pdf\" target=\"_blank\" rel=\"noopener\"><strong>N\u00ba 17\/2023<\/strong> \u2013 Altera a Resolu\u00e7\u00e3o CPJ n\u00ba 1\/2023, para modificar as atribui\u00e7\u00f5es das seguintes Promotorias de Justi\u00e7a da Capital: 35\u00aa, 40\u00aa e 52\u00aa.<\/a><\/p>\n<i class=\"fontawesome-icon fa-file-pdf fas circle-no\" style=\"font-size:14px;margin-right:7px;color:#003866;\"><\/i><a href=\"https:\/\/www.mpal.mp.br\/wp-content\/uploads\/2023\/09\/RESOLUCAO-CPJ-n.-18.20230001.pdf\" target=\"_blank\" rel=\"noopener\"><strong>N\u00ba 18\/2023<\/strong> \u2013 Altera a Resolu\u00e7\u00e3o CPJ n\u00ba 7\/2023, para atualizar as substitui\u00e7\u00f5es de Promotorias de Justi\u00e7a da Capital e de Arapiraca.<\/a><\/p>\n<i class=\"fontawesome-icon fa-file-pdf fas circle-no\" style=\"font-size:14px;margin-right:7px;color:#003866;\"><\/i><a href=\"https:\/\/www.mpal.mp.br\/wp-content\/uploads\/2023\/09\/RESOLUCAO-CPJ-19.20230001.pdf\" target=\"_blank\" rel=\"noopener\"><strong>N\u00ba 19\/2023<\/strong> \u2013 Aplica o disposto na Lei n\u00ba 14.250\/2023 aos subs\u00eddios dos membros do Minist\u00e9rio P\u00fablico do Estado de Alagoas<\/a>.<\/p>\n<i class=\"fontawesome-icon fa-file-pdf fas circle-no\" style=\"font-size:14px;margin-right:7px;color:#003866;\"><\/i><a href=\"https:\/\/www.mpal.mp.br\/wp-content\/uploads\/2023\/09\/RESOLUCAO-CPJ-20.20230001.pdf\" target=\"_blank\" rel=\"noopener\"><strong>N\u00ba 20\/2023<\/strong> \u2013 Aplica o disposto na Lei Estadual\u00a0 n\u00ba 8.074\/2018 aos membros do Minist\u00e9rio P\u00fablico do Estado de Alagoas<\/a>.<\/p>\n<i class=\"fontawesome-icon fa-file-pdf fas circle-no\" style=\"font-size:14px;margin-right:7px;color:#003866;\"><\/i><a href=\"https:\/\/www.mpal.mp.br\/wp-content\/uploads\/2023\/09\/RESOLUCAO-CPJ-21.20230001.pdf\" target=\"_blank\" rel=\"noopener\"><strong>N\u00ba 21\/2023<\/strong> \u2013 Transforma, no \u00e2mbito do Centro Apoio Operacional &#8211; CAOP,\u00a0 o N\u00facelo de Defesa dos Direitos Humanos em N\u00facleo de Defesa Direitos Humanos e Apoio \u00e0s Vitimas.<\/a><\/p>\n<i class=\"fontawesome-icon fa-file-pdf fas circle-no\" style=\"font-size:14px;margin-right:7px;color:#003866;\"><\/i><a href=\"https:\/\/www.mpal.mp.br\/wp-content\/uploads\/2023\/10\/RESOLUCAO-CPJ-22.20230001.pdf\" target=\"_blank\" rel=\"noopener\"><strong>N\u00ba 22\/2023<\/strong> \u2013 Disp\u00f5e sobre a atividade funcional dos \u00f3rg\u00e3os de execu\u00e7\u00e3o do Minist\u00e9rio P\u00fablico em segundo grau e d\u00e1 outras provid\u00eancias.<\/a><\/p>\n<i class=\"fontawesome-icon fa-file-pdf fas circle-no\" style=\"font-size:14px;margin-right:7px;color:#003866;\"><\/i><a href=\"https:\/\/www.mpal.mp.br\/wp-content\/uploads\/2023\/10\/RESOLUCAO-CPJ-23.20230001.pdf\" target=\"_blank\" rel=\"noopener\"><strong>N\u00ba 23\/2023<\/strong> \u2013 Revoga a Resolu\u00e7\u00e3o CPJ n. 9\/2019 e altera as atribui\u00e7\u00f5es das Promotorias de Justi\u00e7a de Coruripe.<\/a><\/p>\n<i class=\"fontawesome-icon fa-file-pdf fas circle-no\" style=\"font-size:14px;margin-right:7px;color:#003866;\"><\/i><a href=\"https:\/\/www.mpal.mp.br\/wp-content\/uploads\/2023\/10\/RESOLUCAO-CPJ-24.20230001.pdf\" target=\"_blank\" rel=\"noopener\"><strong>N\u00ba 24\/2023<\/strong> \u2013 Disp\u00f5e sobre a participa\u00e7\u00e3o dos Procuradores de Justi\u00e7a na constru\u00e7\u00e3o e na execu\u00e7\u00e3o dos projetos institucionais.<\/a><\/p>\n<i class=\"fontawesome-icon fa-file-pdf fas circle-no\" style=\"font-size:14px;margin-right:7px;color:#003866;\"><\/i><a href=\"https:\/\/www.mpal.mp.br\/wp-content\/uploads\/2023\/10\/RESOLUCAO-CPJ-25.20230001.pdf\" target=\"_blank\" rel=\"noopener\"><strong>N\u00ba 25\/2023<\/strong> \u2013 Altera a Resolu\u00e7\u00e3o CPJ n. 6\/2019, que instituiu o \u201cSelo Amigo da Socioeduca\u00e7\u00e3o\u201d do Col\u00e9gio de Procuradores de Justi\u00e7a do Minist\u00e9rio P\u00fablico do Estado de Alagoas<\/a><\/p>\n<i class=\"fontawesome-icon fa-file-pdf fas circle-no\" style=\"font-size:14px;margin-right:7px;color:#003866;\"><\/i><a href=\"https:\/\/www.mpal.mp.br\/wp-content\/uploads\/2023\/10\/RESOLUCAO-CPJ-26.2023.pdf\" target=\"_blank\" rel=\"noopener\"><strong>N\u00ba 26\/2023<\/strong> \u2013 Disp\u00f5e sobre o planejamento da atua\u00e7\u00e3o dos \u00f3rg\u00e3os de execu\u00e7\u00e3o e de apoio funcional do Minist\u00e9rio P\u00fablico do Estado de Alagoas<\/a><\/p>\n<i class=\"fontawesome-icon fa-file-pdf fas circle-no\" style=\"font-size:14px;margin-right:7px;color:#003866;\"><\/i><a href=\"https:\/\/www.mpal.mp.br\/wp-content\/uploads\/2023\/10\/RESOLUCAO-CPJ-26.2023.pdf\" target=\"_blank\" rel=\"noopener\"><strong>N\u00ba 27\/2023<\/strong> \u2013 <\/a><a role=\"link\" href=\"https:\/\/www.mpal.mp.br\/wp-content\/uploads\/2023\/11\/RESOLUCAO-CPJ-27.20230001.pdf\" rel=\"noopener\" data-raofz=\"16\"> Indica o Promotor de Justi\u00e7a Jos\u00e9 Ant\u00f4nio Malta Marques para compor o Conselho Estadual de Seguran\u00e7a P\u00fablica &#8211; Conseg durante o bi\u00eanio 2023\/2025<\/a><\/p>\n<i class=\"fontawesome-icon fa-file-pdf fas circle-no\" style=\"font-size:14px;margin-right:7px;color:#003866;\"><\/i><a href=\"https:\/\/www.mpal.mp.br\/wp-content\/uploads\/2023\/12\/RESOLUCAO-CPJ-28.20230001.pdf\" target=\"_blank\" rel=\"noopener\"><strong>N\u00ba 28\/2023<\/strong> \u2013 <\/a><a role=\"link\" href=\"https:\/\/www.mpal.mp.br\/wp-content\/uploads\/2023\/12\/RESOLUCAO-CPJ-28.20230001.pdf\" rel=\"noopener\" data-raofz=\"16\"> Institui, no \u00e2mbito do Minist\u00e9rio P\u00fablico do Estado de Alagoas, o Pr\u00eamio Boas Pr\u00e1ticas Com Resultados Sociotransformadores.<\/a><\/p>\n<i class=\"fontawesome-icon fa-file-pdf fas circle-no\" style=\"font-size:14px;margin-right:7px;color:#003866;\"><\/i><a href=\"https:\/\/www.mpal.mp.br\/wp-content\/uploads\/2023\/12\/RESOLUCAO-CPJ-n.-29.20230001.pdf\" target=\"_blank\" rel=\"noopener\"><strong>N\u00ba 29\/2023<\/strong> \u2013 <\/a><a role=\"link\" href=\"https:\/\/www.mpal.mp.br\/wp-content\/uploads\/2023\/12\/RESOLUCAO-CPJ-n.-29.20230001.pdf\" rel=\"noopener\" data-raofz=\"16\">Disp\u00f5e sobre os indicadores de resolutividade do Minist\u00e9rio P\u00fablico do Estado de Alagoas.<\/a><\/p>\n<i class=\"fontawesome-icon fa-file-pdf fas circle-no\" style=\"font-size:14px;margin-right:7px;color:#003866;\"><\/i><a href=\"https:\/\/www.mpal.mp.br\/wp-content\/uploads\/2023\/12\/RESOLUCAO-CPJ-30.20230001.pdf\" target=\"_blank\" rel=\"noopener\"><strong>N\u00ba 30\/2023<\/strong> \u2013 <\/a><a role=\"link\" href=\"https:\/\/www.mpal.mp.br\/wp-content\/uploads\/2023\/12\/RESOLUCAO-CPJ-30.20230001.pdf\" rel=\"noopener\" data-raofz=\"16\">Regulamenta a elei\u00e7\u00e3o para a forma\u00e7\u00e3o da lista triplice e escolha do Procurador-Geral de Justi\u00e7a.<\/a><\/p>\n<i class=\"fontawesome-icon fa-file-pdf fas circle-no\" style=\"font-size:14px;margin-right:7px;color:#003866;\"><\/i><a href=\"https:\/\/www.mpal.mp.br\/wp-content\/uploads\/2023\/12\/RESOLUCAO-CPJ-31.20230001.pdf\" target=\"_blank\" rel=\"noopener\"><strong>N\u00ba 31\/2023<\/strong> \u2013 Indica integrantes da Comiss\u00e3o Eleitoral destinada a apurar a elei\u00e7\u00e3o de forma\u00e7\u00e3o de lista triplice para escolha do Procurador-Geral de Justi\u00e7a do Minist\u00e9rio P\u00fablico do Estado de Alagoas referente ao bi\u00eanio 2024\/2026 <\/a><a role=\"link\" href=\"https:\/\/www.mpal.mp.br\/wp-content\/uploads\/2023\/12\/RESOLUCAO-CPJ-30.20230001.pdf\" rel=\"noopener\" data-raofz=\"16\">.<\/a><\/p>\n<p align=\"justify\"><span style=\"font-family: Times New Roman, serif;\"><span style=\"font-family: Arial, sans-serif;\"><span style=\"font-size: small;\">\u00a0<\/span><\/span><\/span><\/p>\n<p><a href=\"https:\/\/www.mpal.mp.br\/wp-content\/uploads\/2023\/09\/RESOLUCAO-CPJ-n.-18.20230001.pdf\" target=\"_blank\" rel=\"noopener\">.<\/a><\/p>\n<\/div><div class=\"nav fusion-mobile-tab-nav\"><ul class=\"nav-tabs\"><li><a class=\"tab-link\" data-toggle=\"tab\" id=\"mobile-fusion-tab-2022\" href=\"#tab-619e6b6467b0154426b\"><h4 class=\"fusion-tab-heading\"><i class=\"fontawesome-icon fa-file-pdf fas\" style=\"font-size:13px;\"><\/i>2022<\/h4><\/a><\/li><\/ul><\/div><div class=\"tab-pane fade fusion-clearfix\" id=\"tab-619e6b6467b0154426b\">\n<p><span style=\"font-size: 12pt;\"><i class=\"fontawesome-icon fa-file-pdf fas circle-no\" style=\"font-size:14px;margin-right:7px;color:#003866;\"><\/i><a href=\"https:\/\/www.mpal.mp.br\/wp-content\/uploads\/2022\/11\/Resolucao-CPJ-17.2022.pdf\" target=\"_blank\" rel=\"noopener\"><strong>N\u00ba 17\/2022<\/strong> \u2013 Indica integrante do colegiado para exercer o cargo de Ouvidor do Minist\u00e9rio P\u00fablico do Estado de Alagoas<\/a><\/span><\/p>\n<p><span style=\"font-size: 12pt;\"><i class=\"fontawesome-icon fa-file-pdf fas circle-no\" style=\"font-size:14px;margin-right:7px;color:#003866;\"><\/i><a href=\"https:\/\/www.mpal.mp.br\/wp-content\/uploads\/2022\/11\/Resolucao-CPJ-16.2022.pdf\" target=\"_blank\" rel=\"noopener\"><strong>N\u00ba 16\/2022<\/strong> \u2013 Indica integrante do colegiado para exercer o cargo de Corregedor-Geral do Minist\u00e9rio P\u00fablico do Estado de Alagoas<\/a><\/span><\/p>\n<p><span style=\"font-size: 12pt;\"><i class=\"fontawesome-icon fa-file-pdf fas circle-no\" style=\"font-size:14px;margin-right:7px;color:#003866;\"><\/i><a href=\"https:\/\/www.mpal.mp.br\/wp-content\/uploads\/2022\/11\/Resolucao-CPJ-15.2022.pdf\" target=\"_blank\" rel=\"noopener\"><strong>N\u00ba 15\/2022<\/strong> \u2013 Elege o Procurador de Justi\u00e7a Eduardo Tavares Mendes para exercer o cargo de Ouvidor do Minist\u00e9rio P\u00fablico do Estado de Alagoas durante bi\u00eanio 2023\/2024\u00a0<\/a><\/span><\/p>\n<p><span style=\"font-size: 12pt;\"><i class=\"fontawesome-icon fa-file-pdf fas circle-no\" style=\"font-size:14px;margin-right:7px;color:#003866;\"><\/i><a href=\"https:\/\/www.mpal.mp.br\/wp-content\/uploads\/2022\/11\/RESOLUCAO-CPJ-n.-14.2022.pdf\" target=\"_blank\" rel=\"noopener\"><strong>N\u00ba 14\/2022<\/strong> \u2013 Elege o Procurador de Justi\u00e7a Maur\u00edcio Andr\u00e9 Barros Pitta para exercer o cargo de Corregedor-Geral do Minist\u00e9rio P\u00fablico do Estado de Alagoas durante bi\u00eanio 2023\/2024\u00a0<\/a><\/span><\/p>\n<p><span style=\"font-size: 12pt;\"><i class=\"fontawesome-icon fa-file-pdf fas circle-no\" style=\"font-size:14px;margin-right:7px;color:#003866;\"><\/i><a href=\"https:\/\/www.mpal.mp.br\/wp-content\/uploads\/2022\/11\/RESOLUCAO-CPJ-13.2022.pdf\" target=\"_blank\" rel=\"noopener\"><strong>N\u00ba 13\/2022<\/strong> \u2013 Altera as atribui\u00e7\u00f5es da 2\u00aa e da 3\u00aa Promotorias de Justi\u00e7a de Penedo<\/a><\/span><\/p>\n<p><span style=\"font-size: 12pt;\"><i class=\"fontawesome-icon fa-file-pdf fas circle-no\" style=\"font-size:14px;margin-right:7px;color:#003866;\"><\/i><a href=\"https:\/\/www.mpal.mp.br\/wp-content\/uploads\/2022\/11\/RESOLUCAO-CPJ-12.2022.pdf\" target=\"_blank\" rel=\"noopener\"><strong>N\u00ba 12\/2022<\/strong> \u2013 Indica integrantes da Comiss\u00e3o Eleitoral destinada a apurar a elei\u00e7\u00e3o de escolha dos membros do Conselho Superior do Minist\u00e9rio P\u00fablico do Estado de Alagoas referente aos exerc\u00edcios de 2023\/2024<\/a><\/span><\/p>\n<p><span style=\"font-size: 12pt;\"><i class=\"fontawesome-icon fa-file-pdf fas circle-no\" style=\"font-size:14px;margin-right:7px;color:#003866;\"><\/i><a href=\"https:\/\/www.mpal.mp.br\/wp-content\/uploads\/2022\/11\/RESOLUCAO-CPJ-11.2022-1.pdf\" target=\"_blank\" rel=\"noopener\"><strong>N\u00ba 11\/2022<\/strong> \u2013 Regulamenta a elei\u00e7\u00e3o para escolha de membros do Conselho Superior do Minist\u00e9rio P\u00fablico<\/a><\/span><\/p>\n<p style=\"text-align: justify;\"><span style=\"font-size: 12pt;\"><i class=\"fontawesome-icon fa-file-pdf fas circle-no\" style=\"font-size:14px;margin-right:7px;color:#003866;\"><\/i><a href=\"https:\/\/www.mpal.mp.br\/wp-content\/uploads\/2022\/04\/RESOLUCAO-CPJ-10.2022.pdf\" target=\"_blank\" rel=\"noopener\"><strong>N\u00ba 10\/2022<\/strong> \u2013 Modifica as atribui\u00e7\u00f5es das Promotorias de Justi\u00e7a de Arapiraca e revoga as resolu\u00e7\u00f5es CPJ n. 01\/2020 e n. 05\/2020<\/a><\/span><\/p>\n<p style=\"text-align: justify;\"><span style=\"font-size: 12pt;\"><i class=\"fontawesome-icon fa-file-pdf fas circle-no\" style=\"font-size:14px;margin-right:7px;color:#003866;\"><\/i><a href=\"https:\/\/www.mpal.mp.br\/wp-content\/uploads\/2022\/04\/RESOLUCAO-CPJ-9.2022.pdf\" target=\"_blank\" rel=\"noopener\"><strong>N\u00ba 09\/2022<\/strong> \u2013 Indica o Excelent\u00edssimo senhor Presidente do Superior Tribunal de Justi\u00e7a Humberto Eust\u00e1quio Soares Martins \u00e0 medalha m\u00e9rito do Minist\u00e9rio P\u00fablico do Estado de Alagoas<\/a><\/span><\/p>\n<p style=\"text-align: justify;\"><span style=\"font-size: 12pt;\"><i class=\"fontawesome-icon fa-file-pdf fas circle-no\" style=\"font-size:14px;margin-right:7px;color:#003866;\"><\/i><a href=\"https:\/\/www.mpal.mp.br\/wp-content\/uploads\/2022\/04\/RESOLUCAO-CPJ-n.-8.2022.pdf\" target=\"_blank\" rel=\"noopener\"><strong>N\u00ba 08\/2022<\/strong> \u2013 Indica o Excelent\u00edssimo senhor Presidente do Tribunal de Contas do Estado de Alagoas Ot\u00e1vio Lessa de Geraldo Santos \u00e0 medalha m\u00e9rito do Minist\u00e9rio P\u00fablico do Estado de Alagoas<\/a><\/span><\/p>\n<p style=\"text-align: justify;\"><span style=\"font-size: 12pt;\"><i class=\"fontawesome-icon fa-file-pdf fas circle-no\" style=\"font-size:14px;margin-right:7px;color:#003866;\"><\/i><a href=\"https:\/\/www.mpal.mp.br\/wp-content\/uploads\/2022\/04\/RESOLUCAO-CPJ-n.-7.2022.pdf\" target=\"_blank\" rel=\"noopener\"><strong>N\u00ba 07\/2022<\/strong> \u2013 Indica o Excelent\u00edssimo senhor Presidente do Tribunal de Justi\u00e7a do Estado de Alagoas Klever R\u00eago Loureiro \u00e0 medalha m\u00e9rito do Minist\u00e9rio P\u00fablico do Estado de Alagoas<\/a><\/span><\/p>\n<p style=\"text-align: justify;\"><span style=\"font-size: 12pt;\"><i class=\"fontawesome-icon fa-file-pdf fas circle-no\" style=\"font-size:14px;margin-right:7px;color:#003866;\"><\/i><a href=\"https:\/\/www.mpal.mp.br\/wp-content\/uploads\/2022\/04\/RESOLUCAO-CPJ-n.-6.2022.pdf\" target=\"_blank\" rel=\"noopener\"><strong>N\u00ba 06\/2022<\/strong> \u2013 Indica o Excelent\u00edssimo senhor Presidente da Assembleia Legislativa do Estado de Alagoas Marcelo Victor Correia dos Santos \u00e0 medalha m\u00e9rito do Minist\u00e9rio P\u00fablico do Estado de Alagoas<\/a><\/span><\/p>\n<p style=\"text-align: justify;\"><span style=\"font-size: 12pt;\"><i class=\"fontawesome-icon fa-file-pdf fas circle-no\" style=\"font-size:14px;margin-right:7px;color:#003866;\"><\/i><a href=\"https:\/\/www.mpal.mp.br\/wp-content\/uploads\/2022\/04\/RESOLUCAO-CPJ-n.-5.2022.pdf\" target=\"_blank\" rel=\"noopener\"><strong>N\u00ba 05\/2022<\/strong> \u2013 Indica o Excelent\u00edssimo senhor Governador do Estado de Alagoas Jos\u00e9 Renan Vasconcelos Calheiros Filho \u00e0 medalha m\u00e9rito do Minist\u00e9rio P\u00fablico do Estado de Alagoas<\/a><\/span><\/p>\n<p style=\"text-align: justify;\"><span style=\"font-size: 12pt;\"><i class=\"fontawesome-icon fa-file-pdf fas circle-no\" style=\"font-size:14px;margin-right:7px;color:#003866;\"><\/i><a href=\"https:\/\/www.mpal.mp.br\/wp-content\/uploads\/2022\/04\/RESOLUCAO-CPJ-4.2022.pdf\" target=\"_blank\" rel=\"noopener\"><strong>N\u00ba 04\/2022<\/strong> \u2013 Regulamenta os artigos 19 e 20 da Lei Org\u00e2nica do Minist\u00e9rio P\u00fablico do Estado de Alagoas<\/a><\/span><\/p>\n<p style=\"text-align: justify;\"><span style=\"font-size: 12pt;\"><i class=\"fontawesome-icon fa-file-pdf fas circle-no\" style=\"font-size:14px;margin-right:7px;color:#003866;\"><\/i><a href=\"https:\/\/www.mpal.mp.br\/wp-content\/uploads\/2022\/04\/RESOLUCAO-CPJ-n.-3.2022.pdf\" target=\"_blank\" rel=\"noopener\"><strong>N\u00ba 03\/2022<\/strong> \u2013 Disciplina a coordena\u00e7\u00e3o das Promotorias de Justi\u00e7a Criminais de atribui\u00e7\u00f5es residuais da capital &#8211; PJCARC<\/a><\/span><\/p>\n<p style=\"text-align: justify;\"><span style=\"font-size: 12pt;\"><i class=\"fontawesome-icon fa-file-pdf fas circle-no\" style=\"font-size:14px;margin-right:7px;color:#003866;\"><\/i><a href=\"https:\/\/www.mpal.mp.br\/wp-content\/uploads\/2022\/04\/RESOLUCAO-CPJ-n.-2.pdf\" target=\"_blank\" rel=\"noopener\"><strong>N\u00ba 02\/2022<\/strong> \u2013 Revoga a resolu\u00e7\u00e3o CPJ n. 02\/2022, que aditou as atribui\u00e7\u00f5es da 51\u00aa Promotoria de Justi\u00e7a da Capital<\/a><\/span><\/p>\n<p style=\"text-align: justify;\"><span style=\"font-size: 12pt;\"><i class=\"fontawesome-icon fa-file-pdf fas circle-no\" style=\"font-size:14px;margin-right:7px;color:#003866;\"><\/i><a href=\"https:\/\/www.mpal.mp.br\/wp-content\/uploads\/2022\/04\/RESOLUCAO-CPJ-1.2022.pdf\" target=\"_blank\" rel=\"noopener\"><strong>N\u00ba 01\/2022<\/strong> \u2013 Modifica as atribui\u00e7\u00f5es das seguintes Promotorias de Justi\u00e7a da Capital: 8\u00aa, 29\u00aa, 30\u00aa, 31\u00aa, 34\u00aa e 64\u00aa.<\/a><\/span><\/p>\n<\/div><div class=\"nav fusion-mobile-tab-nav\"><ul class=\"nav-tabs\"><li><a class=\"tab-link\" data-toggle=\"tab\" id=\"mobile-fusion-tab-2021\" href=\"#tab-5a5b782fac7b5c4b4f4\"><h4 class=\"fusion-tab-heading\"><i class=\"fontawesome-icon fa-file-pdf fas\" style=\"font-size:13px;\"><\/i>2021<\/h4><\/a><\/li><\/ul><\/div><div class=\"tab-pane fade fusion-clearfix\" id=\"tab-5a5b782fac7b5c4b4f4\">\n<p style=\"text-align: justify;\"><span style=\"font-size: 12pt;\"><i class=\"fontawesome-icon fa-file-pdf fas circle-no\" style=\"font-size:14px;margin-right:7px;color:#003866;\"><\/i><a href=\"https:\/\/www.mpal.mp.br\/wp-content\/uploads\/2022\/04\/RESOLUCAO-CPJ-23.2021.pdf\" target=\"_blank\" rel=\"noopener\"><strong>N\u00ba 23\/2021<\/strong> \u2013 INDICA A EXCELENT\u00cdSSIMA SENHORA PROMOTORA DE JUSTI\u00c7A APOSENTADA, DOUTORA FAILDE SOARES FERREIRA DE MENDON\u00c7A, \u00c0 MEDALHA M\u00c9RITO DO MINIST\u00c9RIO P\u00daBLICO DO ESTADO DE ALAGOAS<\/a><\/span><\/p>\n<p style=\"text-align: justify;\"><span style=\"font-size: 12pt;\"><i class=\"fontawesome-icon fa-file-pdf fas circle-no\" style=\"font-size:14px;margin-right:7px;color:#003866;\"><\/i><a href=\"https:\/\/www.mpal.mp.br\/wp-content\/uploads\/2022\/04\/RESOLUCAO-CPJ-22.2021.pdf\" target=\"_blank\" rel=\"noopener\"><strong>N\u00ba 22\/2021<\/strong> \u2013 INDICA A EXCELENT\u00cdSSIMA SENHORA JU\u00cdZA DE DIREITO, DOUTORA ANA FLORINDA MENDON\u00c7A DA SILVA DANTAS, \u00c0 MEDALHA M\u00c9RITO DO MINIST\u00c9RIO P\u00daBLICO DO ESTADO DE ALAGOAS<\/a><\/span><\/p>\n<p style=\"text-align: justify;\"><span style=\"font-size: 12pt;\"><i class=\"fontawesome-icon fa-file-pdf fas circle-no\" style=\"font-size:14px;margin-right:7px;color:#003866;\"><\/i><a href=\"https:\/\/www.mpal.mp.br\/wp-content\/uploads\/2022\/04\/RESOLUCAO-CPJ-21.2021.pdf\" target=\"_blank\" rel=\"noopener\"><strong>N\u00ba 21\/2021<\/strong> \u2013 INDICA O EXCELENT\u00cdSSIMO SENHOR DESEMBARGADOR FEDERAL DO TRF DA 5\u00aa REGI\u00c3O, DOUTOR PAULO ROBERTO DE OLIVEIRA LIMA, \u00c0 MEDALHA M\u00c9RITO DO MINIST\u00c9RIO P\u00daBLICO DO ESTADO DE ALAGOAS<\/a><\/span><\/p>\n<p style=\"text-align: justify;\"><span style=\"font-size: 12pt;\"><i class=\"fontawesome-icon fa-file-pdf fas circle-no\" style=\"font-size:14px;margin-right:7px;color:#003866;\"><\/i><a href=\"https:\/\/www.mpal.mp.br\/wp-content\/uploads\/2022\/04\/RESOLUCAO-CPJ-20.2021.pdf\" target=\"_blank\" rel=\"noopener\"><strong>N\u00ba 20\/2021<\/strong> \u2013 INDICA O EXCELENT\u00cdSSIMO SENHOR SUBPROCURADOR-GERAL DA REP\u00daBLICA APOSENTADO, DOUTOR PAULO DA ROCHA CAMPOS, \u00c0 MEDALHA M\u00c9RITO DO MINIST\u00c9RIO P\u00daBLICO DO ESTADO DE ALAGOAS<\/a><\/span><\/p>\n<p style=\"text-align: justify;\"><span style=\"font-size: 12pt;\"><i class=\"fontawesome-icon fa-file-pdf fas circle-no\" style=\"font-size:14px;margin-right:7px;color:#003866;\"><\/i><a href=\"https:\/\/www.mpal.mp.br\/wp-content\/uploads\/2022\/04\/RESOLUCAO-CPJ-n.-19.2021.pdf\" target=\"_blank\" rel=\"noopener\"><strong>N\u00ba 19\/2021<\/strong> \u2013 ADITA AS ATRIBUI\u00c7\u00d5ES DA 51\u00aa PROMOTORIA DE JUSTI\u00c7A DA CAPITAL E D\u00c1 OUTRAS PROVID\u00caNCIAS<\/a><\/span><\/p>\n<p style=\"text-align: justify;\"><span style=\"font-size: 12pt;\"><i class=\"fontawesome-icon fa-file-pdf fas circle-no\" style=\"font-size:14px;margin-right:7px;color:#003866;\"><\/i><a href=\"https:\/\/www.mpal.mp.br\/wp-content\/uploads\/2022\/04\/RESOLUCAO-CPJ-n.-18.2021-1.pdf\" target=\"_blank\" rel=\"noopener\"><strong>N\u00ba 18\/2021<\/strong> \u2013 INDICA INTEGRANTES DA COMISS\u00c3O ELEITORAL DESTINADA A APURAR A ELEI\u00c7\u00c3O DE FORMA\u00c7\u00c3O DE LISTA TR\u00cdPLICE PARA ESCOLHA DO PROCURADOR-GERAL DE JUSTI\u00c7A DO MINIST\u00c9RIO P\u00daBLICO DO ESTADO DE ALAGOAS REFERENTE AO BI\u00caNIO DE 2022\/2024<\/a><\/span><\/p>\n<p style=\"text-align: justify;\"><span style=\"font-size: 12pt;\"><i class=\"fontawesome-icon fa-file-pdf fas circle-no\" style=\"font-size:14px;margin-right:7px;color:#003866;\"><\/i><a href=\"https:\/\/www.mpal.mp.br\/wp-content\/uploads\/2022\/04\/RESOLUCAO-CPJ-n.-17.2021.pdf\" target=\"_blank\" rel=\"noopener\"><strong>N\u00ba 17\/2021<\/strong> \u2013 REGULAMENTA A ELEI\u00c7\u00c3O PARA FORMA\u00c7\u00c3O DA LISTA TR\u00cdPLICE E ESCOLHA PROCURADOR-GERAL DE JUSTI\u00c7A DO MINIST\u00c9RIO P\u00daBLICO DO ESTADO DE ALAGOAS<\/a><\/span><\/p>\n<p style=\"text-align: justify;\"><span style=\"font-size: 12pt;\"><i class=\"fontawesome-icon fa-file-pdf fas circle-no\" style=\"font-size:14px;margin-right:7px;color:#003866;\"><\/i><a href=\"https:\/\/www.mpal.mp.br\/wp-content\/uploads\/2022\/04\/RESOLUCAO-CPJ-n.-16.2021.pdf\" target=\"_blank\" rel=\"noopener\"><strong>N\u00ba 16\/2021<\/strong> \u2013 INDICA O PROMOTOR DE JUSTI\u00c7A JOS\u00c9 ANT\u00d4NIO MALTA MARQUES PARA COMPOR A 8\u00aa GEST\u00c3O DO CONSELHO ESTADUAL DE SEGURAN\u00c7A P\u00daBLICA DO ESTADO DE ALAGOAS &#8211; CONSEG\/AL<\/a><\/span><\/p>\n<p style=\"text-align: justify;\"><span style=\"font-size: 12pt;\"><i class=\"fontawesome-icon fa-file-pdf fas circle-no\" style=\"font-size:14px;margin-right:7px;color:#003866;\"><\/i><a href=\"https:\/\/www.mpal.mp.br\/wp-content\/uploads\/2022\/04\/RESOLUCAO-CPJ-n.-15.2021.pdf\" target=\"_blank\" rel=\"noopener\"><strong>N\u00ba 15\/2021<\/strong> \u2013 INDICA INTEGRANTES DA COMISS\u00c3O ELEITORAL DESTINADA A APURAR A ELEI\u00c7\u00c3O DE ESCOLHA DOS MEMBROS DO CONSELHO SUPERIOR DO MINIST\u00c9RIO P\u00daBLICO DO ESTADO DE ALAGOAS REFERENTE AO EXERC\u00cdCIO DE 2022<\/a><\/span><\/p>\n<p style=\"text-align: justify;\"><span style=\"font-size: 12pt;\"><i class=\"fontawesome-icon fa-file-pdf fas circle-no\" style=\"font-size:14px;margin-right:7px;color:#003866;\"><\/i><a href=\"https:\/\/www.mpal.mp.br\/wp-content\/uploads\/2022\/04\/RESOLUCAO-CPJ-14.2021.pdf\" target=\"_blank\" rel=\"noopener\"><strong>N\u00ba 14\/2021<\/strong> \u2013 REGULAMENTA A ELEI\u00c7\u00c3O PARA ESCOLHA DE MEMBROS DO CONSELHO SUPERIOR DO MINIST\u00c9RIO P\u00daBLICO DO ESTADO DE ALAGOAS<\/a><\/span><\/p>\n<p style=\"text-align: justify;\"><span style=\"font-size: 12pt;\"><i class=\"fontawesome-icon fa-file-pdf fas circle-no\" style=\"font-size:14px;margin-right:7px;color:#003866;\"><\/i><a href=\"https:\/\/www.mpal.mp.br\/wp-content\/uploads\/2022\/04\/RESOLUCAO-CPJ-n.-13.2021.pdf\" target=\"_blank\" rel=\"noopener\"><strong>N\u00ba 13\/2021<\/strong> \u2013 DISP\u00d5E SOBRE AS ATRIBUI\u00c7\u00d5ES DAS PROMOTORIAS DE JUSTI\u00c7A DA CAPITAL<\/a><\/span><\/p>\n<p style=\"text-align: justify;\"><span style=\"font-size: 12pt;\"><i class=\"fontawesome-icon fa-file-pdf fas circle-no\" style=\"font-size:14px;margin-right:7px;color:#003866;\"><\/i><a href=\"https:\/\/www.mpal.mp.br\/wp-content\/uploads\/2022\/04\/RESOLUCAO-CPJ-n.-12.2021.pdf\" target=\"_blank\" rel=\"noopener\"><strong>N\u00ba 12\/2021<\/strong> \u2013 INDICA O EXCELENT\u00cdSSIMO SENHOR PROMOTOR DE JUSTI\u00c7A, DOUTOR HUMBERTO PIMENTEL COSTA, \u00c0 MEDALHA M\u00c9RITO DO MINIST\u00c9RIO P\u00daBLICO DO ESTADO DE ALAGOAS<\/a><\/span><\/p>\n<p style=\"text-align: justify;\"><span style=\"font-size: 12pt;\"><i class=\"fontawesome-icon fa-file-pdf fas circle-no\" style=\"font-size:14px;margin-right:7px;color:#003866;\"><\/i><a href=\"https:\/\/www.mpal.mp.br\/wp-content\/uploads\/2022\/04\/RESOLUCAO-CPJ-n.-11.2021.pdf\" target=\"_blank\" rel=\"noopener\"><strong>N\u00ba 11\/2021<\/strong> \u2013 INDICA O EXCELENT\u00cdSSIMO SENHOR PROMOTOR DE JUSTI\u00c7A, DOUTOR ALMIR JOS\u00c9 CRESC\u00caNCIO, \u00c0 MEDALHA M\u00c9RITO DO MINIST\u00c9RIO P\u00daBLICO DO ESTADO DE ALAGOAS<\/a><\/span><\/p>\n<p style=\"text-align: justify;\"><span style=\"font-size: 12pt;\"><i class=\"fontawesome-icon fa-file-pdf fas circle-no\" style=\"font-size:14px;margin-right:7px;color:#003866;\"><\/i><a href=\"https:\/\/www.mpal.mp.br\/wp-content\/uploads\/2022\/04\/RESOLUCAO-CPJ-n.-10.2021.pdf\" target=\"_blank\" rel=\"noopener\"><strong>N\u00ba 10\/2021<\/strong> \u2013 INDICA O EXCELENT\u00cdSSIMO SENHOR PROMOTOR DE JUSTI\u00c7A, DOUTOR GEORGE SARMENTO LINS J\u00daNIOR, \u00c0 MEDALHA M\u00c9RITO DO MINIST\u00c9RIO P\u00daBLICO DO ESTADO DE ALAGOAS<\/a><\/span><\/p>\n<p style=\"text-align: justify;\"><span style=\"font-size: 12pt;\"><i class=\"fontawesome-icon fa-file-pdf fas circle-no\" style=\"font-size:14px;margin-right:7px;color:#003866;\"><\/i><a href=\"https:\/\/www.mpal.mp.br\/wp-content\/uploads\/2022\/04\/RESOLUCAO-CPJ-n.-9.2021.pdf\" target=\"_blank\" rel=\"noopener\"><strong>N\u00ba 09\/2021<\/strong> \u2013 INDICA A EXCELENT\u00cdSSIMA SENHORA PROCURADORA DE JUSTI\u00c7A, DOUTORA MARIA MARLUCE CALDAS BEZERRA, \u00c0 MEDALHA M\u00c9RITO DO MINIST\u00c9RIO P\u00daBLICO DO ESTADO DE ALAGOAS<\/a><\/span><\/p>\n<p style=\"text-align: justify;\"><span style=\"font-size: 12pt;\"><i class=\"fontawesome-icon fa-file-pdf fas circle-no\" style=\"font-size:14px;margin-right:7px;color:#003866;\"><\/i><a href=\"https:\/\/www.mpal.mp.br\/wp-content\/uploads\/2022\/04\/RESOLUCAO-CPJ-n.-8.2021.pdf\" target=\"_blank\" rel=\"noopener\"><strong>N\u00ba 08\/2021<\/strong> \u2013 INDICA O EXCELENT\u00cdSSIMO SENHOR PROCURADOR DE JUSTI\u00c7A, DOUTOR HELDER DE ARTHUR JUC\u00c1 FILHO, \u00c0 MEDALHA M\u00c9RITO DO MINIST\u00c9RIO P\u00daBLICO DO ESTADO DE ALAGOAS<\/a><\/span><\/p>\n<p style=\"text-align: justify;\"><span style=\"font-size: 12pt;\"><i class=\"fontawesome-icon fa-file-pdf fas circle-no\" style=\"font-size:14px;margin-right:7px;color:#003866;\"><\/i><a href=\"https:\/\/www.mpal.mp.br\/wp-content\/uploads\/2022\/04\/RESOLUCAO-CPJ-n.-7.2021.pdf\" target=\"_blank\" rel=\"noopener\"><strong>N\u00ba 07\/2021<\/strong> \u2013 INDICA O EXCELENT\u00cdSSIMO SENHOR PROCURADOR DE JUSTI\u00c7A, DOUTOR S\u00c9RGIO AMARAL SCALA, \u00c0 MEDALHA M\u00c9RITO DO MINIST\u00c9RIO P\u00daBLICO DO ESTADO DE ALAGOAS<\/a><\/span><\/p>\n<p style=\"text-align: justify;\"><span style=\"font-size: 12pt;\"><i class=\"fontawesome-icon fa-file-pdf fas circle-no\" style=\"font-size:14px;margin-right:7px;color:#003866;\"><\/i><a href=\"https:\/\/www.mpal.mp.br\/wp-content\/uploads\/2022\/04\/RESOLUCAO-CPJ-n.-6.2021.pdf\" target=\"_blank\" rel=\"noopener\"><strong>N\u00ba 06\/2021<\/strong> \u2013 INDICA O EXCELENT\u00cdSSIMO SENHOR PROCURADOR DE JUSTI\u00c7A, DOUTOR ISAAC SANDES DIAS, \u00c0 MEDALHA M\u00c9RITO DO MINIST\u00c9RIO P\u00daBLICO DO ESTADO DE ALAGOAS<\/a><\/span><\/p>\n<p style=\"text-align: justify;\"><span style=\"font-size: 12pt;\"><i class=\"fontawesome-icon fa-file-pdf fas circle-no\" style=\"font-size:14px;margin-right:7px;color:#003866;\"><\/i><a href=\"https:\/\/www.mpal.mp.br\/wp-content\/uploads\/2022\/04\/RESOLUCAO-CPJ-n.-5.2021.pdf\" target=\"_blank\" rel=\"noopener\"><strong>N\u00ba 05\/2021<\/strong> \u2013 INDICA O EXCELENT\u00cdSSIMO SENHOR PROCURADOR DE JUSTI\u00c7A, DOUTOR MAUR\u00cdCIO ANDR\u00c9 BARROS PITTA, \u00c0 MEDALHA M\u00c9RITO DO MINIST\u00c9RIO P\u00daBLICO DO ESTADO DE ALAGOAS<\/a><\/span><\/p>\n<p style=\"text-align: justify;\"><span style=\"font-size: 12pt;\"><i class=\"fontawesome-icon fa-file-pdf fas circle-no\" style=\"font-size:14px;margin-right:7px;color:#003866;\"><\/i><a href=\"https:\/\/www.mpal.mp.br\/wp-content\/uploads\/2022\/04\/RESOLUCAO-CPJ-n.-4.2021.pdf\" target=\"_blank\" rel=\"noopener\"><strong>N\u00ba 04\/2021<\/strong> \u2013 ALTERA AS ATRIBUI\u00c7\u00d5ES DA 1\u00aa E DA 2\u00aa E FIXA AS DA 5\u00aa PROMOTORIAS DE JUSTI\u00c7A DE RIO LARGO<\/a><\/span><\/p>\n<p style=\"text-align: justify;\"><span style=\"font-size: 12pt;\"><i class=\"fontawesome-icon fa-file-pdf fas circle-no\" style=\"font-size:14px;margin-right:7px;color:#003866;\"><\/i><a href=\"https:\/\/www.mpal.mp.br\/wp-content\/uploads\/2022\/04\/RESOLUCAO-CPJ-n.-3.2021.pdf\" target=\"_blank\" rel=\"noopener\"><strong>N\u00ba 03\/2021<\/strong> \u2013 ADEQUA AS ATRIBUI\u00c7\u00d5ES DAS SEGUINTES PROMOTORIAS DE JUSTI\u00c7A DA CAPITAL: 8\u00aa, 29\u00aa, 31\u00aa e 34\u00aa \u00c0 REDISTRIBUI\u00c7\u00c3O AUTOM\u00c1TICA DE PROCESSOS DO SISTEMA SAJ\/MP<\/a><\/span><\/p>\n<p style=\"text-align: justify;\"><span style=\"font-size: 12pt;\"><i class=\"fontawesome-icon fa-file-pdf fas circle-no\" style=\"font-size:14px;margin-right:7px;color:#003866;\"><\/i><a href=\"https:\/\/www.mpal.mp.br\/wp-content\/uploads\/2022\/04\/RESOLUCAO-CPJ-n.-2.2021.pdf\" target=\"_blank\" rel=\"noopener\"><strong>N\u00ba 02\/2021<\/strong> \u2013 MODIFICA AS ATRIBUI\u00c7\u00d5ES DAS SEGUINTES PROMOTORIAS DE JUSTI\u00c7A DA CAPITAL: 2\u00aa, 8\u00aa, 27\u00aa, 28\u00aa, 29\u00aa, 30\u00aa, 31\u00aa, 34\u00aa, 39\u00aa, 40\u00aa, 50\u00aa, 52\u00aa, 53\u00aa, 54\u00aa, 55\u00aa, 56\u00aa, 58\u00aa e 64\u00aa..<\/a><\/span><\/p>\n<p style=\"text-align: justify;\"><span style=\"font-size: 12pt;\"><i class=\"fontawesome-icon fa-file-pdf fas circle-no\" style=\"font-size:14px;margin-right:7px;color:#003866;\"><\/i><a href=\"https:\/\/www.mpal.mp.br\/wp-content\/uploads\/2022\/04\/RESOLUCAO-CPJ.pdf\" target=\"_blank\" rel=\"noopener\"><strong>N\u00ba 01\/2021<\/strong> \u2013 DISP\u00d5E, NO \u00c2MBITO DO MINIST\u00c9RIO P\u00daBLICO DO ESTADO DE ALAGOAS, SOBRE A POL\u00cdTICA DE ATENDIMENTO AO P\u00daBLICO E D\u00c1 OUTRAS PROVID\u00caNCIAS.<\/a><\/span><\/p>\n<\/div><div class=\"nav fusion-mobile-tab-nav\"><ul class=\"nav-tabs\"><li><a class=\"tab-link\" data-toggle=\"tab\" id=\"mobile-fusion-tab-2020\" href=\"#tab-4a1703c9cfb509fd615\"><h4 class=\"fusion-tab-heading\"><i class=\"fontawesome-icon fa-file-pdf fas\" style=\"font-size:13px;\"><\/i>2020<\/h4><\/a><\/li><\/ul><\/div><div class=\"tab-pane fade fusion-clearfix\" id=\"tab-4a1703c9cfb509fd615\">\n<p style=\"text-align: justify;\"><span style=\"font-size: 12pt;\"><i class=\"fontawesome-icon fa-file-pdf fas circle-no\" style=\"font-size:14px;margin-right:7px;color:#003866;\"><\/i><a href=\"https:\/\/www.mpal.mp.br\/wp-content\/uploads\/2022\/04\/RESOLUCAO-CPJ-8.2020.pdf\" target=\"_blank\" rel=\"noopener\"><strong>N\u00ba 08\/2020<\/strong> \u2013 ELEGE O OUVIDOR DO MINIST\u00c9RIO P\u00daBLICO DO ESTADO DE ALAGOAS<\/a><\/span><\/p>\n<p style=\"text-align: justify;\"><span style=\"font-size: 12pt;\"><i class=\"fontawesome-icon fa-file-pdf fas circle-no\" style=\"font-size:14px;margin-right:7px;color:#003866;\"><\/i><a href=\"https:\/\/www.mpal.mp.br\/wp-content\/uploads\/2022\/04\/RESOLUCAO-CPJ-7.2020.pdf\" target=\"_blank\" rel=\"noopener\"><strong>N\u00ba 07\/2020<\/strong> \u2013 ELEGE O CORREGEDOR-GERAL DO MINIST\u00c9RIO P\u00daBLICO DO ESTADO DE ALAGOAS<\/a><\/span><\/p>\n<p style=\"text-align: justify;\"><span style=\"font-size: 12pt;\"><i class=\"fontawesome-icon fa-file-pdf fas circle-no\" style=\"font-size:14px;margin-right:7px;color:#003866;\"><\/i><a href=\"https:\/\/www.mpal.mp.br\/wp-content\/uploads\/2024\/10\/RRESOLUCAO-CPJ-6.20200001.pdf\" target=\"_blank\" rel=\"noopener\"><strong>N\u00ba 06\/2020<\/strong> \u2013 REGULAMENTA A ELEI\u00c7\u00c3O PARA ESCOLHA DOS MEMBROS DO CSMP<\/a><\/span><\/p>\n<p style=\"text-align: justify;\"><span style=\"font-size: 12pt;\"><i class=\"fontawesome-icon fa-file-pdf fas circle-no\" style=\"font-size:14px;margin-right:7px;color:#003866;\"><\/i><a href=\"https:\/\/www.mpal.mp.br\/wp-content\/uploads\/2022\/04\/RESOLUCAO-CPJ-5.2020.pdf\" target=\"_blank\" rel=\"noopener\"><strong>N\u00ba 05\/2020<\/strong> \u2013 MODIFICA AS ATRIBUI\u00c7\u00d5ES DA 8\u00aa E DA 12\u00aa PROMOTORIAS DE JUSTI\u00c7A DE ARAPIRACA<\/a><\/span><\/p>\n<p style=\"text-align: justify;\"><span style=\"font-size: 12pt;\"><i class=\"fontawesome-icon fa-file-pdf fas circle-no\" style=\"font-size:14px;margin-right:7px;color:#003866;\"><\/i><a href=\"https:\/\/www.mpal.mp.br\/wp-content\/uploads\/2022\/04\/RESOLUCAO-CPJ-n.-4.2020.pdf\" target=\"_blank\" rel=\"noopener\"><strong>N\u00ba 04\/2020<\/strong> \u2013 REGULAMENTA ELEI\u00c7\u00c3O SUPLEMENTAR PARA ESCOLHA DE MEMBRO DO CONSELHO SUPERIOR DO MINIST\u00c9RIO PUBLICO<\/a><\/span><\/p>\n<p style=\"text-align: justify;\"><span style=\"font-size: 12pt;\"><i class=\"fontawesome-icon fa-file-pdf fas circle-no\" style=\"font-size:14px;margin-right:7px;color:#003866;\"><\/i><a href=\"https:\/\/www.mpal.mp.br\/wp-content\/uploads\/2022\/04\/RESOLUCAO-CPJ-n.-3.2020.pdf\" target=\"_blank\" rel=\"noopener\"><strong>N\u00ba 03\/2020<\/strong> \u2013 DISP\u00d5E SOBRE AS ATRIBUI\u00c7\u00d5ES DAS PROMOTORIAS DE JUSTI\u00c7A DA CAPITAL<\/a><\/span><\/p>\n<p style=\"text-align: justify;\"><span style=\"font-size: 12pt;\"><i class=\"fontawesome-icon fa-file-pdf fas circle-no\" style=\"font-size:14px;margin-right:7px;color:#003866;\"><\/i><a href=\"https:\/\/www.mpal.mp.br\/wp-content\/uploads\/2022\/04\/RESOLUCAO-CPJ-n.-3.2020.pdf\" target=\"_blank\" rel=\"noopener\"><strong>N\u00ba 02\/2020<\/strong> \u2013 REGULAMENTA A ELEI\u00c7\u00c3O PARA A FORMA\u00c7\u00c3O DA LISTA TR\u00cdPLICE E ESCOLHA DO PROCURADOR-GERAL DE JUSTI\u00c7A<\/a><\/span><\/p>\n<p style=\"text-align: justify;\"><span style=\"font-size: 12pt;\"><i class=\"fontawesome-icon fa-file-pdf fas circle-no\" style=\"font-size:14px;margin-right:7px;color:#003866;\"><\/i><a href=\"https:\/\/www.mpal.mp.br\/wp-content\/uploads\/2022\/04\/RESOLUCAO-CPJ-n.-1.2020.pdf\" target=\"_blank\" rel=\"noopener\"><strong>N\u00ba 01\/2020<\/strong> \u2013 ALTERA AS ATRIBUI\u00c7\u00d5ES DAS PROMOTORIAS DE JUSTI\u00c7A DE ARAPIRACA E REVOGA A RESOLU\u00c7\u00c3O CPJ n. 5\/2019<\/a><\/span><\/p>\n<\/div><div class=\"nav fusion-mobile-tab-nav\"><ul class=\"nav-tabs\"><li><a class=\"tab-link\" data-toggle=\"tab\" id=\"mobile-fusion-tab-2019\" href=\"#tab-8845e97a06e3405103c\"><h4 class=\"fusion-tab-heading\"><i class=\"fontawesome-icon fa-file-pdf fas\" style=\"font-size:13px;\"><\/i>2019<\/h4><\/a><\/li><\/ul><\/div><div class=\"tab-pane fade fusion-clearfix\" id=\"tab-8845e97a06e3405103c\">\n<p style=\"text-align: justify;\"><span style=\"font-size: 12pt;\"><i class=\"fontawesome-icon fa-file-pdf fas circle-no\" style=\"font-size:14px;margin-right:7px;color:#003866;\"><\/i><a href=\"https:\/\/www.mpal.mp.br\/wp-content\/uploads\/2022\/05\/RESOLUCAO-CPJ-13.2019.pdf\" target=\"_blank\" rel=\"noopener\"><strong>N\u00ba 13\/2019<\/strong> \u2013 MODIFICA A RESOLU\u00c7\u00c3O CPJ N 2\/2017 E ALTERA AS ATRIBUI\u00c7\u00d5ES DAS SEGUINTES PROMOTORIAS DE JUSTI\u00c7A DA CAPITAL: 2\u00aa, 17\u00aa, 18\u00aa, 19\u00aa, 20\u00aa, 21\u00aa, 22\u00aa, 28\u00aa, 39\u00aa, 40\u00aa, 52\u00aa, 53\u00aa, 54\u00aa, 55\u00aa, 56\u00aa, 57\u00aa E 58\u00aa<\/a><\/span><\/p>\n<p style=\"text-align: justify;\"><span style=\"font-size: 12pt;\"><i class=\"fontawesome-icon fa-file-pdf fas circle-no\" style=\"font-size:14px;margin-right:7px;color:#003866;\"><\/i><a href=\"https:\/\/www.mpal.mp.br\/wp-content\/uploads\/2022\/05\/RESOLUCAO-CPJ-12.2019.pdf\" target=\"_blank\" rel=\"noopener\"><strong>N\u00ba 12\/2019<\/strong> \u2013 REGULAMENTA A ELEI\u00c7\u00c3O SUPLEMENTAR PARA ESCOLHA DOS MEMBROS DO CSMP<\/a><\/span><\/p>\n<p style=\"text-align: justify;\"><span style=\"font-size: 12pt;\"><i class=\"fontawesome-icon fa-file-pdf fas circle-no\" style=\"font-size:14px;margin-right:7px;color:#003866;\"><\/i><a href=\"https:\/\/www.mpal.mp.br\/wp-content\/uploads\/2022\/05\/RESLUCAO-CPJ-11.2019.pdf\" target=\"_blank\" rel=\"noopener\"><strong>N\u00ba 11\/2019<\/strong> \u2013 REGULAMENTA, NO \u00c2MBITO DO MPAL, PAR\u00c2METROS PARA A CELEBRA\u00c7\u00c3O DE COMPOSI\u00c7\u00c3O EM CASOS DE SAN\u00c7\u00d5ES COMINADAS AOS ATOS DE IMPROBIDADE ADMINISTRATIVA E ATOS PRATICADOS CONTRA A ADMINISTRA\u00c7\u00c3O PUBLICA<\/a><\/span><\/p>\n<p style=\"text-align: justify;\"><span style=\"font-size: 12pt;\"><i class=\"fontawesome-icon fa-file-pdf fas circle-no\" style=\"font-size:14px;margin-right:7px;color:#003866;\"><\/i><a href=\"https:\/\/www.mpal.mp.br\/wp-content\/uploads\/2022\/05\/RESOLUCAO-CPJ-n.-10.2019.pdf\" target=\"_blank\" rel=\"noopener\"><strong>N\u00ba 10\/2019<\/strong> \u2013 MODIFICA AS ATRIBUI\u00c7\u00d5ES DA 11\u00aa PROMOTORIA DE JUSTI\u00c7A DA CAPITAL<\/a><\/span><\/p>\n<p style=\"text-align: justify;\"><span style=\"font-size: 12pt;\"><i class=\"fontawesome-icon fa-file-pdf fas circle-no\" style=\"font-size:14px;margin-right:7px;color:#003866;\"><\/i><a href=\"https:\/\/www.mpal.mp.br\/wp-content\/uploads\/2022\/05\/RESOLUCAO-CPJ-n.-9.2019.pdf\" target=\"_blank\" rel=\"noopener\"><strong>N\u00ba 09\/2019<\/strong> \u2013 ALTERA A RESOLU\u00c7\u00c3O CPJ N. 4, DE DE 24 DE MAIO DE 2015, QUE ESTABELECE AS ATRIBUI\u00c7\u00d5ES DAS PROMOTORIAS DE JUSTI\u00c7A DE PORTO CALVO E CORURIPE<\/a><\/span><\/p>\n<p style=\"text-align: justify;\"><span style=\"font-size: 12pt;\"><i class=\"fontawesome-icon fa-file-pdf fas circle-no\" style=\"font-size:14px;margin-right:7px;color:#003866;\"><\/i><a href=\"https:\/\/www.mpal.mp.br\/wp-content\/uploads\/2022\/05\/RESOLUCAO-CPJ-n.-8.2019.pdf\" target=\"_blank\" rel=\"noopener\"><strong>N\u00ba 08\/2019<\/strong> \u2013 MODIFICA AS ATRIBUI\u00c7\u00d5ES DAS PROMOTORIAS DE JUSTI\u00c7A DE ATALAIA<\/a><\/span><\/p>\n<p style=\"text-align: justify;\"><span style=\"font-size: 12pt;\"><i class=\"fontawesome-icon fa-file-pdf fas circle-no\" style=\"font-size:14px;margin-right:7px;color:#003866;\"><\/i><a href=\"https:\/\/www.mpal.mp.br\/wp-content\/uploads\/2022\/05\/RESOLUCAO-CPJ-N.-7.2019.pdf\" target=\"_blank\" rel=\"noopener\"><strong>N\u00ba 07\/2019<\/strong> \u2013 REGULAMENTA A ELEI\u00c7\u00c3O PARA ESCOLHA DOS MEMBROS DO CONSELHO SUPERIOR DO MINIST\u00c9RIO PUBLICO<\/a><\/span><\/p>\n<p style=\"text-align: justify;\"><span style=\"font-size: 12pt;\"><i class=\"fontawesome-icon fa-file-pdf fas circle-no\" style=\"font-size:14px;margin-right:7px;color:#003866;\"><\/i><a href=\"https:\/\/www.mpal.mp.br\/wp-content\/uploads\/2022\/05\/RESOLUCAO-6.2019.pdf\" target=\"_blank\" rel=\"noopener\"><strong>N\u00ba 06\/2019<\/strong> \u2013 INSTITUI O &#8220;SELO AMIGO DA SOCIOEDUCA\u00c7\u00c3O&#8221; DO COL\u00c9GIO DE PROCURADORES DE JUSTI\u00c7A DO MINIST\u00c9RIO PUBLICO DE ALAGOAS<\/a><\/span><\/p>\n<p style=\"text-align: justify;\"><span style=\"font-size: 12pt;\"><i class=\"fontawesome-icon fa-file-pdf fas circle-no\" style=\"font-size:14px;margin-right:7px;color:#003866;\"><\/i><a href=\"https:\/\/www.mpal.mp.br\/wp-content\/uploads\/2022\/05\/RESOLUCAO-CPJ.pdf\" target=\"_blank\" rel=\"noopener\"><strong>N\u00ba 05\/2019<\/strong> \u2013 ALTERA AS ATRIBUI\u00c7\u00d5ES DAS PROMOTORIAS DE JUSTI\u00c7A DE ARAPIRACA E REVOGA A RESOLU\u00c7\u00c3O CPJ n. 09\/2017<\/a><\/span><\/p>\n<p style=\"text-align: justify;\"><span style=\"font-size: 12pt;\"><i class=\"fontawesome-icon fa-file-pdf fas circle-no\" style=\"font-size:14px;margin-right:7px;color:#003866;\"><\/i><a href=\"https:\/\/www.mpal.mp.br\/wp-content\/uploads\/2022\/05\/RESOLUCAO-CPJ-n.-4.2019.pdf\" target=\"_blank\" rel=\"noopener\"><strong>N\u00ba 04\/2019<\/strong> \u2013 ALTERA O REGIMENTO INTERNO DA OUVIDORIA DO MINIST\u00c9RIO PUBLICO DO ESTADO DE ALAGOAS PARA INSERIR O \u00a7 4\u00ba AO ART. 3\u00ba<\/a><\/span><\/p>\n<p style=\"text-align: justify;\"><span style=\"font-size: 12pt;\"><i class=\"fontawesome-icon fa-file-pdf fas circle-no\" style=\"font-size:14px;margin-right:7px;color:#003866;\"><\/i><a href=\"https:\/\/www.mpal.mp.br\/wp-content\/uploads\/2022\/05\/RESOLUCAO-CPJ-n.-3.2019.pdf\" target=\"_blank\" rel=\"noopener\"><strong>N\u00ba 03\/2019<\/strong> \u2013 INSTITUI, NO \u00c2MBITO DO MPAL, O N\u00daCLEO DE AUTOCOMPOSI\u00c7\u00c3O DAS PROMOTORIAS DE JUSTI\u00c7A DE MACEI\u00d3 E ARAPIRACA<\/a><\/span><\/p>\n<p style=\"text-align: justify;\"><span style=\"font-size: 12pt;\"><i class=\"fontawesome-icon fa-file-pdf fas circle-no\" style=\"font-size:14px;margin-right:7px;color:#003866;\"><\/i><a href=\"https:\/\/www.mpal.mp.br\/wp-content\/uploads\/2022\/05\/RESOLUCAO-CPJ-n.-2.2019.pdf\" target=\"_blank\" rel=\"noopener\"><strong>N\u00ba 02\/2019<\/strong> \u2013 EXTINGUE, NO \u00c2MBITO DO MPAL, A CONCESS\u00c3O DE AUX\u00cdLIO-MORADIA CONFORME PREVISTO PELA RESOLU\u00c7\u00c3O CNMP n. 117\/2014<\/a><\/span><\/p>\n<p style=\"text-align: justify;\"><span style=\"font-size: 12pt;\"><i class=\"fontawesome-icon fa-file-pdf fas circle-no\" style=\"font-size:14px;margin-right:7px;color:#003866;\"><\/i><a href=\"https:\/\/www.mpal.mp.br\/wp-content\/uploads\/2022\/05\/RESOLUCAO-CPJ-n.-1.2019.pdf\" target=\"_blank\" rel=\"noopener\"><strong>N\u00ba 01\/2019<\/strong> \u2013 APLICA, AOS SUBS\u00cdDIOS DOS MEMBROS DO MPAL, A RECOMPOSI\u00c7\u00c3O INSTITU\u00cdDA PELAS LEIS ns. 13.752\/2018 E 13.753\/2018<\/a><\/span><\/p>\n<\/div><div class=\"nav fusion-mobile-tab-nav\"><ul class=\"nav-tabs\"><li><a class=\"tab-link\" data-toggle=\"tab\" id=\"mobile-fusion-tab-2018\" href=\"#tab-f2053cfc53ecc87705d\"><h4 class=\"fusion-tab-heading\"><i class=\"fontawesome-icon fa-file-pdf fas\" style=\"font-size:13px;\"><\/i>2018<\/h4><\/a><\/li><\/ul><\/div><div class=\"tab-pane fade fusion-clearfix\" id=\"tab-f2053cfc53ecc87705d\">\n<p style=\"text-align: justify;\"><span style=\"font-size: 12pt;\"><i class=\"fontawesome-icon fa-file-pdf fas circle-no\" style=\"font-size:14px;margin-right:7px;color:#003866;\"><\/i><a href=\"https:\/\/www.mpal.mp.br\/wp-content\/uploads\/2022\/05\/RESOLUCAO-CPJ-13.2018.pdf\" target=\"_blank\" rel=\"noopener\"><strong>N\u00ba 13\/2018<\/strong> \u2013 INSTITUI, NA ESTRUTURA DO MINIST\u00c9RIO P\u00daBLICO DE ALAGOAS, O N\u00daCLEO DE AUTOCOMPOSI\u00c7\u00c3O DAS PROMOTORIAS DE JUSTI\u00c7A DE ARAPIRACA<\/a><\/span><\/p>\n<p style=\"text-align: justify;\"><span style=\"font-size: 12pt;\"><i class=\"fontawesome-icon fa-file-pdf fas circle-no\" style=\"font-size:14px;margin-right:7px;color:#003866;\"><\/i><a href=\"https:\/\/www.mpal.mp.br\/wp-content\/uploads\/2022\/05\/RESOLUCAO-CPJ-12.2018.pdf\" target=\"_blank\" rel=\"noopener\"><strong>N\u00ba 12\/2018<\/strong> \u2013 INSTITUI, NO \u00c2MBITO DO MINIST\u00c9RIO P\u00daBLICO DE ALAGOAS, O N\u00daCLEO DE GEST\u00c3O E INFORMA\u00c7\u00c3O &#8211; NGI<\/a><\/span><\/p>\n<p style=\"text-align: justify;\"><span style=\"font-size: 12pt;\"><i class=\"fontawesome-icon fa-file-pdf fas circle-no\" style=\"font-size:14px;margin-right:7px;color:#003866;\"><\/i><a href=\"https:\/\/www.mpal.mp.br\/wp-content\/uploads\/2022\/05\/RESOLUO-CPJ-n.-11.2018.pdf\" target=\"_blank\" rel=\"noopener\"><strong>N\u00ba 11\/2018<\/strong> \u2013 CRIA O N\u00daCLEO DE EDUCA\u00c7\u00c3O NO \u00c2MBITO DO CENTRO DE APOIO OPERACIONA DO MINIST\u00c9RIO P\u00daBLICO DE ALAGOAS <\/a><\/span><\/p>\n<p style=\"text-align: justify;\"><span style=\"font-size: 12pt;\"><i class=\"fontawesome-icon fa-file-pdf fas circle-no\" style=\"font-size:14px;margin-right:7px;color:#003866;\"><\/i><a href=\"https:\/\/www.mpal.mp.br\/wp-content\/uploads\/2022\/05\/RESOLUO-CPJ-n.-10.2018-1-1.pdf\" target=\"_blank\" rel=\"noopener\"><strong>N\u00ba 10\/2018<\/strong> \u2013 REGULAMENTA A ELEI\u00c7\u00c3O PARA A ESCOLHA DOS MEMBROS DO CONSELHO SUPERIOR DO MINIST\u00c9RIO P\u00daBLICO<\/a><\/span><\/p>\n<p style=\"text-align: justify;\"><span style=\"font-size: 12pt;\"><i class=\"fontawesome-icon fa-file-pdf fas circle-no\" style=\"font-size:14px;margin-right:7px;color:#003866;\"><\/i><a href=\"https:\/\/www.mpal.mp.br\/wp-content\/uploads\/2022\/05\/RESOLUO-CPJ-n.-09.2018-1-1.pdf\" target=\"_blank\" rel=\"noopener\"><strong>N\u00ba 09\/2018<\/strong> \u2013 REGULAMENTA A ELE\u00c7\u00c3O PARA A FORMA\u00c7\u00c3O DA LISTA TR\u00cdPLICE E ESCOLHA DO PROCURADOR-GERAL DE JUSTI\u00c7A<\/a><\/span><\/p>\n<p style=\"text-align: justify;\"><span style=\"font-size: 12pt;\"><i class=\"fontawesome-icon fa-file-pdf fas circle-no\" style=\"font-size:14px;margin-right:7px;color:#003866;\"><\/i><a href=\"https:\/\/www.mpal.mp.br\/wp-content\/uploads\/2022\/05\/RESOLUO-CPJ-n.-08.2018-1.pdf\" target=\"_blank\" rel=\"noopener\"><strong>N\u00ba 08\/2018<\/strong> \u2013 DISCIPLINA O N\u00daCLEO DE INQU\u00c9RITOS DA CAPITA E DE ARAPIRACA<\/a><\/span><\/p>\n<p style=\"text-align: justify;\"><span style=\"font-size: 12pt;\"><i class=\"fontawesome-icon fa-file-pdf fas circle-no\" style=\"font-size:14px;margin-right:7px;color:#003866;\"><\/i><a href=\"https:\/\/www.mpal.mp.br\/wp-content\/uploads\/2022\/05\/RESOLUO-CPJ-n.-07.2018.pdf\" target=\"_blank\" rel=\"noopener\"><strong>N\u00ba 07\/2018<\/strong> \u2013 INSTITUI O REGIMENTO INTERNO DA OUVIDORIA DO MINIST\u00c9RIO P\u00daBLICO DO ESTADO DE ALAGOAS<\/a><\/span><\/p>\n<p style=\"text-align: justify;\"><span style=\"font-size: 12pt;\"><i class=\"fontawesome-icon fa-file-pdf fas circle-no\" style=\"font-size:14px;margin-right:7px;color:#003866;\"><\/i><a href=\"https:\/\/www.mpal.mp.br\/wp-content\/uploads\/2022\/05\/RESOLUO-CPJ-n.-06.2018.pdf\" target=\"_blank\" rel=\"noopener\"><strong>N\u00ba 06\/2018<\/strong> \u2013 REGIMENTO INTERNO DO COL\u00c9GIO DE PROCURADORES DE JUSTI\u00c7A<\/a><\/span><\/p>\n<p style=\"text-align: justify;\"><span style=\"font-size: 12pt;\"><i class=\"fontawesome-icon fa-file-pdf fas circle-no\" style=\"font-size:14px;margin-right:7px;color:#003866;\"><\/i><a href=\"https:\/\/www.mpal.mp.br\/wp-content\/uploads\/2022\/05\/RESOLUO-CPJ-n.-05.2018-1.pdf\" target=\"_blank\" rel=\"noopener\"><strong>N\u00ba 05\/2018<\/strong> \u2013 REGULAMENTA A ESTRUTURA DO CENTRO DE APOIO OPERACIONAL \u00c0S PROMOTORIAS DE JUSTI\u00c7A DO MINIST\u00c9RIO P\u00daBLICO DO ESTADO DE ALAGOAS<\/a><\/span><\/p>\n<p style=\"text-align: justify;\"><span style=\"font-size: 12pt;\"><i class=\"fontawesome-icon fa-file-pdf fas circle-no\" style=\"font-size:14px;margin-right:7px;color:#003866;\"><\/i><a href=\"https:\/\/www.mpal.mp.br\/wp-content\/uploads\/2022\/05\/RESOLUO-CPJ-n.-04.2018.pdf\" target=\"_blank\" rel=\"noopener\"><strong>N\u00ba 04\/2018<\/strong> \u2013 ALTERA A RESOLU\u00c7\u00c3O CPJ N. 03\/2016, QUE CRIOU O GECOC<\/a><\/span><\/p>\n<p style=\"text-align: justify;\"><span style=\"font-size: 12pt;\"><i class=\"fontawesome-icon fa-file-pdf fas circle-no\" style=\"font-size:14px;margin-right:7px;color:#003866;\"><\/i><a href=\"https:\/\/www.mpal.mp.br\/wp-content\/uploads\/2022\/05\/RESOLUO-CPJ-n.-03.2018.pdf\" target=\"_blank\" rel=\"noopener\"><strong>N\u00ba 03\/2018<\/strong> \u2013 INSTITUI, NO \u00c2MBITO DO MINIST\u00c9RIO P\u00daBLICO DO ESTADO DE ALAGOAS, CSI<\/a><\/span><\/p>\n<p style=\"text-align: justify;\"><span style=\"font-size: 12pt;\"><i class=\"fontawesome-icon fa-file-pdf fas circle-no\" style=\"font-size:14px;margin-right:7px;color:#003866;\"><\/i><a href=\"https:\/\/www.mpal.mp.br\/wp-content\/uploads\/2022\/05\/RESOLUO-CPJ-n.-02.2018-1.pdf\" target=\"_blank\" rel=\"noopener\"><strong>N\u00ba 02\/2018<\/strong> \u2013 REGULAMENTA O PLANT\u00c3O DO MINIST\u00c9RIO P\u00daBLICO PERANTE O SEGUNDO GRAU DE JURISDI\u00c7\u00c3O<\/a><\/span><span style=\"font-family: Arial, sans-serif;\"><span style=\"font-size: medium;\">.<\/span><\/span><\/p>\n<p style=\"text-align: justify;\"><span style=\"font-size: 12pt;\"><i class=\"fontawesome-icon fa-file-pdf fas circle-no\" style=\"font-size:14px;margin-right:7px;color:#003866;\"><\/i><a href=\"https:\/\/www.mpal.mp.br\/wp-content\/uploads\/2022\/05\/RESOLUO-CPJ-1.2018.pdf\" target=\"_blank\" rel=\"noopener\"><strong>N\u00ba 01\/2018<\/strong> \u2013 FIXA AS ATRIBUI\u00c7\u00d5ES DAS PROMOTORIAS DE JUSTI\u00c7A RELATIVAS AOS CARGOS DE PRMOTORIAS DE JUSTI\u00c7A TRNSFORMADOS PELA LEI ESTAUDAL N. 7949\/2017<\/a><\/span><\/p>\n<\/div><div class=\"nav fusion-mobile-tab-nav\"><ul class=\"nav-tabs\"><li><a class=\"tab-link\" data-toggle=\"tab\" id=\"mobile-fusion-tab-2017\" href=\"#tab-f4c16befac7add70ff2\"><h4 class=\"fusion-tab-heading\"><i class=\"fontawesome-icon fa-file-pdf fas\" style=\"font-size:13px;\"><\/i>2017<\/h4><\/a><\/li><\/ul><\/div><div class=\"tab-pane fade fusion-clearfix\" id=\"tab-f4c16befac7add70ff2\">\n<p style=\"text-align: justify;\"><span style=\"font-size: 12pt;\"><i class=\"fontawesome-icon fa-file-pdf fas circle-no\" style=\"font-size:14px;margin-right:7px;color:#003866;\"><\/i><a href=\"https:\/\/www.mpal.mp.br\/wp-content\/uploads\/2022\/05\/RESOLUO-CPJ-16.2017.pdf\" target=\"_blank\" rel=\"noopener\"><strong>N\u00ba 16\/2017<\/strong> \u2013 REGULAMENTA A ELEI\u00c7\u00c3O PARA A ESCOLHA DOS MEMBROS DO CONSELHO SUPERIOR DO MINIST\u00c9RIO P\u00daBLICO<\/a><\/span><\/p>\n<p style=\"text-align: justify;\"><span style=\"font-size: 12pt;\"><i class=\"fontawesome-icon fa-file-pdf fas circle-no\" style=\"font-size:14px;margin-right:7px;color:#003866;\"><\/i><a href=\"https:\/\/www.mpal.mp.br\/wp-content\/uploads\/2022\/05\/RESOLUO-CPJ-15.2017.pdf\" target=\"_blank\" rel=\"noopener\"><strong>N\u00ba 15\/2017<\/strong> \u2013 CRIA O N\u00daCLEO DE PER\u00cdCIAS DO MINIST\u00c9RIO P\u00daBLICO DO ESTADO DE ALAGOAS<\/a><\/span><\/p>\n<p style=\"text-align: justify;\"><span style=\"font-size: 12pt;\"><i class=\"fontawesome-icon fa-file-pdf fas circle-no\" style=\"font-size:14px;margin-right:7px;color:#003866;\"><\/i><a href=\"https:\/\/www.mpal.mp.br\/wp-content\/uploads\/2022\/05\/RESOLUO-CPJ-N.-14-.2017.pdf\" target=\"_blank\" rel=\"noopener\"><strong>N\u00ba 14\/2017<\/strong> \u2013 ALTERA O ART. 1\u00ba DA RESOLU\u00c7\u00c3O CPJ N. 01\/2017, QUE INSTITUIU O GAESF<\/a><\/span><\/p>\n<p style=\"text-align: justify;\"><span style=\"font-size: 12pt;\"><i class=\"fontawesome-icon fa-file-pdf fas circle-no\" style=\"font-size:14px;margin-right:7px;color:#003866;\"><\/i><a href=\"https:\/\/www.mpal.mp.br\/wp-content\/uploads\/2022\/05\/RESOLUO-CPJ-n.-13.2017.pdf\" target=\"_blank\" rel=\"noopener\"><strong>N\u00ba 13\/2017<\/strong> \u2013 CRIA O GABINETE DE SEGURAN\u00c7A INSTITUICIONAL &#8211; GSI<\/a><\/span><\/p>\n<p style=\"text-align: justify;\"><span style=\"font-size: 12pt;\"><i class=\"fontawesome-icon fa-file-pdf fas circle-no\" style=\"font-size:14px;margin-right:7px;color:#003866;\"><\/i><a href=\"https:\/\/www.mpal.mp.br\/wp-content\/uploads\/2022\/05\/RESOLUO-CPJ-12.2017.pdf\" target=\"_blank\" rel=\"noopener\"><strong>N\u00ba 12\/2017<\/strong> \u2013 ALTERA AS ATRIBUI\u00c7\u00d5ES DA 1\u00aa E DA 2\u00aa PROMTORIAS DE JUSTI\u00c7A DA COMARCA DE RIO LARGO<\/a><\/span><\/p>\n<p style=\"text-align: justify;\"><span style=\"font-size: 12pt;\"><i class=\"fontawesome-icon fa-file-pdf fas circle-no\" style=\"font-size:14px;margin-right:7px;color:#003866;\"><\/i><a href=\"https:\/\/www.mpal.mp.br\/wp-content\/uploads\/2022\/05\/RESOLUO-CPJ-11.2017.pdf\" target=\"_blank\" rel=\"noopener\"><strong>N\u00ba 11\/2017<\/strong> \u2013 ACRESCENTA O PARAGRAFO \u00daNICO AO ART. 1\u00ba DA RESOLU\u00c7\u00c3O CPJ N. 02\/2017, QUE DISP\u00d5E SOBRE AS ATRIBUI\u00c7\u00d5ES DAS PROMOTORIAS DE JUSTI\u00c7A DA CAPITAL<\/a><\/span><\/p>\n<p style=\"text-align: justify;\"><span style=\"font-size: 12pt;\"><i class=\"fontawesome-icon fa-file-pdf fas circle-no\" style=\"font-size:14px;margin-right:7px;color:#003866;\"><\/i><a href=\"https:\/\/www.mpal.mp.br\/wp-content\/uploads\/2022\/05\/RESOLU-CPJ-N-10.pdf\" target=\"_blank\" rel=\"noopener\"><strong>N\u00ba 10\/2017<\/strong> \u2013 ESTABELECE AS ATRIBUI\u00c7\u00d5ES DAS PROMOTORIAS DE JUSTI\u00c7A DA COMARCA DE DELMIRO GOUVEIA<\/a><\/span><\/p>\n<p style=\"text-align: justify;\"><span style=\"font-size: 12pt;\"><i class=\"fontawesome-icon fa-file-pdf fas circle-no\" style=\"font-size:14px;margin-right:7px;color:#003866;\"><\/i><a href=\"https:\/\/www.mpal.mp.br\/wp-content\/uploads\/2022\/05\/RESOLUO-CPJ-N.-9.pdf\" target=\"_blank\" rel=\"noopener\"><strong>N\u00ba 09\/2017<\/strong> \u2013 ALTERA AS ATRIBUI\u00c7\u00d5ES DAS PROMOTORIAS DE JUSTI\u00c7A DE ARAPIRACA E REVOGA A RESOLU\u00c7\u00c3O CPJ N. 06\/2015<\/a><\/span><\/p>\n<p style=\"text-align: justify;\"><span style=\"font-size: 12pt;\"><i class=\"fontawesome-icon fa-file-pdf fas circle-no\" style=\"font-size:14px;margin-right:7px;color:#003866;\"><\/i><a href=\"https:\/\/www.mpal.mp.br\/wp-content\/uploads\/2022\/05\/RESOLUO-CPJ-8.2017.pdf\" target=\"_blank\" rel=\"noopener\"><strong>N\u00ba 08\/2017<\/strong> \u2013 REGULAMENTA A ESCOLHA PREVISTA NO ART. 30 DA LEI COMPLEMENTAR ESTADUAL N. 15\/1996<\/a><\/span><\/p>\n<p style=\"text-align: justify;\"><span style=\"font-size: 12pt;\"><i class=\"fontawesome-icon fa-file-pdf fas circle-no\" style=\"font-size:14px;margin-right:7px;color:#003866;\"><\/i><a href=\"https:\/\/www.mpal.mp.br\/wp-content\/uploads\/2022\/05\/RESOLUO-CPJ-7.2017.pdf\" target=\"_blank\" rel=\"noopener\"><strong>N\u00ba 07\/2017<\/strong> \u2013 EXTINGUE O 2\u00ba CENTRO DE APOIO OPERACIONAL DAS ATIVIDADES FORENSES DA CAPITAL<\/a><\/span><\/p>\n<p style=\"text-align: justify;\"><span style=\"font-size: 12pt;\"><i class=\"fontawesome-icon fa-file-pdf fas circle-no\" style=\"font-size:14px;margin-right:7px;color:#003866;\"><\/i><a href=\"https:\/\/www.mpal.mp.br\/wp-content\/uploads\/2022\/05\/RESOLUO-CPJ-6.2017.pdf\" target=\"_blank\" rel=\"noopener\"><strong>N\u00ba 06\/2017<\/strong> \u2013 FIXA AS ATRIBUI\u00c7\u00d5ES DAS PROMOTRIAS DE JUSTI\u00c7A DAS COMARCAS DE S\u00c3O MIGUEL DOS CAMPOS E SANTANA DO IPANEMA<\/a><\/span><\/p>\n<p style=\"text-align: justify;\"><span style=\"font-size: 12pt;\"><i class=\"fontawesome-icon fa-file-pdf fas circle-no\" style=\"font-size:14px;margin-right:7px;color:#003866;\"><\/i><a href=\"https:\/\/www.mpal.mp.br\/wp-content\/uploads\/2022\/05\/RESOLUO-CPJ-5.2017.pdf\" target=\"_blank\" rel=\"noopener\"><strong>N\u00ba 05\/2017<\/strong> \u2013 MODIFICA AS ATRIBUI\u00c7\u00d5ES DA 8\u00aa E DA 32\u00aa PJC<\/a><\/span><\/p>\n<p style=\"text-align: justify;\"><span style=\"font-size: 12pt;\"><i class=\"fontawesome-icon fa-file-pdf fas circle-no\" style=\"font-size:14px;margin-right:7px;color:#003866;\"><\/i><a href=\"https:\/\/www.mpal.mp.br\/wp-content\/uploads\/2022\/05\/RESOLUO-CPJ-4.2017.pdf\" target=\"_blank\" rel=\"noopener\"><strong>N\u00ba 04\/2017<\/strong> \u2013 REGULAMENTA AS ATRIBUI\u00c7\u00d5ES RECURSAIS DAS PROCURADORIAS DE JUSTI\u00c7A<\/a><\/span><\/p>\n<p style=\"text-align: justify;\"><span style=\"font-size: 12pt;\"><i class=\"fontawesome-icon fa-file-pdf fas circle-no\" style=\"font-size:14px;margin-right:7px;color:#003866;\"><\/i><a href=\"https:\/\/www.mpal.mp.br\/wp-content\/uploads\/2022\/05\/RESOLUO-CPJ-3.2017.pdf\" target=\"_blank\" rel=\"noopener\"><strong>N\u00ba 03\/2017<\/strong> \u2013 EXTINGUE O 2\u00ba CENTRO DE APOIO OPERACIONAL<\/a><\/span><\/p>\n<p style=\"text-align: justify;\"><span style=\"font-size: 12pt;\"><i class=\"fontawesome-icon fa-file-pdf fas circle-no\" style=\"font-size:14px;margin-right:7px;color:#003866;\"><\/i><a href=\"https:\/\/www.mpal.mp.br\/wp-content\/uploads\/2022\/05\/RESOLUO-CPJ-2.2017.pdf\" target=\"_blank\" rel=\"noopener\"><strong>N\u00ba 02\/2017<\/strong> \u2013 DISP\u00d5E SOBRE AS ATRIBUI\u00c7\u00d5ES DAS PROMOTORIAS DE JSTI\u00c7A DA CAPITAL<\/a><\/span><\/p>\n<p style=\"text-align: justify;\"><span style=\"font-size: 12pt;\"><i class=\"fontawesome-icon fa-file-pdf fas circle-no\" style=\"font-size:14px;margin-right:7px;color:#003866;\"><\/i><a href=\"https:\/\/www.mpal.mp.br\/wp-content\/uploads\/2022\/05\/RESOLUO-CPJ-1.2017-1.pdf\" target=\"_blank\" rel=\"noopener\"><strong>N\u00ba 01\/2017<\/strong> \u2013 CRIA O GRUPO DE ATUA\u00c7\u00c3O ESPECIAL DE COMBATE \u00c0 SONEGA\u00c7\u00c3O FISCAL E AOS CRIMES CONTRA A ORDEM TRIBUT\u00c1RIA, ECON\u00d4MICA E CONEXOS &#8211; GAESF<\/a><\/span><\/p>\n<\/div><div class=\"nav fusion-mobile-tab-nav\"><ul class=\"nav-tabs\"><li><a class=\"tab-link\" data-toggle=\"tab\" id=\"mobile-fusion-tab-2016\" href=\"#tab-7202285168b3b763c5b\"><h4 class=\"fusion-tab-heading\"><i class=\"fontawesome-icon fa-file-pdf fas\" style=\"font-size:13px;\"><\/i>2016<\/h4><\/a><\/li><\/ul><\/div><div class=\"tab-pane fade fusion-clearfix\" id=\"tab-7202285168b3b763c5b\">\n<p style=\"text-align: justify;\"><span style=\"font-size: 12pt;\"><i class=\"fontawesome-icon fa-file-pdf fas circle-no\" style=\"font-size:14px;margin-right:7px;color:#003866;\"><\/i><a href=\"https:\/\/www.mpal.mp.br\/wp-content\/uploads\/2022\/04\/RESOLUO-CPJ-n.-5.2016.pdf\" target=\"_blank\" rel=\"noopener\"><strong>N\u00ba 05\/2016<\/strong> \u2013 REGULAMENTA A ELEI\u00c7\u00c3O DE ESCOLHA DE MEMBROS DO CONSELHO SUPERIOR DO MINIST\u00c9RIO P\u00daBLICO DO ESTADO DE ALAGOAS<\/a><\/span><\/p>\n<p style=\"text-align: justify;\"><span style=\"font-size: 12pt;\"><i class=\"fontawesome-icon fa-file-pdf fas circle-no\" style=\"font-size:14px;margin-right:7px;color:#003866;\"><\/i><a href=\"https:\/\/www.mpal.mp.br\/wp-content\/uploads\/2022\/04\/RESOLUO-CPJ-n.-4.2016.pdf\" target=\"_blank\" rel=\"noopener\"><strong>N\u00ba 04\/2016<\/strong> \u2013 REGULAMENTA A ELEI\u00c7\u00c3O PARA FORMA\u00c7\u00c3O DA LISTA TR\u00cdPLICE E ESCOLHA PROCURADOR-GERAL DE JUSTI\u00c7A DO MINIST\u00c9RIO P\u00daBLICO DO ESTADO DE ALAGOAS<\/a><\/span><\/p>\n<p style=\"text-align: justify;\"><span style=\"font-size: 12pt;\"><i class=\"fontawesome-icon fa-file-pdf fas circle-no\" style=\"font-size:14px;margin-right:7px;color:#003866;\"><\/i><a href=\"https:\/\/www.mpal.mp.br\/wp-content\/uploads\/2022\/04\/RESOLUO-CPJ-n.-3.2016.pdf\" target=\"_blank\" rel=\"noopener\"><strong>N\u00ba 03\/2016<\/strong> \u2013 ESTABELECE AS ATRIBUI\u00c7\u00d5ES DAS PROMOTORIAS DE JUSTI\u00c7A DE UNI\u00c3O DOS PALMARES<\/a><\/span><\/p>\n<p style=\"text-align: justify;\"><span style=\"font-size: 12pt;\"><i class=\"fontawesome-icon fa-file-pdf fas circle-no\" style=\"font-size:14px;margin-right:7px;color:#003866;\"><\/i><a href=\"https:\/\/www.mpal.mp.br\/wp-content\/uploads\/2022\/04\/RESOLUCAO-CPJ-2.2016.pdf\" target=\"_blank\" rel=\"noopener\"><strong>N\u00ba 02\/2016<\/strong> \u2013 PRORROGA A VALIDADE DO CONCURSO P\u00daBLICO PARA INGRESSO \u00c0 CARREIRA DO MINIST\u00c9RIO P\u00daBLICO DO ESTADO DE ALAGOAS<\/a><\/span><\/p>\n<p style=\"text-align: justify;\"><span style=\"font-size: 12pt;\"><i class=\"fontawesome-icon fa-file-pdf fas circle-no\" style=\"font-size:14px;margin-right:7px;color:#003866;\"><\/i><a href=\"https:\/\/www.mpal.mp.br\/wp-content\/uploads\/2022\/04\/Res1-2016-CPJ.pdf\" target=\"_blank\" rel=\"noopener\"><strong>N\u00ba 01\/2016<\/strong> \u2013 MODIFICA AS ATRIBUI\u00c7\u00d5ES DAS PROMOTORIAS DE JUSTI\u00c7A DE MARECHAL DEODORO<\/a><\/span><\/p>\n<\/div><div class=\"nav fusion-mobile-tab-nav\"><ul class=\"nav-tabs\"><li><a class=\"tab-link\" data-toggle=\"tab\" id=\"mobile-fusion-tab-2015\" href=\"#tab-c20eca1cb47c6f429a0\"><h4 class=\"fusion-tab-heading\"><i class=\"fontawesome-icon fa-file-pdf fas\" style=\"font-size:13px;\"><\/i>2015<\/h4><\/a><\/li><\/ul><\/div><div class=\"tab-pane fade fusion-clearfix\" id=\"tab-c20eca1cb47c6f429a0\">\n<p style=\"text-align: justify;\"><span style=\"font-size: 12pt;\"><i class=\"fontawesome-icon fa-file-pdf fas circle-no\" style=\"font-size:14px;margin-right:7px;color:#003866;\"><\/i><a href=\"https:\/\/www.mpal.mp.br\/wp-content\/uploads\/2022\/04\/Resolucao-CPJ-n.-11.2015.pdf\" target=\"_blank\" rel=\"noopener\"><strong>N\u00ba 11\/2015<\/strong> \u2013 DISP\u00d5E SOBRE A ALTERA\u00c7\u00c3O DO REGIMENTO INTERNO<\/a><\/span><\/p>\n<p style=\"text-align: justify;\"><span style=\"font-size: 12pt;\"><i class=\"fontawesome-icon fa-file-pdf fas circle-no\" style=\"font-size:14px;margin-right:7px;color:#003866;\"><\/i><a href=\"https:\/\/www.mpal.mp.br\/wp-content\/uploads\/2022\/04\/Resolucao-CPJ-n.-10.2015.pdf\" target=\"_blank\" rel=\"noopener\"><strong>N\u00ba 10\/2015<\/strong> \u2013 REGULAMENTA A ELEI\u00c7\u00c3O PARA ESCOLHA DOS MEMBROS DO CONSELHO SUPERIOR DO MINIST\u00c9RIO P\u00daBLICO<\/a><\/span><\/p>\n<p style=\"text-align: justify;\"><span style=\"font-size: 12pt;\"><i class=\"fontawesome-icon fa-file-pdf fas circle-no\" style=\"font-size:14px;margin-right:7px;color:#003866;\"><\/i><a href=\"https:\/\/www.mpal.mp.br\/wp-content\/uploads\/2022\/04\/Resolucao-CPJ-n.-9.2015.pdf\" target=\"_blank\" rel=\"noopener\"><strong>N\u00ba 09\/2015<\/strong> \u2013 DISP\u00d5E SOBRE O CONTROLE EXTERNO DA ATIVIDADE POLICIAL PELO MINIST\u00c9RIO PUBLICO<\/a><\/span><\/p>\n<p style=\"text-align: justify;\"><span style=\"font-size: 12pt;\"><i class=\"fontawesome-icon fa-file-pdf fas circle-no\" style=\"font-size:14px;margin-right:7px;color:#003866;\"><\/i><a href=\"https:\/\/www.mpal.mp.br\/wp-content\/uploads\/2022\/04\/resolucao-CPJ-n.-8.2015.pdf\" target=\"_blank\" rel=\"noopener\"><strong>N\u00ba 08\/2015<\/strong> \u2013 DISP\u00d5E SOBRE A ALTERA\u00c7\u00c3O DO REGIMENTO INTERNO<\/a><\/span><\/p>\n<p style=\"text-align: justify;\"><span style=\"font-size: 12pt;\"><i class=\"fontawesome-icon fa-file-pdf fas circle-no\" style=\"font-size:14px;margin-right:7px;color:#003866;\"><\/i><a href=\"https:\/\/www.mpal.mp.br\/wp-content\/uploads\/2022\/04\/Resolucao-CPJ-n.-7.2015.pdf\" target=\"_blank\" rel=\"noopener\"><strong>N\u00ba 07\/2015<\/strong> \u2013 DESATIVA AS PROMOTORIAS DE JUSTI\u00c7A DE CANAPI, S\u00c3O BR\u00c1S, PAULO JACINTO, FLEXEIRAS, NOVO LINO E PORTO DE PEDRAS E D\u00c1 OUTRAS PROVID\u00caNCIAS<\/a><\/span><\/p>\n<p style=\"text-align: justify;\"><span style=\"font-size: 12pt;\"><i class=\"fontawesome-icon fa-file-pdf fas circle-no\" style=\"font-size:14px;margin-right:7px;color:#003866;\"><\/i><a href=\"https:\/\/www.mpal.mp.br\/wp-content\/uploads\/2022\/04\/Resolucao-CPJ-n.-5.2015.pdf\" target=\"_blank\" rel=\"noopener\"><strong>N\u00ba 05\/2015<\/strong> \u2013 ALTERA A RESOLU\u00c7\u00c3O CPJ n. 38\/2012, ADICIONANDO NOIVAS ATRIBUI\u00c7\u00d5ES \u00c0 51\u00aa PROMOTORIA DE JUSTI\u00c7A DA CAPITAL<\/a><\/span><\/p>\n<p style=\"text-align: justify;\"><span style=\"font-size: 12pt;\"><i class=\"fontawesome-icon fa-file-pdf fas circle-no\" style=\"font-size:14px;margin-right:7px;color:#003866;\"><\/i><a href=\"https:\/\/www.mpal.mp.br\/wp-content\/uploads\/2022\/04\/Resolucao-CPJ-n.-4.2015.pdf\" target=\"_blank\" rel=\"noopener\"><strong>N\u00ba 04\/2015<\/strong> \u2013 MODIFICA AS ATRIBUI\u00c7\u00d5ES DAS PROMOTORIAS DE JUSTI\u00c7A DE CORURIPE E PORTO CALVO<\/a><\/span><\/p>\n<p style=\"text-align: justify;\"><span style=\"font-size: 12pt;\"><i class=\"fontawesome-icon fa-file-pdf fas circle-no\" style=\"font-size:14px;margin-right:7px;color:#003866;\"><\/i><a href=\"https:\/\/www.mpal.mp.br\/wp-content\/uploads\/2022\/04\/Resolucao-CPJ-n.-3.2015.pdf\" target=\"_blank\" rel=\"noopener\"><strong>N\u00ba 03\/2015<\/strong> \u2013 MODIFICA AS ATRIBUI\u00c7\u00d5ES DA 11\u00aa E DA 12\u00aa PROMOTORIAS DE JUSTI\u00c7A DA CAPITAL<\/a><\/span><\/p>\n<p style=\"text-align: justify;\"><span style=\"font-size: 12pt;\"><i class=\"fontawesome-icon fa-file-pdf fas circle-no\" style=\"font-size:14px;margin-right:7px;color:#003866;\"><\/i><a href=\"https:\/\/www.mpal.mp.br\/wp-content\/uploads\/2022\/04\/Resolucao-CPJ-n.-2.2015.pdf\" target=\"_blank\" rel=\"noopener\"><strong>N\u00ba 02\/2015<\/strong> \u2013 ALTERA AS ATRIBUI\u00c7\u00d5ES DAS PROMOTORIAS DE JUSTI\u00c7A DE ARAPIRACA E REVOGA A RESOLU\u00c7\u00c3O CPJ n. 2\/2014<\/a><\/span><\/p>\n<p style=\"text-align: justify;\"><span style=\"font-size: 12pt;\"><i class=\"fontawesome-icon fa-file-pdf fas circle-no\" style=\"font-size:14px;margin-right:7px;color:#003866;\"><\/i><a href=\"https:\/\/www.mpal.mp.br\/wp-content\/uploads\/2022\/04\/resolucao-CPJ-n.-1.2015.pdf\" target=\"_blank\" rel=\"noopener\"><strong>N\u00ba 01\/2015<\/strong> \u2013 APLICA, NO \u00c2MBITO DO MINIST\u00c9RIO PUBLICO DO ESTADO DE ALAGOAS, O DISPOSTO NA LEI n. 13.092, DE 12 DE JANEIRO DE 20015, E D\u00c1 OUTRAS PROVID\u00caNCIAS<\/a><\/span><\/p>\n<\/div><div class=\"nav fusion-mobile-tab-nav\"><ul class=\"nav-tabs\"><li><a class=\"tab-link\" data-toggle=\"tab\" id=\"mobile-fusion-tab-2014\" href=\"#tab-1a62c6f46a20292ce48\"><h4 class=\"fusion-tab-heading\"><i class=\"fontawesome-icon fa-file-pdf fas\" style=\"font-size:13px;\"><\/i>2014<\/h4><\/a><\/li><\/ul><\/div><div class=\"tab-pane fade fusion-clearfix\" id=\"tab-1a62c6f46a20292ce48\">\n<p style=\"text-align: justify;\"><span style=\"font-size: 12pt;\"><i class=\"fontawesome-icon fa-file-pdf fas circle-no\" style=\"font-size:14px;margin-right:7px;color:#003866;\"><\/i><a href=\"https:\/\/www.mpal.mp.br\/wp-content\/uploads\/2022\/04\/Resolucao-CPJ-n.-6.2014.pdf\" target=\"_blank\" rel=\"noopener\"><strong>N\u00ba 06\/2014<\/strong> \u2013 REGULAMENTA A ELEI\u00c7\u00c3O PARA ESCOLHA DE MEMBROS DO CONSELHO SUPERIOR DO MINIST\u00c9RIO P\u00daBLICO<\/a><\/span><\/p>\n<p style=\"text-align: justify;\"><span style=\"font-size: 12pt;\"><i class=\"fontawesome-icon fa-file-pdf fas circle-no\" style=\"font-size:14px;margin-right:7px;color:#003866;\"><\/i><a href=\"https:\/\/www.mpal.mp.br\/wp-content\/uploads\/2022\/04\/Resolucao-CPJ-n.-5.2014-2.pdf\" target=\"_blank\" rel=\"noopener\"><strong>N\u00ba 05_2\/2014<\/strong> \u2013 REGULAMENTA A ELEI\u00c7\u00c3O PARA FORMA\u00c7\u00c3O DA LISTA TR\u00cdPLICE PARA NOMEA\u00c7\u00c3O DO PROCURADOR-GERAL DE JUSTI\u00c7A<\/a><\/span><\/p>\n<p style=\"text-align: justify;\"><span style=\"font-size: 12pt;\"><i class=\"fontawesome-icon fa-file-pdf fas circle-no\" style=\"font-size:14px;margin-right:7px;color:#003866;\"><\/i><a href=\"https:\/\/www.mpal.mp.br\/wp-content\/uploads\/2022\/04\/Resolucao-CPJ-n.-5.2014-1.pdf\" target=\"_blank\" rel=\"noopener\"><strong>N\u00ba 05_1\/2014<\/strong> \u2013 ESTABELECE AS ATRIBUI\u00c7\u00d5ES DAS PROMOTORIAS DE JUSTI\u00c7A DA COMARCA DE PENEDO<\/a><\/span><\/p>\n<p style=\"text-align: justify;\"><span style=\"font-size: 12pt;\"><i class=\"fontawesome-icon fa-file-pdf fas circle-no\" style=\"font-size:14px;margin-right:7px;color:#003866;\"><\/i><a href=\"https:\/\/www.mpal.mp.br\/wp-content\/uploads\/2022\/04\/Resolucao-CPJ-n.-4.2014.pdf\" target=\"_blank\" rel=\"noopener\"><strong>N\u00ba 04\/2014<\/strong> \u2013 INSTALA E FIXA AS ATRIBUI\u00c7\u00d5ES DAS PROMOTORIAS DE JUSTI\u00c7A DE ATALAIA, CORURIPE E MARECHAL DEODORO<\/a><\/span><\/p>\n<p style=\"text-align: justify;\"><span style=\"font-size: 12pt;\"><i class=\"fontawesome-icon fa-file-pdf fas circle-no\" style=\"font-size:14px;margin-right:7px;color:#003866;\"><\/i><a href=\"https:\/\/www.mpal.mp.br\/wp-content\/uploads\/2022\/04\/Resolucao-CPJ-n.-3.2014.pdf\" target=\"_blank\" rel=\"noopener\"><strong>N\u00ba 03\/2014<\/strong> \u2013 INSTALA E FIXA AS ATRIBUI\u00c7\u00d5ES DA 2\u00aa PROMOTORIA DE JUSTI\u00c7A DE PORTO CALVO<\/a><\/span><\/p>\n<p style=\"text-align: justify;\"><span style=\"font-size: 12pt;\"><i class=\"fontawesome-icon fa-file-pdf fas circle-no\" style=\"font-size:14px;margin-right:7px;color:#003866;\"><\/i><a href=\"https:\/\/www.mpal.mp.br\/wp-content\/uploads\/2022\/04\/Resolucao-CPJ-n.-2.2014.pdf\" target=\"_blank\" rel=\"noopener\"><strong>N\u00ba 02\/2014<\/strong> \u2013 ALTERA AS ATRIBUI\u00c7\u00d5ES DAS PROMOTORIAS DE JUSTI\u00c7A DE ARAPIRACA E REVOGA A RESOLU\u00c7\u00c3O CPJ n. 05\/2012<\/a><\/span><\/p>\n<p style=\"text-align: justify;\"><span style=\"font-size: 12pt;\"><i class=\"fontawesome-icon fa-file-pdf fas circle-no\" style=\"font-size:14px;margin-right:7px;color:#003866;\"><\/i><a href=\"https:\/\/www.mpal.mp.br\/wp-content\/uploads\/2022\/04\/Resolucao-CPJ-n.-1.2014.pdf\" target=\"_blank\" rel=\"noopener\"><strong>N\u00ba 01\/2014<\/strong> \u2013 HOMOLOGA O RESULTADO FINAL DO CONCURSO P\u00daBLICO PARA INGRESSO \u00c0 CARREIRA DO MINIST\u00c9RIO PUBLICO DO ESTADO DE ALAGOAS, VISANDO AO PROVIMENTO DE CARGOS DE PROMOTOR DE JUSTI\u00c7A DE 1\u00aa ENTR\u00c2NCIA<\/a><\/span><\/p>\n<\/div><div class=\"nav fusion-mobile-tab-nav\"><ul class=\"nav-tabs\"><li><a class=\"tab-link\" data-toggle=\"tab\" id=\"mobile-fusion-tab-2013\" href=\"#tab-c4bc059cce7b2bab79b\"><h4 class=\"fusion-tab-heading\"><i class=\"fontawesome-icon fa-file-pdf fas\" style=\"font-size:13px;\"><\/i>2013<\/h4><\/a><\/li><\/ul><\/div><div class=\"tab-pane fade fusion-clearfix\" id=\"tab-c4bc059cce7b2bab79b\">\n<p style=\"text-align: justify;\"><span style=\"font-size: 12pt;\"><i class=\"fontawesome-icon fa-file-pdf fas circle-no\" style=\"font-size:14px;margin-right:7px;color:#003866;\"><\/i><a href=\"https:\/\/www.mpal.mp.br\/wp-content\/uploads\/2022\/04\/Resolucao-CPJ-n.-5.2013.pdf\" target=\"_blank\" rel=\"noopener\"><strong>N\u00ba 05\/2013<\/strong> \u2013 REGULAMENTA A ELEI\u00c7\u00c3O DE ESCOLHA DOS MEMBROS DO CONSELHO SUPERIOR MINIST\u00c9RIO P\u00daBLICO<\/a><\/span><\/p>\n<p style=\"text-align: justify;\"><span style=\"font-size: 12pt;\"><i class=\"fontawesome-icon fa-file-pdf fas circle-no\" style=\"font-size:14px;margin-right:7px;color:#003866;\"><\/i><a href=\"https:\/\/www.mpal.mp.br\/wp-content\/uploads\/2022\/04\/Resolucao-CPJ-n.-4.2013.pdf\" target=\"_blank\" rel=\"noopener\"><strong>N\u00ba 04\/2013<\/strong> \u2013 ALTERA A RESOLU\u00c7\u00c3O CPJ n. 38\/2012, EM RELA\u00c7\u00c3O \u00c0S ATRIBUI\u00c7\u00d5ES DA 4\u00aa, 6\u00aa E 7\u00aa PROMOTORIAS DE JUSTI\u00c7A DA CAPITAL<\/a><\/span><\/p>\n<p style=\"text-align: justify;\"><span style=\"font-size: 12pt;\"><i class=\"fontawesome-icon fa-file-pdf fas circle-no\" style=\"font-size:14px;margin-right:7px;color:#003866;\"><\/i><a href=\"https:\/\/www.mpal.mp.br\/wp-content\/uploads\/2022\/04\/Resolucao-CPJ-n.-3.2013.pdf\" target=\"_blank\" rel=\"noopener\"><strong>N\u00ba 03\/2013<\/strong> \u2013 REGULAMENTA O SISTEMA DE CONTROLE INTERNO DO MINIST\u00c9RIO P\u00daBLICO DO ESTADO DE ALAGOAS, NA FORMA INSTITU\u00cdDA NO ART. 5\u00ba DA LEI n. 7.373, DE 4 DE JULHO DE 2012, POR MEIO DA CRIA\u00c7\u00c3O DE UMA CONTROLADORIA INTERNA CENTRALIZADA<\/a><\/span><\/p>\n<p style=\"text-align: justify;\"><span style=\"font-size: 12pt;\"><i class=\"fontawesome-icon fa-file-pdf fas circle-no\" style=\"font-size:14px;margin-right:7px;color:#003866;\"><\/i><a href=\"https:\/\/www.mpal.mp.br\/wp-content\/uploads\/2022\/04\/Resolucao-CPJ-n.-2.2013.pdf\" target=\"_blank\" rel=\"noopener\"><strong>N\u00ba 02\/2013<\/strong> \u2013 DISCIPLINA O AUX\u00cdLIO-ALIMENTA\u00c7\u00c3O DOS MEMBROS DO MINIST\u00c9RIO P\u00daBLICO DO ESTADO DE ALAGOAS<\/a><\/span><\/p>\n<p style=\"text-align: justify;\"><span style=\"font-size: 12pt;\"><i class=\"fontawesome-icon fa-file-pdf fas circle-no\" style=\"font-size:14px;margin-right:7px;color:#003866;\"><\/i><a href=\"https:\/\/www.mpal.mp.br\/wp-content\/uploads\/2022\/04\/Resolucao-CPJ-n.-1.2013.pdf\" target=\"_blank\" rel=\"noopener\"><strong>N\u00ba 01\/2013<\/strong> \u2013 FIXA OS VALORES DOS SUBS\u00cdDIOS DOS MEMBROS DO MINIST\u00c9RIO P\u00daBLICO DO ESTADO DE ALAGOAS<\/a><\/span><\/p>\n<\/div><div class=\"nav fusion-mobile-tab-nav\"><ul class=\"nav-tabs\"><li><a class=\"tab-link\" data-toggle=\"tab\" id=\"mobile-fusion-tab-2012\" href=\"#tab-a6ccdd90fdfe0cbdd84\"><h4 class=\"fusion-tab-heading\"><i class=\"fontawesome-icon fa-file-pdf fas\" style=\"font-size:13px;\"><\/i>2012<\/h4><\/a><\/li><\/ul><\/div><div class=\"tab-pane fade fusion-clearfix\" id=\"tab-a6ccdd90fdfe0cbdd84\">\n<p style=\"text-align: justify;\"><span style=\"font-size: 12pt;\"><i class=\"fontawesome-icon fa-file-pdf fas circle-no\" style=\"font-size:14px;margin-right:7px;color:#003866;\"><\/i><a href=\"https:\/\/www.mpal.mp.br\/wp-content\/uploads\/2022\/04\/Resolucao-CPJ-n.38.2012.pdf\" target=\"_blank\" rel=\"noopener\"><strong>N\u00ba 38\/2012<\/strong> \u2013 DISP\u00d5E SOBRE AS ATRIBUI\u00c7\u00d5ES DAS PROMOTORIAS DE JUSTI\u00c7A DA CAPITAL E D\u00c1 OUTRAS PROVID\u00caNCIAS<\/a><\/span><\/p>\n<p style=\"text-align: justify;\"><span style=\"font-size: 12pt;\"><i class=\"fontawesome-icon fa-file-pdf fas circle-no\" style=\"font-size:14px;margin-right:7px;color:#003866;\"><\/i><a href=\"https:\/\/www.mpal.mp.br\/wp-content\/uploads\/2022\/04\/Resolucao-CPJ-n.37.2012.pdf\" target=\"_blank\" rel=\"noopener\"><strong>N\u00ba 37\/2012<\/strong> \u2013 INDICA O EXCELENT\u00cdSSIMO SENHOR PROCURADOR DE JUSTI\u00c7A, DOUTOR MARCOS BARROS M\u00c9RO, \u00c0 MEDALHA M\u00c9RITO DO MINIST\u00c9RIO P\u00daBLICO DO ESTADO DE ALAGOAS<\/a><\/span><\/p>\n<p style=\"text-align: justify;\"><span style=\"font-size: 12pt;\"><i class=\"fontawesome-icon fa-file-pdf fas circle-no\" style=\"font-size:14px;margin-right:7px;color:#003866;\"><\/i><a href=\"https:\/\/www.mpal.mp.br\/wp-content\/uploads\/2022\/04\/Resolucao-CPJ-n.36.2012.pdf\" target=\"_blank\" rel=\"noopener\"><strong>N\u00ba 36\/2012<\/strong> \u2013 ALTERA A RESOLU\u00c7\u00c3O CPJ n. 13\/2012 QUE REGULAMENTA A ELEI\u00c7\u00c3O PARA ESCOLHA DE MEMBROS DO CONSELHO SUPERIOR DO MINIST\u00c9RIO P\u00daBLICO<\/a><\/span><\/p>\n<p style=\"text-align: justify;\"><span style=\"font-size: 12pt;\"><i class=\"fontawesome-icon fa-file-pdf fas circle-no\" style=\"font-size:14px;margin-right:7px;color:#003866;\"><\/i><a href=\"https:\/\/www.mpal.mp.br\/wp-content\/uploads\/2022\/04\/Resolucao-CPJ-n.35.2012.pdf\" target=\"_blank\" rel=\"noopener\"><strong>N\u00ba 35\/2012<\/strong> \u2013 INDICA O EXCELENT\u00cdSSIMO SENHOR PROMOTOR DE JUSTI\u00c7A, DOUTOR LUIZ JOS\u00c9 GOMES VASCONCELOS, \u00c0 MEDALHA M\u00c9RITO DO MINIST\u00c9RIO P\u00daBLICO DO ESTADO DE ALAGOAS<\/a><\/span><\/p>\n<p style=\"text-align: justify;\"><span style=\"font-size: 12pt;\"><i class=\"fontawesome-icon fa-file-pdf fas circle-no\" style=\"font-size:14px;margin-right:7px;color:#003866;\"><\/i><a href=\"https:\/\/www.mpal.mp.br\/wp-content\/uploads\/2022\/04\/Resolucao-CPJ-n.34.2012.pdf\" target=\"_blank\" rel=\"noopener\"><strong>N\u00ba 34\/2012<\/strong> \u2013 INDICA O EXCELENT\u00cdSSIMO SENHOR PROMOTOR DE JUSTI\u00c7A, DOUTOR SIDRACK JOS\u00c9 DO NASCIMENTO, \u00c0 MEDALHA M\u00c9RITO DO MINIST\u00c9RIO P\u00daBLICO DO ESTADO DE ALAGOAS<\/a><\/span><\/p>\n<p style=\"text-align: justify;\"><span style=\"font-size: 12pt;\"><i class=\"fontawesome-icon fa-file-pdf fas circle-no\" style=\"font-size:14px;margin-right:7px;color:#003866;\"><\/i><a href=\"https:\/\/www.mpal.mp.br\/wp-content\/uploads\/2022\/04\/Resolucao-CPJ-n.33.2012-1.pdf\" target=\"_blank\" rel=\"noopener\"><strong>N\u00ba 33\/2012<\/strong> \u2013 INDICA O EXCELENT\u00cdSSIMO SENHOR PROMOTOR DE JUSTI\u00c7A, DOUTOR LUCIANO ROMERO DA MATA MONTEIRO, \u00c0 MEDALHA M\u00c9RITO DO MINIST\u00c9RIO P\u00daBLICO DO ESTADO DE ALAGOAS<\/a><\/span><\/p>\n<p style=\"text-align: justify;\"><span style=\"font-size: 12pt;\"><i class=\"fontawesome-icon fa-file-pdf fas circle-no\" style=\"font-size:14px;margin-right:7px;color:#003866;\"><\/i><a href=\"https:\/\/www.mpal.mp.br\/wp-content\/uploads\/2022\/04\/Resolucao-CPJ-n.32.2012.pdf\" target=\"_blank\" rel=\"noopener\"><strong>N\u00ba 32\/2012<\/strong> \u2013 INDICA A EXCELENT\u00cdSSIMA SENHORA PROMOTORA DE JUSTI\u00c7A, DOUTORA KARLA PADILHA REBELO MARQUES, \u00c0 MEDALHA M\u00c9RITO DO MINIST\u00c9RIO P\u00daBLICO DO ESTADO DE ALAGOAS<\/a><\/span><\/p>\n<p style=\"text-align: justify;\"><span style=\"font-size: 12pt;\"><i class=\"fontawesome-icon fa-file-pdf fas circle-no\" style=\"font-size:14px;margin-right:7px;color:#003866;\"><\/i><a href=\"https:\/\/www.mpal.mp.br\/wp-content\/uploads\/2022\/04\/Resolucao-CPJ-n.31.2012.pdf\" target=\"_blank\" rel=\"noopener\"><strong>N\u00ba 31\/2012<\/strong> \u2013 INDICA O EXCELENT\u00cdSSIMO SENHOR PROMOTOR DE JUSTI\u00c7A, DOUTOR ANT\u00d4NIO JORGE SODR\u00c9 VALENTIM DE SOUZA, \u00c0 MEDALHA M\u00c9RITO DO MINIST\u00c9RIO P\u00daBLICO DO ESTADO DE ALAGOAS<\/a><\/span><\/p>\n<p style=\"text-align: justify;\"><span style=\"font-size: 12pt;\"><i class=\"fontawesome-icon fa-file-pdf fas circle-no\" style=\"font-size:14px;margin-right:7px;color:#003866;\"><\/i><a href=\"https:\/\/www.mpal.mp.br\/wp-content\/uploads\/2022\/04\/Resolucao-CPJ-n.30.2012.pdf\" target=\"_blank\" rel=\"noopener\"><strong>N\u00ba 30\/2012<\/strong> \u2013 INDICA O EXCELENT\u00cdSSIMO SENHOR PROMOTOR DE JUSTI\u00c7A, DOUTOR ALFREDO GASPAR DE MENDON\u00c7A NETO, \u00c0 MEDALHA M\u00c9RITO DO MINIST\u00c9RIO P\u00daBLICO DO ESTADO DE ALAGOAS<\/a><\/span><\/p>\n<p style=\"text-align: justify;\"><span style=\"font-size: 12pt;\"><i class=\"fontawesome-icon fa-file-pdf fas circle-no\" style=\"font-size:14px;margin-right:7px;color:#003866;\"><\/i><a href=\"https:\/\/www.mpal.mp.br\/wp-content\/uploads\/2022\/04\/Resolucao-CPJ-n.29.2012.pdf\" target=\"_blank\" rel=\"noopener\"><strong>N\u00ba 29\/2012<\/strong> \u2013 INDICA O EXCELENT\u00cdSSIMO SENHOR PROCURADOR DE JUSTI\u00c7A, DOUTOR AFR\u00c2NIO ROBERTO PEREIRA DE QUEIROZ, \u00c0 MEDALHA M\u00c9RITO DO MINIST\u00c9RIO P\u00daBLICO DO ESTADO DE ALAGOAS<\/a><\/span><\/p>\n<p style=\"text-align: justify;\"><span style=\"font-size: 12pt;\"><i class=\"fontawesome-icon fa-file-pdf fas circle-no\" style=\"font-size:14px;margin-right:7px;color:#003866;\"><\/i><a href=\"https:\/\/www.mpal.mp.br\/wp-content\/uploads\/2022\/04\/Resolucao-CPJ-n.28.2012.pdf\" target=\"_blank\" rel=\"noopener\"><strong>N\u00ba 28\/2012<\/strong> \u2013 INDICA O EXCELENT\u00cdSSIMO SENHOR PROCURADOR DE JUSTI\u00c7A, DOUTOR M\u00c1RCIO ROBERTO TEN\u00d3RIO DE ALBUQUERQUE, \u00c0 MEDALHA M\u00c9RITO DO MINIST\u00c9RIO P\u00daBLICO DO ESTADO DE ALAGOAS<\/a><\/span><\/p>\n<p style=\"text-align: justify;\"><span style=\"font-size: 12pt;\"><i class=\"fontawesome-icon fa-file-pdf fas circle-no\" style=\"font-size:14px;margin-right:7px;color:#003866;\"><\/i><a href=\"https:\/\/www.mpal.mp.br\/wp-content\/uploads\/2022\/04\/Resolucao-CPJ-n.27.2012.pdf\" target=\"_blank\" rel=\"noopener\"><strong>N\u00ba 27\/2012<\/strong> \u2013 INDICA O EXCELENT\u00cdSSIMO SENHOR PROCURADOR DE JUSTI\u00c7A, DOUTOR JOS\u00c9 ARTUR MELO, \u00c0 MEDALHA M\u00c9RITO DO MINIST\u00c9RIO P\u00daBLICO DO ESTADO DE ALAGOAS<\/a><\/span><\/p>\n<p style=\"text-align: justify;\"><span style=\"font-size: 12pt;\"><i class=\"fontawesome-icon fa-file-pdf fas circle-no\" style=\"font-size:14px;margin-right:7px;color:#003866;\"><\/i><a href=\"https:\/\/www.mpal.mp.br\/wp-content\/uploads\/2022\/04\/Resolucao-CPJ-n.26.2012.pdf\" target=\"_blank\" rel=\"noopener\"><strong>N\u00ba 26\/2012<\/strong> \u2013 INDICA O EXCELENT\u00cdSSIMO SENHOR PROCURADOR DE JUSTI\u00c7A, DOUTOR EDUARDO TAVARES MENDES, \u00c0 MEDALHA M\u00c9RITO DO MINIST\u00c9RIO P\u00daBLICO DO ESTADO DE ALAGOAS<\/a><\/span><\/p>\n<p style=\"text-align: justify;\"><span style=\"font-size: 12pt;\"><i class=\"fontawesome-icon fa-file-pdf fas circle-no\" style=\"font-size:14px;margin-right:7px;color:#003866;\"><\/i><a href=\"https:\/\/www.mpal.mp.br\/wp-content\/uploads\/2022\/04\/Resolucao-CPJ-n.25.2012.pdf\" target=\"_blank\" rel=\"noopener\"><strong>N\u00ba 25\/2012<\/strong> \u2013 INDICA O EXCELENT\u00cdSSIMO SENHOR PROCURADOR DE JUSTI\u00c7A, DOUTOR ARTRAN PEREIRA MONTE, \u00c0 MEDALHA M\u00c9RITO DO MINIST\u00c9RIO P\u00daBLICO DO ESTADO DE ALAGOAS<\/a><\/span><\/p>\n<p style=\"text-align: justify;\"><span style=\"font-size: 12pt;\"><i class=\"fontawesome-icon fa-file-pdf fas circle-no\" style=\"font-size:14px;margin-right:7px;color:#003866;\"><\/i><a href=\"https:\/\/www.mpal.mp.br\/wp-content\/uploads\/2022\/04\/Resolucao-CPJ-n.24.2012.pdf\" target=\"_blank\" rel=\"noopener\"><strong>N\u00ba 24\/2012<\/strong> \u2013 INDICA O EXCELENT\u00cdSSIMO SENHOR PROCURADOR DE JUSTI\u00c7A, DOUTOR VICENTE FELIX CORREIA, \u00c0 MEDALHA M\u00c9RITO DO MINIST\u00c9RIO P\u00daBLICO DO ESTADO DE ALAGOAS<\/a><\/span><\/p>\n<p style=\"text-align: justify;\"><span style=\"font-size: 12pt;\"><i class=\"fontawesome-icon fa-file-pdf fas circle-no\" style=\"font-size:14px;margin-right:7px;color:#003866;\"><\/i><a href=\"https:\/\/www.mpal.mp.br\/wp-content\/uploads\/2022\/04\/Resolucao-CPJ-n.23.2012.pdf\" target=\"_blank\" rel=\"noopener\"><strong>N\u00ba 23\/2012<\/strong> \u2013 INDICA O EXCELENT\u00cdSSIMO SENHOR PROCURADOR DE JUSTI\u00c7A, DOUTOR DENNIS LIMA CALHEIROS, \u00c0 MEDALHA M\u00c9RITO DO MINIST\u00c9RIO P\u00daBLICO DO ESTADO DE ALAGOAS<\/a><\/span><\/p>\n<p style=\"text-align: justify;\"><span style=\"font-size: 12pt;\"><i class=\"fontawesome-icon fa-file-pdf fas circle-no\" style=\"font-size:14px;margin-right:7px;color:#003866;\"><\/i><a href=\"https:\/\/www.mpal.mp.br\/wp-content\/uploads\/2022\/04\/Resolucao-CPJ-n.22.2012.pdf\" target=\"_blank\" rel=\"noopener\"><strong>N\u00ba 22\/2012<\/strong> \u2013 INDICA O EXCELENT\u00cdSSIMO SENHOR PROCURADOR DE JUSTI\u00c7A, DOUTOR DILMAR LOPES CAMERINO, \u00c0 MEDALHA M\u00c9RITO DO MINIST\u00c9RIO P\u00daBLICO DO ESTADO DE ALAGOAS<\/a><\/span><\/p>\n<p style=\"text-align: justify;\"><span style=\"font-size: 12pt;\"><i class=\"fontawesome-icon fa-file-pdf fas circle-no\" style=\"font-size:14px;margin-right:7px;color:#003866;\"><\/i><a href=\"https:\/\/www.mpal.mp.br\/wp-content\/uploads\/2022\/04\/Resolucao-CPJ-n.21.2012.pdf\" target=\"_blank\" rel=\"noopener\"><strong>N\u00ba 21\/2012<\/strong> \u2013 INDICA O EXCELENT\u00cdSSIMO SENHOR PROCURADOR DE JUSTI\u00c7A, DOUTOR ANTI\u00d3GENES MARQUES DE LIRA, \u00c0 MEDALHA M\u00c9RITO DO MINIST\u00c9RIO P\u00daBLICO DO ESTADO DE ALAGOAS<\/a><\/span><\/p>\n<p style=\"text-align: justify;\"><span style=\"font-size: 12pt;\"><i class=\"fontawesome-icon fa-file-pdf fas circle-no\" style=\"font-size:14px;margin-right:7px;color:#003866;\"><\/i><a href=\"https:\/\/www.mpal.mp.br\/wp-content\/uploads\/2022\/04\/Resolucao-CPJ-n.20.2012.pdf\" target=\"_blank\" rel=\"noopener\"><strong>N\u00ba 20\/2012<\/strong> \u2013 INDICA O EXCELENT\u00cdSSIMO SENHOR PROCURADOR DE JUSTI\u00c7A, DOUTOR LEAN ANT\u00d4NIO FERREIRA DE ARA\u00daJO, \u00c0 MEDALHA M\u00c9RITO DO MINIST\u00c9RIO P\u00daBLICO DO ESTADO DE ALAGOAS<\/a><\/span><\/p>\n<p style=\"text-align: justify;\"><span style=\"font-size: 12pt;\"><i class=\"fontawesome-icon fa-file-pdf fas circle-no\" style=\"font-size:14px;margin-right:7px;color:#003866;\"><\/i><a href=\"https:\/\/www.mpal.mp.br\/wp-content\/uploads\/2022\/04\/Resolucao-CPJ-n.19.2012.pdf\" target=\"_blank\" rel=\"noopener\"><strong>N\u00ba 19\/2012<\/strong> \u2013 INDICA O EXCELENT\u00cdSSIMO SENHOR PROCURADOR DE JUSTI\u00c7A, DOUTOR WALBER JOS\u00c9 VALENTE DE LIMA, \u00c0 MEDALHA M\u00c9RITO DO MINIST\u00c9RIO P\u00daBLICO DO ESTADO DE ALAGOAS<\/a><\/span><\/p>\n<p style=\"text-align: justify;\"><span style=\"font-size: 12pt;\"><i class=\"fontawesome-icon fa-file-pdf fas circle-no\" style=\"font-size:14px;margin-right:7px;color:#003866;\"><\/i><a href=\"https:\/\/www.mpal.mp.br\/wp-content\/uploads\/2022\/04\/Resolucao-CPJ-n.18.2012.pdf\" target=\"_blank\" rel=\"noopener\"><strong>N\u00ba 18\/2012<\/strong> \u2013 INDICA O EXCELENT\u00cdSSIMO SENHOR PROCURADOR DE JUSTI\u00c7A, DOUTOR S\u00c9RGIO ROCHA CAVALCANTI JUC\u00c1, \u00c0 MEDALHA M\u00c9RITO DO MINIST\u00c9RIO P\u00daBLICO DO ESTADO DE ALAGOAS<\/a><\/span><\/p>\n<p style=\"text-align: justify;\"><span style=\"font-size: 12pt;\"><i class=\"fontawesome-icon fa-file-pdf fas circle-no\" style=\"font-size:14px;margin-right:7px;color:#003866;\"><\/i><a href=\"https:\/\/www.mpal.mp.br\/wp-content\/uploads\/2022\/04\/Resolucao-CPJ-n.17.2012.pdf\" target=\"_blank\" rel=\"noopener\"><strong>N\u00ba 17\/2012<\/strong> \u2013 INDICA O EXCELENT\u00cdSSIMO SENHOR PROCURADOR DE JUSTI\u00c7A, DOUTOR GERALDO MAGELA BARBOSA PIRAU\u00c1, \u00c0 MEDALHA M\u00c9RITO DO MINIST\u00c9RIO P\u00daBLICO DO ESTADO DE ALAGOAS<\/a><\/span><\/p>\n<p style=\"text-align: justify;\"><span style=\"font-size: 12pt;\"><i class=\"fontawesome-icon fa-file-pdf fas circle-no\" style=\"font-size:14px;margin-right:7px;color:#003866;\"><\/i><a href=\"https:\/\/www.mpal.mp.br\/wp-content\/uploads\/2022\/04\/Resolucao-CPJ-n.16.2012.pdf\" target=\"_blank\" rel=\"noopener\"><strong>N\u00ba 16\/2012<\/strong> \u2013 INDICA O EXCELENT\u00cdSSIMO SENHOR PROCURADOR DE JUSTI\u00c7A, DOUTOR LUIZ BARBOSA CARNA\u00daBA, \u00c0 MEDALHA M\u00c9RITO DO MINIST\u00c9RIO P\u00daBLICO DO ESTADO DE ALAGOAS<\/a><\/span><\/p>\n<p style=\"text-align: justify;\"><span style=\"font-size: 12pt;\"><i class=\"fontawesome-icon fa-file-pdf fas circle-no\" style=\"font-size:14px;margin-right:7px;color:#003866;\"><\/i><a href=\"https:\/\/www.mpal.mp.br\/wp-content\/uploads\/2022\/04\/Resolucao-CPJ-n.15.2012.pdf\" target=\"_blank\" rel=\"noopener\"><strong>N\u00ba 15\/2012<\/strong> \u2013 INDICA O EXCELENT\u00cdSSIMO SENHOR PROCURADOR DE JUSTI\u00c7A, DOUTOR LUCIANO CHAGAS DA SILVA, \u00c0 MEDALHA M\u00c9RITO DO MINIST\u00c9RIO P\u00daBLICO DO ESTADO DE ALAGOAS<\/a><\/span><\/p>\n<p style=\"text-align: justify;\"><span style=\"font-size: 12pt;\"><i class=\"fontawesome-icon fa-file-pdf fas circle-no\" style=\"font-size:14px;margin-right:7px;color:#003866;\"><\/i><a href=\"https:\/\/www.mpal.mp.br\/wp-content\/uploads\/2022\/04\/Resolucao-CPJ-n.14.2012.pdf\" target=\"_blank\" rel=\"noopener\"><strong>N\u00ba 14\/2012<\/strong> \u2013 INDICA O EXCELENT\u00cdSSIMO SENHOR PROCURADOR DE JUSTI\u00c7A, DOUTOR ANT\u00d4NIO ARECIPPO DE BARROS TEIXEIRA NETO, \u00c0 MEDALHA M\u00c9RITO DO MINIST\u00c9RIO P\u00daBLICO DO ESTADO DE ALAGOAS<\/a><\/span><\/p>\n<p style=\"text-align: justify;\"><span style=\"font-size: 12pt;\"><i class=\"fontawesome-icon fa-file-pdf fas circle-no\" style=\"font-size:14px;margin-right:7px;color:#003866;\"><\/i><a href=\"https:\/\/www.mpal.mp.br\/wp-content\/uploads\/2022\/04\/Resolucao-CPJ-n.13.2012.pdf\" target=\"_blank\" rel=\"noopener\"><strong>N\u00ba 13\/2012<\/strong> \u2013 REGULAMENTA A ELEI\u00c7\u00c3O PARA ESCOLHA DE MEMBROS DO CONSELHO SUPERIOR DO MINIST\u00c9RIO P\u00daBLICO DO ESTADO DE ALAGOAS<\/a><\/span><\/p>\n<p style=\"text-align: justify;\"><span style=\"font-size: 12pt;\"><i class=\"fontawesome-icon fa-file-pdf fas circle-no\" style=\"font-size:14px;margin-right:7px;color:#003866;\"><\/i><a href=\"https:\/\/www.mpal.mp.br\/wp-content\/uploads\/2022\/04\/Resolucao-CPJ-n.12.2012.pdf\" target=\"_blank\" rel=\"noopener\"><strong>N\u00ba 12\/2012<\/strong> \u2013 ALTERA A RESOLU\u00c7\u00c3O CPJ n. 9\/2012, QUE INSTITUIU A MEDALHA M\u00c9RITO DO MINIST\u00c9RIO P\u00daBLICO DO ESTADO DE ALAGOAS<\/a><\/span><\/p>\n<p style=\"text-align: justify;\"><span style=\"font-size: 12pt;\"><i class=\"fontawesome-icon fa-file-pdf fas circle-no\" style=\"font-size:14px;margin-right:7px;color:#003866;\"><\/i><a href=\"https:\/\/www.mpal.mp.br\/wp-content\/uploads\/2022\/04\/Resolucao-CPJ-n.11.2012.pdf\" target=\"_blank\" rel=\"noopener\"><strong>N\u00ba 11\/2012<\/strong> \u2013 DISP\u00d5E SOBRE AS ATRIBUI\u00c7\u00d5ES DOS PROMOTORES DE JUSTI\u00c7A SUBSTITUTOS DE 3\u00aa ENTR\u00c2NCIA<\/a><\/span><\/p>\n<p style=\"text-align: justify;\"><span style=\"font-size: 12pt;\"><i class=\"fontawesome-icon fa-file-pdf fas circle-no\" style=\"font-size:14px;margin-right:7px;color:#003866;\"><\/i><a href=\"https:\/\/www.mpal.mp.br\/wp-content\/uploads\/2022\/04\/Resolucao-CPJ-n.10.2012.pdf\" target=\"_blank\" rel=\"noopener\"><strong>N\u00ba 10\/2012<\/strong> \u2013 ELEGE O CORREGEDOR-GERAL DO MINIST\u00c9RIO P\u00daBLICO DO ESTADO DE ALAGOAS<\/a><\/span><\/p>\n<p style=\"text-align: justify;\"><span style=\"font-size: 12pt;\"><i class=\"fontawesome-icon fa-file-pdf fas circle-no\" style=\"font-size:14px;margin-right:7px;color:#003866;\"><\/i><a href=\"https:\/\/www.mpal.mp.br\/wp-content\/uploads\/2022\/04\/Resolucao-CPJ-n.8.2012.pdf\" target=\"_blank\" rel=\"noopener\"><strong>N\u00ba 08\/2012<\/strong> \u2013 ESTABELECE AS ATRIBUI\u00c7\u00d5ES DAS PROMOTORIAS DE JUSTI\u00c7A DE PALMEIRA DOS \u00cdNDIOS<\/a><\/span><\/p>\n<p style=\"text-align: justify;\"><span style=\"font-size: 12pt;\"><i class=\"fontawesome-icon fa-file-pdf fas circle-no\" style=\"font-size:14px;margin-right:7px;color:#003866;\"><\/i><a href=\"https:\/\/www.mpal.mp.br\/wp-content\/uploads\/2022\/04\/Resolucao-CPJ-n.7.2012.pdf\" target=\"_blank\" rel=\"noopener\"><strong>N\u00ba 07\/2012<\/strong> \u2013 REGULAMENTA A ELEI\u00c7\u00c3O PARA FORMA\u00c7\u00c3O DE LISTA TR\u00cdPLICE PARA NOMEA\u00c7\u00c3O DO PROCURADOR-GERAL DE JUSTI\u00c7A<\/a><\/span><\/p>\n<p style=\"text-align: justify;\"><span style=\"font-size: 12pt;\"><i class=\"fontawesome-icon fa-file-pdf fas circle-no\" style=\"font-size:14px;margin-right:7px;color:#003866;\"><\/i><a href=\"https:\/\/www.mpal.mp.br\/wp-content\/uploads\/2022\/04\/Resolucao-CPJ-n.6.2012.pdf\" target=\"_blank\" rel=\"noopener\"><strong>N\u00ba 06\/2012<\/strong> \u2013 ESTABELECE AS ATRIBUI\u00c7\u00d5ES DAS PROMOTORIAS DE JUSTI\u00c7A DE RIO LARGO<\/a><\/span><\/p>\n<p style=\"text-align: justify;\"><span style=\"font-size: 12pt;\"><i class=\"fontawesome-icon fa-file-pdf fas circle-no\" style=\"font-size:14px;margin-right:7px;color:#003866;\"><\/i><a href=\"https:\/\/www.mpal.mp.br\/wp-content\/uploads\/2022\/04\/Resolucao-CPJ-n.5.2012.pdf\" target=\"_blank\" rel=\"noopener\"><strong>N\u00ba 05\/2012<\/strong> \u2013 ESTABELECE AS ATRIBUI\u00c7\u00d5ES DAS PROMOTORIAS DE JUSTI\u00c7A DA COMARCA DE ARAPIRACA<\/a><\/span><\/p>\n<p style=\"text-align: justify;\"><span style=\"font-size: 12pt;\"><i class=\"fontawesome-icon fa-file-pdf fas circle-no\" style=\"font-size:14px;margin-right:7px;color:#003866;\"><\/i><a href=\"https:\/\/www.mpal.mp.br\/wp-content\/uploads\/2022\/04\/Resolucao-CPJ-n.4.2012.pdf\" target=\"_blank\" rel=\"noopener\"><strong>N\u00ba 04\/2012<\/strong> \u2013 CRIA O N\u00daCLEO DE DEFESA DE SA\u00daDE PUBLICA, NO \u00c2MBITO DO 1\u00ba E 2\u00ba CENTROS DE APOIO OPERACIONAL DO MINIST\u00c9RIO P\u00daBLICO DO ESTADO DE ALAGOAS<\/a><\/span><\/p>\n<p style=\"text-align: justify;\"><span style=\"font-size: 12pt;\"><i class=\"fontawesome-icon fa-file-pdf fas circle-no\" style=\"font-size:14px;margin-right:7px;color:#003866;\"><\/i><a href=\"https:\/\/www.mpal.mp.br\/wp-content\/uploads\/2022\/04\/Resolucao-CPJ-n.3.2012.pdf\" target=\"_blank\" rel=\"noopener\"><strong>N\u00ba 03\/2012<\/strong> \u2013 INDICA O EXCELENT\u00cdSSIMO SENHOR SECRET\u00c1RIO-CHEFE DO GABINETE CIVIL DO ESTADO DE ALAGOAS, DOUTOR \u00c1LVARO ANT\u00d4NIO MELO MACHADO, \u00c0 MEDALHA M\u00c9RITO DO MINIST\u00c9RIO P\u00daBLICO DO ESTADO DE ALAGOAS<\/a><\/span><\/p>\n<p style=\"text-align: justify;\"><span style=\"font-size: 12pt;\"><i class=\"fontawesome-icon fa-file-pdf fas circle-no\" style=\"font-size:14px;margin-right:7px;color:#003866;\"><\/i><a href=\"https:\/\/www.mpal.mp.br\/wp-content\/uploads\/2022\/04\/Resolucao-CPJ-n.2.2012.pdf\" target=\"_blank\" rel=\"noopener\"><strong>N\u00ba 02\/2012<\/strong> \u2013 INDICA O EXCELENT\u00cdSSIMO SENHOR VICE-GOVERNADOR DO ESTADO DE ALAGOAS, DOUTOR JOS\u00c9 THOMAZ DA SILVA NON\u00d4, \u00c0 MEDALHA M\u00c9RITO DO MINIST\u00c9RIO P\u00daBLICO DO ESTADO DE ALAGOAS<\/a><\/span><\/p>\n<p style=\"text-align: justify;\"><span style=\"font-size: 12pt;\"><i class=\"fontawesome-icon fa-file-pdf fas circle-no\" style=\"font-size:14px;margin-right:7px;color:#003866;\"><\/i><a href=\"https:\/\/www.mpal.mp.br\/wp-content\/uploads\/2022\/04\/Resolucao-CPJ-n.1.2012.pdf\" target=\"_blank\" rel=\"noopener\"><strong>N\u00ba 01\/2012<\/strong> \u2013 INDICA O EXCELENT\u00cdSSIMO SENHOR GOVERNADOR DO ESTADO DE ALAGOAS, DOUTOR TEOT\u00d4NIO VILELA FILHO, \u00c0 MEDALHA M\u00c9RITO DO MINIST\u00c9RIO P\u00daBLICO DO ESTADO DE ALAGOAS<\/a><\/span><\/p>\n<\/div><div class=\"nav fusion-mobile-tab-nav\"><ul class=\"nav-tabs\"><li><a class=\"tab-link\" data-toggle=\"tab\" id=\"mobile-fusion-tab-2011\" href=\"#tab-6d7f1cfeb7ae69edb38\"><h4 class=\"fusion-tab-heading\"><i class=\"fontawesome-icon fa-file-pdf fas\" style=\"font-size:13px;\"><\/i>2011<\/h4><\/a><\/li><\/ul><\/div><div class=\"tab-pane fade fusion-clearfix\" id=\"tab-6d7f1cfeb7ae69edb38\">\n<p style=\"text-align: justify;\"><span style=\"font-size: 12pt;\"><i class=\"fontawesome-icon fa-file-pdf fas circle-no\" style=\"font-size:14px;margin-right:7px;color:#003866;\"><\/i><a href=\"https:\/\/www.mpal.mp.br\/wp-content\/uploads\/2022\/04\/Resolucao-CPJ-09-2011-republicada.pdf\" target=\"_blank\" rel=\"noopener\"><strong>N\u00ba 09\/2011<\/strong> \u2013 INSTITUI A MEDALHA M\u00c9RITO DO MINIST\u00c9RIO P\u00daBLICO DO ESTADO DE ALAGOAS<\/a><\/span><\/p>\n<p style=\"text-align: justify;\"><span style=\"font-size: 12pt;\"><i class=\"fontawesome-icon fa-file-pdf fas circle-no\" style=\"font-size:14px;margin-right:7px;color:#003866;\"><\/i><a href=\"https:\/\/www.mpal.mp.br\/wp-content\/uploads\/2022\/04\/Resolucao-CPJ-08-2011.pdf\" target=\"_blank\" rel=\"noopener\"><strong>N\u00ba 08\/2011<\/strong> \u2013 REGULAMENTA A ELEI\u00c7\u00c3O PARA A ESCOLHA DOS MEMBROS DO CONSELHO SUPERIOR DO MINIST\u00c9RIO P\u00daBLICO DO ESTADO DE ALAGOAS<\/a><\/span><\/p>\n<p style=\"text-align: justify;\"><span style=\"font-size: 12pt;\"><i class=\"fontawesome-icon fa-file-pdf fas circle-no\" style=\"font-size:14px;margin-right:7px;color:#003866;\"><\/i><a href=\"https:\/\/www.mpal.mp.br\/wp-content\/uploads\/2022\/04\/Resolucao-CPJ-07-2011.pdf\" target=\"_blank\" rel=\"noopener\"><strong>N\u00ba 07\/2011<\/strong> \u2013 REVOGA O INCISO V DO \u00a74\u00ba DO ART. 4\u00ba DA RESOLU\u00c7\u00c3O N. 2, DE 4 DE MAIO DE 2011, QUE CRIOU E ORGANIZOU OS N\u00daCLEOS DE INQU\u00c9RITOS DA CAPITAL E DE ARAPIRACA<\/a><\/span><\/p>\n<p style=\"text-align: justify;\"><span style=\"font-size: 12pt;\"><i class=\"fontawesome-icon fa-file-pdf fas circle-no\" style=\"font-size:14px;margin-right:7px;color:#003866;\"><\/i><a href=\"https:\/\/www.mpal.mp.br\/wp-content\/uploads\/2022\/04\/Resolucao-CPJ-06-2011.pdf\" target=\"_blank\" rel=\"noopener\"><strong>N\u00ba 06\/2011<\/strong> \u2013 ALTERA O PAR\u00c1GRAFO \u00daNICO DO ART. 3\u00ba DA RESOLU\u00c7\u00c3O N. 1, DE 14 DE JULHO DE 2010, QUE DISCIPLINA, NO \u00c2MBITO DO MINIST\u00c9RIO P\u00daBLICO DO ESTADO DE ALAGOAS, A INSTAURA\u00c7\u00c3O E TRAMITA\u00c7\u00c3O DO INQU\u00c9RITO CIVIL<\/a><\/span><\/p>\n<p style=\"text-align: justify;\"><span style=\"font-size: 12pt;\"><i class=\"fontawesome-icon fa-file-pdf fas circle-no\" style=\"font-size:14px;margin-right:7px;color:#003866;\"><\/i><a href=\"https:\/\/www.mpal.mp.br\/wp-content\/uploads\/2022\/04\/Resolucao-CPJ-05-2011.pdf\" target=\"_blank\" rel=\"noopener\"><strong>N\u00ba 05\/2011<\/strong> \u2013 REGULAMENTA O ART. 26 DA LEI N. 8625\/93 E O ART. 6\u00ba DA LEI COMPLEMENTAR ESTADUAL N. 15\/96, DISCIPLINANDO, NO \u00c2MBITO DO MINIST\u00c9RIO P\u00daBLICO DO ESTADO DE ALAGOAS, A INSTAURA\u00c7\u00c3O E A TRAMITA\u00c7\u00c3O DE PROCEDIMENTO INVESTIGAT\u00d3RIO CRIMINAL<\/a><\/span><\/p>\n<p style=\"text-align: justify;\"><span style=\"font-size: 12pt;\"><i class=\"fontawesome-icon fa-file-pdf fas circle-no\" style=\"font-size:14px;margin-right:7px;color:#003866;\"><\/i><a href=\"https:\/\/www.mpal.mp.br\/wp-content\/uploads\/2022\/04\/Resolucao-CPJ-04-2011.pdf\" target=\"_blank\" rel=\"noopener\"><strong>N\u00ba 04\/2011<\/strong> \u2013 CRIA O N\u00daCLEO DE DEFESA DO IDOSO NO \u00c2MBITO DO 1\u00ba E 2\u00ba CENTROS DE APOIO OPERACIONAL DO MINIST\u00c9RIO P\u00daBLICO DO ESTADO DE ALAGOAS<\/a><\/span><\/p>\n<p style=\"text-align: justify;\"><span style=\"font-size: 12pt;\"><i class=\"fontawesome-icon fa-file-pdf fas circle-no\" style=\"font-size:14px;margin-right:7px;color:#003866;\"><\/i><a href=\"https:\/\/www.mpal.mp.br\/wp-content\/uploads\/2022\/04\/Resolucao-CPJ-03-2011.pdf\" target=\"_blank\" rel=\"noopener\"><strong>N\u00ba 03\/2011<\/strong> \u2013 DISP\u00d5E SOBRE O CONTROLE EXTERNO DA ATIVIDADE POLICIAL PELO MINIST\u00c9RIO P\u00daBLICO<\/a><\/span><\/p>\n<p style=\"text-align: justify;\"><span style=\"font-size: 12pt;\"><i class=\"fontawesome-icon fa-file-pdf fas circle-no\" style=\"font-size:14px;margin-right:7px;color:#003866;\"><\/i><a href=\"https:\/\/www.mpal.mp.br\/wp-content\/uploads\/2022\/04\/Resolucao-CPJ-02-2011.pdf\" target=\"_blank\" rel=\"noopener\"><strong>N\u00ba 02\/2011<\/strong> \u2013 CRIA E ORGANIZA OS N\u00daCLEOS DE INQU\u00c9RITOS DA CAPITAL E DE ARAPIRACA<\/a><\/span><\/p>\n<p style=\"text-align: justify;\"><span style=\"font-size: 12pt;\"><i class=\"fontawesome-icon fa-file-pdf fas circle-no\" style=\"font-size:14px;margin-right:7px;color:#003866;\"><\/i><a href=\"https:\/\/www.mpal.mp.br\/wp-content\/uploads\/2022\/04\/Resolucao-CPJ-01-2011.pdf\" target=\"_blank\" rel=\"noopener\"><strong>N\u00ba 01\/2011<\/strong> \u2013 CRIA O N\u00daCLEO DE DEFESA DA MULHER NO \u00c2MBITO DO 1\u00ba E 2\u00ba CENTROS DE APOIO OPERACIONAL DO MINIST\u00c9RIO P\u00daBLICO DO ESTADO DE ALAGOAS<\/a><\/span><\/p>\n<\/div><div class=\"nav fusion-mobile-tab-nav\"><ul class=\"nav-tabs\"><li><a class=\"tab-link\" data-toggle=\"tab\" id=\"mobile-fusion-tab-2010\" href=\"#tab-8f3ab0effe5cd013d66\"><h4 class=\"fusion-tab-heading\"><i class=\"fontawesome-icon fa-file-pdf fas\" style=\"font-size:13px;\"><\/i>2010<\/h4><\/a><\/li><\/ul><\/div><div class=\"tab-pane fade fusion-clearfix\" id=\"tab-8f3ab0effe5cd013d66\">\n<p style=\"text-align: justify;\"><span style=\"font-size: 12pt;\"><i class=\"fontawesome-icon fa-file-pdf fas circle-no\" style=\"font-size:14px;margin-right:7px;color:#003866;\"><\/i><a href=\"https:\/\/www.mpal.mp.br\/wp-content\/uploads\/2022\/04\/Resolucao-CPJ-07-2010.pdf\" target=\"_blank\" rel=\"noopener\"><strong>N\u00ba 07\/2010<\/strong> \u2013 ACRESCE O PAR\u00c1GRAFOS 5\u00ba E 6\u00ba AO ART. 6\u00ba DA RESOLU\u00c7\u00c3O CPJ n. 3\/2010<\/a><\/span><\/p>\n<p style=\"text-align: justify;\"><span style=\"font-size: 12pt;\"><i class=\"fontawesome-icon fa-file-pdf fas circle-no\" style=\"font-size:14px;margin-right:7px;color:#003866;\"><\/i><a href=\"https:\/\/www.mpal.mp.br\/wp-content\/uploads\/2022\/04\/Resolucao-CPJ-06-2010.pdf\" target=\"_blank\" rel=\"noopener\"><strong>N\u00ba 06\/2010<\/strong> \u2013 REGULAMENTA A ELEI\u00c7\u00c3O PARA A ESCOLHA DOS MEMBROS DO CONSELHO SUPERIOR DO MINIST\u00c9RIO P\u00daBLICO DO ESTADO DE ALAGOAS<\/a><\/span><\/p>\n<p style=\"text-align: justify;\"><span style=\"font-size: 12pt;\"><i class=\"fontawesome-icon fa-file-pdf fas circle-no\" style=\"font-size:14px;margin-right:7px;color:#003866;\"><\/i><a href=\"https:\/\/www.mpal.mp.br\/wp-content\/uploads\/2022\/04\/Resolucao-CPJ-05-2010.pdf\" target=\"_blank\" rel=\"noopener\"><strong>N\u00ba 05\/2010<\/strong> \u2013 REGULAMENTA A ELEI\u00c7\u00c3O PARA FORMA\u00c7\u00c3O DA LISTA TR\u00cdPLICE PARA NOMEA\u00c7\u00c3O DO PROCURADOR-GERAL DE JUSTI\u00c7A<\/a><\/span><\/p>\n<p style=\"text-align: justify;\"><span style=\"font-size: 12pt;\"><i class=\"fontawesome-icon fa-file-pdf fas circle-no\" style=\"font-size:14px;margin-right:7px;color:#003866;\"><\/i><a href=\"https:\/\/www.mpal.mp.br\/wp-content\/uploads\/2022\/04\/Resolucao-CPJ-04-2010-1.pdf\" target=\"_blank\" rel=\"noopener\"><strong>N\u00ba 04\/2010<\/strong> \u2013 CRIA O CENTRO DE APOIO OPERACIONAL DE PLANEJAMENTO E GEST\u00c3O ESTRAT\u00c9GICA<\/a><\/span><\/p>\n<p style=\"text-align: justify;\"><span style=\"font-size: 12pt;\"><i class=\"fontawesome-icon fa-file-pdf fas circle-no\" style=\"font-size:14px;margin-right:7px;color:#003866;\"><\/i><a href=\"https:\/\/www.mpal.mp.br\/wp-content\/uploads\/2022\/04\/Resolucao-CPJ-02-2010.pdf\" target=\"_blank\" rel=\"noopener\"><strong>N\u00ba 02\/2010<\/strong> \u2013 CRIA O CENTRO DE APOIO OPERACIONAL DAS ATIVIDADES FORENSE DA CAPITAL<\/a><\/span><\/p>\n<p style=\"text-align: justify;\"><span style=\"font-size: 12pt;\"><i class=\"fontawesome-icon fa-file-pdf fas circle-no\" style=\"font-size:14px;margin-right:7px;color:#003866;\"><\/i><a href=\"https:\/\/www.mpal.mp.br\/wp-content\/uploads\/2022\/04\/Resolucao-CPJ-01-2010.pdf\" target=\"_blank\" rel=\"noopener\"><strong>N\u00ba 01\/2010<\/strong> \u2013 REGULAMENTA OS ARTS. 4\u00ba, INCISO VI, E 6\u00ba, INCISO I, DA LEI COMPLEMENTAR ESTADUAL N. 15\/96, DISCIPLINANDO, NO \u00c2MBITO DO MINIST\u00c9RIO P\u00daBLICO DO ESTADO DE ALAGOAS, A INSTAURA\u00c7\u00c3O E A TRAMITA\u00c7\u00c3O DO INQU\u00c9RITO CIVIL<\/a><\/span><\/p>\n<\/div><div class=\"nav fusion-mobile-tab-nav\"><ul class=\"nav-tabs\"><li><a class=\"tab-link\" data-toggle=\"tab\" id=\"mobile-fusion-tab-2009\" href=\"#tab-134cd93d1c1eb2e7d92\"><h4 class=\"fusion-tab-heading\"><i class=\"fontawesome-icon fa-file-pdf fas\" style=\"font-size:13px;\"><\/i>2009<\/h4><\/a><\/li><\/ul><\/div><div class=\"tab-pane fade fusion-clearfix\" id=\"tab-134cd93d1c1eb2e7d92\">\n<p style=\"text-align: justify;\"><span style=\"font-size: 12pt;\"><i class=\"fontawesome-icon fa-file-pdf fas circle-no\" style=\"font-size:14px;margin-right:7px;color:#003866;\"><\/i><a href=\"https:\/\/www.mpal.mp.br\/wp-content\/uploads\/2022\/05\/CPJ_03_2009.pdf\" target=\"_blank\" rel=\"noopener\"><strong>N\u00ba 03\/2009<\/strong> \u2013 Cria N\u00facleos de Defesa do Patrim\u00f4nio P\u00fablico<\/a><\/span><\/p>\n<p style=\"text-align: justify;\"><span style=\"font-size: 12pt;\"><i class=\"fontawesome-icon fa-file-pdf fas circle-no\" style=\"font-size:14px;margin-right:7px;color:#003866;\"><\/i><a href=\"https:\/\/www.mpal.mp.br\/wp-content\/uploads\/2022\/05\/CPJ_-02_2009.pdf\" target=\"_blank\" rel=\"noopener\"><strong>N\u00ba 02\/2009<\/strong> \u2013 Regulamenta a elei\u00e7\u00e3o do membros do Conselho Superior do Minist\u00e9rio P\u00fablico.<\/a><\/span><\/p>\n<p style=\"text-align: justify;\"><span style=\"font-size: 12pt;\"><i class=\"fontawesome-icon fa-file-pdf fas circle-no\" style=\"font-size:14px;margin-right:7px;color:#003866;\"><\/i><a href=\"https:\/\/www.mpal.mp.br\/wp-content\/uploads\/2022\/05\/CPJ_-01_2009.pdf\" target=\"_blank\" rel=\"noopener\"><strong>N\u00ba 01\/2009<\/strong> \u2013 Disp\u00f5e sobre o exerc\u00edcio do controle externo da atividade policial pelo Minist\u00e9rio P\u00fablico, previsto no art. 129, inciso VII, da Constitui\u00e7\u00e3o Federal e no art. 4\u00ba, inciso X, da Lei Complementar CPJ_ 01_2009 &#8211; Estadual n\u00ba 15, de 22 de 11\/96<\/a><\/span><\/p>\n<\/div><div class=\"nav fusion-mobile-tab-nav\"><ul class=\"nav-tabs\"><li><a class=\"tab-link\" data-toggle=\"tab\" id=\"mobile-fusion-tab-2008\" href=\"#tab-a7b84f1151f62e284e4\"><h4 class=\"fusion-tab-heading\"><i class=\"fontawesome-icon fa-file-pdf fas\" style=\"font-size:13px;\"><\/i>2008<\/h4><\/a><\/li><\/ul><\/div><div class=\"tab-pane fade fusion-clearfix\" id=\"tab-a7b84f1151f62e284e4\">\n<p style=\"text-align: justify;\"><span style=\"font-size: 12pt;\"><i class=\"fontawesome-icon fa-file-pdf fas circle-no\" style=\"font-size:14px;margin-right:7px;color:#003866;\"><\/i><a href=\"https:\/\/www.mpal.mp.br\/wp-content\/uploads\/2022\/05\/CPJ_02_2008.pdf\" target=\"_blank\" rel=\"noopener\"><strong>N\u00ba 02\/2008<\/strong> \u2013 Regulamenta a elei\u00e7\u00e3o dos membros do Conselho Superior do Minist\u00e9rio P\u00fablico.<\/a><\/span><\/p>\n<p style=\"text-align: justify;\"><span style=\"font-size: 12pt;\"><i class=\"fontawesome-icon fa-file-pdf fas circle-no\" style=\"font-size:14px;margin-right:7px;color:#003866;\"><\/i><a href=\"https:\/\/www.mpal.mp.br\/wp-content\/uploads\/2022\/05\/CPJ_01_2008.pdf\" target=\"_blank\" rel=\"noopener\"><strong>N\u00ba 01\/2008<\/strong> \u2013 Regulamenta a elei\u00e7\u00e3o para a forma\u00e7\u00e3o da lista tr\u00edplice para a nomea\u00e7\u00e3o do Procurador-Geral de Justi\u00e7a<\/a><\/span><\/p>\n<\/div><div class=\"nav fusion-mobile-tab-nav\"><ul class=\"nav-tabs\"><li><a class=\"tab-link\" data-toggle=\"tab\" id=\"mobile-fusion-tab-2006\" href=\"#tab-609e21eed84eddabbc6\"><h4 class=\"fusion-tab-heading\"><i class=\"fontawesome-icon fa-file-pdf fas\" style=\"font-size:13px;\"><\/i>2006<\/h4><\/a><\/li><\/ul><\/div><div class=\"tab-pane fade fusion-clearfix\" id=\"tab-609e21eed84eddabbc6\">\n<p style=\"text-align: justify;\"><span style=\"font-size: 12pt;\"><i class=\"fontawesome-icon fa-file-pdf fas circle-no\" style=\"font-size:14px;margin-right:7px;color:#003866;\"><\/i><a href=\"https:\/\/www.mpal.mp.br\/wp-content\/uploads\/2022\/05\/CPJ_03_2006.pdf\" target=\"_blank\" rel=\"noopener\"><strong>N\u00ba 03\/2006<\/strong>\u00a0\u2013 Cria o GECOC &#8211; Grupo Estadual de Combate \u00e0s Organiza\u00e7\u00f5es Criminosas, e d\u00e1 outras provid\u00eancias.<\/a><\/span><\/p>\n<\/div><\/div><\/div><div class=\"fusion-clearfix\"><\/div>\n\n\t\t\t\t\t<\/div>\n\t\t\t\t<\/div><\/div><\/div><div class=\"fusion-fullwidth fullwidth-box fusion-builder-row-3 hundred-percent-fullwidth non-hundred-percent-height-scrolling\"  style='background-color: #7ccef4;background-image:linear-gradient(0deg, var(--awb-color5) 0%,hsla(var(--awb-color5-h),var(--awb-color5-s),var(--awb-color5-l),calc(var(--awb-color5-a) - 20%)) 78%);background-position: center center;background-repeat: no-repeat;padding-top:0px;padding-right:10%;padding-bottom:0px;padding-left:10%;'><div class=\"fusion-builder-row fusion-row \"><div  class=\"fusion-layout-column fusion_builder_column fusion_builder_column_1_1 fusion-builder-column-4 fusion-one-full fusion-column-first fusion-column-last 1_1\"  style='margin-top:0px;margin-bottom:20px;'>\n\t\t\t\t\t<div class=\"fusion-column-wrapper\" style=\"padding: 0px 0px 0px 0px;background-position:left top;background-repeat:no-repeat;-webkit-background-size:cover;-moz-background-size:cover;-o-background-size:cover;background-size:cover;\"   data-bg-url=\"\">\n\t\t\t\t\t\t<div class=\"fusion-section-separator section-separator hills-opacity\" style=\"font-size:0;line-height:0;margin-left:calc( (100% + 12.5% + 12.5%) * 10 \/ -100 );margin-right:calc( (100% + 12.5% + 12.5%) * 10 \/ -100 );\"><svg class=\"fusion-hills-opacity-candy\" fill=\"#ffffff\" xmlns=\"http:\/\/www.w3.org\/2000\/svg\" version=\"1.1\" width=\"100%\" viewBox=\"0 0 1024 182\" preserveAspectRatio=\"none\" class=\"section-separator-shortcode-divider-svg\"><path class=\"st0\" d=\"M0 0h1024v140.5C995.9 162 963.9 178 926.9 178c-112.8 0-198.1-93.8-289.8-93.8s-199.5 91-285.3 91-142.2-82.1-238.5-82.1c-63.1 0-75.7 31.6-113.3 53.6V0z\"\/>\n\t\t\t\t\t\t\t\t\t<path class=\"st1\" d=\"M1024 0v75.9C984.3 60 942.2 48.6 905.3 50.1c-110.4 4.5-191.8 109.8-325.5 116.2C470.6 171.5 235.6 46.1 150.3 0H1024z\"\/>\n\t\t\t\t\t\t\t\t\t<path class=\"st2\" d=\"M0 0h1024v92c-57.5 30.9-116.9 73.7-199.9 75-133.8 2-158.9-87.9-342-87.9S202.1 183.7 74.2 182c-27.8-.3-52.4-4.2-74.2-9.7V0z\"\/>\n\t\t\t\t\t\t\t\t\t<path class=\"st3\" d=\"M0 0h1024v101.6C986.8 82 943.3 66.3 884.4 65.4 733.3 63 742.8 94 585.9 94.6S447 47.6 280.4 50.9C132.8 53.6 91.2 137.5 0 154V0z\"\/>\n\t\t\t\t\t\t\t\t\t<path class=\"st4\" d=\"M0 0h1024v77.3c-49-20.1-120.5-42.4-193.2-42.1-128.9.5-159.8 72.3-255.8 72.3-89.1 0-134.7-80.2-245-82-110.4-1.8-160.9 57.2-280 59.2-17.2.3-33.9-1.8-50-5.7V0z\"\/>\n\t\t\t\t\t\t\t\t<\/svg><\/div><div class=\"fusion-clearfix\"><\/div>\n\n\t\t\t\t\t<\/div>\n\t\t\t\t<\/div><\/div><\/div><\/p>\n","protected":false},"excerpt":{"rendered":"","protected":false},"author":2,"featured_media":0,"parent":0,"menu_order":0,"comment_status":"closed","ping_status":"closed","template":"100-width.php","meta":{"om_disable_all_campaigns":false,"_monsterinsights_skip_tracking":false,"_monsterinsights_sitenote_active":false,"_monsterinsights_sitenote_note":"","_monsterinsights_sitenote_category":0,"_uf_show_specific_survey":0,"_uf_disable_surveys":false,"footnotes":""},"class_list":["post-15522","page","type-page","status-publish","hentry"],"aioseo_notices":[],"_links":{"self":[{"href":"https:\/\/www.mpal.mp.br\/index.php?rest_route=\/wp\/v2\/pages\/15522","targetHints":{"allow":["GET"]}}],"collection":[{"href":"https:\/\/www.mpal.mp.br\/index.php?rest_route=\/wp\/v2\/pages"}],"about":[{"href":"https:\/\/www.mpal.mp.br\/index.php?rest_route=\/wp\/v2\/types\/page"}],"author":[{"embeddable":true,"href":"https:\/\/www.mpal.mp.br\/index.php?rest_route=\/wp\/v2\/users\/2"}],"replies":[{"embeddable":true,"href":"https:\/\/www.mpal.mp.br\/index.php?rest_route=%2Fwp%2Fv2%2Fcomments&post=15522"}],"version-history":[{"count":156,"href":"https:\/\/www.mpal.mp.br\/index.php?rest_route=\/wp\/v2\/pages\/15522\/revisions"}],"predecessor-version":[{"id":69554,"href":"https:\/\/www.mpal.mp.br\/index.php?rest_route=\/wp\/v2\/pages\/15522\/revisions\/69554"}],"wp:attachment":[{"href":"https:\/\/www.mpal.mp.br\/index.php?rest_route=%2Fwp%2Fv2%2Fmedia&parent=15522"}],"curies":[{"name":"wp","href":"https:\/\/api.w.org\/{rel}","templated":true}]}}